{"id":722,"date":"2019-02-12T10:47:34","date_gmt":"2019-02-12T16:47:34","guid":{"rendered":"https:\/\/www.amitai.com\/es\/?page_id=722"},"modified":"2021-10-13T11:25:06","modified_gmt":"2021-10-13T17:25:06","slug":"agradecimiento-pagina-de-contacto","status":"publish","type":"page","link":"https:\/\/www.amitai.com\/es\/agradecimiento-pagina-de-contacto\/","title":{"rendered":"Agradecimiento &#8211; p\u00e1gina de contacto"},"content":{"rendered":"<section class=\"wpb-content-wrapper\"><p>[vc_section full_width=&#8221;stretch_row&#8221; css=&#8221;.vc_custom_1614602311399{padding-top: 100px !important;padding-bottom: 100px !important;}&#8221;][vc_row full_width=&#8221;stretch_row&#8221; el_class=&#8221;agradecimiento-fondo-azul&#8221;][vc_column][vc_column_text]<\/p>\n<h2 style=\"text-align: center;\">\u00a1Muchas Gracias!<\/h2>\n<p style=\"text-align: center;\">Tus datos han sido enviados con \u00e9xito<\/p>\n<p>[\/vc_column_text][\/vc_column][\/vc_row][\/vc_section][vc_section full_width=&#8221;stretch_row_content&#8221;][vc_row][vc_column][rev_slider_vc alias=&#8221;quienes-somos&#8221;][\/vc_column][\/vc_row][\/vc_section][vc_section full_width=&#8221;stretch_row&#8221; css=&#8221;.vc_custom_1614602968350{padding-top: 40px !important;padding-bottom: 40px !important;}&#8221; el_class=&#8221;fondo-sombra-articulos&#8221;][vc_row][vc_column][vc_column_text el_class=&#8221;tit-b blue&#8221;]<\/p>\n<h2 style=\"text-align: center;\">Art\u00edculos sobre AMITAI<em>\u00ae<\/em><\/h2>\n<p>[\/vc_column_text][vc_empty_space][\/vc_column][\/vc_row][vc_row][vc_column][vc_column_text]        <div class=\"wcp-carousel-main-wrap\">\n        <section class=\"wcp-slick\"  data-slidesToShow = 3 data-slidesToShowtab = 2 data-slidesToShowmob = 1 data-slidesToScroll = 3 data-margin = 20px data-arrows = on id=\"carousel-72\">\n\n                            <div class=\"slick-slide carousel-item-6173\">\n                    <div class=\"post-style-2 rpc-bg rpc-box\">\n    <div class=\"wcp-img-wrap\">\n        <a href=\"https:\/\/www.amitai.com\/es\/7-tips-para-mejorar-tu-seleccion-de-candidatos-y-elevar-la-cultura-organizacional\/\">\n            <img decoding=\"async\" width=\"1206\" height=\"818\" src=\"https:\/\/www.amitai.com\/es\/wp-content\/uploads\/2025\/10\/1-1.jpg\" class=\"attachment- size- wp-post-image\" alt=\"7 tips para mejorar seleccion de candidatos y elevar la cultura\" srcset=\"https:\/\/www.amitai.com\/es\/wp-content\/uploads\/2025\/10\/1-1.jpg 1206w, https:\/\/www.amitai.com\/es\/wp-content\/uploads\/2025\/10\/1-1-300x203.jpg 300w, https:\/\/www.amitai.com\/es\/wp-content\/uploads\/2025\/10\/1-1-1024x695.jpg 1024w, https:\/\/www.amitai.com\/es\/wp-content\/uploads\/2025\/10\/1-1-768x521.jpg 768w\" sizes=\"(max-width: 1206px) 100vw, 1206px\" \/>        <\/a>\n    <\/div>\n    <div class=\"wcp-content-wrap\">\n        <h3>\n            <a class=\"rpc-title\" href=\"https:\/\/www.amitai.com\/es\/7-tips-para-mejorar-tu-seleccion-de-candidatos-y-elevar-la-cultura-organizacional\/\" target=\"_self\">\n                7 Tips para Mejorar tu Selecci\u00f3n de Candidatos y Elevar la Cultura Organizacional            <\/a>\n        <\/h3>\n                <div class=\"wcp-post-contents rpc-content\">\n\n            La selecci\u00f3n de candidatos es uno de los procesos m\u00e1s cr\u00edticos para cualquier empresa. Contratar al talento correcto no solo\n                            <br>\n                <a href=\"https:\/\/www.amitai.com\/es\/7-tips-para-mejorar-tu-seleccion-de-candidatos-y-elevar-la-cultura-organizacional\/\" target=\"_self\" class=\"btn-post\">Leer m\u00e1s<\/a>\n        \n        <\/div>        \n    <\/div>\n<\/div>                <\/div>    \n\n                            <div class=\"slick-slide carousel-item-6166\">\n                    <div class=\"post-style-2 rpc-bg rpc-box\">\n    <div class=\"wcp-img-wrap\">\n        <a href=\"https:\/\/www.amitai.com\/es\/por-que-las-pruebas-psicometricas-redefinieron-el-reclutamiento-moderno\/\">\n            <img decoding=\"async\" width=\"1920\" height=\"1080\" src=\"https:\/\/www.amitai.com\/es\/wp-content\/uploads\/2025\/09\/2-1.jpg\" class=\"attachment- size- wp-post-image\" alt=\"newsletter septiembre\" srcset=\"https:\/\/www.amitai.com\/es\/wp-content\/uploads\/2025\/09\/2-1.jpg 1920w, https:\/\/www.amitai.com\/es\/wp-content\/uploads\/2025\/09\/2-1-300x169.jpg 300w, https:\/\/www.amitai.com\/es\/wp-content\/uploads\/2025\/09\/2-1-1024x576.jpg 1024w, https:\/\/www.amitai.com\/es\/wp-content\/uploads\/2025\/09\/2-1-768x432.jpg 768w, https:\/\/www.amitai.com\/es\/wp-content\/uploads\/2025\/09\/2-1-1536x864.jpg 1536w\" sizes=\"(max-width: 1920px) 100vw, 1920px\" \/>        <\/a>\n    <\/div>\n    <div class=\"wcp-content-wrap\">\n        <h3>\n            <a class=\"rpc-title\" href=\"https:\/\/www.amitai.com\/es\/por-que-las-pruebas-psicometricas-redefinieron-el-reclutamiento-moderno\/\" target=\"_self\">\n                \u00bfPor qu\u00e9 las pruebas psicom\u00e9tricas redefinieron el reclutamiento moderno?            <\/a>\n        <\/h3>\n                <div class=\"wcp-post-contents rpc-content\">\n\n            En un entorno laboral cada vez m\u00e1s competitivo y din\u00e1mico, las organizaciones enfrentan el reto de identificar talento que no\n                            <br>\n                <a href=\"https:\/\/www.amitai.com\/es\/por-que-las-pruebas-psicometricas-redefinieron-el-reclutamiento-moderno\/\" target=\"_self\" class=\"btn-post\">Leer m\u00e1s<\/a>\n        \n        <\/div>        \n    <\/div>\n<\/div>                <\/div>    \n\n                            <div class=\"slick-slide carousel-item-6160\">\n                    <div class=\"post-style-2 rpc-bg rpc-box\">\n    <div class=\"wcp-img-wrap\">\n        <a href=\"https:\/\/www.amitai.com\/es\/5-factores-que-impulsan-la-renuncia-del-talento-clave-y-como-abordarlos-desde-la-cultura-organizacional-parte-2\/\">\n            <img decoding=\"async\" width=\"2400\" height=\"1350\" src=\"https:\/\/www.amitai.com\/es\/wp-content\/uploads\/2025\/07\/Copia-de-BLOG-AMITAI.jpg\" class=\"attachment- size- wp-post-image\" alt=\"parte 2 5 factores por que renuncian\" srcset=\"https:\/\/www.amitai.com\/es\/wp-content\/uploads\/2025\/07\/Copia-de-BLOG-AMITAI.jpg 2400w, https:\/\/www.amitai.com\/es\/wp-content\/uploads\/2025\/07\/Copia-de-BLOG-AMITAI-300x169.jpg 300w, https:\/\/www.amitai.com\/es\/wp-content\/uploads\/2025\/07\/Copia-de-BLOG-AMITAI-1024x576.jpg 1024w, https:\/\/www.amitai.com\/es\/wp-content\/uploads\/2025\/07\/Copia-de-BLOG-AMITAI-768x432.jpg 768w, https:\/\/www.amitai.com\/es\/wp-content\/uploads\/2025\/07\/Copia-de-BLOG-AMITAI-1536x864.jpg 1536w, https:\/\/www.amitai.com\/es\/wp-content\/uploads\/2025\/07\/Copia-de-BLOG-AMITAI-2048x1152.jpg 2048w\" sizes=\"(max-width: 2400px) 100vw, 2400px\" \/>        <\/a>\n    <\/div>\n    <div class=\"wcp-content-wrap\">\n        <h3>\n            <a class=\"rpc-title\" href=\"https:\/\/www.amitai.com\/es\/5-factores-que-impulsan-la-renuncia-del-talento-clave-y-como-abordarlos-desde-la-cultura-organizacional-parte-2\/\" target=\"_self\">\n                5 factores que impulsan la renuncia del talento clave (y c\u00f3mo abordarlos desde la cultura organizacional) Parte 2            <\/a>\n        <\/h3>\n                <div class=\"wcp-post-contents rpc-content\">\n\n            Comunicaci\u00f3n interna deficiente Cuando la comunicaci\u00f3n se vuelve unidireccional, inconsistente o escasa, se abre paso a la incertidumbre. Cambios estrat\u00e9gicos\n                            <br>\n                <a href=\"https:\/\/www.amitai.com\/es\/5-factores-que-impulsan-la-renuncia-del-talento-clave-y-como-abordarlos-desde-la-cultura-organizacional-parte-2\/\" target=\"_self\" class=\"btn-post\">Leer m\u00e1s<\/a>\n        \n        <\/div>        \n    <\/div>\n<\/div>                <\/div>    \n\n                            <div class=\"slick-slide carousel-item-6143\">\n                    <div class=\"post-style-2 rpc-bg rpc-box\">\n    <div class=\"wcp-img-wrap\">\n        <a href=\"https:\/\/www.amitai.com\/es\/5-factores-que-impulsan-la-renuncia-del-talento-clave-y-como-abordarlos-desde-la-cultura-organizacional-parte-1\/\">\n            <img decoding=\"async\" width=\"2412\" height=\"1636\" src=\"https:\/\/www.amitai.com\/es\/wp-content\/uploads\/2025\/07\/BLOG-AMITAII-1-1.png\" class=\"attachment- size- wp-post-image\" alt=\"entrada blog julio 2025\" srcset=\"https:\/\/www.amitai.com\/es\/wp-content\/uploads\/2025\/07\/BLOG-AMITAII-1-1.png 2412w, https:\/\/www.amitai.com\/es\/wp-content\/uploads\/2025\/07\/BLOG-AMITAII-1-1-300x203.png 300w, https:\/\/www.amitai.com\/es\/wp-content\/uploads\/2025\/07\/BLOG-AMITAII-1-1-1024x695.png 1024w, https:\/\/www.amitai.com\/es\/wp-content\/uploads\/2025\/07\/BLOG-AMITAII-1-1-768x521.png 768w, https:\/\/www.amitai.com\/es\/wp-content\/uploads\/2025\/07\/BLOG-AMITAII-1-1-1536x1042.png 1536w, https:\/\/www.amitai.com\/es\/wp-content\/uploads\/2025\/07\/BLOG-AMITAII-1-1-2048x1389.png 2048w\" sizes=\"(max-width: 2412px) 100vw, 2412px\" \/>        <\/a>\n    <\/div>\n    <div class=\"wcp-content-wrap\">\n        <h3>\n            <a class=\"rpc-title\" href=\"https:\/\/www.amitai.com\/es\/5-factores-que-impulsan-la-renuncia-del-talento-clave-y-como-abordarlos-desde-la-cultura-organizacional-parte-1\/\" target=\"_self\">\n                5 factores que impulsan la renuncia del talento clave (y c\u00f3mo abordarlos desde la cultura organizacional) Parte 1            <\/a>\n        <\/h3>\n                <div class=\"wcp-post-contents rpc-content\">\n\n            La salida de un colaborador valioso no suele ser una sorpresa repentina. En la mayor\u00eda de los casos, es la\n                            <br>\n                <a href=\"https:\/\/www.amitai.com\/es\/5-factores-que-impulsan-la-renuncia-del-talento-clave-y-como-abordarlos-desde-la-cultura-organizacional-parte-1\/\" target=\"_self\" class=\"btn-post\">Leer m\u00e1s<\/a>\n        \n        <\/div>        \n    <\/div>\n<\/div>                <\/div>    \n\n                            <div class=\"slick-slide carousel-item-6132\">\n                    <div class=\"post-style-2 rpc-bg rpc-box\">\n    <div class=\"wcp-img-wrap\">\n        <a href=\"https:\/\/www.amitai.com\/es\/revolucion-o-riesgo-la-inteligencia-artificial-y-el-futuro-del-talento\/\">\n            <img decoding=\"async\" width=\"1357\" height=\"920\" src=\"https:\/\/www.amitai.com\/es\/wp-content\/uploads\/2025\/05\/Copia-de-BLOG-AMITAI.png\" class=\"attachment- size- wp-post-image\" alt=\"IA en RH\" srcset=\"https:\/\/www.amitai.com\/es\/wp-content\/uploads\/2025\/05\/Copia-de-BLOG-AMITAI.png 1357w, https:\/\/www.amitai.com\/es\/wp-content\/uploads\/2025\/05\/Copia-de-BLOG-AMITAI-300x203.png 300w, https:\/\/www.amitai.com\/es\/wp-content\/uploads\/2025\/05\/Copia-de-BLOG-AMITAI-1024x694.png 1024w, https:\/\/www.amitai.com\/es\/wp-content\/uploads\/2025\/05\/Copia-de-BLOG-AMITAI-768x521.png 768w\" sizes=\"(max-width: 1357px) 100vw, 1357px\" \/>        <\/a>\n    <\/div>\n    <div class=\"wcp-content-wrap\">\n        <h3>\n            <a class=\"rpc-title\" href=\"https:\/\/www.amitai.com\/es\/revolucion-o-riesgo-la-inteligencia-artificial-y-el-futuro-del-talento\/\" target=\"_self\">\n                \u00bfRevoluci\u00f3n o riesgo? La inteligencia artificial y el futuro del talento            <\/a>\n        <\/h3>\n                <div class=\"wcp-post-contents rpc-content\">\n\n            La inteligencia artificial (IA) ha irrumpido con fuerza en el mundo de los recursos humanos, especialmente en el \u00e1rea de\n                            <br>\n                <a href=\"https:\/\/www.amitai.com\/es\/revolucion-o-riesgo-la-inteligencia-artificial-y-el-futuro-del-talento\/\" target=\"_self\" class=\"btn-post\">Leer m\u00e1s<\/a>\n        \n        <\/div>        \n    <\/div>\n<\/div>                <\/div>    \n\n                            <div class=\"slick-slide carousel-item-6106\">\n                    <div class=\"post-style-2 rpc-bg rpc-box\">\n    <div class=\"wcp-img-wrap\">\n        <a href=\"https:\/\/www.amitai.com\/es\/por-que-es-clave-incorporar-al-oficial-de-etica-en-la-lgra-una-apuesta-por-instituciones-mas-integras\/\">\n            <img decoding=\"async\" width=\"1206\" height=\"818\" src=\"https:\/\/www.amitai.com\/es\/wp-content\/uploads\/2025\/05\/Entrada-Blog-Mayo-2025.png\" class=\"attachment- size- wp-post-image\" alt=\"\u00bfPor qu\u00e9 es clave incorporar al Oficial de \u00c9tica en la LGRA? Una apuesta por instituciones m\u00e1s \u00edntegras\" srcset=\"https:\/\/www.amitai.com\/es\/wp-content\/uploads\/2025\/05\/Entrada-Blog-Mayo-2025.png 1206w, https:\/\/www.amitai.com\/es\/wp-content\/uploads\/2025\/05\/Entrada-Blog-Mayo-2025-300x203.png 300w, https:\/\/www.amitai.com\/es\/wp-content\/uploads\/2025\/05\/Entrada-Blog-Mayo-2025-1024x695.png 1024w, https:\/\/www.amitai.com\/es\/wp-content\/uploads\/2025\/05\/Entrada-Blog-Mayo-2025-768x521.png 768w\" sizes=\"(max-width: 1206px) 100vw, 1206px\" \/>        <\/a>\n    <\/div>\n    <div class=\"wcp-content-wrap\">\n        <h3>\n            <a class=\"rpc-title\" href=\"https:\/\/www.amitai.com\/es\/por-que-es-clave-incorporar-al-oficial-de-etica-en-la-lgra-una-apuesta-por-instituciones-mas-integras\/\" target=\"_self\">\n                \u00bfPor qu\u00e9 es clave incorporar al Oficial de \u00c9tica en la LGRA? Una apuesta por instituciones m\u00e1s \u00edntegras            <\/a>\n        <\/h3>\n                <div class=\"wcp-post-contents rpc-content\">\n\n            La \u00e9tica y el cumplimiento normativo son pilares esenciales para construir instituciones m\u00e1s transparentes y responsables. En este contexto, la\n                            <br>\n                <a href=\"https:\/\/www.amitai.com\/es\/por-que-es-clave-incorporar-al-oficial-de-etica-en-la-lgra-una-apuesta-por-instituciones-mas-integras\/\" target=\"_self\" class=\"btn-post\">Leer m\u00e1s<\/a>\n        \n        <\/div>        \n    <\/div>\n<\/div>                <\/div>    \n\n                            <div class=\"slick-slide carousel-item-6081\">\n                    <div class=\"post-style-2 rpc-bg rpc-box\">\n    <div class=\"wcp-img-wrap\">\n        <a href=\"https:\/\/www.amitai.com\/es\/integridad-tambien-es-negocio-jugar-limpio-no-solo-genera-satisfacciones-incluso-produce-dinero\/\">\n            <img decoding=\"async\" width=\"1206\" height=\"819\" src=\"https:\/\/www.amitai.com\/es\/wp-content\/uploads\/2024\/10\/entrada-blog-agosto-2024.png\" class=\"attachment- size- wp-post-image\" alt=\"\u00bfPor qu\u00e9 es clave incorporar al Oficial de \u00c9tica en la LGRA? Una apuesta por instituciones m\u00e1s \u00edntegras\" srcset=\"https:\/\/www.amitai.com\/es\/wp-content\/uploads\/2024\/10\/entrada-blog-agosto-2024.png 1206w, https:\/\/www.amitai.com\/es\/wp-content\/uploads\/2024\/10\/entrada-blog-agosto-2024-300x204.png 300w, https:\/\/www.amitai.com\/es\/wp-content\/uploads\/2024\/10\/entrada-blog-agosto-2024-1024x695.png 1024w, https:\/\/www.amitai.com\/es\/wp-content\/uploads\/2024\/10\/entrada-blog-agosto-2024-768x522.png 768w\" sizes=\"(max-width: 1206px) 100vw, 1206px\" \/>        <\/a>\n    <\/div>\n    <div class=\"wcp-content-wrap\">\n        <h3>\n            <a class=\"rpc-title\" href=\"https:\/\/www.amitai.com\/es\/integridad-tambien-es-negocio-jugar-limpio-no-solo-genera-satisfacciones-incluso-produce-dinero\/\" target=\"_self\">\n                Integridad tambi\u00e9n es negocio \u201cJugar limpio no solo genera satisfacciones\u2026 incluso produce dinero\u201d            <\/a>\n        <\/h3>\n                <div class=\"wcp-post-contents rpc-content\">\n\n            Lic. Jos\u00e9 Antonio Oloarte Atanasio Especialista en Gobierno Corporativo,\u00a0 Integridad Empresarial y Empresas Familiares La corrupci\u00f3n es uno de los\n                            <br>\n                <a href=\"https:\/\/www.amitai.com\/es\/integridad-tambien-es-negocio-jugar-limpio-no-solo-genera-satisfacciones-incluso-produce-dinero\/\" target=\"_self\" class=\"btn-post\">Leer m\u00e1s<\/a>\n        \n        <\/div>        \n    <\/div>\n<\/div>                <\/div>    \n\n                            <div class=\"slick-slide carousel-item-6036\">\n                    <div class=\"post-style-2 rpc-bg rpc-box\">\n    <div class=\"wcp-img-wrap\">\n        <a href=\"https:\/\/www.amitai.com\/es\/importancia-de-la-evaluacion-periodica-del-personal\/\">\n            <img decoding=\"async\" width=\"1206\" height=\"819\" src=\"https:\/\/www.amitai.com\/es\/wp-content\/uploads\/2024\/01\/1Mesa-de-trabajo-5-copia.png\" class=\"attachment- size- wp-post-image\" alt=\"entrada de blog evaluaciones periodicas\" srcset=\"https:\/\/www.amitai.com\/es\/wp-content\/uploads\/2024\/01\/1Mesa-de-trabajo-5-copia.png 1206w, https:\/\/www.amitai.com\/es\/wp-content\/uploads\/2024\/01\/1Mesa-de-trabajo-5-copia-300x204.png 300w, https:\/\/www.amitai.com\/es\/wp-content\/uploads\/2024\/01\/1Mesa-de-trabajo-5-copia-1024x695.png 1024w, https:\/\/www.amitai.com\/es\/wp-content\/uploads\/2024\/01\/1Mesa-de-trabajo-5-copia-768x522.png 768w\" sizes=\"(max-width: 1206px) 100vw, 1206px\" \/>        <\/a>\n    <\/div>\n    <div class=\"wcp-content-wrap\">\n        <h3>\n            <a class=\"rpc-title\" href=\"https:\/\/www.amitai.com\/es\/importancia-de-la-evaluacion-periodica-del-personal\/\" target=\"_self\">\n                Importancia de la evaluaci\u00f3n peri\u00f3dica del personal de una organizaci\u00f3n            <\/a>\n        <\/h3>\n                <div class=\"wcp-post-contents rpc-content\">\n\n            La evaluaci\u00f3n al personal de una empresa; y sobre todo de manera peri\u00f3dica, siempre nos brinda informaci\u00f3n importante, entre otras\n                            <br>\n                <a href=\"https:\/\/www.amitai.com\/es\/importancia-de-la-evaluacion-periodica-del-personal\/\" target=\"_self\" class=\"btn-post\">Leer m\u00e1s<\/a>\n        \n        <\/div>        \n    <\/div>\n<\/div>                <\/div>    \n\n                            <div class=\"slick-slide carousel-item-6014\">\n                    <div class=\"post-style-2 rpc-bg rpc-box\">\n    <div class=\"wcp-img-wrap\">\n        <a href=\"https:\/\/www.amitai.com\/es\/como-hacer-de-la-honestidad-la-politica-principal-de-una-empresa\/\">\n            <img decoding=\"async\" width=\"603\" height=\"409\" src=\"https:\/\/www.amitai.com\/es\/wp-content\/uploads\/2023\/12\/entrada-de-blog-3.png\" class=\"attachment- size- wp-post-image\" alt=\"Honestidad de la politica de una empresa\" srcset=\"https:\/\/www.amitai.com\/es\/wp-content\/uploads\/2023\/12\/entrada-de-blog-3.png 603w, https:\/\/www.amitai.com\/es\/wp-content\/uploads\/2023\/12\/entrada-de-blog-3-300x203.png 300w\" sizes=\"(max-width: 603px) 100vw, 603px\" \/>        <\/a>\n    <\/div>\n    <div class=\"wcp-content-wrap\">\n        <h3>\n            <a class=\"rpc-title\" href=\"https:\/\/www.amitai.com\/es\/como-hacer-de-la-honestidad-la-politica-principal-de-una-empresa\/\" target=\"_self\">\n                \u00bfC\u00f3mo hacer de la honestidad la pol\u00edtica principal de una empresa?            <\/a>\n        <\/h3>\n                <div class=\"wcp-post-contents rpc-content\">\n\n            En el \u00e1mbito laboral, como en el personal, los valores y principios son necesarios para un buen entorno y estructura\n                            <br>\n                <a href=\"https:\/\/www.amitai.com\/es\/como-hacer-de-la-honestidad-la-politica-principal-de-una-empresa\/\" target=\"_self\" class=\"btn-post\">Leer m\u00e1s<\/a>\n        \n        <\/div>        \n    <\/div>\n<\/div>                <\/div>    \n\n                            <div class=\"slick-slide carousel-item-6010\">\n                    <div class=\"post-style-2 rpc-bg rpc-box\">\n    <div class=\"wcp-img-wrap\">\n        <a href=\"https:\/\/www.amitai.com\/es\/consejos-para-combatir-la-corrupcion-en-las-empresas\/\">\n            <img decoding=\"async\" width=\"1207\" height=\"819\" src=\"https:\/\/www.amitai.com\/es\/wp-content\/uploads\/2023\/12\/entrada-blog-3.png\" class=\"attachment- size- wp-post-image\" alt=\"corrupcion en las empresas\" srcset=\"https:\/\/www.amitai.com\/es\/wp-content\/uploads\/2023\/12\/entrada-blog-3.png 1207w, https:\/\/www.amitai.com\/es\/wp-content\/uploads\/2023\/12\/entrada-blog-3-300x204.png 300w, https:\/\/www.amitai.com\/es\/wp-content\/uploads\/2023\/12\/entrada-blog-3-1024x695.png 1024w, https:\/\/www.amitai.com\/es\/wp-content\/uploads\/2023\/12\/entrada-blog-3-768x521.png 768w\" sizes=\"(max-width: 1207px) 100vw, 1207px\" \/>        <\/a>\n    <\/div>\n    <div class=\"wcp-content-wrap\">\n        <h3>\n            <a class=\"rpc-title\" href=\"https:\/\/www.amitai.com\/es\/consejos-para-combatir-la-corrupcion-en-las-empresas\/\" target=\"_self\">\n                Consejos pr\u00e1cticos para combatir la corrupci\u00f3n en las empresas            <\/a>\n        <\/h3>\n                <div class=\"wcp-post-contents rpc-content\">\n\n            La reputaci\u00f3n de una empresa es un tema que debe tomarse muy en serio y con la debida importancia, tanto\n                            <br>\n                <a href=\"https:\/\/www.amitai.com\/es\/consejos-para-combatir-la-corrupcion-en-las-empresas\/\" target=\"_self\" class=\"btn-post\">Leer m\u00e1s<\/a>\n        \n        <\/div>        \n    <\/div>\n<\/div>                <\/div>    \n\n                            <div class=\"slick-slide carousel-item-5998\">\n                    <div class=\"post-style-2 rpc-bg rpc-box\">\n    <div class=\"wcp-img-wrap\">\n        <a href=\"https:\/\/www.amitai.com\/es\/conoce-el-grado-de-compromiso-entre-los-empleados-y-la-organizacion-a-traves-de-una-evaluacion-de-honestidad-ii-parte\/\">\n            <img decoding=\"async\" width=\"1207\" height=\"818\" src=\"https:\/\/www.amitai.com\/es\/wp-content\/uploads\/2023\/12\/entrada-blog-2.png\" class=\"attachment- size- wp-post-image\" alt=\"compromiso entre los empleados y la organizaci\u00f3n\" srcset=\"https:\/\/www.amitai.com\/es\/wp-content\/uploads\/2023\/12\/entrada-blog-2.png 1207w, https:\/\/www.amitai.com\/es\/wp-content\/uploads\/2023\/12\/entrada-blog-2-300x203.png 300w, https:\/\/www.amitai.com\/es\/wp-content\/uploads\/2023\/12\/entrada-blog-2-1024x694.png 1024w, https:\/\/www.amitai.com\/es\/wp-content\/uploads\/2023\/12\/entrada-blog-2-768x520.png 768w\" sizes=\"(max-width: 1207px) 100vw, 1207px\" \/>        <\/a>\n    <\/div>\n    <div class=\"wcp-content-wrap\">\n        <h3>\n            <a class=\"rpc-title\" href=\"https:\/\/www.amitai.com\/es\/conoce-el-grado-de-compromiso-entre-los-empleados-y-la-organizacion-a-traves-de-una-evaluacion-de-honestidad-ii-parte\/\" target=\"_self\">\n                Conoce el grado de compromiso entre los empleados y la organizaci\u00f3n a trav\u00e9s de una evaluaci\u00f3n de honestidad (II Parte)            <\/a>\n        <\/h3>\n                <div class=\"wcp-post-contents rpc-content\">\n\n            Como revisamos en la primera parte de este art\u00edculo, es recomendable llevar a cabo actividades para fortalecer el nivel de\n                            <br>\n                <a href=\"https:\/\/www.amitai.com\/es\/conoce-el-grado-de-compromiso-entre-los-empleados-y-la-organizacion-a-traves-de-una-evaluacion-de-honestidad-ii-parte\/\" target=\"_self\" class=\"btn-post\">Leer m\u00e1s<\/a>\n        \n        <\/div>        \n    <\/div>\n<\/div>                <\/div>    \n\n                            <div class=\"slick-slide carousel-item-5913\">\n                    <div class=\"post-style-2 rpc-bg rpc-box\">\n    <div class=\"wcp-img-wrap\">\n        <a href=\"https:\/\/www.amitai.com\/es\/descubre-el-beneficio-de-conocer-el-compromiso-empleado-organizacion-con-una-evaluacion-de-honestidad\/\">\n            <img decoding=\"async\" width=\"1207\" height=\"819\" src=\"https:\/\/www.amitai.com\/es\/wp-content\/uploads\/2023\/11\/45Mesa-de-trabajo-5-copia-3.png\" class=\"attachment- size- wp-post-image\" alt=\"Beneficio de conocer el compromiso Empleado - Organizaci\u00f3n\" srcset=\"https:\/\/www.amitai.com\/es\/wp-content\/uploads\/2023\/11\/45Mesa-de-trabajo-5-copia-3.png 1207w, https:\/\/www.amitai.com\/es\/wp-content\/uploads\/2023\/11\/45Mesa-de-trabajo-5-copia-3-300x204.png 300w, https:\/\/www.amitai.com\/es\/wp-content\/uploads\/2023\/11\/45Mesa-de-trabajo-5-copia-3-1024x695.png 1024w, https:\/\/www.amitai.com\/es\/wp-content\/uploads\/2023\/11\/45Mesa-de-trabajo-5-copia-3-768x521.png 768w\" sizes=\"(max-width: 1207px) 100vw, 1207px\" \/>        <\/a>\n    <\/div>\n    <div class=\"wcp-content-wrap\">\n        <h3>\n            <a class=\"rpc-title\" href=\"https:\/\/www.amitai.com\/es\/descubre-el-beneficio-de-conocer-el-compromiso-empleado-organizacion-con-una-evaluacion-de-honestidad\/\" target=\"_self\">\n                Descubre el Beneficio de Conocer el Compromiso Empleado-Organizaci\u00f3n con una Evaluaci\u00f3n de Honestidad            <\/a>\n        <\/h3>\n                <div class=\"wcp-post-contents rpc-content\">\n\n            Un factor fundamental para el crecimiento de las empresas&nbsp; es sin duda, el nivel de compromiso entre el empleado y\n                            <br>\n                <a href=\"https:\/\/www.amitai.com\/es\/descubre-el-beneficio-de-conocer-el-compromiso-empleado-organizacion-con-una-evaluacion-de-honestidad\/\" target=\"_self\" class=\"btn-post\">Leer m\u00e1s<\/a>\n        \n        <\/div>        \n    <\/div>\n<\/div>                <\/div>    \n\n                            <div class=\"slick-slide carousel-item-5870\">\n                    <div class=\"post-style-2 rpc-bg rpc-box\">\n    <div class=\"wcp-img-wrap\">\n        <a href=\"https:\/\/www.amitai.com\/es\/erradicacion-violencia-laboral\/\">\n            <img decoding=\"async\" width=\"1587\" height=\"1058\" src=\"https:\/\/www.amitai.com\/es\/wp-content\/uploads\/2023\/08\/TEMPLETE-BLOG-AMI-2023.png\" class=\"attachment- size- wp-post-image\" alt=\"violencia laboral\" srcset=\"https:\/\/www.amitai.com\/es\/wp-content\/uploads\/2023\/08\/TEMPLETE-BLOG-AMI-2023.png 1587w, https:\/\/www.amitai.com\/es\/wp-content\/uploads\/2023\/08\/TEMPLETE-BLOG-AMI-2023-300x200.png 300w, https:\/\/www.amitai.com\/es\/wp-content\/uploads\/2023\/08\/TEMPLETE-BLOG-AMI-2023-1024x683.png 1024w, https:\/\/www.amitai.com\/es\/wp-content\/uploads\/2023\/08\/TEMPLETE-BLOG-AMI-2023-768x512.png 768w, https:\/\/www.amitai.com\/es\/wp-content\/uploads\/2023\/08\/TEMPLETE-BLOG-AMI-2023-1536x1024.png 1536w\" sizes=\"(max-width: 1587px) 100vw, 1587px\" \/>        <\/a>\n    <\/div>\n    <div class=\"wcp-content-wrap\">\n        <h3>\n            <a class=\"rpc-title\" href=\"https:\/\/www.amitai.com\/es\/erradicacion-violencia-laboral\/\" target=\"_self\">\n                Erradicaci\u00f3n de la Violencia en el \u00c1mbito Laboral            <\/a>\n        <\/h3>\n                <div class=\"wcp-post-contents rpc-content\">\n\n            Nos ha sido presente y evidente la tendencia, clara y positiva, de revisar y procurar el bienestar dentro del \u00e1mbito\n                            <br>\n                <a href=\"https:\/\/www.amitai.com\/es\/erradicacion-violencia-laboral\/\" target=\"_self\" class=\"btn-post\">Leer m\u00e1s<\/a>\n        \n        <\/div>        \n    <\/div>\n<\/div>                <\/div>    \n\n                            <div class=\"slick-slide carousel-item-5823\">\n                    <div class=\"post-style-2 rpc-bg rpc-box\">\n    <div class=\"wcp-img-wrap\">\n        <a href=\"https:\/\/www.amitai.com\/es\/sistema-denuncia-papel-whistleblowers-vital\/\">\n            <img decoding=\"async\" width=\"1206\" height=\"819\" src=\"https:\/\/www.amitai.com\/es\/wp-content\/uploads\/2023\/02\/45Mesa-de-trabajo-5-copia-5.png\" class=\"attachment- size- wp-post-image\" alt=\"Que es un whistleblower\" srcset=\"https:\/\/www.amitai.com\/es\/wp-content\/uploads\/2023\/02\/45Mesa-de-trabajo-5-copia-5.png 1206w, https:\/\/www.amitai.com\/es\/wp-content\/uploads\/2023\/02\/45Mesa-de-trabajo-5-copia-5-300x204.png 300w, https:\/\/www.amitai.com\/es\/wp-content\/uploads\/2023\/02\/45Mesa-de-trabajo-5-copia-5-1024x695.png 1024w, https:\/\/www.amitai.com\/es\/wp-content\/uploads\/2023\/02\/45Mesa-de-trabajo-5-copia-5-768x522.png 768w\" sizes=\"(max-width: 1206px) 100vw, 1206px\" \/>        <\/a>\n    <\/div>\n    <div class=\"wcp-content-wrap\">\n        <h3>\n            <a class=\"rpc-title\" href=\"https:\/\/www.amitai.com\/es\/sistema-denuncia-papel-whistleblowers-vital\/\" target=\"_self\">\n                Qu\u00e9 es un whistleblowers y qu\u00e9 papel cumple en una empresa            <\/a>\n        <\/h3>\n                <div class=\"wcp-post-contents rpc-content\">\n\n            En todo sistema de denuncia el papel de los whistleblowers (\u201calertador\u201d o \u201cdenunciante\u201d) es indispensable. Tomemos un momento para hablar\n                            <br>\n                <a href=\"https:\/\/www.amitai.com\/es\/sistema-denuncia-papel-whistleblowers-vital\/\" target=\"_self\" class=\"btn-post\">Leer m\u00e1s<\/a>\n        \n        <\/div>        \n    <\/div>\n<\/div>                <\/div>    \n\n                            <div class=\"slick-slide carousel-item-5815\">\n                    <div class=\"post-style-2 rpc-bg rpc-box\">\n    <div class=\"wcp-img-wrap\">\n        <a href=\"https:\/\/www.amitai.com\/es\/comunicacion-interna-reputacion-empresarial\/\">\n            <img decoding=\"async\" width=\"1207\" height=\"819\" src=\"https:\/\/www.amitai.com\/es\/wp-content\/uploads\/2023\/02\/45Mesa-de-trabajo-5-copia-6.png\" class=\"attachment- size- wp-post-image\" alt=\"Protege la reputaci\u00f3n y seguridad de tu negocio\" srcset=\"https:\/\/www.amitai.com\/es\/wp-content\/uploads\/2023\/02\/45Mesa-de-trabajo-5-copia-6.png 1207w, https:\/\/www.amitai.com\/es\/wp-content\/uploads\/2023\/02\/45Mesa-de-trabajo-5-copia-6-300x204.png 300w, https:\/\/www.amitai.com\/es\/wp-content\/uploads\/2023\/02\/45Mesa-de-trabajo-5-copia-6-1024x695.png 1024w, https:\/\/www.amitai.com\/es\/wp-content\/uploads\/2023\/02\/45Mesa-de-trabajo-5-copia-6-768x521.png 768w\" sizes=\"(max-width: 1207px) 100vw, 1207px\" \/>        <\/a>\n    <\/div>\n    <div class=\"wcp-content-wrap\">\n        <h3>\n            <a class=\"rpc-title\" href=\"https:\/\/www.amitai.com\/es\/comunicacion-interna-reputacion-empresarial\/\" target=\"_self\">\n                Protege la reputaci\u00f3n y la estabilidad de tu negocio            <\/a>\n        <\/h3>\n                <div class=\"wcp-post-contents rpc-content\">\n\n            La comunicacion interna es crucial en todas las \u00e1reas de una compa\u00f1\u00eda. Si esta es clara y direccionada hacia un\n                            <br>\n                <a href=\"https:\/\/www.amitai.com\/es\/comunicacion-interna-reputacion-empresarial\/\" target=\"_self\" class=\"btn-post\">Leer m\u00e1s<\/a>\n        \n        <\/div>        \n    <\/div>\n<\/div>                <\/div>    \n\n                            <div class=\"slick-slide carousel-item-5812\">\n                    <div class=\"post-style-2 rpc-bg rpc-box\">\n    <div class=\"wcp-img-wrap\">\n        <a href=\"https:\/\/www.amitai.com\/es\/corrupcion-empresarial-denuncia-anonima\/\">\n            <img decoding=\"async\" width=\"1207\" height=\"819\" src=\"https:\/\/www.amitai.com\/es\/wp-content\/uploads\/2023\/02\/45Mesa-de-trabajo-5-copia-7.png\" class=\"attachment- size- wp-post-image\" alt=\"C\u00f3mo desalentar actos de corrupci\u00f3n\" srcset=\"https:\/\/www.amitai.com\/es\/wp-content\/uploads\/2023\/02\/45Mesa-de-trabajo-5-copia-7.png 1207w, https:\/\/www.amitai.com\/es\/wp-content\/uploads\/2023\/02\/45Mesa-de-trabajo-5-copia-7-300x204.png 300w, https:\/\/www.amitai.com\/es\/wp-content\/uploads\/2023\/02\/45Mesa-de-trabajo-5-copia-7-1024x695.png 1024w, https:\/\/www.amitai.com\/es\/wp-content\/uploads\/2023\/02\/45Mesa-de-trabajo-5-copia-7-768x521.png 768w\" sizes=\"(max-width: 1207px) 100vw, 1207px\" \/>        <\/a>\n    <\/div>\n    <div class=\"wcp-content-wrap\">\n        <h3>\n            <a class=\"rpc-title\" href=\"https:\/\/www.amitai.com\/es\/corrupcion-empresarial-denuncia-anonima\/\" target=\"_self\">\n                C\u00f3mo desalentar los actos de corrupci\u00f3n en tu empresa            <\/a>\n        <\/h3>\n                <div class=\"wcp-post-contents rpc-content\">\n\n            \u00bfQuieres acabar con la corrupci\u00f3n en tu empresa? \u00a1Buenas noticias! Hay varias formas de desalentar los actos de corrupci\u00f3n y\n                            <br>\n                <a href=\"https:\/\/www.amitai.com\/es\/corrupcion-empresarial-denuncia-anonima\/\" target=\"_self\" class=\"btn-post\">Leer m\u00e1s<\/a>\n        \n        <\/div>        \n    <\/div>\n<\/div>                <\/div>    \n\n                            <div class=\"slick-slide carousel-item-5807\">\n                    <div class=\"post-style-2 rpc-bg rpc-box\">\n    <div class=\"wcp-img-wrap\">\n        <a href=\"https:\/\/www.amitai.com\/es\/informar-internas-logren-cumplimiento-normativo\/\">\n            <img decoding=\"async\" width=\"1207\" height=\"819\" src=\"https:\/\/www.amitai.com\/es\/wp-content\/uploads\/2023\/02\/45Mesa-de-trabajo-5-copia-7-1.png\" class=\"attachment- size- wp-post-image\" alt=\"Canales para informar AMITAI\" srcset=\"https:\/\/www.amitai.com\/es\/wp-content\/uploads\/2023\/02\/45Mesa-de-trabajo-5-copia-7-1.png 1207w, https:\/\/www.amitai.com\/es\/wp-content\/uploads\/2023\/02\/45Mesa-de-trabajo-5-copia-7-1-300x204.png 300w, https:\/\/www.amitai.com\/es\/wp-content\/uploads\/2023\/02\/45Mesa-de-trabajo-5-copia-7-1-1024x695.png 1024w, https:\/\/www.amitai.com\/es\/wp-content\/uploads\/2023\/02\/45Mesa-de-trabajo-5-copia-7-1-768x521.png 768w\" sizes=\"(max-width: 1207px) 100vw, 1207px\" \/>        <\/a>\n    <\/div>\n    <div class=\"wcp-content-wrap\">\n        <h3>\n            <a class=\"rpc-title\" href=\"https:\/\/www.amitai.com\/es\/informar-internas-logren-cumplimiento-normativo\/\" target=\"_self\">\n                Canales para informar denuncias al \u00e1rea designada en la empresa            <\/a>\n        <\/h3>\n                <div class=\"wcp-post-contents rpc-content\">\n\n            Existen diversos canales de comunicaci\u00f3n que se pueden utilizar dentro de una empresa para informar denuncias al \u00e1rea designada \u00a1No\n                            <br>\n                <a href=\"https:\/\/www.amitai.com\/es\/informar-internas-logren-cumplimiento-normativo\/\" target=\"_self\" class=\"btn-post\">Leer m\u00e1s<\/a>\n        \n        <\/div>        \n    <\/div>\n<\/div>                <\/div>    \n\n                            <div class=\"slick-slide carousel-item-5802\">\n                    <div class=\"post-style-2 rpc-bg rpc-box\">\n    <div class=\"wcp-img-wrap\">\n        <a href=\"https:\/\/www.amitai.com\/es\/conducta-y-actitud-individuo-dentro-de-empresa\/\">\n            <img decoding=\"async\" width=\"1207\" height=\"819\" src=\"https:\/\/www.amitai.com\/es\/wp-content\/uploads\/2023\/02\/45Mesa-de-trabajo-5-copia-9.png\" class=\"attachment- size- wp-post-image\" alt=\"Evaluar la conducta y actitud del individuo dentro de la empresa\" srcset=\"https:\/\/www.amitai.com\/es\/wp-content\/uploads\/2023\/02\/45Mesa-de-trabajo-5-copia-9.png 1207w, https:\/\/www.amitai.com\/es\/wp-content\/uploads\/2023\/02\/45Mesa-de-trabajo-5-copia-9-300x204.png 300w, https:\/\/www.amitai.com\/es\/wp-content\/uploads\/2023\/02\/45Mesa-de-trabajo-5-copia-9-1024x695.png 1024w, https:\/\/www.amitai.com\/es\/wp-content\/uploads\/2023\/02\/45Mesa-de-trabajo-5-copia-9-768x521.png 768w\" sizes=\"(max-width: 1207px) 100vw, 1207px\" \/>        <\/a>\n    <\/div>\n    <div class=\"wcp-content-wrap\">\n        <h3>\n            <a class=\"rpc-title\" href=\"https:\/\/www.amitai.com\/es\/conducta-y-actitud-individuo-dentro-de-empresa\/\" target=\"_self\">\n                Evaluar la conducta y actitud del individuo dentro de tu empresa            <\/a>\n        <\/h3>\n                <div class=\"wcp-post-contents rpc-content\">\n\n            \u00bfTe ha pasado que necesitas contratar a una persona para un puesto espec\u00edfico y despu\u00e9s del proceso de reclutamiento y\n                            <br>\n                <a href=\"https:\/\/www.amitai.com\/es\/conducta-y-actitud-individuo-dentro-de-empresa\/\" target=\"_self\" class=\"btn-post\">Leer m\u00e1s<\/a>\n        \n        <\/div>        \n    <\/div>\n<\/div>                <\/div>    \n\n                            <div class=\"slick-slide carousel-item-5797\">\n                    <div class=\"post-style-2 rpc-bg rpc-box\">\n    <div class=\"wcp-img-wrap\">\n        <a href=\"https:\/\/www.amitai.com\/es\/detectar-posibles-delitos-dentro-de-organizacion\/\">\n            <img decoding=\"async\" width=\"1080\" height=\"720\" src=\"https:\/\/www.amitai.com\/es\/wp-content\/uploads\/2023\/02\/Detectar-de-posibles-delitos-dentro-de-una-organizacion.jpg\" class=\"attachment- size- wp-post-image\" alt=\"Detectar de posibles delitos dentro de una organizaci\u00f3n\" srcset=\"https:\/\/www.amitai.com\/es\/wp-content\/uploads\/2023\/02\/Detectar-de-posibles-delitos-dentro-de-una-organizacion.jpg 1080w, https:\/\/www.amitai.com\/es\/wp-content\/uploads\/2023\/02\/Detectar-de-posibles-delitos-dentro-de-una-organizacion-300x200.jpg 300w, https:\/\/www.amitai.com\/es\/wp-content\/uploads\/2023\/02\/Detectar-de-posibles-delitos-dentro-de-una-organizacion-1024x683.jpg 1024w, https:\/\/www.amitai.com\/es\/wp-content\/uploads\/2023\/02\/Detectar-de-posibles-delitos-dentro-de-una-organizacion-768x512.jpg 768w\" sizes=\"(max-width: 1080px) 100vw, 1080px\" \/>        <\/a>\n    <\/div>\n    <div class=\"wcp-content-wrap\">\n        <h3>\n            <a class=\"rpc-title\" href=\"https:\/\/www.amitai.com\/es\/detectar-posibles-delitos-dentro-de-organizacion\/\" target=\"_self\">\n                Detectar de posibles delitos dentro de una organizaci\u00f3n            <\/a>\n        <\/h3>\n                <div class=\"wcp-post-contents rpc-content\">\n\n            Los delitos dentro de las organizaciones son m\u00e1s comunes de lo que crees. Estos pueden ser muy variados y abarcan,\n                            <br>\n                <a href=\"https:\/\/www.amitai.com\/es\/detectar-posibles-delitos-dentro-de-organizacion\/\" target=\"_self\" class=\"btn-post\">Leer m\u00e1s<\/a>\n        \n        <\/div>        \n    <\/div>\n<\/div>                <\/div>    \n\n                            <div class=\"slick-slide carousel-item-5790\">\n                    <div class=\"post-style-2 rpc-bg rpc-box\">\n    <div class=\"wcp-img-wrap\">\n        <a href=\"https:\/\/www.amitai.com\/es\/coordinar-liderar-solucionar-problemas-manera-eficiente\/\">\n            <img decoding=\"async\" width=\"1080\" height=\"721\" src=\"https:\/\/www.amitai.com\/es\/wp-content\/uploads\/2023\/02\/solucionar-problemas-de-manera-eficiente.jpg\" class=\"attachment- size- wp-post-image\" alt=\"solucionar problemas de manera eficiente\" srcset=\"https:\/\/www.amitai.com\/es\/wp-content\/uploads\/2023\/02\/solucionar-problemas-de-manera-eficiente.jpg 1080w, https:\/\/www.amitai.com\/es\/wp-content\/uploads\/2023\/02\/solucionar-problemas-de-manera-eficiente-300x200.jpg 300w, https:\/\/www.amitai.com\/es\/wp-content\/uploads\/2023\/02\/solucionar-problemas-de-manera-eficiente-1024x684.jpg 1024w, https:\/\/www.amitai.com\/es\/wp-content\/uploads\/2023\/02\/solucionar-problemas-de-manera-eficiente-768x513.jpg 768w\" sizes=\"(max-width: 1080px) 100vw, 1080px\" \/>        <\/a>\n    <\/div>\n    <div class=\"wcp-content-wrap\">\n        <h3>\n            <a class=\"rpc-title\" href=\"https:\/\/www.amitai.com\/es\/coordinar-liderar-solucionar-problemas-manera-eficiente\/\" target=\"_self\">\n                \u00bfC\u00f3mo coordinar, liderar y solucionar problemas de manera eficiente?            <\/a>\n        <\/h3>\n                <div class=\"wcp-post-contents rpc-content\">\n\n            La resoluci\u00f3n de problemas requiere el desarrollo de habilidades laborales espec\u00edficas y del trabajo coordinado de todos los involucrados. Por\n                            <br>\n                <a href=\"https:\/\/www.amitai.com\/es\/coordinar-liderar-solucionar-problemas-manera-eficiente\/\" target=\"_self\" class=\"btn-post\">Leer m\u00e1s<\/a>\n        \n        <\/div>        \n    <\/div>\n<\/div>                <\/div>    \n\n                            <div class=\"slick-slide carousel-item-5786\">\n                    <div class=\"post-style-2 rpc-bg rpc-box\">\n    <div class=\"wcp-img-wrap\">\n        <a href=\"https:\/\/www.amitai.com\/es\/herramientas-intuitivas-denuncias-anonimas\/\">\n            <img decoding=\"async\" width=\"1080\" height=\"720\" src=\"https:\/\/www.amitai.com\/es\/wp-content\/uploads\/2023\/02\/herramientas-para-denuncias-anonimas.jpg\" class=\"attachment- size- wp-post-image\" alt=\"herramientas para denuncias anonimas\" srcset=\"https:\/\/www.amitai.com\/es\/wp-content\/uploads\/2023\/02\/herramientas-para-denuncias-anonimas.jpg 1080w, https:\/\/www.amitai.com\/es\/wp-content\/uploads\/2023\/02\/herramientas-para-denuncias-anonimas-300x200.jpg 300w, https:\/\/www.amitai.com\/es\/wp-content\/uploads\/2023\/02\/herramientas-para-denuncias-anonimas-1024x683.jpg 1024w, https:\/\/www.amitai.com\/es\/wp-content\/uploads\/2023\/02\/herramientas-para-denuncias-anonimas-768x512.jpg 768w\" sizes=\"(max-width: 1080px) 100vw, 1080px\" \/>        <\/a>\n    <\/div>\n    <div class=\"wcp-content-wrap\">\n        <h3>\n            <a class=\"rpc-title\" href=\"https:\/\/www.amitai.com\/es\/herramientas-intuitivas-denuncias-anonimas\/\" target=\"_self\">\n                Aprende a manejar herramientas intuitivas para denuncias an\u00f3nimas            <\/a>\n        <\/h3>\n                <div class=\"wcp-post-contents rpc-content\">\n\n            Atender correcta y oportunamente una denuncia an\u00f3nima deber\u00eda impactar de manera positiva en el ambiente laboral y la productividad de\n                            <br>\n                <a href=\"https:\/\/www.amitai.com\/es\/herramientas-intuitivas-denuncias-anonimas\/\" target=\"_self\" class=\"btn-post\">Leer m\u00e1s<\/a>\n        \n        <\/div>        \n    <\/div>\n<\/div>                <\/div>    \n\n                            <div class=\"slick-slide carousel-item-5770\">\n                    <div class=\"post-style-2 rpc-bg rpc-box\">\n    <div class=\"wcp-img-wrap\">\n        <a href=\"https:\/\/www.amitai.com\/es\/interaccion-equipo-trabajo-y-supervisores\/\">\n            <img decoding=\"async\" width=\"1080\" height=\"721\" src=\"https:\/\/www.amitai.com\/es\/wp-content\/uploads\/2023\/01\/Interaccion-entre-el-equipo-de-trabajo.jpg\" class=\"attachment- size- wp-post-image\" alt=\"Interaccion entre el equipo de trabajo\" srcset=\"https:\/\/www.amitai.com\/es\/wp-content\/uploads\/2023\/01\/Interaccion-entre-el-equipo-de-trabajo.jpg 1080w, https:\/\/www.amitai.com\/es\/wp-content\/uploads\/2023\/01\/Interaccion-entre-el-equipo-de-trabajo-300x200.jpg 300w, https:\/\/www.amitai.com\/es\/wp-content\/uploads\/2023\/01\/Interaccion-entre-el-equipo-de-trabajo-1024x684.jpg 1024w, https:\/\/www.amitai.com\/es\/wp-content\/uploads\/2023\/01\/Interaccion-entre-el-equipo-de-trabajo-768x513.jpg 768w\" sizes=\"(max-width: 1080px) 100vw, 1080px\" \/>        <\/a>\n    <\/div>\n    <div class=\"wcp-content-wrap\">\n        <h3>\n            <a class=\"rpc-title\" href=\"https:\/\/www.amitai.com\/es\/interaccion-equipo-trabajo-y-supervisores\/\" target=\"_self\">\n                Interacci\u00f3n entre el equipo de trabajo y los supervisores            <\/a>\n        <\/h3>\n                <div class=\"wcp-post-contents rpc-content\">\n\n            El trabajo es uno de los aspectos predominantes en la vida de la mayor\u00eda de las personas. Tal vez ya\n                            <br>\n                <a href=\"https:\/\/www.amitai.com\/es\/interaccion-equipo-trabajo-y-supervisores\/\" target=\"_self\" class=\"btn-post\">Leer m\u00e1s<\/a>\n        \n        <\/div>        \n    <\/div>\n<\/div>                <\/div>    \n\n                            <div class=\"slick-slide carousel-item-5765\">\n                    <div class=\"post-style-2 rpc-bg rpc-box\">\n    <div class=\"wcp-img-wrap\">\n        <a href=\"https:\/\/www.amitai.com\/es\/problemas-aritmeticos-para-buen-examen-psicometrico\/\">\n            <img decoding=\"async\" width=\"1050\" height=\"700\" src=\"https:\/\/www.amitai.com\/es\/wp-content\/uploads\/2023\/01\/prueba-psicometrica.jpg\" class=\"attachment- size- wp-post-image\" alt=\"prueba psicom\u00e9trica\" srcset=\"https:\/\/www.amitai.com\/es\/wp-content\/uploads\/2023\/01\/prueba-psicometrica.jpg 1050w, https:\/\/www.amitai.com\/es\/wp-content\/uploads\/2023\/01\/prueba-psicometrica-300x200.jpg 300w, https:\/\/www.amitai.com\/es\/wp-content\/uploads\/2023\/01\/prueba-psicometrica-1024x683.jpg 1024w, https:\/\/www.amitai.com\/es\/wp-content\/uploads\/2023\/01\/prueba-psicometrica-768x512.jpg 768w\" sizes=\"(max-width: 1050px) 100vw, 1050px\" \/>        <\/a>\n    <\/div>\n    <div class=\"wcp-content-wrap\">\n        <h3>\n            <a class=\"rpc-title\" href=\"https:\/\/www.amitai.com\/es\/problemas-aritmeticos-para-buen-examen-psicometrico\/\" target=\"_self\">\n                Problemas aritm\u00e9ticos : Identificar la capacidad matem\u00e1tica de una persona            <\/a>\n        <\/h3>\n                <div class=\"wcp-post-contents rpc-content\">\n\n            Uno de los aspectos m\u00e1s relevantes, que el examen psicom\u00e9trico eval\u00faa en un aspirante a un puesto laboral, es la\n                            <br>\n                <a href=\"https:\/\/www.amitai.com\/es\/problemas-aritmeticos-para-buen-examen-psicometrico\/\" target=\"_self\" class=\"btn-post\">Leer m\u00e1s<\/a>\n        \n        <\/div>        \n    <\/div>\n<\/div>                <\/div>    \n\n                            <div class=\"slick-slide carousel-item-5763\">\n                    <div class=\"post-style-2 rpc-bg rpc-box\">\n    <div class=\"wcp-img-wrap\">\n        <a href=\"https:\/\/www.amitai.com\/es\/compliance-evalua-predice-administra-riesgo\/\">\n            <img decoding=\"async\" width=\"1080\" height=\"643\" src=\"https:\/\/www.amitai.com\/es\/wp-content\/uploads\/2023\/01\/Compliance-evalua-predice-y-administra.jpg\" class=\"attachment- size- wp-post-image\" alt=\"Compliance: evalua, predice y administra\" srcset=\"https:\/\/www.amitai.com\/es\/wp-content\/uploads\/2023\/01\/Compliance-evalua-predice-y-administra.jpg 1080w, https:\/\/www.amitai.com\/es\/wp-content\/uploads\/2023\/01\/Compliance-evalua-predice-y-administra-300x179.jpg 300w, https:\/\/www.amitai.com\/es\/wp-content\/uploads\/2023\/01\/Compliance-evalua-predice-y-administra-1024x610.jpg 1024w, https:\/\/www.amitai.com\/es\/wp-content\/uploads\/2023\/01\/Compliance-evalua-predice-y-administra-768x457.jpg 768w\" sizes=\"(max-width: 1080px) 100vw, 1080px\" \/>        <\/a>\n    <\/div>\n    <div class=\"wcp-content-wrap\">\n        <h3>\n            <a class=\"rpc-title\" href=\"https:\/\/www.amitai.com\/es\/compliance-evalua-predice-administra-riesgo\/\" target=\"_self\">\n                Compliance: evalua, predice y administra el riesgo de manera efectiva            <\/a>\n        <\/h3>\n                <div class=\"wcp-post-contents rpc-content\">\n\n            Hablar del cumplimiento normativo es cada vez m\u00e1s com\u00fan e importante. \u00bfQuieres saber qu\u00e9 papel juega dicho cumplimiento al evaluar\n                            <br>\n                <a href=\"https:\/\/www.amitai.com\/es\/compliance-evalua-predice-administra-riesgo\/\" target=\"_self\" class=\"btn-post\">Leer m\u00e1s<\/a>\n        \n        <\/div>        \n    <\/div>\n<\/div>                <\/div>    \n\n                            <div class=\"slick-slide carousel-item-5756\">\n                    <div class=\"post-style-2 rpc-bg rpc-box\">\n    <div class=\"wcp-img-wrap\">\n        <a href=\"https:\/\/www.amitai.com\/es\/tipos-sistemas-trabajo-empresariales\/\">\n            <img decoding=\"async\" width=\"1050\" height=\"700\" src=\"https:\/\/www.amitai.com\/es\/wp-content\/uploads\/2023\/01\/Tipos-de-sistemas-de-trabajo-empresariales.jpg\" class=\"attachment- size- wp-post-image\" alt=\"Tipos de sistemas de trabajo empresariales\" srcset=\"https:\/\/www.amitai.com\/es\/wp-content\/uploads\/2023\/01\/Tipos-de-sistemas-de-trabajo-empresariales.jpg 1050w, https:\/\/www.amitai.com\/es\/wp-content\/uploads\/2023\/01\/Tipos-de-sistemas-de-trabajo-empresariales-300x200.jpg 300w, https:\/\/www.amitai.com\/es\/wp-content\/uploads\/2023\/01\/Tipos-de-sistemas-de-trabajo-empresariales-1024x683.jpg 1024w, https:\/\/www.amitai.com\/es\/wp-content\/uploads\/2023\/01\/Tipos-de-sistemas-de-trabajo-empresariales-768x512.jpg 768w\" sizes=\"(max-width: 1050px) 100vw, 1050px\" \/>        <\/a>\n    <\/div>\n    <div class=\"wcp-content-wrap\">\n        <h3>\n            <a class=\"rpc-title\" href=\"https:\/\/www.amitai.com\/es\/tipos-sistemas-trabajo-empresariales\/\" target=\"_self\">\n                Tipos de sistemas de trabajo empresariales: controla las responsabilidades internas            <\/a>\n        <\/h3>\n                <div class=\"wcp-post-contents rpc-content\">\n\n            Las empresas son conglomerados de recursos humanos, financieros y f\u00edsicos que trabajan en conjunto para alcanzar ciertos objetivos. A pesar\n                            <br>\n                <a href=\"https:\/\/www.amitai.com\/es\/tipos-sistemas-trabajo-empresariales\/\" target=\"_self\" class=\"btn-post\">Leer m\u00e1s<\/a>\n        \n        <\/div>        \n    <\/div>\n<\/div>                <\/div>    \n\n                            <div class=\"slick-slide carousel-item-5749\">\n                    <div class=\"post-style-2 rpc-bg rpc-box\">\n    <div class=\"wcp-img-wrap\">\n        <a href=\"https:\/\/www.amitai.com\/es\/importancia-control-clima-organizacional-en-empresa\/\">\n            <img decoding=\"async\" width=\"1050\" height=\"591\" src=\"https:\/\/www.amitai.com\/es\/wp-content\/uploads\/2023\/01\/La-importancia-del-control-del-clima-organizacional.jpg\" class=\"attachment- size- wp-post-image\" alt=\"La importancia del control del clima organizacional\" srcset=\"https:\/\/www.amitai.com\/es\/wp-content\/uploads\/2023\/01\/La-importancia-del-control-del-clima-organizacional.jpg 1050w, https:\/\/www.amitai.com\/es\/wp-content\/uploads\/2023\/01\/La-importancia-del-control-del-clima-organizacional-300x169.jpg 300w, https:\/\/www.amitai.com\/es\/wp-content\/uploads\/2023\/01\/La-importancia-del-control-del-clima-organizacional-1024x576.jpg 1024w, https:\/\/www.amitai.com\/es\/wp-content\/uploads\/2023\/01\/La-importancia-del-control-del-clima-organizacional-768x432.jpg 768w\" sizes=\"(max-width: 1050px) 100vw, 1050px\" \/>        <\/a>\n    <\/div>\n    <div class=\"wcp-content-wrap\">\n        <h3>\n            <a class=\"rpc-title\" href=\"https:\/\/www.amitai.com\/es\/importancia-control-clima-organizacional-en-empresa\/\" target=\"_self\">\n                Importancia de mantener el control sobre lo que se ofrece al empleado para su desarrollo y eficiencia            <\/a>\n        <\/h3>\n                <div class=\"wcp-post-contents rpc-content\">\n\n            Interesarse en el desarrollo y eficiencia de sus empleados requiere estar al tanto y mantener el control del clima organizacional\n                            <br>\n                <a href=\"https:\/\/www.amitai.com\/es\/importancia-control-clima-organizacional-en-empresa\/\" target=\"_self\" class=\"btn-post\">Leer m\u00e1s<\/a>\n        \n        <\/div>        \n    <\/div>\n<\/div>                <\/div>    \n\n                            <div class=\"slick-slide carousel-item-5739\">\n                    <div class=\"post-style-2 rpc-bg rpc-box\">\n    <div class=\"wcp-img-wrap\">\n        <a href=\"https:\/\/www.amitai.com\/es\/evitar-disminuir-altos-indices-ausentismo-rotacion\/\">\n            <img decoding=\"async\" width=\"1050\" height=\"700\" src=\"https:\/\/www.amitai.com\/es\/wp-content\/uploads\/2023\/01\/disminuir-los-altos-indices-de-ausentismo-y-rotacion-empresarial.jpg\" class=\"attachment- size- wp-post-image\" alt=\"disminuir los altos \u00edndices de ausentismo y rotaci\u00f3n empresarial\" srcset=\"https:\/\/www.amitai.com\/es\/wp-content\/uploads\/2023\/01\/disminuir-los-altos-indices-de-ausentismo-y-rotacion-empresarial.jpg 1050w, https:\/\/www.amitai.com\/es\/wp-content\/uploads\/2023\/01\/disminuir-los-altos-indices-de-ausentismo-y-rotacion-empresarial-300x200.jpg 300w, https:\/\/www.amitai.com\/es\/wp-content\/uploads\/2023\/01\/disminuir-los-altos-indices-de-ausentismo-y-rotacion-empresarial-1024x683.jpg 1024w, https:\/\/www.amitai.com\/es\/wp-content\/uploads\/2023\/01\/disminuir-los-altos-indices-de-ausentismo-y-rotacion-empresarial-768x512.jpg 768w\" sizes=\"(max-width: 1050px) 100vw, 1050px\" \/>        <\/a>\n    <\/div>\n    <div class=\"wcp-content-wrap\">\n        <h3>\n            <a class=\"rpc-title\" href=\"https:\/\/www.amitai.com\/es\/evitar-disminuir-altos-indices-ausentismo-rotacion\/\" target=\"_self\">\n                C\u00f3mo Evitar y disminuir los altos \u00edndices de ausentismo y rotaci\u00f3n empresarial            <\/a>\n        <\/h3>\n                <div class=\"wcp-post-contents rpc-content\">\n\n            Los valores y el sentido de pertenencia en una organizaci\u00f3n pueden resultar piezas claves para evitar y disminuir \u00edndices de\n                            <br>\n                <a href=\"https:\/\/www.amitai.com\/es\/evitar-disminuir-altos-indices-ausentismo-rotacion\/\" target=\"_self\" class=\"btn-post\">Leer m\u00e1s<\/a>\n        \n        <\/div>        \n    <\/div>\n<\/div>                <\/div>    \n\n                            <div class=\"slick-slide carousel-item-5729\">\n                    <div class=\"post-style-2 rpc-bg rpc-box\">\n    <div class=\"wcp-img-wrap\">\n        <a href=\"https:\/\/www.amitai.com\/es\/feedback-via-directa-a-la-resolucion-de-problemas\/\">\n            <img decoding=\"async\" width=\"1057\" height=\"705\" src=\"https:\/\/www.amitai.com\/es\/wp-content\/uploads\/2023\/01\/Feedback-resolucion-de-problemas.jpg\" class=\"attachment- size- wp-post-image\" alt=\"resoluci\u00f3n de problemas\" srcset=\"https:\/\/www.amitai.com\/es\/wp-content\/uploads\/2023\/01\/Feedback-resolucion-de-problemas.jpg 1057w, https:\/\/www.amitai.com\/es\/wp-content\/uploads\/2023\/01\/Feedback-resolucion-de-problemas-300x200.jpg 300w, https:\/\/www.amitai.com\/es\/wp-content\/uploads\/2023\/01\/Feedback-resolucion-de-problemas-1024x683.jpg 1024w, https:\/\/www.amitai.com\/es\/wp-content\/uploads\/2023\/01\/Feedback-resolucion-de-problemas-768x512.jpg 768w\" sizes=\"(max-width: 1057px) 100vw, 1057px\" \/>        <\/a>\n    <\/div>\n    <div class=\"wcp-content-wrap\">\n        <h3>\n            <a class=\"rpc-title\" href=\"https:\/\/www.amitai.com\/es\/feedback-via-directa-a-la-resolucion-de-problemas\/\" target=\"_self\">\n                Feedback: v\u00eda directa a la resoluci\u00f3n de problemas            <\/a>\n        <\/h3>\n                <div class=\"wcp-post-contents rpc-content\">\n\n            La comunicacion interna es la clave para conseguir los objetivos de la empresa. Dicho intercambio puede obedecer a instrucciones, planes,\n                            <br>\n                <a href=\"https:\/\/www.amitai.com\/es\/feedback-via-directa-a-la-resolucion-de-problemas\/\" target=\"_self\" class=\"btn-post\">Leer m\u00e1s<\/a>\n        \n        <\/div>        \n    <\/div>\n<\/div>                <\/div>    \n\n                            <div class=\"slick-slide carousel-item-5725\">\n                    <div class=\"post-style-2 rpc-bg rpc-box\">\n    <div class=\"wcp-img-wrap\">\n        <a href=\"https:\/\/www.amitai.com\/es\/puntos-control-para-correcto-funcionamiento-empresarial\/\">\n            <img decoding=\"async\" width=\"1057\" height=\"705\" src=\"https:\/\/www.amitai.com\/es\/wp-content\/uploads\/2023\/01\/Puntos-de-control-para-un-correcto-funcionamiento.jpg\" class=\"attachment- size- wp-post-image\" alt=\"Puntos de control para un correcto funcionamiento\" srcset=\"https:\/\/www.amitai.com\/es\/wp-content\/uploads\/2023\/01\/Puntos-de-control-para-un-correcto-funcionamiento.jpg 1057w, https:\/\/www.amitai.com\/es\/wp-content\/uploads\/2023\/01\/Puntos-de-control-para-un-correcto-funcionamiento-300x200.jpg 300w, https:\/\/www.amitai.com\/es\/wp-content\/uploads\/2023\/01\/Puntos-de-control-para-un-correcto-funcionamiento-1024x683.jpg 1024w, https:\/\/www.amitai.com\/es\/wp-content\/uploads\/2023\/01\/Puntos-de-control-para-un-correcto-funcionamiento-768x512.jpg 768w\" sizes=\"(max-width: 1057px) 100vw, 1057px\" \/>        <\/a>\n    <\/div>\n    <div class=\"wcp-content-wrap\">\n        <h3>\n            <a class=\"rpc-title\" href=\"https:\/\/www.amitai.com\/es\/puntos-control-para-correcto-funcionamiento-empresarial\/\" target=\"_self\">\n                Puntos de control para un correcto funcionamiento empresarial            <\/a>\n        <\/h3>\n                <div class=\"wcp-post-contents rpc-content\">\n\n            La aplicaci\u00f3n del recurso de la denuncia anonima en una empresa va m\u00e1s all\u00e1 de sus beneficios en el clima\n                            <br>\n                <a href=\"https:\/\/www.amitai.com\/es\/puntos-control-para-correcto-funcionamiento-empresarial\/\" target=\"_self\" class=\"btn-post\">Leer m\u00e1s<\/a>\n        \n        <\/div>        \n    <\/div>\n<\/div>                <\/div>    \n\n                            <div class=\"slick-slide carousel-item-5669\">\n                    <div class=\"post-style-2 rpc-bg rpc-box\">\n    <div class=\"wcp-img-wrap\">\n        <a href=\"https:\/\/www.amitai.com\/es\/transformar-datos-empresariales-informacion\/\">\n            <img decoding=\"async\" width=\"1057\" height=\"705\" src=\"https:\/\/www.amitai.com\/es\/wp-content\/uploads\/2022\/12\/transformar-datos-empresariales-en-informacion-clara.jpg\" class=\"attachment- size- wp-post-image\" alt=\"transformar datos empresariales en informaci\u00f3n clara\" srcset=\"https:\/\/www.amitai.com\/es\/wp-content\/uploads\/2022\/12\/transformar-datos-empresariales-en-informacion-clara.jpg 1057w, https:\/\/www.amitai.com\/es\/wp-content\/uploads\/2022\/12\/transformar-datos-empresariales-en-informacion-clara-300x200.jpg 300w, https:\/\/www.amitai.com\/es\/wp-content\/uploads\/2022\/12\/transformar-datos-empresariales-en-informacion-clara-1024x683.jpg 1024w, https:\/\/www.amitai.com\/es\/wp-content\/uploads\/2022\/12\/transformar-datos-empresariales-en-informacion-clara-768x512.jpg 768w\" sizes=\"(max-width: 1057px) 100vw, 1057px\" \/>        <\/a>\n    <\/div>\n    <div class=\"wcp-content-wrap\">\n        <h3>\n            <a class=\"rpc-title\" href=\"https:\/\/www.amitai.com\/es\/transformar-datos-empresariales-informacion\/\" target=\"_self\">\n                C\u00f3mo transformar datos empresariales en informaci\u00f3n clara y espec\u00edfica            <\/a>\n        <\/h3>\n                <div class=\"wcp-post-contents rpc-content\">\n\n            En su empresa existe una enorme cantidad de datos crudos y sin procesar, a partir de los principios generales de\n                            <br>\n                <a href=\"https:\/\/www.amitai.com\/es\/transformar-datos-empresariales-informacion\/\" target=\"_self\" class=\"btn-post\">Leer m\u00e1s<\/a>\n        \n        <\/div>        \n    <\/div>\n<\/div>                <\/div>    \n\n                            <div class=\"slick-slide carousel-item-5663\">\n                    <div class=\"post-style-2 rpc-bg rpc-box\">\n    <div class=\"wcp-img-wrap\">\n        <a href=\"https:\/\/www.amitai.com\/es\/adaptacion-a-las-tecnologias-en-empresa\/\">\n            <img decoding=\"async\" width=\"1057\" height=\"595\" src=\"https:\/\/www.amitai.com\/es\/wp-content\/uploads\/2022\/12\/adaptacion-a-las-tecnologias-en-tu-empresa.jpg\" class=\"attachment- size- wp-post-image\" alt=\"adaptaci\u00f3n a las tecnolog\u00edas en tu empresa\" srcset=\"https:\/\/www.amitai.com\/es\/wp-content\/uploads\/2022\/12\/adaptacion-a-las-tecnologias-en-tu-empresa.jpg 1057w, https:\/\/www.amitai.com\/es\/wp-content\/uploads\/2022\/12\/adaptacion-a-las-tecnologias-en-tu-empresa-300x169.jpg 300w, https:\/\/www.amitai.com\/es\/wp-content\/uploads\/2022\/12\/adaptacion-a-las-tecnologias-en-tu-empresa-1024x576.jpg 1024w, https:\/\/www.amitai.com\/es\/wp-content\/uploads\/2022\/12\/adaptacion-a-las-tecnologias-en-tu-empresa-768x432.jpg 768w\" sizes=\"(max-width: 1057px) 100vw, 1057px\" \/>        <\/a>\n    <\/div>\n    <div class=\"wcp-content-wrap\">\n        <h3>\n            <a class=\"rpc-title\" href=\"https:\/\/www.amitai.com\/es\/adaptacion-a-las-tecnologias-en-empresa\/\" target=\"_self\">\n                Combate la falta de adaptaci\u00f3n a las tecnolog\u00edas en tu empresa            <\/a>\n        <\/h3>\n                <div class=\"wcp-post-contents rpc-content\">\n\n            Los cambios tecnol\u00f3gicos del \u00faltimo siglo impactaron profundamente a las empresas de todo el mundo, pero la revoluci\u00f3n tecnol\u00f3gica de\n                            <br>\n                <a href=\"https:\/\/www.amitai.com\/es\/adaptacion-a-las-tecnologias-en-empresa\/\" target=\"_self\" class=\"btn-post\">Leer m\u00e1s<\/a>\n        \n        <\/div>        \n    <\/div>\n<\/div>                <\/div>    \n\n                            <div class=\"slick-slide carousel-item-5656\">\n                    <div class=\"post-style-2 rpc-bg rpc-box\">\n    <div class=\"wcp-img-wrap\">\n        <a href=\"https:\/\/www.amitai.com\/es\/conserva-confianza-clientes-empresa\/\">\n            <img decoding=\"async\" width=\"1057\" height=\"705\" src=\"https:\/\/www.amitai.com\/es\/wp-content\/uploads\/2022\/12\/Conserva-la-confianza-de-los-clientes-en-tu-empresa.jpg\" class=\"attachment- size- wp-post-image\" alt=\"Conserva la confianza de los clientes en tu empresa\" srcset=\"https:\/\/www.amitai.com\/es\/wp-content\/uploads\/2022\/12\/Conserva-la-confianza-de-los-clientes-en-tu-empresa.jpg 1057w, https:\/\/www.amitai.com\/es\/wp-content\/uploads\/2022\/12\/Conserva-la-confianza-de-los-clientes-en-tu-empresa-300x200.jpg 300w, https:\/\/www.amitai.com\/es\/wp-content\/uploads\/2022\/12\/Conserva-la-confianza-de-los-clientes-en-tu-empresa-1024x683.jpg 1024w, https:\/\/www.amitai.com\/es\/wp-content\/uploads\/2022\/12\/Conserva-la-confianza-de-los-clientes-en-tu-empresa-768x512.jpg 768w\" sizes=\"(max-width: 1057px) 100vw, 1057px\" \/>        <\/a>\n    <\/div>\n    <div class=\"wcp-content-wrap\">\n        <h3>\n            <a class=\"rpc-title\" href=\"https:\/\/www.amitai.com\/es\/conserva-confianza-clientes-empresa\/\" target=\"_self\">\n                Conserva la confianza de los clientes en tu empresa            <\/a>\n        <\/h3>\n                <div class=\"wcp-post-contents rpc-content\">\n\n            La confianza de los clientes es uno de los objetivos de toda organizaci\u00f3n, y a ella enfocan muchos de sus\n                            <br>\n                <a href=\"https:\/\/www.amitai.com\/es\/conserva-confianza-clientes-empresa\/\" target=\"_self\" class=\"btn-post\">Leer m\u00e1s<\/a>\n        \n        <\/div>        \n    <\/div>\n<\/div>                <\/div>    \n\n                            <div class=\"slick-slide carousel-item-5690\">\n                    <div class=\"post-style-2 rpc-bg rpc-box\">\n    <div class=\"wcp-img-wrap\">\n        <a href=\"https:\/\/www.amitai.com\/es\/identificar-y-manejar-sobrecarga-laboral\/\">\n            <img decoding=\"async\" width=\"1057\" height=\"740\" src=\"https:\/\/www.amitai.com\/es\/wp-content\/uploads\/2022\/12\/Como-Identificar-y-manejar-la-sobrecarga-laboral.jpg\" class=\"attachment- size- wp-post-image\" alt=\"Como Identificar y manejar la sobrecarga laboral\" srcset=\"https:\/\/www.amitai.com\/es\/wp-content\/uploads\/2022\/12\/Como-Identificar-y-manejar-la-sobrecarga-laboral.jpg 1057w, https:\/\/www.amitai.com\/es\/wp-content\/uploads\/2022\/12\/Como-Identificar-y-manejar-la-sobrecarga-laboral-300x210.jpg 300w, https:\/\/www.amitai.com\/es\/wp-content\/uploads\/2022\/12\/Como-Identificar-y-manejar-la-sobrecarga-laboral-1024x717.jpg 1024w, https:\/\/www.amitai.com\/es\/wp-content\/uploads\/2022\/12\/Como-Identificar-y-manejar-la-sobrecarga-laboral-768x538.jpg 768w\" sizes=\"(max-width: 1057px) 100vw, 1057px\" \/>        <\/a>\n    <\/div>\n    <div class=\"wcp-content-wrap\">\n        <h3>\n            <a class=\"rpc-title\" href=\"https:\/\/www.amitai.com\/es\/identificar-y-manejar-sobrecarga-laboral\/\" target=\"_self\">\n                Sobrecarga laboral : Como Identificarla y manejarla            <\/a>\n        <\/h3>\n                <div class=\"wcp-post-contents rpc-content\">\n\n            Una denuncia anonima es leg\u00edtima cuando se trata de sobrecarga laboral, ya que puede dicha situaci\u00f3n dejarsecuelas irreversibles en tu\n                            <br>\n                <a href=\"https:\/\/www.amitai.com\/es\/identificar-y-manejar-sobrecarga-laboral\/\" target=\"_self\" class=\"btn-post\">Leer m\u00e1s<\/a>\n        \n        <\/div>        \n    <\/div>\n<\/div>                <\/div>    \n\n                            <div class=\"slick-slide carousel-item-5639\">\n                    <div class=\"post-style-2 rpc-bg rpc-box\">\n    <div class=\"wcp-img-wrap\">\n        <a href=\"https:\/\/www.amitai.com\/es\/memoria-corporativa-desarrollo-diversas-areas\/\">\n            <img decoding=\"async\" width=\"1057\" height=\"510\" src=\"https:\/\/www.amitai.com\/es\/wp-content\/uploads\/2022\/12\/memoria-corporativa-y-como-permite-el-desarrollo-1.jpg\" class=\"attachment- size- wp-post-image\" alt=\"memoria corporativa y c\u00f3mo permite el desarrollo\" srcset=\"https:\/\/www.amitai.com\/es\/wp-content\/uploads\/2022\/12\/memoria-corporativa-y-como-permite-el-desarrollo-1.jpg 1057w, https:\/\/www.amitai.com\/es\/wp-content\/uploads\/2022\/12\/memoria-corporativa-y-como-permite-el-desarrollo-1-300x145.jpg 300w, https:\/\/www.amitai.com\/es\/wp-content\/uploads\/2022\/12\/memoria-corporativa-y-como-permite-el-desarrollo-1-1024x494.jpg 1024w, https:\/\/www.amitai.com\/es\/wp-content\/uploads\/2022\/12\/memoria-corporativa-y-como-permite-el-desarrollo-1-768x371.jpg 768w\" sizes=\"(max-width: 1057px) 100vw, 1057px\" \/>        <\/a>\n    <\/div>\n    <div class=\"wcp-content-wrap\">\n        <h3>\n            <a class=\"rpc-title\" href=\"https:\/\/www.amitai.com\/es\/memoria-corporativa-desarrollo-diversas-areas\/\" target=\"_self\">\n                \u00bfQu\u00e9 es memoria corporativa y c\u00f3mo permite el desarrollo de las diversas \u00e1reas?            <\/a>\n        <\/h3>\n                <div class=\"wcp-post-contents rpc-content\">\n\n            Ya sea que se le considere como el elemento para dar a conocer los \u00e9xitos de una empresa y mostrar\n                            <br>\n                <a href=\"https:\/\/www.amitai.com\/es\/memoria-corporativa-desarrollo-diversas-areas\/\" target=\"_self\" class=\"btn-post\">Leer m\u00e1s<\/a>\n        \n        <\/div>        \n    <\/div>\n<\/div>                <\/div>    \n\n                            <div class=\"slick-slide carousel-item-5633\">\n                    <div class=\"post-style-2 rpc-bg rpc-box\">\n    <div class=\"wcp-img-wrap\">\n        <a href=\"https:\/\/www.amitai.com\/es\/promover-inversion-recursos-empresariales\/\">\n            <img decoding=\"async\" width=\"1057\" height=\"510\" src=\"https:\/\/www.amitai.com\/es\/wp-content\/uploads\/2022\/12\/promover-la-inversion-de-recursos-empresariales.jpg\" class=\"attachment- size- wp-post-image\" alt=\"promover la inversi\u00f3n de recursos empresariales\" srcset=\"https:\/\/www.amitai.com\/es\/wp-content\/uploads\/2022\/12\/promover-la-inversion-de-recursos-empresariales.jpg 1057w, https:\/\/www.amitai.com\/es\/wp-content\/uploads\/2022\/12\/promover-la-inversion-de-recursos-empresariales-300x145.jpg 300w, https:\/\/www.amitai.com\/es\/wp-content\/uploads\/2022\/12\/promover-la-inversion-de-recursos-empresariales-1024x494.jpg 1024w, https:\/\/www.amitai.com\/es\/wp-content\/uploads\/2022\/12\/promover-la-inversion-de-recursos-empresariales-768x371.jpg 768w\" sizes=\"(max-width: 1057px) 100vw, 1057px\" \/>        <\/a>\n    <\/div>\n    <div class=\"wcp-content-wrap\">\n        <h3>\n            <a class=\"rpc-title\" href=\"https:\/\/www.amitai.com\/es\/promover-inversion-recursos-empresariales\/\" target=\"_self\">\n                C\u00f3mo promover la inversi\u00f3n de recursos empresariales            <\/a>\n        <\/h3>\n                <div class=\"wcp-post-contents rpc-content\">\n\n            Considerada como factor clave para el crecimiento de una organizaci\u00f3n, para la atenci\u00f3n de los mercados meta o para la\n                            <br>\n                <a href=\"https:\/\/www.amitai.com\/es\/promover-inversion-recursos-empresariales\/\" target=\"_self\" class=\"btn-post\">Leer m\u00e1s<\/a>\n        \n        <\/div>        \n    <\/div>\n<\/div>                <\/div>    \n\n                            <div class=\"slick-slide carousel-item-5626\">\n                    <div class=\"post-style-2 rpc-bg rpc-box\">\n    <div class=\"wcp-img-wrap\">\n        <a href=\"https:\/\/www.amitai.com\/es\/evaluacion-90-realizada-por-superiores\/\">\n            <img decoding=\"async\" width=\"1057\" height=\"510\" src=\"https:\/\/www.amitai.com\/es\/wp-content\/uploads\/2022\/12\/Evaluacion-90-o-realizada-por-superiores.jpg\" class=\"attachment- size- wp-post-image\" alt=\"Evaluaci\u00f3n 90\u00b0 o realizada por superiores\" srcset=\"https:\/\/www.amitai.com\/es\/wp-content\/uploads\/2022\/12\/Evaluacion-90-o-realizada-por-superiores.jpg 1057w, https:\/\/www.amitai.com\/es\/wp-content\/uploads\/2022\/12\/Evaluacion-90-o-realizada-por-superiores-300x145.jpg 300w, https:\/\/www.amitai.com\/es\/wp-content\/uploads\/2022\/12\/Evaluacion-90-o-realizada-por-superiores-1024x494.jpg 1024w, https:\/\/www.amitai.com\/es\/wp-content\/uploads\/2022\/12\/Evaluacion-90-o-realizada-por-superiores-768x371.jpg 768w\" sizes=\"(max-width: 1057px) 100vw, 1057px\" \/>        <\/a>\n    <\/div>\n    <div class=\"wcp-content-wrap\">\n        <h3>\n            <a class=\"rpc-title\" href=\"https:\/\/www.amitai.com\/es\/evaluacion-90-realizada-por-superiores\/\" target=\"_self\">\n                \u00bfQu\u00e9 es una Evaluaci\u00f3n 90\u00b0 o realizada por superiores?            <\/a>\n        <\/h3>\n                <div class=\"wcp-post-contents rpc-content\">\n\n            La evaluaci\u00f3n de la productividad de personal es un proceso para mantener la calidad y detectar necesidades a corregir dentro\n                            <br>\n                <a href=\"https:\/\/www.amitai.com\/es\/evaluacion-90-realizada-por-superiores\/\" target=\"_self\" class=\"btn-post\">Leer m\u00e1s<\/a>\n        \n        <\/div>        \n    <\/div>\n<\/div>                <\/div>    \n\n                            <div class=\"slick-slide carousel-item-5621\">\n                    <div class=\"post-style-2 rpc-bg rpc-box\">\n    <div class=\"wcp-img-wrap\">\n        <a href=\"https:\/\/www.amitai.com\/es\/situaciones-conflicto-dentro-empresa\/\">\n            <img decoding=\"async\" width=\"1057\" height=\"510\" src=\"https:\/\/www.amitai.com\/es\/wp-content\/uploads\/2022\/12\/Pormenores-de-las-situaciones-de-conflicto-1.jpg\" class=\"attachment- size- wp-post-image\" alt=\"Pormenores de las situaciones de conflicto dentro de una empresa\" srcset=\"https:\/\/www.amitai.com\/es\/wp-content\/uploads\/2022\/12\/Pormenores-de-las-situaciones-de-conflicto-1.jpg 1057w, https:\/\/www.amitai.com\/es\/wp-content\/uploads\/2022\/12\/Pormenores-de-las-situaciones-de-conflicto-1-300x145.jpg 300w, https:\/\/www.amitai.com\/es\/wp-content\/uploads\/2022\/12\/Pormenores-de-las-situaciones-de-conflicto-1-1024x494.jpg 1024w, https:\/\/www.amitai.com\/es\/wp-content\/uploads\/2022\/12\/Pormenores-de-las-situaciones-de-conflicto-1-768x371.jpg 768w\" sizes=\"(max-width: 1057px) 100vw, 1057px\" \/>        <\/a>\n    <\/div>\n    <div class=\"wcp-content-wrap\">\n        <h3>\n            <a class=\"rpc-title\" href=\"https:\/\/www.amitai.com\/es\/situaciones-conflicto-dentro-empresa\/\" target=\"_self\">\n                Pormenores de las situaciones de conflicto dentro de una empresa            <\/a>\n        <\/h3>\n                <div class=\"wcp-post-contents rpc-content\">\n\n            Dentro de una organizaci\u00f3n es inevitable que surjan conflictos. Lo importante es estar pendiente y encontrar una soluci\u00f3n pac\u00edfica. Sin\n                            <br>\n                <a href=\"https:\/\/www.amitai.com\/es\/situaciones-conflicto-dentro-empresa\/\" target=\"_self\" class=\"btn-post\">Leer m\u00e1s<\/a>\n        \n        <\/div>        \n    <\/div>\n<\/div>                <\/div>    \n\n                            <div class=\"slick-slide carousel-item-5606\">\n                    <div class=\"post-style-2 rpc-bg rpc-box\">\n    <div class=\"wcp-img-wrap\">\n        <a href=\"https:\/\/www.amitai.com\/es\/identificar-bullying-empresarial-prevenirlo\/\">\n            <img decoding=\"async\" width=\"1057\" height=\"510\" src=\"https:\/\/www.amitai.com\/es\/wp-content\/uploads\/2022\/12\/Como-identificar-el-Bullying-empresarial.jpg\" class=\"attachment- size- wp-post-image\" alt=\"Como identificar el Bullying empresarial\" srcset=\"https:\/\/www.amitai.com\/es\/wp-content\/uploads\/2022\/12\/Como-identificar-el-Bullying-empresarial.jpg 1057w, https:\/\/www.amitai.com\/es\/wp-content\/uploads\/2022\/12\/Como-identificar-el-Bullying-empresarial-300x145.jpg 300w, https:\/\/www.amitai.com\/es\/wp-content\/uploads\/2022\/12\/Como-identificar-el-Bullying-empresarial-1024x494.jpg 1024w, https:\/\/www.amitai.com\/es\/wp-content\/uploads\/2022\/12\/Como-identificar-el-Bullying-empresarial-768x371.jpg 768w\" sizes=\"(max-width: 1057px) 100vw, 1057px\" \/>        <\/a>\n    <\/div>\n    <div class=\"wcp-content-wrap\">\n        <h3>\n            <a class=\"rpc-title\" href=\"https:\/\/www.amitai.com\/es\/identificar-bullying-empresarial-prevenirlo\/\" target=\"_self\">\n                Como identificar el Bullying empresarial y de qu\u00e9 forma prevenirlo            <\/a>\n        <\/h3>\n                <div class=\"wcp-post-contents rpc-content\">\n\n            Acciones que antes parec\u00edan &#8220;normales&#8221;, hoy son analizadas. Ac\u00e1 te dejamos la informaci\u00f3n necesaria para reconocer el bullying en el\n                            <br>\n                <a href=\"https:\/\/www.amitai.com\/es\/identificar-bullying-empresarial-prevenirlo\/\" target=\"_self\" class=\"btn-post\">Leer m\u00e1s<\/a>\n        \n        <\/div>        \n    <\/div>\n<\/div>                <\/div>    \n\n                            <div class=\"slick-slide carousel-item-5588\">\n                    <div class=\"post-style-2 rpc-bg rpc-box\">\n    <div class=\"wcp-img-wrap\">\n        <a href=\"https:\/\/www.amitai.com\/es\/funciones-departamento-cumplimiento-normativo\/\">\n            <img decoding=\"async\" width=\"1057\" height=\"510\" src=\"https:\/\/www.amitai.com\/es\/wp-content\/uploads\/2022\/11\/Funciones-principales-del-departamento-de-cumplimiento.jpg\" class=\"attachment- size- wp-post-image\" alt=\"Funciones principales del departamento de cumplimiento\" srcset=\"https:\/\/www.amitai.com\/es\/wp-content\/uploads\/2022\/11\/Funciones-principales-del-departamento-de-cumplimiento.jpg 1057w, https:\/\/www.amitai.com\/es\/wp-content\/uploads\/2022\/11\/Funciones-principales-del-departamento-de-cumplimiento-300x145.jpg 300w, https:\/\/www.amitai.com\/es\/wp-content\/uploads\/2022\/11\/Funciones-principales-del-departamento-de-cumplimiento-1024x494.jpg 1024w, https:\/\/www.amitai.com\/es\/wp-content\/uploads\/2022\/11\/Funciones-principales-del-departamento-de-cumplimiento-768x371.jpg 768w\" sizes=\"(max-width: 1057px) 100vw, 1057px\" \/>        <\/a>\n    <\/div>\n    <div class=\"wcp-content-wrap\">\n        <h3>\n            <a class=\"rpc-title\" href=\"https:\/\/www.amitai.com\/es\/funciones-departamento-cumplimiento-normativo\/\" target=\"_self\">\n                Funciones principales del departamento de cumplimiento normativo en una empresa            <\/a>\n        <\/h3>\n                <div class=\"wcp-post-contents rpc-content\">\n\n            De manera breve, sencilla y contundente, la mejor definici\u00f3n para el concepto de cumplimiento normativo es este, actuar conforme a\n                            <br>\n                <a href=\"https:\/\/www.amitai.com\/es\/funciones-departamento-cumplimiento-normativo\/\" target=\"_self\" class=\"btn-post\">Leer m\u00e1s<\/a>\n        \n        <\/div>        \n    <\/div>\n<\/div>                <\/div>    \n\n                            <div class=\"slick-slide carousel-item-5584\">\n                    <div class=\"post-style-2 rpc-bg rpc-box\">\n    <div class=\"wcp-img-wrap\">\n        <a href=\"https:\/\/www.amitai.com\/es\/independencia-y-libertad-laboral\/\">\n            <img decoding=\"async\" width=\"1057\" height=\"510\" src=\"https:\/\/www.amitai.com\/es\/wp-content\/uploads\/2022\/11\/Transmitir-Independencia-y-libertad-laboral-1.jpg\" class=\"attachment- size- wp-post-image\" alt=\"Transmitir Independencia y libertad laboral\" srcset=\"https:\/\/www.amitai.com\/es\/wp-content\/uploads\/2022\/11\/Transmitir-Independencia-y-libertad-laboral-1.jpg 1057w, https:\/\/www.amitai.com\/es\/wp-content\/uploads\/2022\/11\/Transmitir-Independencia-y-libertad-laboral-1-300x145.jpg 300w, https:\/\/www.amitai.com\/es\/wp-content\/uploads\/2022\/11\/Transmitir-Independencia-y-libertad-laboral-1-1024x494.jpg 1024w, https:\/\/www.amitai.com\/es\/wp-content\/uploads\/2022\/11\/Transmitir-Independencia-y-libertad-laboral-1-768x371.jpg 768w\" sizes=\"(max-width: 1057px) 100vw, 1057px\" \/>        <\/a>\n    <\/div>\n    <div class=\"wcp-content-wrap\">\n        <h3>\n            <a class=\"rpc-title\" href=\"https:\/\/www.amitai.com\/es\/independencia-y-libertad-laboral\/\" target=\"_self\">\n                Transmitir Independencia y libertad laboral en tu empresa            <\/a>\n        <\/h3>\n                <div class=\"wcp-post-contents rpc-content\">\n\n            En una empresa siempre es importante que exista un sano clima laboral, para que eso pueda ocurrir, primero tiene que\n                            <br>\n                <a href=\"https:\/\/www.amitai.com\/es\/independencia-y-libertad-laboral\/\" target=\"_self\" class=\"btn-post\">Leer m\u00e1s<\/a>\n        \n        <\/div>        \n    <\/div>\n<\/div>                <\/div>    \n\n                            <div class=\"slick-slide carousel-item-5452\">\n                    <div class=\"post-style-2 rpc-bg rpc-box\">\n    <div class=\"wcp-img-wrap\">\n        <a href=\"https:\/\/www.amitai.com\/es\/herramientas-revisar-aspectos-laborales\/\">\n            <img decoding=\"async\" width=\"1057\" height=\"510\" src=\"https:\/\/www.amitai.com\/es\/wp-content\/uploads\/2022\/11\/Herramientas-para-revisar-aspectos-laborales.jpg\" class=\"attachment- size- wp-post-image\" alt=\"Herramientas para revisar aspectos laborales\" srcset=\"https:\/\/www.amitai.com\/es\/wp-content\/uploads\/2022\/11\/Herramientas-para-revisar-aspectos-laborales.jpg 1057w, https:\/\/www.amitai.com\/es\/wp-content\/uploads\/2022\/11\/Herramientas-para-revisar-aspectos-laborales-300x145.jpg 300w, https:\/\/www.amitai.com\/es\/wp-content\/uploads\/2022\/11\/Herramientas-para-revisar-aspectos-laborales-1024x494.jpg 1024w, https:\/\/www.amitai.com\/es\/wp-content\/uploads\/2022\/11\/Herramientas-para-revisar-aspectos-laborales-768x371.jpg 768w\" sizes=\"(max-width: 1057px) 100vw, 1057px\" \/>        <\/a>\n    <\/div>\n    <div class=\"wcp-content-wrap\">\n        <h3>\n            <a class=\"rpc-title\" href=\"https:\/\/www.amitai.com\/es\/herramientas-revisar-aspectos-laborales\/\" target=\"_self\">\n                Herramientas para revisar aspectos laborales cuando un empleado se retira            <\/a>\n        <\/h3>\n                <div class=\"wcp-post-contents rpc-content\">\n\n            Una encuesta de salida es una herramienta \u00fatil, sencilla y potente que ayudar\u00e1 a investigar el ambiente laboral en su\n                            <br>\n                <a href=\"https:\/\/www.amitai.com\/es\/herramientas-revisar-aspectos-laborales\/\" target=\"_self\" class=\"btn-post\">Leer m\u00e1s<\/a>\n        \n        <\/div>        \n    <\/div>\n<\/div>                <\/div>    \n\n                            <div class=\"slick-slide carousel-item-5438\">\n                    <div class=\"post-style-2 rpc-bg rpc-box\">\n    <div class=\"wcp-img-wrap\">\n        <a href=\"https:\/\/www.amitai.com\/es\/comunicacion-eficaz-y-comunicacion-eficiente\/\">\n            <img decoding=\"async\" width=\"1057\" height=\"510\" src=\"https:\/\/www.amitai.com\/es\/wp-content\/uploads\/2022\/11\/comunicacion-eficaz-y-una-comunicacion-eficiente.jpg\" class=\"attachment- size- wp-post-image\" alt=\"Diferencias entre una comunicaci\u00f3n eficaz y una comunicaci\u00f3n eficiente\" srcset=\"https:\/\/www.amitai.com\/es\/wp-content\/uploads\/2022\/11\/comunicacion-eficaz-y-una-comunicacion-eficiente.jpg 1057w, https:\/\/www.amitai.com\/es\/wp-content\/uploads\/2022\/11\/comunicacion-eficaz-y-una-comunicacion-eficiente-300x145.jpg 300w, https:\/\/www.amitai.com\/es\/wp-content\/uploads\/2022\/11\/comunicacion-eficaz-y-una-comunicacion-eficiente-1024x494.jpg 1024w, https:\/\/www.amitai.com\/es\/wp-content\/uploads\/2022\/11\/comunicacion-eficaz-y-una-comunicacion-eficiente-768x371.jpg 768w\" sizes=\"(max-width: 1057px) 100vw, 1057px\" \/>        <\/a>\n    <\/div>\n    <div class=\"wcp-content-wrap\">\n        <h3>\n            <a class=\"rpc-title\" href=\"https:\/\/www.amitai.com\/es\/comunicacion-eficaz-y-comunicacion-eficiente\/\" target=\"_self\">\n                Diferencias entre una comunicaci\u00f3n eficaz y una comunicaci\u00f3n eficiente            <\/a>\n        <\/h3>\n                <div class=\"wcp-post-contents rpc-content\">\n\n            La comunicaci\u00f3n es la acci\u00f3n consciente de intercambiar mensajes (se\u00f1ales) entre dos o m\u00e1s personas mediante un c\u00f3digo com\u00fan, con\n                            <br>\n                <a href=\"https:\/\/www.amitai.com\/es\/comunicacion-eficaz-y-comunicacion-eficiente\/\" target=\"_self\" class=\"btn-post\">Leer m\u00e1s<\/a>\n        \n        <\/div>        \n    <\/div>\n<\/div>                <\/div>    \n\n                            <div class=\"slick-slide carousel-item-5433\">\n                    <div class=\"post-style-2 rpc-bg rpc-box\">\n    <div class=\"wcp-img-wrap\">\n        <a href=\"https:\/\/www.amitai.com\/es\/ejecutar-apertura-para-la-comunicacion\/\">\n            <img decoding=\"async\" width=\"1057\" height=\"510\" src=\"https:\/\/www.amitai.com\/es\/wp-content\/uploads\/2022\/11\/Como-ejecutar-en-tu-empresa-la-apertura-para-la-comunicacion.jpg\" class=\"attachment- size- wp-post-image\" alt=\"\u00bfC\u00f3mo ejecutar en tu empresa la apertura para la comunicaci\u00f3n?\" srcset=\"https:\/\/www.amitai.com\/es\/wp-content\/uploads\/2022\/11\/Como-ejecutar-en-tu-empresa-la-apertura-para-la-comunicacion.jpg 1057w, https:\/\/www.amitai.com\/es\/wp-content\/uploads\/2022\/11\/Como-ejecutar-en-tu-empresa-la-apertura-para-la-comunicacion-300x145.jpg 300w, https:\/\/www.amitai.com\/es\/wp-content\/uploads\/2022\/11\/Como-ejecutar-en-tu-empresa-la-apertura-para-la-comunicacion-1024x494.jpg 1024w, https:\/\/www.amitai.com\/es\/wp-content\/uploads\/2022\/11\/Como-ejecutar-en-tu-empresa-la-apertura-para-la-comunicacion-768x371.jpg 768w\" sizes=\"(max-width: 1057px) 100vw, 1057px\" \/>        <\/a>\n    <\/div>\n    <div class=\"wcp-content-wrap\">\n        <h3>\n            <a class=\"rpc-title\" href=\"https:\/\/www.amitai.com\/es\/ejecutar-apertura-para-la-comunicacion\/\" target=\"_self\">\n                \u00bfC\u00f3mo ejecutar en tu empresa la apertura para la comunicaci\u00f3n?            <\/a>\n        <\/h3>\n                <div class=\"wcp-post-contents rpc-content\">\n\n            Los canales de comunicaci\u00f3n son elementos primordiales para la buena salud de cualquier organizaci\u00f3n. Si se comparan con el cuerpo\n                            <br>\n                <a href=\"https:\/\/www.amitai.com\/es\/ejecutar-apertura-para-la-comunicacion\/\" target=\"_self\" class=\"btn-post\">Leer m\u00e1s<\/a>\n        \n        <\/div>        \n    <\/div>\n<\/div>                <\/div>    \n\n                            <div class=\"slick-slide carousel-item-5428\">\n                    <div class=\"post-style-2 rpc-bg rpc-box\">\n    <div class=\"wcp-img-wrap\">\n        <a href=\"https:\/\/www.amitai.com\/es\/objetivos-realizar-evaluacion-de-personal\/\">\n            <img decoding=\"async\" width=\"1057\" height=\"510\" src=\"https:\/\/www.amitai.com\/es\/wp-content\/uploads\/2022\/11\/objetivos-que-se-pueden-establecer-al-realizar-una-evaluacion-de-personal.jpg\" class=\"attachment- size- wp-post-image\" alt=\"Tipos de objetivos que se pueden establecer al realizar una evaluaci\u00f3n de personal\" srcset=\"https:\/\/www.amitai.com\/es\/wp-content\/uploads\/2022\/11\/objetivos-que-se-pueden-establecer-al-realizar-una-evaluacion-de-personal.jpg 1057w, https:\/\/www.amitai.com\/es\/wp-content\/uploads\/2022\/11\/objetivos-que-se-pueden-establecer-al-realizar-una-evaluacion-de-personal-300x145.jpg 300w, https:\/\/www.amitai.com\/es\/wp-content\/uploads\/2022\/11\/objetivos-que-se-pueden-establecer-al-realizar-una-evaluacion-de-personal-1024x494.jpg 1024w, https:\/\/www.amitai.com\/es\/wp-content\/uploads\/2022\/11\/objetivos-que-se-pueden-establecer-al-realizar-una-evaluacion-de-personal-768x371.jpg 768w\" sizes=\"(max-width: 1057px) 100vw, 1057px\" \/>        <\/a>\n    <\/div>\n    <div class=\"wcp-content-wrap\">\n        <h3>\n            <a class=\"rpc-title\" href=\"https:\/\/www.amitai.com\/es\/objetivos-realizar-evaluacion-de-personal\/\" target=\"_self\">\n                Tipos de objetivos que se pueden establecer al realizar una evaluaci\u00f3n de personal            <\/a>\n        <\/h3>\n                <div class=\"wcp-post-contents rpc-content\">\n\n            Es indiscutible que contar con un personal competente y capacitado es parte fundamental del cumplimiento de las metas de cualquier\n                            <br>\n                <a href=\"https:\/\/www.amitai.com\/es\/objetivos-realizar-evaluacion-de-personal\/\" target=\"_self\" class=\"btn-post\">Leer m\u00e1s<\/a>\n        \n        <\/div>        \n    <\/div>\n<\/div>                <\/div>    \n\n                            <div class=\"slick-slide carousel-item-5414\">\n                    <div class=\"post-style-2 rpc-bg rpc-box\">\n    <div class=\"wcp-img-wrap\">\n        <a href=\"https:\/\/www.amitai.com\/es\/pormenores-situaciones-de-conflicto-empresa\/\">\n            <img decoding=\"async\" width=\"1057\" height=\"510\" src=\"https:\/\/www.amitai.com\/es\/wp-content\/uploads\/2022\/10\/pormenores-de-situaciones-de-conflicto-en-tu-empresa.jpg\" class=\"attachment- size- wp-post-image\" alt=\"Identifica los pormenores de situaciones de conflicto en tu empresa\" srcset=\"https:\/\/www.amitai.com\/es\/wp-content\/uploads\/2022\/10\/pormenores-de-situaciones-de-conflicto-en-tu-empresa.jpg 1057w, https:\/\/www.amitai.com\/es\/wp-content\/uploads\/2022\/10\/pormenores-de-situaciones-de-conflicto-en-tu-empresa-300x145.jpg 300w, https:\/\/www.amitai.com\/es\/wp-content\/uploads\/2022\/10\/pormenores-de-situaciones-de-conflicto-en-tu-empresa-1024x494.jpg 1024w, https:\/\/www.amitai.com\/es\/wp-content\/uploads\/2022\/10\/pormenores-de-situaciones-de-conflicto-en-tu-empresa-768x371.jpg 768w\" sizes=\"(max-width: 1057px) 100vw, 1057px\" \/>        <\/a>\n    <\/div>\n    <div class=\"wcp-content-wrap\">\n        <h3>\n            <a class=\"rpc-title\" href=\"https:\/\/www.amitai.com\/es\/pormenores-situaciones-de-conflicto-empresa\/\" target=\"_self\">\n                Identifica los pormenores de situaciones de conflicto en tu empresa            <\/a>\n        <\/h3>\n                <div class=\"wcp-post-contents rpc-content\">\n\n            La denuncia anonima es sin duda uno de los mejores recursos para identificar los pormenores que dan lugar a situaciones\n                            <br>\n                <a href=\"https:\/\/www.amitai.com\/es\/pormenores-situaciones-de-conflicto-empresa\/\" target=\"_self\" class=\"btn-post\">Leer m\u00e1s<\/a>\n        \n        <\/div>        \n    <\/div>\n<\/div>                <\/div>    \n\n                            <div class=\"slick-slide carousel-item-5406\">\n                    <div class=\"post-style-2 rpc-bg rpc-box\">\n    <div class=\"wcp-img-wrap\">\n        <a href=\"https:\/\/www.amitai.com\/es\/personalidad-individuo-segun-competencia-laboral\/\">\n            <img decoding=\"async\" width=\"1057\" height=\"510\" src=\"https:\/\/www.amitai.com\/es\/wp-content\/uploads\/2022\/10\/personalidad-de-cada-individuo-segun-su-competencia-laboral.jpg\" class=\"attachment- size- wp-post-image\" alt=\"personalidad de cada individuo seg\u00fan su competencia laboral\" srcset=\"https:\/\/www.amitai.com\/es\/wp-content\/uploads\/2022\/10\/personalidad-de-cada-individuo-segun-su-competencia-laboral.jpg 1057w, https:\/\/www.amitai.com\/es\/wp-content\/uploads\/2022\/10\/personalidad-de-cada-individuo-segun-su-competencia-laboral-300x145.jpg 300w, https:\/\/www.amitai.com\/es\/wp-content\/uploads\/2022\/10\/personalidad-de-cada-individuo-segun-su-competencia-laboral-1024x494.jpg 1024w, https:\/\/www.amitai.com\/es\/wp-content\/uploads\/2022\/10\/personalidad-de-cada-individuo-segun-su-competencia-laboral-768x371.jpg 768w\" sizes=\"(max-width: 1057px) 100vw, 1057px\" \/>        <\/a>\n    <\/div>\n    <div class=\"wcp-content-wrap\">\n        <h3>\n            <a class=\"rpc-title\" href=\"https:\/\/www.amitai.com\/es\/personalidad-individuo-segun-competencia-laboral\/\" target=\"_self\">\n                Conoce datos m\u00e1s precisos sobre la personalidad de cada individuo seg\u00fan su competencia laboral            <\/a>\n        <\/h3>\n                <div class=\"wcp-post-contents rpc-content\">\n\n            El examen psicometrico no siempre revela la personalidad efectiva en el ambiente de trabajo de posibles colaboradores. Por eso, en\n                            <br>\n                <a href=\"https:\/\/www.amitai.com\/es\/personalidad-individuo-segun-competencia-laboral\/\" target=\"_self\" class=\"btn-post\">Leer m\u00e1s<\/a>\n        \n        <\/div>        \n    <\/div>\n<\/div>                <\/div>    \n\n                            <div class=\"slick-slide carousel-item-5400\">\n                    <div class=\"post-style-2 rpc-bg rpc-box\">\n    <div class=\"wcp-img-wrap\">\n        <a href=\"https:\/\/www.amitai.com\/es\/medidas-para-garantizar-seguridad-de-datos\/\">\n            <img decoding=\"async\" width=\"1057\" height=\"510\" src=\"https:\/\/www.amitai.com\/es\/wp-content\/uploads\/2022\/10\/garantizar-la-seguridad-de-los-datos.jpg\" class=\"attachment- size- wp-post-image\" alt=\"Medidas apropiadas para garantizar la seguridad de los datos\" srcset=\"https:\/\/www.amitai.com\/es\/wp-content\/uploads\/2022\/10\/garantizar-la-seguridad-de-los-datos.jpg 1057w, https:\/\/www.amitai.com\/es\/wp-content\/uploads\/2022\/10\/garantizar-la-seguridad-de-los-datos-300x145.jpg 300w, https:\/\/www.amitai.com\/es\/wp-content\/uploads\/2022\/10\/garantizar-la-seguridad-de-los-datos-1024x494.jpg 1024w, https:\/\/www.amitai.com\/es\/wp-content\/uploads\/2022\/10\/garantizar-la-seguridad-de-los-datos-768x371.jpg 768w\" sizes=\"(max-width: 1057px) 100vw, 1057px\" \/>        <\/a>\n    <\/div>\n    <div class=\"wcp-content-wrap\">\n        <h3>\n            <a class=\"rpc-title\" href=\"https:\/\/www.amitai.com\/es\/medidas-para-garantizar-seguridad-de-datos\/\" target=\"_self\">\n                Medidas apropiadas para garantizar la seguridad de los datos y la privacidad            <\/a>\n        <\/h3>\n                <div class=\"wcp-post-contents rpc-content\">\n\n            El avance de la tecnolog\u00eda y la masificaci\u00f3n de los canales de comunicaci\u00f3n digitales han puesto la informaci\u00f3n que subimos\n                            <br>\n                <a href=\"https:\/\/www.amitai.com\/es\/medidas-para-garantizar-seguridad-de-datos\/\" target=\"_self\" class=\"btn-post\">Leer m\u00e1s<\/a>\n        \n        <\/div>        \n    <\/div>\n<\/div>                <\/div>    \n\n                            <div class=\"slick-slide carousel-item-5388\">\n                    <div class=\"post-style-2 rpc-bg rpc-box\">\n    <div class=\"wcp-img-wrap\">\n        <a href=\"https:\/\/www.amitai.com\/es\/hoja-ruta-para-empleados-ejecutivos\/\">\n            <img decoding=\"async\" width=\"1037\" height=\"510\" src=\"https:\/\/www.amitai.com\/es\/wp-content\/uploads\/2022\/10\/Crea-una-hoja-de-ruta-para-empleados-y-ejecutivos.jpg\" class=\"attachment- size- wp-post-image\" alt=\"Crea una hoja de ruta para empleados y ejecutivos\" srcset=\"https:\/\/www.amitai.com\/es\/wp-content\/uploads\/2022\/10\/Crea-una-hoja-de-ruta-para-empleados-y-ejecutivos.jpg 1037w, https:\/\/www.amitai.com\/es\/wp-content\/uploads\/2022\/10\/Crea-una-hoja-de-ruta-para-empleados-y-ejecutivos-300x148.jpg 300w, https:\/\/www.amitai.com\/es\/wp-content\/uploads\/2022\/10\/Crea-una-hoja-de-ruta-para-empleados-y-ejecutivos-1024x504.jpg 1024w, https:\/\/www.amitai.com\/es\/wp-content\/uploads\/2022\/10\/Crea-una-hoja-de-ruta-para-empleados-y-ejecutivos-768x378.jpg 768w\" sizes=\"(max-width: 1037px) 100vw, 1037px\" \/>        <\/a>\n    <\/div>\n    <div class=\"wcp-content-wrap\">\n        <h3>\n            <a class=\"rpc-title\" href=\"https:\/\/www.amitai.com\/es\/hoja-ruta-para-empleados-ejecutivos\/\" target=\"_self\">\n                Crea una hoja de ruta para empleados y ejecutivos            <\/a>\n        <\/h3>\n                <div class=\"wcp-post-contents rpc-content\">\n\n            La \u00e9tica laboral en una empresa es uno de sus principales pilares, el cual definir\u00e1 el rumbo que tomar\u00e1 a\n                            <br>\n                <a href=\"https:\/\/www.amitai.com\/es\/hoja-ruta-para-empleados-ejecutivos\/\" target=\"_self\" class=\"btn-post\">Leer m\u00e1s<\/a>\n        \n        <\/div>        \n    <\/div>\n<\/div>                <\/div>    \n\n                            <div class=\"slick-slide carousel-item-5314\">\n                    <div class=\"post-style-2 rpc-bg rpc-box\">\n    <div class=\"wcp-img-wrap\">\n        <a href=\"https:\/\/www.amitai.com\/es\/practicas-empleadas-por-organizaciones\/\">\n            <img decoding=\"async\" width=\"1057\" height=\"500\" src=\"https:\/\/www.amitai.com\/es\/wp-content\/uploads\/2022\/10\/Practicas-empleadas-actualmente-por-todas-las-organizaciones-de-exito.jpg\" class=\"attachment- size- wp-post-image\" alt=\"Pr\u00e1cticas empleadas actualmente por todas las organizaciones de \u00e9xito modernas\" srcset=\"https:\/\/www.amitai.com\/es\/wp-content\/uploads\/2022\/10\/Practicas-empleadas-actualmente-por-todas-las-organizaciones-de-exito.jpg 1057w, https:\/\/www.amitai.com\/es\/wp-content\/uploads\/2022\/10\/Practicas-empleadas-actualmente-por-todas-las-organizaciones-de-exito-300x142.jpg 300w, https:\/\/www.amitai.com\/es\/wp-content\/uploads\/2022\/10\/Practicas-empleadas-actualmente-por-todas-las-organizaciones-de-exito-1024x484.jpg 1024w, https:\/\/www.amitai.com\/es\/wp-content\/uploads\/2022\/10\/Practicas-empleadas-actualmente-por-todas-las-organizaciones-de-exito-768x363.jpg 768w\" sizes=\"(max-width: 1057px) 100vw, 1057px\" \/>        <\/a>\n    <\/div>\n    <div class=\"wcp-content-wrap\">\n        <h3>\n            <a class=\"rpc-title\" href=\"https:\/\/www.amitai.com\/es\/practicas-empleadas-por-organizaciones\/\" target=\"_self\">\n                Pr\u00e1cticas empleadas actualmente por todas las organizaciones de \u00e9xito modernas            <\/a>\n        <\/h3>\n                <div class=\"wcp-post-contents rpc-content\">\n\n            La evaluaci\u00f3n de personal es una de las pr\u00e1cticas que adoptan en la actualidad las empresas m\u00e1s exitosas de todo\n                            <br>\n                <a href=\"https:\/\/www.amitai.com\/es\/practicas-empleadas-por-organizaciones\/\" target=\"_self\" class=\"btn-post\">Leer m\u00e1s<\/a>\n        \n        <\/div>        \n    <\/div>\n<\/div>                <\/div>    \n\n                            <div class=\"slick-slide carousel-item-5332\">\n                    <div class=\"post-style-2 rpc-bg rpc-box\">\n    <div class=\"wcp-img-wrap\">\n        <a href=\"https:\/\/www.amitai.com\/es\/memoria-corporativa-papel-principal\/\">\n            <img decoding=\"async\" width=\"1057\" height=\"510\" src=\"https:\/\/www.amitai.com\/es\/wp-content\/uploads\/2022\/10\/memoria-corporativa.jpg\" class=\"attachment- size- wp-post-image\" alt=\"Incentivar la memoria corporativa identificando su papel principal\" srcset=\"https:\/\/www.amitai.com\/es\/wp-content\/uploads\/2022\/10\/memoria-corporativa.jpg 1057w, https:\/\/www.amitai.com\/es\/wp-content\/uploads\/2022\/10\/memoria-corporativa-300x145.jpg 300w, https:\/\/www.amitai.com\/es\/wp-content\/uploads\/2022\/10\/memoria-corporativa-1024x494.jpg 1024w, https:\/\/www.amitai.com\/es\/wp-content\/uploads\/2022\/10\/memoria-corporativa-768x371.jpg 768w\" sizes=\"(max-width: 1057px) 100vw, 1057px\" \/>        <\/a>\n    <\/div>\n    <div class=\"wcp-content-wrap\">\n        <h3>\n            <a class=\"rpc-title\" href=\"https:\/\/www.amitai.com\/es\/memoria-corporativa-papel-principal\/\" target=\"_self\">\n                Incentivar la memoria corporativa identificando su papel principal            <\/a>\n        <\/h3>\n                <div class=\"wcp-post-contents rpc-content\">\n\n            La memoria corporativa es un instrumento clave para la gesti\u00f3n del conocimiento dentro de una organizaci\u00f3n. A continuaci\u00f3n, mostramos todos\n                            <br>\n                <a href=\"https:\/\/www.amitai.com\/es\/memoria-corporativa-papel-principal\/\" target=\"_self\" class=\"btn-post\">Leer m\u00e1s<\/a>\n        \n        <\/div>        \n    <\/div>\n<\/div>                <\/div>    \n\n                            <div class=\"slick-slide carousel-item-5340\">\n                    <div class=\"post-style-2 rpc-bg rpc-box\">\n    <div class=\"wcp-img-wrap\">\n        <a href=\"https:\/\/www.amitai.com\/es\/herramienta-motivacional-unificar-criterios\/\">\n            <img decoding=\"async\" width=\"1057\" height=\"510\" src=\"https:\/\/www.amitai.com\/es\/wp-content\/uploads\/2022\/10\/Herramienta-motivacional-para-unificar-criterios-de-trabajo.jpg\" class=\"attachment- size- wp-post-image\" alt=\"Herramienta motivacional para unificar criterios de trabajo\" srcset=\"https:\/\/www.amitai.com\/es\/wp-content\/uploads\/2022\/10\/Herramienta-motivacional-para-unificar-criterios-de-trabajo.jpg 1057w, https:\/\/www.amitai.com\/es\/wp-content\/uploads\/2022\/10\/Herramienta-motivacional-para-unificar-criterios-de-trabajo-300x145.jpg 300w, https:\/\/www.amitai.com\/es\/wp-content\/uploads\/2022\/10\/Herramienta-motivacional-para-unificar-criterios-de-trabajo-1024x494.jpg 1024w, https:\/\/www.amitai.com\/es\/wp-content\/uploads\/2022\/10\/Herramienta-motivacional-para-unificar-criterios-de-trabajo-768x371.jpg 768w\" sizes=\"(max-width: 1057px) 100vw, 1057px\" \/>        <\/a>\n    <\/div>\n    <div class=\"wcp-content-wrap\">\n        <h3>\n            <a class=\"rpc-title\" href=\"https:\/\/www.amitai.com\/es\/herramienta-motivacional-unificar-criterios\/\" target=\"_self\">\n                Herramienta motivacional para unificar criterios, socializar tareas y crear sentido de pertenencia            <\/a>\n        <\/h3>\n                <div class=\"wcp-post-contents rpc-content\">\n\n            La comunicaci\u00f3n interna de una organizaci\u00f3n no se limita a correos electr\u00f3nicos, juntas, y charlas casuales al lado del despachador\n                            <br>\n                <a href=\"https:\/\/www.amitai.com\/es\/herramienta-motivacional-unificar-criterios\/\" target=\"_self\" class=\"btn-post\">Leer m\u00e1s<\/a>\n        \n        <\/div>        \n    <\/div>\n<\/div>                <\/div>    \n\n                            <div class=\"slick-slide carousel-item-5327\">\n                    <div class=\"post-style-2 rpc-bg rpc-box\">\n    <div class=\"wcp-img-wrap\">\n        <a href=\"https:\/\/www.amitai.com\/es\/filosofia-empresarial-identificar-organizacion\/\">\n            <img decoding=\"async\" width=\"1057\" height=\"510\" src=\"https:\/\/www.amitai.com\/es\/wp-content\/uploads\/2022\/10\/Desarrolla-la-filosofia-empresarial.jpg\" class=\"attachment- size- wp-post-image\" alt=\"Desarrolla la filosof\u00eda empresarial para identificar tu organizaci\u00f3n\" srcset=\"https:\/\/www.amitai.com\/es\/wp-content\/uploads\/2022\/10\/Desarrolla-la-filosofia-empresarial.jpg 1057w, https:\/\/www.amitai.com\/es\/wp-content\/uploads\/2022\/10\/Desarrolla-la-filosofia-empresarial-300x145.jpg 300w, https:\/\/www.amitai.com\/es\/wp-content\/uploads\/2022\/10\/Desarrolla-la-filosofia-empresarial-1024x494.jpg 1024w, https:\/\/www.amitai.com\/es\/wp-content\/uploads\/2022\/10\/Desarrolla-la-filosofia-empresarial-768x371.jpg 768w\" sizes=\"(max-width: 1057px) 100vw, 1057px\" \/>        <\/a>\n    <\/div>\n    <div class=\"wcp-content-wrap\">\n        <h3>\n            <a class=\"rpc-title\" href=\"https:\/\/www.amitai.com\/es\/filosofia-empresarial-identificar-organizacion\/\" target=\"_self\">\n                Desarrolla la filosof\u00eda empresarial para identificar tu organizaci\u00f3n            <\/a>\n        <\/h3>\n                <div class=\"wcp-post-contents rpc-content\">\n\n            El cumplimiento normativo es la base s\u00f3lida de una empresa. Si deseamos que nuestra organizaci\u00f3n sea notable sobre las dem\u00e1s,\n                            <br>\n                <a href=\"https:\/\/www.amitai.com\/es\/filosofia-empresarial-identificar-organizacion\/\" target=\"_self\" class=\"btn-post\">Leer m\u00e1s<\/a>\n        \n        <\/div>        \n    <\/div>\n<\/div>                <\/div>    \n\n                            <div class=\"slick-slide carousel-item-5294\">\n                    <div class=\"post-style-2 rpc-bg rpc-box\">\n    <div class=\"wcp-img-wrap\">\n        <a href=\"https:\/\/www.amitai.com\/es\/caracteriza-a-tu-equipo-por-la-diversidad-y-la-afinidad-con-los-principios-organizacionales\/\">\n            <img decoding=\"async\" width=\"1057\" height=\"500\" src=\"https:\/\/www.amitai.com\/es\/wp-content\/uploads\/2022\/09\/principios-organizacionales.jpg\" class=\"attachment- size- wp-post-image\" alt=\"Principios organizacionales\" srcset=\"https:\/\/www.amitai.com\/es\/wp-content\/uploads\/2022\/09\/principios-organizacionales.jpg 1057w, https:\/\/www.amitai.com\/es\/wp-content\/uploads\/2022\/09\/principios-organizacionales-300x142.jpg 300w, https:\/\/www.amitai.com\/es\/wp-content\/uploads\/2022\/09\/principios-organizacionales-1024x484.jpg 1024w, https:\/\/www.amitai.com\/es\/wp-content\/uploads\/2022\/09\/principios-organizacionales-768x363.jpg 768w\" sizes=\"(max-width: 1057px) 100vw, 1057px\" \/>        <\/a>\n    <\/div>\n    <div class=\"wcp-content-wrap\">\n        <h3>\n            <a class=\"rpc-title\" href=\"https:\/\/www.amitai.com\/es\/caracteriza-a-tu-equipo-por-la-diversidad-y-la-afinidad-con-los-principios-organizacionales\/\" target=\"_self\">\n                Caracteriza a tu equipo por la diversidad y la afinidad con los principios organizacionales            <\/a>\n        <\/h3>\n                <div class=\"wcp-post-contents rpc-content\">\n\n            Cuando la diversidad y la afinidad se gestionan adecuadamente, las organizaciones pueden utilizar las diferencias individuales para colaborar en proyectos\n                            <br>\n                <a href=\"https:\/\/www.amitai.com\/es\/caracteriza-a-tu-equipo-por-la-diversidad-y-la-afinidad-con-los-principios-organizacionales\/\" target=\"_self\" class=\"btn-post\">Leer m\u00e1s<\/a>\n        \n        <\/div>        \n    <\/div>\n<\/div>                <\/div>    \n\n                            <div class=\"slick-slide carousel-item-5290\">\n                    <div class=\"post-style-2 rpc-bg rpc-box\">\n    <div class=\"wcp-img-wrap\">\n        <a href=\"https:\/\/www.amitai.com\/es\/ofrece-a-los-trabajadores-un-ambiente-laboral-propicio-para-la-ejecucion-de-sus-actividades\/\">\n            <img decoding=\"async\" width=\"1057\" height=\"500\" src=\"https:\/\/www.amitai.com\/es\/wp-content\/uploads\/2022\/09\/ambiente-laboral-propicio.jpg\" class=\"attachment- size- wp-post-image\" alt=\"ambiente laboral propicio\" srcset=\"https:\/\/www.amitai.com\/es\/wp-content\/uploads\/2022\/09\/ambiente-laboral-propicio.jpg 1057w, https:\/\/www.amitai.com\/es\/wp-content\/uploads\/2022\/09\/ambiente-laboral-propicio-300x142.jpg 300w, https:\/\/www.amitai.com\/es\/wp-content\/uploads\/2022\/09\/ambiente-laboral-propicio-1024x484.jpg 1024w, https:\/\/www.amitai.com\/es\/wp-content\/uploads\/2022\/09\/ambiente-laboral-propicio-768x363.jpg 768w\" sizes=\"(max-width: 1057px) 100vw, 1057px\" \/>        <\/a>\n    <\/div>\n    <div class=\"wcp-content-wrap\">\n        <h3>\n            <a class=\"rpc-title\" href=\"https:\/\/www.amitai.com\/es\/ofrece-a-los-trabajadores-un-ambiente-laboral-propicio-para-la-ejecucion-de-sus-actividades\/\" target=\"_self\">\n                Ofrece a los trabajadores un ambiente laboral propicio para la ejecuci\u00f3n de sus actividades            <\/a>\n        <\/h3>\n                <div class=\"wcp-post-contents rpc-content\">\n\n            La\u00a0denuncia an\u00f3nima\u00a0es uno de los m\u00e9todos m\u00e1s efectivos que existen para que los colaboradores de tu organizaci\u00f3n den a conocer,\n                            <br>\n                <a href=\"https:\/\/www.amitai.com\/es\/ofrece-a-los-trabajadores-un-ambiente-laboral-propicio-para-la-ejecucion-de-sus-actividades\/\" target=\"_self\" class=\"btn-post\">Leer m\u00e1s<\/a>\n        \n        <\/div>        \n    <\/div>\n<\/div>                <\/div>    \n\n                            <div class=\"slick-slide carousel-item-5280\">\n                    <div class=\"post-style-2 rpc-bg rpc-box\">\n    <div class=\"wcp-img-wrap\">\n        <a href=\"https:\/\/www.amitai.com\/es\/como-implementar-procesos-creativos-estrategicos-de-reclutamiento-seleccion-y-contratacion\/\">\n            <img decoding=\"async\" width=\"1057\" height=\"500\" src=\"https:\/\/www.amitai.com\/es\/wp-content\/uploads\/2022\/09\/innovar.jpg\" class=\"attachment- size- wp-post-image\" alt=\"procesos creativos estrat\u00e9gicos de reclutamiento\" srcset=\"https:\/\/www.amitai.com\/es\/wp-content\/uploads\/2022\/09\/innovar.jpg 1057w, https:\/\/www.amitai.com\/es\/wp-content\/uploads\/2022\/09\/innovar-300x142.jpg 300w, https:\/\/www.amitai.com\/es\/wp-content\/uploads\/2022\/09\/innovar-1024x484.jpg 1024w, https:\/\/www.amitai.com\/es\/wp-content\/uploads\/2022\/09\/innovar-768x363.jpg 768w\" sizes=\"(max-width: 1057px) 100vw, 1057px\" \/>        <\/a>\n    <\/div>\n    <div class=\"wcp-content-wrap\">\n        <h3>\n            <a class=\"rpc-title\" href=\"https:\/\/www.amitai.com\/es\/como-implementar-procesos-creativos-estrategicos-de-reclutamiento-seleccion-y-contratacion\/\" target=\"_self\">\n                C\u00f3mo implementar procesos creativos estrat\u00e9gicos de reclutamiento, selecci\u00f3n y contrataci\u00f3n            <\/a>\n        <\/h3>\n                <div class=\"wcp-post-contents rpc-content\">\n\n            Los\u00a0procesos de selecci\u00f3n\u00a0pueden llegar a ser un poco tediosos, tanto para el entrevistador como para el aspirante al cargo. Esto\n                            <br>\n                <a href=\"https:\/\/www.amitai.com\/es\/como-implementar-procesos-creativos-estrategicos-de-reclutamiento-seleccion-y-contratacion\/\" target=\"_self\" class=\"btn-post\">Leer m\u00e1s<\/a>\n        \n        <\/div>        \n    <\/div>\n<\/div>                <\/div>    \n\n                            <div class=\"slick-slide carousel-item-5274\">\n                    <div class=\"post-style-2 rpc-bg rpc-box\">\n    <div class=\"wcp-img-wrap\">\n        <a href=\"https:\/\/www.amitai.com\/es\/identifica-en-un-trabajador-la-capacidad-de-planificar-y-priorizar\/\">\n            <img decoding=\"async\" width=\"1057\" height=\"500\" src=\"https:\/\/www.amitai.com\/es\/wp-content\/uploads\/2022\/09\/capacidad-de-orgnizar-1.jpg\" class=\"attachment- size- wp-post-image\" alt=\"capacidad de planificar\" srcset=\"https:\/\/www.amitai.com\/es\/wp-content\/uploads\/2022\/09\/capacidad-de-orgnizar-1.jpg 1057w, https:\/\/www.amitai.com\/es\/wp-content\/uploads\/2022\/09\/capacidad-de-orgnizar-1-300x142.jpg 300w, https:\/\/www.amitai.com\/es\/wp-content\/uploads\/2022\/09\/capacidad-de-orgnizar-1-1024x484.jpg 1024w, https:\/\/www.amitai.com\/es\/wp-content\/uploads\/2022\/09\/capacidad-de-orgnizar-1-768x363.jpg 768w\" sizes=\"(max-width: 1057px) 100vw, 1057px\" \/>        <\/a>\n    <\/div>\n    <div class=\"wcp-content-wrap\">\n        <h3>\n            <a class=\"rpc-title\" href=\"https:\/\/www.amitai.com\/es\/identifica-en-un-trabajador-la-capacidad-de-planificar-y-priorizar\/\" target=\"_self\">\n                Identifica en un trabajador la capacidad de planificar y priorizar            <\/a>\n        <\/h3>\n                <div class=\"wcp-post-contents rpc-content\">\n\n            Las\u00a0habilidades laborales\u00a0son m\u00e1s valoradas cuando incluyen la\u00a0capacidad de organizaci\u00f3n y planificaci\u00f3n. Un trabajador es mucho m\u00e1s valorado cuando administra su\n                            <br>\n                <a href=\"https:\/\/www.amitai.com\/es\/identifica-en-un-trabajador-la-capacidad-de-planificar-y-priorizar\/\" target=\"_self\" class=\"btn-post\">Leer m\u00e1s<\/a>\n        \n        <\/div>        \n    <\/div>\n<\/div>                <\/div>    \n\n                            <div class=\"slick-slide carousel-item-5259\">\n                    <div class=\"post-style-2 rpc-bg rpc-box\">\n    <div class=\"wcp-img-wrap\">\n        <a href=\"https:\/\/www.amitai.com\/es\/capacita-adecuadamente-el-recurso-humano-para-mejorar-tu-comunicacion-interna\/\">\n            <img decoding=\"async\" width=\"793\" height=\"500\" src=\"https:\/\/www.amitai.com\/es\/wp-content\/uploads\/2022\/09\/comunicacion-interna.png\" class=\"attachment- size- wp-post-image\" alt=\"Capacita adecuadamente el recurso humano\" srcset=\"https:\/\/www.amitai.com\/es\/wp-content\/uploads\/2022\/09\/comunicacion-interna.png 793w, https:\/\/www.amitai.com\/es\/wp-content\/uploads\/2022\/09\/comunicacion-interna-300x189.png 300w, https:\/\/www.amitai.com\/es\/wp-content\/uploads\/2022\/09\/comunicacion-interna-768x484.png 768w\" sizes=\"(max-width: 793px) 100vw, 793px\" \/>        <\/a>\n    <\/div>\n    <div class=\"wcp-content-wrap\">\n        <h3>\n            <a class=\"rpc-title\" href=\"https:\/\/www.amitai.com\/es\/capacita-adecuadamente-el-recurso-humano-para-mejorar-tu-comunicacion-interna\/\" target=\"_self\">\n                Capacita adecuadamente el recurso humano para mejorar tu comunicaci\u00f3n interna            <\/a>\n        <\/h3>\n                <div class=\"wcp-post-contents rpc-content\">\n\n            Establecer una\u00a0comunicaci\u00f3n interna\u00a0efectiva\u00a0es un elemento importante para fortalecer la capacidad de la organizaci\u00f3n.\u00a0De hecho, se\u00a0mejora el clima interno en el\n                            <br>\n                <a href=\"https:\/\/www.amitai.com\/es\/capacita-adecuadamente-el-recurso-humano-para-mejorar-tu-comunicacion-interna\/\" target=\"_self\" class=\"btn-post\">Leer m\u00e1s<\/a>\n        \n        <\/div>        \n    <\/div>\n<\/div>                <\/div>    \n\n                            <div class=\"slick-slide carousel-item-5252\">\n                    <div class=\"post-style-2 rpc-bg rpc-box\">\n    <div class=\"wcp-img-wrap\">\n        <a href=\"https:\/\/www.amitai.com\/es\/identifica-oportunamente-las-irregularidades-en-tu-empresa\/\">\n            <img decoding=\"async\" width=\"793\" height=\"500\" src=\"https:\/\/www.amitai.com\/es\/wp-content\/uploads\/2022\/09\/irregularidades-1.png\" class=\"attachment- size- wp-post-image\" alt=\"irregularidades en tu empresa\" srcset=\"https:\/\/www.amitai.com\/es\/wp-content\/uploads\/2022\/09\/irregularidades-1.png 793w, https:\/\/www.amitai.com\/es\/wp-content\/uploads\/2022\/09\/irregularidades-1-300x189.png 300w, https:\/\/www.amitai.com\/es\/wp-content\/uploads\/2022\/09\/irregularidades-1-768x484.png 768w\" sizes=\"(max-width: 793px) 100vw, 793px\" \/>        <\/a>\n    <\/div>\n    <div class=\"wcp-content-wrap\">\n        <h3>\n            <a class=\"rpc-title\" href=\"https:\/\/www.amitai.com\/es\/identifica-oportunamente-las-irregularidades-en-tu-empresa\/\" target=\"_self\">\n                Identifica oportunamente las irregularidades en tu empresa            <\/a>\n        <\/h3>\n                <div class=\"wcp-post-contents rpc-content\">\n\n            Mantener el \u00f3ptimo funcionamiento de una empresa requiere de conocer si existen irregularidades en \u00e1reas financieras o de inter\u00e9s comercial.\n                            <br>\n                <a href=\"https:\/\/www.amitai.com\/es\/identifica-oportunamente-las-irregularidades-en-tu-empresa\/\" target=\"_self\" class=\"btn-post\">Leer m\u00e1s<\/a>\n        \n        <\/div>        \n    <\/div>\n<\/div>                <\/div>    \n\n                            <div class=\"slick-slide carousel-item-5248\">\n                    <div class=\"post-style-2 rpc-bg rpc-box\">\n    <div class=\"wcp-img-wrap\">\n        <a href=\"https:\/\/www.amitai.com\/es\/recluta-trabajadores-que-tengan-una-conducta-personal-y-profesionalmente-adecuada\/\">\n            <img decoding=\"async\" width=\"793\" height=\"500\" src=\"https:\/\/www.amitai.com\/es\/wp-content\/uploads\/2022\/09\/reclutadores.png\" class=\"attachment- size- wp-post-image\" alt=\"Recluta trabajadores\" srcset=\"https:\/\/www.amitai.com\/es\/wp-content\/uploads\/2022\/09\/reclutadores.png 793w, https:\/\/www.amitai.com\/es\/wp-content\/uploads\/2022\/09\/reclutadores-300x189.png 300w, https:\/\/www.amitai.com\/es\/wp-content\/uploads\/2022\/09\/reclutadores-768x484.png 768w\" sizes=\"(max-width: 793px) 100vw, 793px\" \/>        <\/a>\n    <\/div>\n    <div class=\"wcp-content-wrap\">\n        <h3>\n            <a class=\"rpc-title\" href=\"https:\/\/www.amitai.com\/es\/recluta-trabajadores-que-tengan-una-conducta-personal-y-profesionalmente-adecuada\/\" target=\"_self\">\n                Recluta trabajadores que tengan una conducta personal y profesionalmente adecuada            <\/a>\n        <\/h3>\n                <div class=\"wcp-post-contents rpc-content\">\n\n            En toda organizaci\u00f3n,, existe un \u00e1rea que se encarga de seleccionar y reclutar al personal en las organizaciones, con el\n                            <br>\n                <a href=\"https:\/\/www.amitai.com\/es\/recluta-trabajadores-que-tengan-una-conducta-personal-y-profesionalmente-adecuada\/\" target=\"_self\" class=\"btn-post\">Leer m\u00e1s<\/a>\n        \n        <\/div>        \n    <\/div>\n<\/div>                <\/div>    \n\n                            <div class=\"slick-slide carousel-item-5243\">\n                    <div class=\"post-style-2 rpc-bg rpc-box\">\n    <div class=\"wcp-img-wrap\">\n        <a href=\"https:\/\/www.amitai.com\/es\/evita-cometer-los-siguientes-errores-en-la-evaluacion-de-personal\/\">\n            <img decoding=\"async\" width=\"793\" height=\"500\" src=\"https:\/\/www.amitai.com\/es\/wp-content\/uploads\/2022\/09\/contratacion-de-personal.png\" class=\"attachment- size- wp-post-image\" alt=\"errores en la evaluaci\u00f3n de personal\" srcset=\"https:\/\/www.amitai.com\/es\/wp-content\/uploads\/2022\/09\/contratacion-de-personal.png 793w, https:\/\/www.amitai.com\/es\/wp-content\/uploads\/2022\/09\/contratacion-de-personal-300x189.png 300w, https:\/\/www.amitai.com\/es\/wp-content\/uploads\/2022\/09\/contratacion-de-personal-768x484.png 768w\" sizes=\"(max-width: 793px) 100vw, 793px\" \/>        <\/a>\n    <\/div>\n    <div class=\"wcp-content-wrap\">\n        <h3>\n            <a class=\"rpc-title\" href=\"https:\/\/www.amitai.com\/es\/evita-cometer-los-siguientes-errores-en-la-evaluacion-de-personal\/\" target=\"_self\">\n                Evita cometer los siguientes errores en la evaluaci\u00f3n de personal            <\/a>\n        <\/h3>\n                <div class=\"wcp-post-contents rpc-content\">\n\n            A la hora de realizar una evaluaci\u00f3n del rendimiento, el departamento de Recursos Humanos desempe\u00f1a un papel crucial porque permite\n                            <br>\n                <a href=\"https:\/\/www.amitai.com\/es\/evita-cometer-los-siguientes-errores-en-la-evaluacion-de-personal\/\" target=\"_self\" class=\"btn-post\">Leer m\u00e1s<\/a>\n        \n        <\/div>        \n    <\/div>\n<\/div>                <\/div>    \n\n                            <div class=\"slick-slide carousel-item-5153\">\n                    <div class=\"post-style-2 rpc-bg rpc-box\">\n    <div class=\"wcp-img-wrap\">\n        <a href=\"https:\/\/www.amitai.com\/es\/metodo-estandar-que-te-ayudara-a-elegir-bien-el-personal-de-tu-empresa\/\">\n            <img decoding=\"async\" width=\"960\" height=\"640\" src=\"https:\/\/www.amitai.com\/es\/wp-content\/uploads\/2022\/09\/elegir-bien-el-personal-de-tu-empresa.jpeg\" class=\"attachment- size- wp-post-image\" alt=\"elegir bien el personal de tu empresa\" srcset=\"https:\/\/www.amitai.com\/es\/wp-content\/uploads\/2022\/09\/elegir-bien-el-personal-de-tu-empresa.jpeg 960w, https:\/\/www.amitai.com\/es\/wp-content\/uploads\/2022\/09\/elegir-bien-el-personal-de-tu-empresa-300x200.jpeg 300w, https:\/\/www.amitai.com\/es\/wp-content\/uploads\/2022\/09\/elegir-bien-el-personal-de-tu-empresa-768x512.jpeg 768w\" sizes=\"(max-width: 960px) 100vw, 960px\" \/>        <\/a>\n    <\/div>\n    <div class=\"wcp-content-wrap\">\n        <h3>\n            <a class=\"rpc-title\" href=\"https:\/\/www.amitai.com\/es\/metodo-estandar-que-te-ayudara-a-elegir-bien-el-personal-de-tu-empresa\/\" target=\"_self\">\n                M\u00e9todo est\u00e1ndar que te ayudar\u00e1 a elegir bien el personal de tu empresa            <\/a>\n        <\/h3>\n                <div class=\"wcp-post-contents rpc-content\">\n\n            El objetivo principal de elegir bien el personal de tu empresa es predecir la conducta, el desempe\u00f1o y la productividad\n                            <br>\n                <a href=\"https:\/\/www.amitai.com\/es\/metodo-estandar-que-te-ayudara-a-elegir-bien-el-personal-de-tu-empresa\/\" target=\"_self\" class=\"btn-post\">Leer m\u00e1s<\/a>\n        \n        <\/div>        \n    <\/div>\n<\/div>                <\/div>    \n\n                            <div class=\"slick-slide carousel-item-5148\">\n                    <div class=\"post-style-2 rpc-bg rpc-box\">\n    <div class=\"wcp-img-wrap\">\n        <a href=\"https:\/\/www.amitai.com\/es\/como-deshacerse-de-la-impunidad-y-asi-combatir-la-corrupcion-empresarial\/\">\n            <img decoding=\"async\" width=\"960\" height=\"640\" src=\"https:\/\/www.amitai.com\/es\/wp-content\/uploads\/2022\/09\/combatir-la-corrupcion-empresarial.jpeg\" class=\"attachment- size- wp-post-image\" alt=\"combatir la corrupci\u00f3n empresarial\" srcset=\"https:\/\/www.amitai.com\/es\/wp-content\/uploads\/2022\/09\/combatir-la-corrupcion-empresarial.jpeg 960w, https:\/\/www.amitai.com\/es\/wp-content\/uploads\/2022\/09\/combatir-la-corrupcion-empresarial-300x200.jpeg 300w, https:\/\/www.amitai.com\/es\/wp-content\/uploads\/2022\/09\/combatir-la-corrupcion-empresarial-768x512.jpeg 768w\" sizes=\"(max-width: 960px) 100vw, 960px\" \/>        <\/a>\n    <\/div>\n    <div class=\"wcp-content-wrap\">\n        <h3>\n            <a class=\"rpc-title\" href=\"https:\/\/www.amitai.com\/es\/como-deshacerse-de-la-impunidad-y-asi-combatir-la-corrupcion-empresarial\/\" target=\"_self\">\n                C\u00f3mo deshacerse de la impunidad y as\u00ed combatir la corrupci\u00f3n empresarial            <\/a>\n        <\/h3>\n                <div class=\"wcp-post-contents rpc-content\">\n\n            Para entender como combatir la corrupci\u00f3n empresarial y, de paso, deshacerse de la impunidad en tu empresa, es preciso adoptar\n                            <br>\n                <a href=\"https:\/\/www.amitai.com\/es\/como-deshacerse-de-la-impunidad-y-asi-combatir-la-corrupcion-empresarial\/\" target=\"_self\" class=\"btn-post\">Leer m\u00e1s<\/a>\n        \n        <\/div>        \n    <\/div>\n<\/div>                <\/div>    \n\n                            <div class=\"slick-slide carousel-item-5140\">\n                    <div class=\"post-style-2 rpc-bg rpc-box\">\n    <div class=\"wcp-img-wrap\">\n        <a href=\"https:\/\/www.amitai.com\/es\/conoce-el-comportamiento-a-futuro-de-tu-empresa-con-una-prueba-de-integridad\/\">\n            <img decoding=\"async\" width=\"960\" height=\"640\" src=\"https:\/\/www.amitai.com\/es\/wp-content\/uploads\/2022\/09\/comportamiento-a-futuro-de-tu-empresa.jpeg\" class=\"attachment- size- wp-post-image\" alt=\"comportamiento a futuro de tu empresa\" srcset=\"https:\/\/www.amitai.com\/es\/wp-content\/uploads\/2022\/09\/comportamiento-a-futuro-de-tu-empresa.jpeg 960w, https:\/\/www.amitai.com\/es\/wp-content\/uploads\/2022\/09\/comportamiento-a-futuro-de-tu-empresa-300x200.jpeg 300w, https:\/\/www.amitai.com\/es\/wp-content\/uploads\/2022\/09\/comportamiento-a-futuro-de-tu-empresa-768x512.jpeg 768w\" sizes=\"(max-width: 960px) 100vw, 960px\" \/>        <\/a>\n    <\/div>\n    <div class=\"wcp-content-wrap\">\n        <h3>\n            <a class=\"rpc-title\" href=\"https:\/\/www.amitai.com\/es\/conoce-el-comportamiento-a-futuro-de-tu-empresa-con-una-prueba-de-integridad\/\" target=\"_self\">\n                Conoce el comportamiento a futuro de tu empresa, con una prueba de integridad            <\/a>\n        <\/h3>\n                <div class=\"wcp-post-contents rpc-content\">\n\n            Llega el tan anhelado momento de abrir vacantes y solicitar personal que haga parte de la compa\u00f1\u00eda. Por lo general,\n                            <br>\n                <a href=\"https:\/\/www.amitai.com\/es\/conoce-el-comportamiento-a-futuro-de-tu-empresa-con-una-prueba-de-integridad\/\" target=\"_self\" class=\"btn-post\">Leer m\u00e1s<\/a>\n        \n        <\/div>        \n    <\/div>\n<\/div>                <\/div>    \n\n                            <div class=\"slick-slide carousel-item-5135\">\n                    <div class=\"post-style-2 rpc-bg rpc-box\">\n    <div class=\"wcp-img-wrap\">\n        <a href=\"https:\/\/www.amitai.com\/es\/facilita-la-comunicacion-entre-los-trabajadores-y-la-direccion-de-manera-anonima\/\">\n            <img decoding=\"async\" width=\"960\" height=\"640\" src=\"https:\/\/www.amitai.com\/es\/wp-content\/uploads\/2022\/09\/comunicacion-entre-los-trabajadores-y-la-direccion.jpeg\" class=\"attachment- size- wp-post-image\" alt=\"comunicaci\u00f3n entre los trabajadores y la direcci\u00f3n\" srcset=\"https:\/\/www.amitai.com\/es\/wp-content\/uploads\/2022\/09\/comunicacion-entre-los-trabajadores-y-la-direccion.jpeg 960w, https:\/\/www.amitai.com\/es\/wp-content\/uploads\/2022\/09\/comunicacion-entre-los-trabajadores-y-la-direccion-300x200.jpeg 300w, https:\/\/www.amitai.com\/es\/wp-content\/uploads\/2022\/09\/comunicacion-entre-los-trabajadores-y-la-direccion-768x512.jpeg 768w\" sizes=\"(max-width: 960px) 100vw, 960px\" \/>        <\/a>\n    <\/div>\n    <div class=\"wcp-content-wrap\">\n        <h3>\n            <a class=\"rpc-title\" href=\"https:\/\/www.amitai.com\/es\/facilita-la-comunicacion-entre-los-trabajadores-y-la-direccion-de-manera-anonima\/\" target=\"_self\">\n                Facilita la comunicaci\u00f3n entre los trabajadores y la direcci\u00f3n de manera an\u00f3nima            <\/a>\n        <\/h3>\n                <div class=\"wcp-post-contents rpc-content\">\n\n            \u00bfHay alg\u00fan tipo de acoso, abuso o actividad ilegal en tu empresa? \u00bfTus empleados se sienten confiados y seguros trabajando\n                            <br>\n                <a href=\"https:\/\/www.amitai.com\/es\/facilita-la-comunicacion-entre-los-trabajadores-y-la-direccion-de-manera-anonima\/\" target=\"_self\" class=\"btn-post\">Leer m\u00e1s<\/a>\n        \n        <\/div>        \n    <\/div>\n<\/div>                <\/div>    \n\n                            <div class=\"slick-slide carousel-item-5098\">\n                    <div class=\"post-style-2 rpc-bg rpc-box\">\n    <div class=\"wcp-img-wrap\">\n        <a href=\"https:\/\/www.amitai.com\/es\/como-el-clima-laboral-mejora-o-empeora-tu-empresa\/\">\n            <img decoding=\"async\" width=\"960\" height=\"640\" src=\"https:\/\/www.amitai.com\/es\/wp-content\/uploads\/2022\/08\/como-el-clima-laboral-mejora-o-empeora-tu-empresa.jpg\" class=\"attachment- size- wp-post-image\" alt=\"el clima laboral\" srcset=\"https:\/\/www.amitai.com\/es\/wp-content\/uploads\/2022\/08\/como-el-clima-laboral-mejora-o-empeora-tu-empresa.jpg 960w, https:\/\/www.amitai.com\/es\/wp-content\/uploads\/2022\/08\/como-el-clima-laboral-mejora-o-empeora-tu-empresa-300x200.jpg 300w, https:\/\/www.amitai.com\/es\/wp-content\/uploads\/2022\/08\/como-el-clima-laboral-mejora-o-empeora-tu-empresa-768x512.jpg 768w\" sizes=\"(max-width: 960px) 100vw, 960px\" \/>        <\/a>\n    <\/div>\n    <div class=\"wcp-content-wrap\">\n        <h3>\n            <a class=\"rpc-title\" href=\"https:\/\/www.amitai.com\/es\/como-el-clima-laboral-mejora-o-empeora-tu-empresa\/\" target=\"_self\">\n                C\u00f3mo el clima laboral mejora o empeora tu empresa            <\/a>\n        <\/h3>\n                <div class=\"wcp-post-contents rpc-content\">\n\n            El clima laboral es la clave para que una empresa pueda crecer y expandirse. Este es el sue\u00f1o de toda\n                            <br>\n                <a href=\"https:\/\/www.amitai.com\/es\/como-el-clima-laboral-mejora-o-empeora-tu-empresa\/\" target=\"_self\" class=\"btn-post\">Leer m\u00e1s<\/a>\n        \n        <\/div>        \n    <\/div>\n<\/div>                <\/div>    \n\n                            <div class=\"slick-slide carousel-item-5093\">\n                    <div class=\"post-style-2 rpc-bg rpc-box\">\n    <div class=\"wcp-img-wrap\">\n        <a href=\"https:\/\/www.amitai.com\/es\/mejora-la-comunicacion-interna-organizacional-entendiendo-su-papel-principal\/\">\n            <img decoding=\"async\" width=\"960\" height=\"641\" src=\"https:\/\/www.amitai.com\/es\/wp-content\/uploads\/2022\/08\/comunicacion-interna.jpg\" class=\"attachment- size- wp-post-image\" alt=\"Mejora la comunicaci\u00f3n interna organizacional\" srcset=\"https:\/\/www.amitai.com\/es\/wp-content\/uploads\/2022\/08\/comunicacion-interna.jpg 960w, https:\/\/www.amitai.com\/es\/wp-content\/uploads\/2022\/08\/comunicacion-interna-300x200.jpg 300w, https:\/\/www.amitai.com\/es\/wp-content\/uploads\/2022\/08\/comunicacion-interna-768x513.jpg 768w\" sizes=\"(max-width: 960px) 100vw, 960px\" \/>        <\/a>\n    <\/div>\n    <div class=\"wcp-content-wrap\">\n        <h3>\n            <a class=\"rpc-title\" href=\"https:\/\/www.amitai.com\/es\/mejora-la-comunicacion-interna-organizacional-entendiendo-su-papel-principal\/\" target=\"_self\">\n                Mejora la comunicaci\u00f3n interna organizacional entendiendo su papel principal            <\/a>\n        <\/h3>\n                <div class=\"wcp-post-contents rpc-content\">\n\n            \u201cLas personas son el coraz\u00f3n de las empresas, y tanto es as\u00ed, que son ellas, con su manera de entender\n                            <br>\n                <a href=\"https:\/\/www.amitai.com\/es\/mejora-la-comunicacion-interna-organizacional-entendiendo-su-papel-principal\/\" target=\"_self\" class=\"btn-post\">Leer m\u00e1s<\/a>\n        \n        <\/div>        \n    <\/div>\n<\/div>                <\/div>    \n\n                            <div class=\"slick-slide carousel-item-5086\">\n                    <div class=\"post-style-2 rpc-bg rpc-box\">\n    <div class=\"wcp-img-wrap\">\n        <a href=\"https:\/\/www.amitai.com\/es\/aplica-una-prueba-de-honradez-y-clasifica-tu-contratacion\/\">\n            <img decoding=\"async\" width=\"960\" height=\"640\" src=\"https:\/\/www.amitai.com\/es\/wp-content\/uploads\/2022\/08\/prueba-honradez.jpg\" class=\"attachment- size- wp-post-image\" alt=\"la prueba de honradez\" srcset=\"https:\/\/www.amitai.com\/es\/wp-content\/uploads\/2022\/08\/prueba-honradez.jpg 960w, https:\/\/www.amitai.com\/es\/wp-content\/uploads\/2022\/08\/prueba-honradez-300x200.jpg 300w, https:\/\/www.amitai.com\/es\/wp-content\/uploads\/2022\/08\/prueba-honradez-768x512.jpg 768w\" sizes=\"(max-width: 960px) 100vw, 960px\" \/>        <\/a>\n    <\/div>\n    <div class=\"wcp-content-wrap\">\n        <h3>\n            <a class=\"rpc-title\" href=\"https:\/\/www.amitai.com\/es\/aplica-una-prueba-de-honradez-y-clasifica-tu-contratacion\/\" target=\"_self\">\n                Aplica una prueba de honradez y clasifica tu contrataci\u00f3n            <\/a>\n        <\/h3>\n                <div class=\"wcp-post-contents rpc-content\">\n\n            La corrupci\u00f3n es un mal que afecta a distintos sectores y el empresarial no es la excepci\u00f3n. Esto hace de\n                            <br>\n                <a href=\"https:\/\/www.amitai.com\/es\/aplica-una-prueba-de-honradez-y-clasifica-tu-contratacion\/\" target=\"_self\" class=\"btn-post\">Leer m\u00e1s<\/a>\n        \n        <\/div>        \n    <\/div>\n<\/div>                <\/div>    \n\n                            <div class=\"slick-slide carousel-item-5079\">\n                    <div class=\"post-style-2 rpc-bg rpc-box\">\n    <div class=\"wcp-img-wrap\">\n        <a href=\"https:\/\/www.amitai.com\/es\/beneficios-y-aspectos-negativos-del-canal-de-denuncias-anonimas\/\">\n            <img decoding=\"async\" width=\"1024\" height=\"683\" src=\"https:\/\/www.amitai.com\/es\/wp-content\/uploads\/2022\/08\/canal-denuncias-anonimas.jpg\" class=\"attachment- size- wp-post-image\" alt=\"canal de denuncias an\u00f3nimas\" srcset=\"https:\/\/www.amitai.com\/es\/wp-content\/uploads\/2022\/08\/canal-denuncias-anonimas.jpg 1024w, https:\/\/www.amitai.com\/es\/wp-content\/uploads\/2022\/08\/canal-denuncias-anonimas-300x200.jpg 300w, https:\/\/www.amitai.com\/es\/wp-content\/uploads\/2022\/08\/canal-denuncias-anonimas-768x512.jpg 768w\" sizes=\"(max-width: 1024px) 100vw, 1024px\" \/>        <\/a>\n    <\/div>\n    <div class=\"wcp-content-wrap\">\n        <h3>\n            <a class=\"rpc-title\" href=\"https:\/\/www.amitai.com\/es\/beneficios-y-aspectos-negativos-del-canal-de-denuncias-anonimas\/\" target=\"_self\">\n                Beneficios y aspectos negativos del canal de denuncias an\u00f3nimas            <\/a>\n        <\/h3>\n                <div class=\"wcp-post-contents rpc-content\">\n\n            Los canales de denuncias an\u00f3nimas son muy \u00fatiles para dar informaci\u00f3n acerca de infracciones indebidas que se est\u00e1n cometiendo dentro\n                            <br>\n                <a href=\"https:\/\/www.amitai.com\/es\/beneficios-y-aspectos-negativos-del-canal-de-denuncias-anonimas\/\" target=\"_self\" class=\"btn-post\">Leer m\u00e1s<\/a>\n        \n        <\/div>        \n    <\/div>\n<\/div>                <\/div>    \n\n                            <div class=\"slick-slide carousel-item-5048\">\n                    <div class=\"post-style-2 rpc-bg rpc-box\">\n    <div class=\"wcp-img-wrap\">\n        <a href=\"https:\/\/www.amitai.com\/es\/como-mejorar-el-clima-laboral-en-tu-organizacion\/\">\n            <img decoding=\"async\" width=\"1024\" height=\"683\" src=\"https:\/\/www.amitai.com\/es\/wp-content\/uploads\/2022\/07\/Nuevo-proyecto-7.jpeg\" class=\"attachment- size- wp-post-image\" alt=\"mejorar el clima organizacional\" srcset=\"https:\/\/www.amitai.com\/es\/wp-content\/uploads\/2022\/07\/Nuevo-proyecto-7.jpeg 1024w, https:\/\/www.amitai.com\/es\/wp-content\/uploads\/2022\/07\/Nuevo-proyecto-7-300x200.jpeg 300w, https:\/\/www.amitai.com\/es\/wp-content\/uploads\/2022\/07\/Nuevo-proyecto-7-768x512.jpeg 768w\" sizes=\"(max-width: 1024px) 100vw, 1024px\" \/>        <\/a>\n    <\/div>\n    <div class=\"wcp-content-wrap\">\n        <h3>\n            <a class=\"rpc-title\" href=\"https:\/\/www.amitai.com\/es\/como-mejorar-el-clima-laboral-en-tu-organizacion\/\" target=\"_self\">\n                \u00bfC\u00f3mo mejorar el clima laboral en tu organizaci\u00f3n?            <\/a>\n        <\/h3>\n                <div class=\"wcp-post-contents rpc-content\">\n\n            El buen clima laboral es indispensable en una empresa. Sin embargo, es una utop\u00eda pensar que no encontraremos desaf\u00edos para\n                            <br>\n                <a href=\"https:\/\/www.amitai.com\/es\/como-mejorar-el-clima-laboral-en-tu-organizacion\/\" target=\"_self\" class=\"btn-post\">Leer m\u00e1s<\/a>\n        \n        <\/div>        \n    <\/div>\n<\/div>                <\/div>    \n\n                            <div class=\"slick-slide carousel-item-5044\">\n                    <div class=\"post-style-2 rpc-bg rpc-box\">\n    <div class=\"wcp-img-wrap\">\n        <a href=\"https:\/\/www.amitai.com\/es\/estrategias-para-mejorar-la-reputacion-de-una-empresa\/\">\n            <img decoding=\"async\" width=\"1024\" height=\"683\" src=\"https:\/\/www.amitai.com\/es\/wp-content\/uploads\/2022\/07\/Nuevo-proyecto-6.jpeg\" class=\"attachment- size- wp-post-image\" alt=\"Estrategias para mejorar la reputaci\u00f3n de una empresa\" srcset=\"https:\/\/www.amitai.com\/es\/wp-content\/uploads\/2022\/07\/Nuevo-proyecto-6.jpeg 1024w, https:\/\/www.amitai.com\/es\/wp-content\/uploads\/2022\/07\/Nuevo-proyecto-6-300x200.jpeg 300w, https:\/\/www.amitai.com\/es\/wp-content\/uploads\/2022\/07\/Nuevo-proyecto-6-768x512.jpeg 768w\" sizes=\"(max-width: 1024px) 100vw, 1024px\" \/>        <\/a>\n    <\/div>\n    <div class=\"wcp-content-wrap\">\n        <h3>\n            <a class=\"rpc-title\" href=\"https:\/\/www.amitai.com\/es\/estrategias-para-mejorar-la-reputacion-de-una-empresa\/\" target=\"_self\">\n                Estrategias para mejorar la reputaci\u00f3n de una empresa            <\/a>\n        <\/h3>\n                <div class=\"wcp-post-contents rpc-content\">\n\n            Implementar una l\u00ednea \u00e9tica para denuncias es una de las mejores y m\u00e1s efectivas estrategias para combatir la corrupci\u00f3n y,\n                            <br>\n                <a href=\"https:\/\/www.amitai.com\/es\/estrategias-para-mejorar-la-reputacion-de-una-empresa\/\" target=\"_self\" class=\"btn-post\">Leer m\u00e1s<\/a>\n        \n        <\/div>        \n    <\/div>\n<\/div>                <\/div>    \n\n                            <div class=\"slick-slide carousel-item-5040\">\n                    <div class=\"post-style-2 rpc-bg rpc-box\">\n    <div class=\"wcp-img-wrap\">\n        <a href=\"https:\/\/www.amitai.com\/es\/que-test-psicologicos-se-aplican-en-el-area-laboral\/\">\n            <img decoding=\"async\" width=\"1024\" height=\"683\" src=\"https:\/\/www.amitai.com\/es\/wp-content\/uploads\/2022\/07\/Nuevo-proyecto-5.jpeg\" class=\"attachment- size- wp-post-image\" alt=\"Test psicol\u00f3gicos\" srcset=\"https:\/\/www.amitai.com\/es\/wp-content\/uploads\/2022\/07\/Nuevo-proyecto-5.jpeg 1024w, https:\/\/www.amitai.com\/es\/wp-content\/uploads\/2022\/07\/Nuevo-proyecto-5-300x200.jpeg 300w, https:\/\/www.amitai.com\/es\/wp-content\/uploads\/2022\/07\/Nuevo-proyecto-5-768x512.jpeg 768w\" sizes=\"(max-width: 1024px) 100vw, 1024px\" \/>        <\/a>\n    <\/div>\n    <div class=\"wcp-content-wrap\">\n        <h3>\n            <a class=\"rpc-title\" href=\"https:\/\/www.amitai.com\/es\/que-test-psicologicos-se-aplican-en-el-area-laboral\/\" target=\"_self\">\n                \u00bfQu\u00e9 test psicol\u00f3gicos se aplican en el \u00e1rea laboral?            <\/a>\n        <\/h3>\n                <div class=\"wcp-post-contents rpc-content\">\n\n            La selecci\u00f3n de personal es un proceso vital para la organizaci\u00f3n. Debe estar enmarcado dentro de una estrategia y ser\n                            <br>\n                <a href=\"https:\/\/www.amitai.com\/es\/que-test-psicologicos-se-aplican-en-el-area-laboral\/\" target=\"_self\" class=\"btn-post\">Leer m\u00e1s<\/a>\n        \n        <\/div>        \n    <\/div>\n<\/div>                <\/div>    \n\n                            <div class=\"slick-slide carousel-item-5036\">\n                    <div class=\"post-style-2 rpc-bg rpc-box\">\n    <div class=\"wcp-img-wrap\">\n        <a href=\"https:\/\/www.amitai.com\/es\/establece-los-puntos-claves-para-tu-denuncia-anonima\/\">\n            <img decoding=\"async\" width=\"1024\" height=\"683\" src=\"https:\/\/www.amitai.com\/es\/wp-content\/uploads\/2022\/07\/Nuevo-proyecto-4.jpeg\" class=\"attachment- size- wp-post-image\" alt=\"sistema de denuncia\" srcset=\"https:\/\/www.amitai.com\/es\/wp-content\/uploads\/2022\/07\/Nuevo-proyecto-4.jpeg 1024w, https:\/\/www.amitai.com\/es\/wp-content\/uploads\/2022\/07\/Nuevo-proyecto-4-300x200.jpeg 300w, https:\/\/www.amitai.com\/es\/wp-content\/uploads\/2022\/07\/Nuevo-proyecto-4-768x512.jpeg 768w\" sizes=\"(max-width: 1024px) 100vw, 1024px\" \/>        <\/a>\n    <\/div>\n    <div class=\"wcp-content-wrap\">\n        <h3>\n            <a class=\"rpc-title\" href=\"https:\/\/www.amitai.com\/es\/establece-los-puntos-claves-para-tu-denuncia-anonima\/\" target=\"_self\">\n                Establece los puntos claves para tu denuncia an\u00f3nima            <\/a>\n        <\/h3>\n                <div class=\"wcp-post-contents rpc-content\">\n\n            Una de las bases del clima organizacional es la buena convivencia. Sin embargo, valores como la cordialidad, el respeto, la\n                            <br>\n                <a href=\"https:\/\/www.amitai.com\/es\/establece-los-puntos-claves-para-tu-denuncia-anonima\/\" target=\"_self\" class=\"btn-post\">Leer m\u00e1s<\/a>\n        \n        <\/div>        \n    <\/div>\n<\/div>                <\/div>    \n\n                            <div class=\"slick-slide carousel-item-5032\">\n                    <div class=\"post-style-2 rpc-bg rpc-box\">\n    <div class=\"wcp-img-wrap\">\n        <a href=\"https:\/\/www.amitai.com\/es\/la-importancia-de-un-comite-de-convivencia-para-mejorar-el-clima-organizacional\/\">\n            <img decoding=\"async\" width=\"1024\" height=\"683\" src=\"https:\/\/www.amitai.com\/es\/wp-content\/uploads\/2022\/07\/Nuevo-proyecto-3.jpeg\" class=\"attachment- size- wp-post-image\" alt=\"La importancia de un comit\u00e9 de convivencia\" srcset=\"https:\/\/www.amitai.com\/es\/wp-content\/uploads\/2022\/07\/Nuevo-proyecto-3.jpeg 1024w, https:\/\/www.amitai.com\/es\/wp-content\/uploads\/2022\/07\/Nuevo-proyecto-3-300x200.jpeg 300w, https:\/\/www.amitai.com\/es\/wp-content\/uploads\/2022\/07\/Nuevo-proyecto-3-768x512.jpeg 768w\" sizes=\"(max-width: 1024px) 100vw, 1024px\" \/>        <\/a>\n    <\/div>\n    <div class=\"wcp-content-wrap\">\n        <h3>\n            <a class=\"rpc-title\" href=\"https:\/\/www.amitai.com\/es\/la-importancia-de-un-comite-de-convivencia-para-mejorar-el-clima-organizacional\/\" target=\"_self\">\n                La importancia de un comit\u00e9 de convivencia para mejorar el clima organizacional            <\/a>\n        <\/h3>\n                <div class=\"wcp-post-contents rpc-content\">\n\n            \u00bfTienes problemas en tu empresa por la convivencia del personal? El clima organizacional es clave para que tu negocio tenga\n                            <br>\n                <a href=\"https:\/\/www.amitai.com\/es\/la-importancia-de-un-comite-de-convivencia-para-mejorar-el-clima-organizacional\/\" target=\"_self\" class=\"btn-post\">Leer m\u00e1s<\/a>\n        \n        <\/div>        \n    <\/div>\n<\/div>                <\/div>    \n\n                            <div class=\"slick-slide carousel-item-5022\">\n                    <div class=\"post-style-2 rpc-bg rpc-box\">\n    <div class=\"wcp-img-wrap\">\n        <a href=\"https:\/\/www.amitai.com\/es\/el-pensamiento-lateral-para-el-proceso-creativo\/\">\n            <img decoding=\"async\" width=\"1024\" height=\"683\" src=\"https:\/\/www.amitai.com\/es\/wp-content\/uploads\/2022\/07\/Nuevo-proyecto-2.jpeg\" class=\"attachment- size- wp-post-image\" alt=\"pensamiento lateral\" srcset=\"https:\/\/www.amitai.com\/es\/wp-content\/uploads\/2022\/07\/Nuevo-proyecto-2.jpeg 1024w, https:\/\/www.amitai.com\/es\/wp-content\/uploads\/2022\/07\/Nuevo-proyecto-2-300x200.jpeg 300w, https:\/\/www.amitai.com\/es\/wp-content\/uploads\/2022\/07\/Nuevo-proyecto-2-768x512.jpeg 768w\" sizes=\"(max-width: 1024px) 100vw, 1024px\" \/>        <\/a>\n    <\/div>\n    <div class=\"wcp-content-wrap\">\n        <h3>\n            <a class=\"rpc-title\" href=\"https:\/\/www.amitai.com\/es\/el-pensamiento-lateral-para-el-proceso-creativo\/\" target=\"_self\">\n                El pensamiento lateral para el proceso creativo            <\/a>\n        <\/h3>\n                <div class=\"wcp-post-contents rpc-content\">\n\n            En la gesti\u00f3n del conocimiento es muy valorado el pensamiento lateral, debido a que cumple un papel importante la creaci\u00f3n\n                            <br>\n                <a href=\"https:\/\/www.amitai.com\/es\/el-pensamiento-lateral-para-el-proceso-creativo\/\" target=\"_self\" class=\"btn-post\">Leer m\u00e1s<\/a>\n        \n        <\/div>        \n    <\/div>\n<\/div>                <\/div>    \n\n                            <div class=\"slick-slide carousel-item-4979\">\n                    <div class=\"post-style-2 rpc-bg rpc-box\">\n    <div class=\"wcp-img-wrap\">\n        <a href=\"https:\/\/www.amitai.com\/es\/que-es-un-head-hunter-y-como-realiza-la-seleccion-de-personal\/\">\n            <img decoding=\"async\" width=\"1024\" height=\"683\" src=\"https:\/\/www.amitai.com\/es\/wp-content\/uploads\/2022\/07\/Nuevo-proyecto-1.jpeg\" class=\"attachment- size- wp-post-image\" alt=\"selecci\u00f3n de personal\" srcset=\"https:\/\/www.amitai.com\/es\/wp-content\/uploads\/2022\/07\/Nuevo-proyecto-1.jpeg 1024w, https:\/\/www.amitai.com\/es\/wp-content\/uploads\/2022\/07\/Nuevo-proyecto-1-300x200.jpeg 300w, https:\/\/www.amitai.com\/es\/wp-content\/uploads\/2022\/07\/Nuevo-proyecto-1-768x512.jpeg 768w\" sizes=\"(max-width: 1024px) 100vw, 1024px\" \/>        <\/a>\n    <\/div>\n    <div class=\"wcp-content-wrap\">\n        <h3>\n            <a class=\"rpc-title\" href=\"https:\/\/www.amitai.com\/es\/que-es-un-head-hunter-y-como-realiza-la-seleccion-de-personal\/\" target=\"_self\">\n                Qu\u00e9 es un Head Hunter y c\u00f3mo realiza la selecci\u00f3n de personal            <\/a>\n        <\/h3>\n                <div class=\"wcp-post-contents rpc-content\">\n\n            Dentro del departamento de Recursos Humanos de una compa\u00f1\u00eda, una de las tareas m\u00e1s importantes es la captaci\u00f3n, reclutamiento y\n                            <br>\n                <a href=\"https:\/\/www.amitai.com\/es\/que-es-un-head-hunter-y-como-realiza-la-seleccion-de-personal\/\" target=\"_self\" class=\"btn-post\">Leer m\u00e1s<\/a>\n        \n        <\/div>        \n    <\/div>\n<\/div>                <\/div>    \n\n                            <div class=\"slick-slide carousel-item-4973\">\n                    <div class=\"post-style-2 rpc-bg rpc-box\">\n    <div class=\"wcp-img-wrap\">\n        <a href=\"https:\/\/www.amitai.com\/es\/aplica-la-ley-de-pareto-para-aumentar-la-productividad\/\">\n            <img decoding=\"async\" width=\"1024\" height=\"683\" src=\"https:\/\/www.amitai.com\/es\/wp-content\/uploads\/2022\/07\/Nuevo-proyecto.jpeg\" class=\"attachment- size- wp-post-image\" alt=\"Ley pareto\" srcset=\"https:\/\/www.amitai.com\/es\/wp-content\/uploads\/2022\/07\/Nuevo-proyecto.jpeg 1024w, https:\/\/www.amitai.com\/es\/wp-content\/uploads\/2022\/07\/Nuevo-proyecto-300x200.jpeg 300w, https:\/\/www.amitai.com\/es\/wp-content\/uploads\/2022\/07\/Nuevo-proyecto-768x512.jpeg 768w\" sizes=\"(max-width: 1024px) 100vw, 1024px\" \/>        <\/a>\n    <\/div>\n    <div class=\"wcp-content-wrap\">\n        <h3>\n            <a class=\"rpc-title\" href=\"https:\/\/www.amitai.com\/es\/aplica-la-ley-de-pareto-para-aumentar-la-productividad\/\" target=\"_self\">\n                Aplica la Ley de Pareto para aumentar la productividad            <\/a>\n        <\/h3>\n                <div class=\"wcp-post-contents rpc-content\">\n\n            La Ley de Pareto es una herramienta eficaz y vers\u00e1til que ayuda a incrementar de manera significativa la productividad en\n                            <br>\n                <a href=\"https:\/\/www.amitai.com\/es\/aplica-la-ley-de-pareto-para-aumentar-la-productividad\/\" target=\"_self\" class=\"btn-post\">Leer m\u00e1s<\/a>\n        \n        <\/div>        \n    <\/div>\n<\/div>                <\/div>    \n\n                            <div class=\"slick-slide carousel-item-4932\">\n                    <div class=\"post-style-2 rpc-bg rpc-box\">\n    <div class=\"wcp-img-wrap\">\n        <a href=\"https:\/\/www.amitai.com\/es\/como-reportar-comportamientos-poco-eticos-en-las-organizaciones\/\">\n            <img decoding=\"async\" width=\"1280\" height=\"854\" src=\"https:\/\/www.amitai.com\/es\/wp-content\/uploads\/2022\/07\/reportar-comportamientos-poco-eticos.jpg\" class=\"attachment- size- wp-post-image\" alt=\"denuncia an\u00f3nima\" srcset=\"https:\/\/www.amitai.com\/es\/wp-content\/uploads\/2022\/07\/reportar-comportamientos-poco-eticos.jpg 1280w, https:\/\/www.amitai.com\/es\/wp-content\/uploads\/2022\/07\/reportar-comportamientos-poco-eticos-300x200.jpg 300w, https:\/\/www.amitai.com\/es\/wp-content\/uploads\/2022\/07\/reportar-comportamientos-poco-eticos-1024x683.jpg 1024w, https:\/\/www.amitai.com\/es\/wp-content\/uploads\/2022\/07\/reportar-comportamientos-poco-eticos-768x512.jpg 768w\" sizes=\"(max-width: 1280px) 100vw, 1280px\" \/>        <\/a>\n    <\/div>\n    <div class=\"wcp-content-wrap\">\n        <h3>\n            <a class=\"rpc-title\" href=\"https:\/\/www.amitai.com\/es\/como-reportar-comportamientos-poco-eticos-en-las-organizaciones\/\" target=\"_self\">\n                C\u00f3mo reportar comportamientos poco \u00e9ticos en las organizaciones            <\/a>\n        <\/h3>\n                <div class=\"wcp-post-contents rpc-content\">\n\n            La&nbsp;base&nbsp;del buen funcionamiento en todo c\u00edrculo social es el respeto por el otro y por lo que haces. Y el\n                            <br>\n                <a href=\"https:\/\/www.amitai.com\/es\/como-reportar-comportamientos-poco-eticos-en-las-organizaciones\/\" target=\"_self\" class=\"btn-post\">Leer m\u00e1s<\/a>\n        \n        <\/div>        \n    <\/div>\n<\/div>                <\/div>    \n\n                            <div class=\"slick-slide carousel-item-4920\">\n                    <div class=\"post-style-2 rpc-bg rpc-box\">\n    <div class=\"wcp-img-wrap\">\n        <a href=\"https:\/\/www.amitai.com\/es\/manual-de-buenas-practicas-en-etica-empresarial\/\">\n            <img decoding=\"async\" width=\"1280\" height=\"853\" src=\"https:\/\/www.amitai.com\/es\/wp-content\/uploads\/2022\/06\/manual-buenas-practicas-etica-empresarial.jpg\" class=\"attachment- size- wp-post-image\" alt=\"etica empresarial\" srcset=\"https:\/\/www.amitai.com\/es\/wp-content\/uploads\/2022\/06\/manual-buenas-practicas-etica-empresarial.jpg 1280w, https:\/\/www.amitai.com\/es\/wp-content\/uploads\/2022\/06\/manual-buenas-practicas-etica-empresarial-300x200.jpg 300w, https:\/\/www.amitai.com\/es\/wp-content\/uploads\/2022\/06\/manual-buenas-practicas-etica-empresarial-1024x682.jpg 1024w, https:\/\/www.amitai.com\/es\/wp-content\/uploads\/2022\/06\/manual-buenas-practicas-etica-empresarial-768x512.jpg 768w\" sizes=\"(max-width: 1280px) 100vw, 1280px\" \/>        <\/a>\n    <\/div>\n    <div class=\"wcp-content-wrap\">\n        <h3>\n            <a class=\"rpc-title\" href=\"https:\/\/www.amitai.com\/es\/manual-de-buenas-practicas-en-etica-empresarial\/\" target=\"_self\">\n                Manual de buenas pr\u00e1cticas en \u00e9tica empresarial            <\/a>\n        <\/h3>\n                <div class=\"wcp-post-contents rpc-content\">\n\n            La&nbsp;etica empresarial&nbsp;es un conjunto de normas y reglamentos compartidos por todos los actores dentro de nuestra organizaci\u00f3n. Su importancia radica\n                            <br>\n                <a href=\"https:\/\/www.amitai.com\/es\/manual-de-buenas-practicas-en-etica-empresarial\/\" target=\"_self\" class=\"btn-post\">Leer m\u00e1s<\/a>\n        \n        <\/div>        \n    <\/div>\n<\/div>                <\/div>    \n\n                            <div class=\"slick-slide carousel-item-4913\">\n                    <div class=\"post-style-2 rpc-bg rpc-box\">\n    <div class=\"wcp-img-wrap\">\n        <a href=\"https:\/\/www.amitai.com\/es\/gestion-del-conocimiento-base-de-una-organizacion\/\">\n            <img decoding=\"async\" width=\"1240\" height=\"828\" src=\"https:\/\/www.amitai.com\/es\/wp-content\/uploads\/2022\/07\/ficha-personal-de-un-trabajador.jpg\" class=\"attachment- size- wp-post-image\" alt=\"ficha personal de un trabajador\" srcset=\"https:\/\/www.amitai.com\/es\/wp-content\/uploads\/2022\/07\/ficha-personal-de-un-trabajador.jpg 1240w, https:\/\/www.amitai.com\/es\/wp-content\/uploads\/2022\/07\/ficha-personal-de-un-trabajador-300x200.jpg 300w, https:\/\/www.amitai.com\/es\/wp-content\/uploads\/2022\/07\/ficha-personal-de-un-trabajador-1024x684.jpg 1024w, https:\/\/www.amitai.com\/es\/wp-content\/uploads\/2022\/07\/ficha-personal-de-un-trabajador-768x513.jpg 768w\" sizes=\"(max-width: 1240px) 100vw, 1240px\" \/>        <\/a>\n    <\/div>\n    <div class=\"wcp-content-wrap\">\n        <h3>\n            <a class=\"rpc-title\" href=\"https:\/\/www.amitai.com\/es\/gestion-del-conocimiento-base-de-una-organizacion\/\" target=\"_self\">\n                \u00bfC\u00f3mo hacer una ficha personal de un trabajador?            <\/a>\n        <\/h3>\n                <div class=\"wcp-post-contents rpc-content\">\n\n            Conforme aumenta la plantilla del personal de tu empresa, es prioritario que establezcas un archivo con la informaci\u00f3n de tus\n                            <br>\n                <a href=\"https:\/\/www.amitai.com\/es\/gestion-del-conocimiento-base-de-una-organizacion\/\" target=\"_self\" class=\"btn-post\">Leer m\u00e1s<\/a>\n        \n        <\/div>        \n    <\/div>\n<\/div>                <\/div>    \n\n                            <div class=\"slick-slide carousel-item-4902\">\n                    <div class=\"post-style-2 rpc-bg rpc-box\">\n    <div class=\"wcp-img-wrap\">\n        <a href=\"https:\/\/www.amitai.com\/es\/habilidades-digitales-que-contribuyen-al-clima-laboral\/\">\n            <img decoding=\"async\" width=\"1280\" height=\"779\" src=\"https:\/\/www.amitai.com\/es\/wp-content\/uploads\/2022\/06\/habilidades-digitales-clima-laboral.jpg\" class=\"attachment- size- wp-post-image\" alt=\"habilidades digitales\" srcset=\"https:\/\/www.amitai.com\/es\/wp-content\/uploads\/2022\/06\/habilidades-digitales-clima-laboral.jpg 1280w, https:\/\/www.amitai.com\/es\/wp-content\/uploads\/2022\/06\/habilidades-digitales-clima-laboral-300x183.jpg 300w, https:\/\/www.amitai.com\/es\/wp-content\/uploads\/2022\/06\/habilidades-digitales-clima-laboral-1024x623.jpg 1024w, https:\/\/www.amitai.com\/es\/wp-content\/uploads\/2022\/06\/habilidades-digitales-clima-laboral-768x467.jpg 768w\" sizes=\"(max-width: 1280px) 100vw, 1280px\" \/>        <\/a>\n    <\/div>\n    <div class=\"wcp-content-wrap\">\n        <h3>\n            <a class=\"rpc-title\" href=\"https:\/\/www.amitai.com\/es\/habilidades-digitales-que-contribuyen-al-clima-laboral\/\" target=\"_self\">\n                Habilidades digitales que contribuyen al clima laboral            <\/a>\n        <\/h3>\n                <div class=\"wcp-post-contents rpc-content\">\n\n            No cabe la menor duda de que\u00a0la era digital ha cambiado nuestra forma de entender el mundo que nos rodea\n                            <br>\n                <a href=\"https:\/\/www.amitai.com\/es\/habilidades-digitales-que-contribuyen-al-clima-laboral\/\" target=\"_self\" class=\"btn-post\">Leer m\u00e1s<\/a>\n        \n        <\/div>        \n    <\/div>\n<\/div>                <\/div>    \n\n                            <div class=\"slick-slide carousel-item-4907\">\n                    <div class=\"post-style-2 rpc-bg rpc-box\">\n    <div class=\"wcp-img-wrap\">\n        <a href=\"https:\/\/www.amitai.com\/es\/como-crear-equipos-de-alto-rendimiento\/\">\n            <img decoding=\"async\" width=\"1239\" height=\"826\" src=\"https:\/\/www.amitai.com\/es\/wp-content\/uploads\/2022\/07\/Como-crear-equipos-de-alto-rendimiento.jpg\" class=\"attachment- size- wp-post-image\" alt=\"C\u00f3mo crear equipos de alto rendimiento\" srcset=\"https:\/\/www.amitai.com\/es\/wp-content\/uploads\/2022\/07\/Como-crear-equipos-de-alto-rendimiento.jpg 1239w, https:\/\/www.amitai.com\/es\/wp-content\/uploads\/2022\/07\/Como-crear-equipos-de-alto-rendimiento-300x200.jpg 300w, https:\/\/www.amitai.com\/es\/wp-content\/uploads\/2022\/07\/Como-crear-equipos-de-alto-rendimiento-1024x683.jpg 1024w, https:\/\/www.amitai.com\/es\/wp-content\/uploads\/2022\/07\/Como-crear-equipos-de-alto-rendimiento-768x512.jpg 768w\" sizes=\"(max-width: 1239px) 100vw, 1239px\" \/>        <\/a>\n    <\/div>\n    <div class=\"wcp-content-wrap\">\n        <h3>\n            <a class=\"rpc-title\" href=\"https:\/\/www.amitai.com\/es\/como-crear-equipos-de-alto-rendimiento\/\" target=\"_self\">\n                C\u00f3mo crear equipos de alto rendimiento            <\/a>\n        <\/h3>\n                <div class=\"wcp-post-contents rpc-content\">\n\n            Los&nbsp;test de evaluaci\u00f3n de personal&nbsp;son fundamentales para encontrar colaboradores eficientes que logren una conexi\u00f3n con su equipo de trabajo y\n                            <br>\n                <a href=\"https:\/\/www.amitai.com\/es\/como-crear-equipos-de-alto-rendimiento\/\" target=\"_self\" class=\"btn-post\">Leer m\u00e1s<\/a>\n        \n        <\/div>        \n    <\/div>\n<\/div>                <\/div>    \n\n                            <div class=\"slick-slide carousel-item-4895\">\n                    <div class=\"post-style-2 rpc-bg rpc-box\">\n    <div class=\"wcp-img-wrap\">\n        <a href=\"https:\/\/www.amitai.com\/es\/puestos-trabajo-para-mejorar-clima-laboral\/\">\n            <img decoding=\"async\" width=\"1239\" height=\"826\" src=\"https:\/\/www.amitai.com\/es\/wp-content\/uploads\/2022\/07\/Valoracion-de-puestos-de-trabajo-como-herramienta-en-la-mejora-de-clima-laboral.jpg\" class=\"attachment- size- wp-post-image\" alt=\"Valoraci\u00f3n de puestos de trabajo como herramienta en la mejora de clima laboral\" srcset=\"https:\/\/www.amitai.com\/es\/wp-content\/uploads\/2022\/07\/Valoracion-de-puestos-de-trabajo-como-herramienta-en-la-mejora-de-clima-laboral.jpg 1239w, https:\/\/www.amitai.com\/es\/wp-content\/uploads\/2022\/07\/Valoracion-de-puestos-de-trabajo-como-herramienta-en-la-mejora-de-clima-laboral-300x200.jpg 300w, https:\/\/www.amitai.com\/es\/wp-content\/uploads\/2022\/07\/Valoracion-de-puestos-de-trabajo-como-herramienta-en-la-mejora-de-clima-laboral-1024x683.jpg 1024w, https:\/\/www.amitai.com\/es\/wp-content\/uploads\/2022\/07\/Valoracion-de-puestos-de-trabajo-como-herramienta-en-la-mejora-de-clima-laboral-768x512.jpg 768w\" sizes=\"(max-width: 1239px) 100vw, 1239px\" \/>        <\/a>\n    <\/div>\n    <div class=\"wcp-content-wrap\">\n        <h3>\n            <a class=\"rpc-title\" href=\"https:\/\/www.amitai.com\/es\/puestos-trabajo-para-mejorar-clima-laboral\/\" target=\"_self\">\n                Valoraci\u00f3n de puestos de trabajo como herramienta en la mejora de clima laboral            <\/a>\n        <\/h3>\n                <div class=\"wcp-post-contents rpc-content\">\n\n            Un factor determinante en el\u00a0clima laboral\u00a0de cualquier empresa es que sus empleados se sientan valorados. El primer paso para lograrlo\n                            <br>\n                <a href=\"https:\/\/www.amitai.com\/es\/puestos-trabajo-para-mejorar-clima-laboral\/\" target=\"_self\" class=\"btn-post\">Leer m\u00e1s<\/a>\n        \n        <\/div>        \n    <\/div>\n<\/div>                <\/div>    \n\n                            <div class=\"slick-slide carousel-item-4887\">\n                    <div class=\"post-style-2 rpc-bg rpc-box\">\n    <div class=\"wcp-img-wrap\">\n        <a href=\"https:\/\/www.amitai.com\/es\/la-tecnica-pomodoro-para-mejorar-la-productividad\/\">\n            <img decoding=\"async\" width=\"1280\" height=\"786\" src=\"https:\/\/www.amitai.com\/es\/wp-content\/uploads\/2022\/07\/tecnica-pomodoro-clima-organizacional-1.jpg\" class=\"attachment- size- wp-post-image\" alt=\"clima organizacional\" srcset=\"https:\/\/www.amitai.com\/es\/wp-content\/uploads\/2022\/07\/tecnica-pomodoro-clima-organizacional-1.jpg 1280w, https:\/\/www.amitai.com\/es\/wp-content\/uploads\/2022\/07\/tecnica-pomodoro-clima-organizacional-1-300x184.jpg 300w, https:\/\/www.amitai.com\/es\/wp-content\/uploads\/2022\/07\/tecnica-pomodoro-clima-organizacional-1-1024x629.jpg 1024w, https:\/\/www.amitai.com\/es\/wp-content\/uploads\/2022\/07\/tecnica-pomodoro-clima-organizacional-1-768x472.jpg 768w\" sizes=\"(max-width: 1280px) 100vw, 1280px\" \/>        <\/a>\n    <\/div>\n    <div class=\"wcp-content-wrap\">\n        <h3>\n            <a class=\"rpc-title\" href=\"https:\/\/www.amitai.com\/es\/la-tecnica-pomodoro-para-mejorar-la-productividad\/\" target=\"_self\">\n                La t\u00e9cnica Pomodoro para mejorar la productividad            <\/a>\n        <\/h3>\n                <div class=\"wcp-post-contents rpc-content\">\n\n            Hay un mont\u00f3n de empresas y personas trabajando horas extras d\u00eda a d\u00eda. Aunque no lo creas, trabajar de m\u00e1s\n                            <br>\n                <a href=\"https:\/\/www.amitai.com\/es\/la-tecnica-pomodoro-para-mejorar-la-productividad\/\" target=\"_self\" class=\"btn-post\">Leer m\u00e1s<\/a>\n        \n        <\/div>        \n    <\/div>\n<\/div>                <\/div>    \n\n                            <div class=\"slick-slide carousel-item-4888\">\n                    <div class=\"post-style-2 rpc-bg rpc-box\">\n    <div class=\"wcp-img-wrap\">\n        <a href=\"https:\/\/www.amitai.com\/es\/diferencias-etica-empresarial-y-responsabilidad\/\">\n            <img decoding=\"async\" width=\"1240\" height=\"825\" src=\"https:\/\/www.amitai.com\/es\/wp-content\/uploads\/2022\/07\/Diferencias-entre-etica-empresarial-y-responsabilidad-social.jpg\" class=\"attachment- size- wp-post-image\" alt=\"Diferencias entre \u00e9tica empresarial y responsabilidad social\" srcset=\"https:\/\/www.amitai.com\/es\/wp-content\/uploads\/2022\/07\/Diferencias-entre-etica-empresarial-y-responsabilidad-social.jpg 1240w, https:\/\/www.amitai.com\/es\/wp-content\/uploads\/2022\/07\/Diferencias-entre-etica-empresarial-y-responsabilidad-social-300x200.jpg 300w, https:\/\/www.amitai.com\/es\/wp-content\/uploads\/2022\/07\/Diferencias-entre-etica-empresarial-y-responsabilidad-social-1024x681.jpg 1024w, https:\/\/www.amitai.com\/es\/wp-content\/uploads\/2022\/07\/Diferencias-entre-etica-empresarial-y-responsabilidad-social-768x511.jpg 768w\" sizes=\"(max-width: 1240px) 100vw, 1240px\" \/>        <\/a>\n    <\/div>\n    <div class=\"wcp-content-wrap\">\n        <h3>\n            <a class=\"rpc-title\" href=\"https:\/\/www.amitai.com\/es\/diferencias-etica-empresarial-y-responsabilidad\/\" target=\"_self\">\n                Diferencias entre \u00e9tica empresarial y responsabilidad social            <\/a>\n        <\/h3>\n                <div class=\"wcp-post-contents rpc-content\">\n\n            Debido al cambio constante de las estructuras sociales, el concepto de&nbsp;etica empresarial&nbsp;se encuentra ya muy ligado con el de&nbsp;responsabilidad social.\n                            <br>\n                <a href=\"https:\/\/www.amitai.com\/es\/diferencias-etica-empresarial-y-responsabilidad\/\" target=\"_self\" class=\"btn-post\">Leer m\u00e1s<\/a>\n        \n        <\/div>        \n    <\/div>\n<\/div>                <\/div>    \n\n                            <div class=\"slick-slide carousel-item-4866\">\n                    <div class=\"post-style-2 rpc-bg rpc-box\">\n    <div class=\"wcp-img-wrap\">\n        <a href=\"https:\/\/www.amitai.com\/es\/linea-etica-clima-laboral\/\">\n            <img decoding=\"async\" width=\"1279\" height=\"854\" src=\"https:\/\/www.amitai.com\/es\/wp-content\/uploads\/2022\/05\/linea-etica-clima-laboral.jpg\" class=\"attachment- size- wp-post-image\" alt=\"Clima laboral\" srcset=\"https:\/\/www.amitai.com\/es\/wp-content\/uploads\/2022\/05\/linea-etica-clima-laboral.jpg 1279w, https:\/\/www.amitai.com\/es\/wp-content\/uploads\/2022\/05\/linea-etica-clima-laboral-300x200.jpg 300w, https:\/\/www.amitai.com\/es\/wp-content\/uploads\/2022\/05\/linea-etica-clima-laboral-1024x684.jpg 1024w, https:\/\/www.amitai.com\/es\/wp-content\/uploads\/2022\/05\/linea-etica-clima-laboral-768x513.jpg 768w\" sizes=\"(max-width: 1279px) 100vw, 1279px\" \/>        <\/a>\n    <\/div>\n    <div class=\"wcp-content-wrap\">\n        <h3>\n            <a class=\"rpc-title\" href=\"https:\/\/www.amitai.com\/es\/linea-etica-clima-laboral\/\" target=\"_self\">\n                \u00bfTu compa\u00f1\u00eda cuenta con una l\u00ednea \u00e9tica?            <\/a>\n        <\/h3>\n                <div class=\"wcp-post-contents rpc-content\">\n\n            Aunque los\u00a0valores de tu organizaci\u00f3n\u00a0est\u00e9n presentes en todos los procesos y eventos de las que es part\u00edcipe, el\u00a0clima laboral\u00a0de la\n                            <br>\n                <a href=\"https:\/\/www.amitai.com\/es\/linea-etica-clima-laboral\/\" target=\"_self\" class=\"btn-post\">Leer m\u00e1s<\/a>\n        \n        <\/div>        \n    <\/div>\n<\/div>                <\/div>    \n\n                            <div class=\"slick-slide carousel-item-4861\">\n                    <div class=\"post-style-2 rpc-bg rpc-box\">\n    <div class=\"wcp-img-wrap\">\n        <a href=\"https:\/\/www.amitai.com\/es\/fuga-talento-humano-clima-laboral\/\">\n            <img decoding=\"async\" width=\"1280\" height=\"853\" src=\"https:\/\/www.amitai.com\/es\/wp-content\/uploads\/2022\/05\/fuga-talento-humano-clima-laboral.jpg\" class=\"attachment- size- wp-post-image\" alt=\"Clima Laboral\" srcset=\"https:\/\/www.amitai.com\/es\/wp-content\/uploads\/2022\/05\/fuga-talento-humano-clima-laboral.jpg 1280w, https:\/\/www.amitai.com\/es\/wp-content\/uploads\/2022\/05\/fuga-talento-humano-clima-laboral-300x200.jpg 300w, https:\/\/www.amitai.com\/es\/wp-content\/uploads\/2022\/05\/fuga-talento-humano-clima-laboral-1024x682.jpg 1024w, https:\/\/www.amitai.com\/es\/wp-content\/uploads\/2022\/05\/fuga-talento-humano-clima-laboral-768x512.jpg 768w\" sizes=\"(max-width: 1280px) 100vw, 1280px\" \/>        <\/a>\n    <\/div>\n    <div class=\"wcp-content-wrap\">\n        <h3>\n            <a class=\"rpc-title\" href=\"https:\/\/www.amitai.com\/es\/fuga-talento-humano-clima-laboral\/\" target=\"_self\">\n                C\u00f3mo evitar la fuga de talento humano            <\/a>\n        <\/h3>\n                <div class=\"wcp-post-contents rpc-content\">\n\n            El\u00a0clima laboral\u00a0es uno de los factores que m\u00e1s influyen en el buen funcionamiento de cualquier empresa. Entonces, si pretendes que\n                            <br>\n                <a href=\"https:\/\/www.amitai.com\/es\/fuga-talento-humano-clima-laboral\/\" target=\"_self\" class=\"btn-post\">Leer m\u00e1s<\/a>\n        \n        <\/div>        \n    <\/div>\n<\/div>                <\/div>    \n\n                            <div class=\"slick-slide carousel-item-4856\">\n                    <div class=\"post-style-2 rpc-bg rpc-box\">\n    <div class=\"wcp-img-wrap\">\n        <a href=\"https:\/\/www.amitai.com\/es\/tips-denuncia-anonima\/\">\n            <img decoding=\"async\" width=\"1280\" height=\"853\" src=\"https:\/\/www.amitai.com\/es\/wp-content\/uploads\/2022\/05\/tips-denuncia-anonima.jpg\" class=\"attachment- size- wp-post-image\" alt=\"tips de denuncia\" srcset=\"https:\/\/www.amitai.com\/es\/wp-content\/uploads\/2022\/05\/tips-denuncia-anonima.jpg 1280w, https:\/\/www.amitai.com\/es\/wp-content\/uploads\/2022\/05\/tips-denuncia-anonima-300x200.jpg 300w, https:\/\/www.amitai.com\/es\/wp-content\/uploads\/2022\/05\/tips-denuncia-anonima-1024x682.jpg 1024w, https:\/\/www.amitai.com\/es\/wp-content\/uploads\/2022\/05\/tips-denuncia-anonima-768x512.jpg 768w\" sizes=\"(max-width: 1280px) 100vw, 1280px\" \/>        <\/a>\n    <\/div>\n    <div class=\"wcp-content-wrap\">\n        <h3>\n            <a class=\"rpc-title\" href=\"https:\/\/www.amitai.com\/es\/tips-denuncia-anonima\/\" target=\"_self\">\n                Tips para gestionar las denuncias al interior de las organizaciones            <\/a>\n        <\/h3>\n                <div class=\"wcp-post-contents rpc-content\">\n\n            Una&nbsp;denuncia an\u00f3nima&nbsp;consiste en que una persona que ve que alguien hace algo contrario al c\u00f3digo de conducta pide atenci\u00f3n al\n                            <br>\n                <a href=\"https:\/\/www.amitai.com\/es\/tips-denuncia-anonima\/\" target=\"_self\" class=\"btn-post\">Leer m\u00e1s<\/a>\n        \n        <\/div>        \n    <\/div>\n<\/div>                <\/div>    \n\n                            <div class=\"slick-slide carousel-item-4849\">\n                    <div class=\"post-style-2 rpc-bg rpc-box\">\n    <div class=\"wcp-img-wrap\">\n        <a href=\"https:\/\/www.amitai.com\/es\/pruebas-psicometricas-laborales-decisiones\/\">\n            <img decoding=\"async\" width=\"1280\" height=\"853\" src=\"https:\/\/www.amitai.com\/es\/wp-content\/uploads\/2022\/05\/pruebas-psicometricas-laborales-decisiones.jpg\" class=\"attachment- size- wp-post-image\" alt=\"Pruebas psicometricas\" srcset=\"https:\/\/www.amitai.com\/es\/wp-content\/uploads\/2022\/05\/pruebas-psicometricas-laborales-decisiones.jpg 1280w, https:\/\/www.amitai.com\/es\/wp-content\/uploads\/2022\/05\/pruebas-psicometricas-laborales-decisiones-300x200.jpg 300w, https:\/\/www.amitai.com\/es\/wp-content\/uploads\/2022\/05\/pruebas-psicometricas-laborales-decisiones-1024x682.jpg 1024w, https:\/\/www.amitai.com\/es\/wp-content\/uploads\/2022\/05\/pruebas-psicometricas-laborales-decisiones-768x512.jpg 768w\" sizes=\"(max-width: 1280px) 100vw, 1280px\" \/>        <\/a>\n    <\/div>\n    <div class=\"wcp-content-wrap\">\n        <h3>\n            <a class=\"rpc-title\" href=\"https:\/\/www.amitai.com\/es\/pruebas-psicometricas-laborales-decisiones\/\" target=\"_self\">\n                Pruebas psicom\u00e9tricas como herramienta en la toma de decisiones            <\/a>\n        <\/h3>\n                <div class=\"wcp-post-contents rpc-content\">\n\n            Las organizaciones emplean, cada vez m\u00e1s, las&nbsp;pruebas psicometricas laborales&nbsp;en los procesos de selecci\u00f3n de los nuevos colaboradores. Pues la entrevista\n                            <br>\n                <a href=\"https:\/\/www.amitai.com\/es\/pruebas-psicometricas-laborales-decisiones\/\" target=\"_self\" class=\"btn-post\">Leer m\u00e1s<\/a>\n        \n        <\/div>        \n    <\/div>\n<\/div>                <\/div>    \n\n                            <div class=\"slick-slide carousel-item-4841\">\n                    <div class=\"post-style-2 rpc-bg rpc-box\">\n    <div class=\"wcp-img-wrap\">\n        <a href=\"https:\/\/www.amitai.com\/es\/coaching-empresarial-clima-laboral\/\">\n            <img decoding=\"async\" width=\"1280\" height=\"851\" src=\"https:\/\/www.amitai.com\/es\/wp-content\/uploads\/2022\/05\/coaching-empresarial-clima-laboral.jpg\" class=\"attachment- size- wp-post-image\" alt=\"Coaching empresarial\" srcset=\"https:\/\/www.amitai.com\/es\/wp-content\/uploads\/2022\/05\/coaching-empresarial-clima-laboral.jpg 1280w, https:\/\/www.amitai.com\/es\/wp-content\/uploads\/2022\/05\/coaching-empresarial-clima-laboral-300x199.jpg 300w, https:\/\/www.amitai.com\/es\/wp-content\/uploads\/2022\/05\/coaching-empresarial-clima-laboral-1024x681.jpg 1024w, https:\/\/www.amitai.com\/es\/wp-content\/uploads\/2022\/05\/coaching-empresarial-clima-laboral-768x511.jpg 768w\" sizes=\"(max-width: 1280px) 100vw, 1280px\" \/>        <\/a>\n    <\/div>\n    <div class=\"wcp-content-wrap\">\n        <h3>\n            <a class=\"rpc-title\" href=\"https:\/\/www.amitai.com\/es\/coaching-empresarial-clima-laboral\/\" target=\"_self\">\n                5 usos efectivos del coaching empresarial            <\/a>\n        <\/h3>\n                <div class=\"wcp-post-contents rpc-content\">\n\n            Debido a los continuos cambios empresariales que se han dado en los \u00faltimos a\u00f1os, muchas empresas se han visto obligadas\n                            <br>\n                <a href=\"https:\/\/www.amitai.com\/es\/coaching-empresarial-clima-laboral\/\" target=\"_self\" class=\"btn-post\">Leer m\u00e1s<\/a>\n        \n        <\/div>        \n    <\/div>\n<\/div>                <\/div>    \n\n                            <div class=\"slick-slide carousel-item-4825\">\n                    <div class=\"post-style-2 rpc-bg rpc-box\">\n    <div class=\"wcp-img-wrap\">\n        <a href=\"https:\/\/www.amitai.com\/es\/modelo-kanban-gestion-del-conocimiento\/\">\n            <img decoding=\"async\" width=\"1280\" height=\"848\" src=\"https:\/\/www.amitai.com\/es\/wp-content\/uploads\/2022\/05\/modelo-kanban-gestion-del-conocimiento.jpg\" class=\"attachment- size- wp-post-image\" alt=\"Modelo Kanban\" srcset=\"https:\/\/www.amitai.com\/es\/wp-content\/uploads\/2022\/05\/modelo-kanban-gestion-del-conocimiento.jpg 1280w, https:\/\/www.amitai.com\/es\/wp-content\/uploads\/2022\/05\/modelo-kanban-gestion-del-conocimiento-300x199.jpg 300w, https:\/\/www.amitai.com\/es\/wp-content\/uploads\/2022\/05\/modelo-kanban-gestion-del-conocimiento-1024x678.jpg 1024w, https:\/\/www.amitai.com\/es\/wp-content\/uploads\/2022\/05\/modelo-kanban-gestion-del-conocimiento-768x509.jpg 768w\" sizes=\"(max-width: 1280px) 100vw, 1280px\" \/>        <\/a>\n    <\/div>\n    <div class=\"wcp-content-wrap\">\n        <h3>\n            <a class=\"rpc-title\" href=\"https:\/\/www.amitai.com\/es\/modelo-kanban-gestion-del-conocimiento\/\" target=\"_self\">\n                Modelo Kanban para la gesti\u00f3n del trabajo            <\/a>\n        <\/h3>\n                <div class=\"wcp-post-contents rpc-content\">\n\n            El&nbsp;modelo Kanban&nbsp;se ha posicionado como uno de los m\u00e9todos m\u00e1s \u00fatiles y populares para el trabajo. Consiste en organizar visualmente\n                            <br>\n                <a href=\"https:\/\/www.amitai.com\/es\/modelo-kanban-gestion-del-conocimiento\/\" target=\"_self\" class=\"btn-post\">Leer m\u00e1s<\/a>\n        \n        <\/div>        \n    <\/div>\n<\/div>                <\/div>    \n\n                            <div class=\"slick-slide carousel-item-4816\">\n                    <div class=\"post-style-2 rpc-bg rpc-box\">\n    <div class=\"wcp-img-wrap\">\n        <a href=\"https:\/\/www.amitai.com\/es\/scrum-mejorar-clima-laboral\/\">\n            <img decoding=\"async\" width=\"1280\" height=\"854\" src=\"https:\/\/www.amitai.com\/es\/wp-content\/uploads\/2022\/05\/scrum-mejorar-clima-laboral.jpg\" class=\"attachment- size- wp-post-image\" alt=\"Clima Laboral\" srcset=\"https:\/\/www.amitai.com\/es\/wp-content\/uploads\/2022\/05\/scrum-mejorar-clima-laboral.jpg 1280w, https:\/\/www.amitai.com\/es\/wp-content\/uploads\/2022\/05\/scrum-mejorar-clima-laboral-300x200.jpg 300w, https:\/\/www.amitai.com\/es\/wp-content\/uploads\/2022\/05\/scrum-mejorar-clima-laboral-1024x683.jpg 1024w, https:\/\/www.amitai.com\/es\/wp-content\/uploads\/2022\/05\/scrum-mejorar-clima-laboral-768x512.jpg 768w\" sizes=\"(max-width: 1280px) 100vw, 1280px\" \/>        <\/a>\n    <\/div>\n    <div class=\"wcp-content-wrap\">\n        <h3>\n            <a class=\"rpc-title\" href=\"https:\/\/www.amitai.com\/es\/scrum-mejorar-clima-laboral\/\" target=\"_self\">\n                Scrum como metodolog\u00eda de trabajo            <\/a>\n        <\/h3>\n                <div class=\"wcp-post-contents rpc-content\">\n\n            Existen muchas metodolog\u00edas para gestionar proyectos y maximizar el rendimiento del equipo de trabajo. Sin embargo, que una metodolog\u00eda u\n                            <br>\n                <a href=\"https:\/\/www.amitai.com\/es\/scrum-mejorar-clima-laboral\/\" target=\"_self\" class=\"btn-post\">Leer m\u00e1s<\/a>\n        \n        <\/div>        \n    <\/div>\n<\/div>                <\/div>    \n\n                            <div class=\"slick-slide carousel-item-4809\">\n                    <div class=\"post-style-2 rpc-bg rpc-box\">\n    <div class=\"wcp-img-wrap\">\n        <a href=\"https:\/\/www.amitai.com\/es\/clima-organizacional-soft-skills\/\">\n            <img decoding=\"async\" width=\"1280\" height=\"853\" src=\"https:\/\/www.amitai.com\/es\/wp-content\/uploads\/2022\/05\/clima-organizacional-soft-skills-1.jpg\" class=\"attachment- size- wp-post-image\" alt=\"Soft Skills\" srcset=\"https:\/\/www.amitai.com\/es\/wp-content\/uploads\/2022\/05\/clima-organizacional-soft-skills-1.jpg 1280w, https:\/\/www.amitai.com\/es\/wp-content\/uploads\/2022\/05\/clima-organizacional-soft-skills-1-300x200.jpg 300w, https:\/\/www.amitai.com\/es\/wp-content\/uploads\/2022\/05\/clima-organizacional-soft-skills-1-1024x682.jpg 1024w, https:\/\/www.amitai.com\/es\/wp-content\/uploads\/2022\/05\/clima-organizacional-soft-skills-1-768x512.jpg 768w\" sizes=\"(max-width: 1280px) 100vw, 1280px\" \/>        <\/a>\n    <\/div>\n    <div class=\"wcp-content-wrap\">\n        <h3>\n            <a class=\"rpc-title\" href=\"https:\/\/www.amitai.com\/es\/clima-organizacional-soft-skills\/\" target=\"_self\">\n                C\u00f3mo desarrollar las Soft Skills            <\/a>\n        <\/h3>\n                <div class=\"wcp-post-contents rpc-content\">\n\n            Al&nbsp;clima organizacional&nbsp;lo hacemos todos los miembros de una empresa. Es por eso que, si queremos tener un buen ambiente, es\n                            <br>\n                <a href=\"https:\/\/www.amitai.com\/es\/clima-organizacional-soft-skills\/\" target=\"_self\" class=\"btn-post\">Leer m\u00e1s<\/a>\n        \n        <\/div>        \n    <\/div>\n<\/div>                <\/div>    \n\n                            <div class=\"slick-slide carousel-item-4772\">\n                    <div class=\"post-style-2 rpc-bg rpc-box\">\n    <div class=\"wcp-img-wrap\">\n        <a href=\"https:\/\/www.amitai.com\/es\/como-ser-mejor-lider-empresarial\/\">\n            <img decoding=\"async\" width=\"1280\" height=\"853\" src=\"https:\/\/www.amitai.com\/es\/wp-content\/uploads\/2022\/04\/lider-empresarial.jpg\" class=\"attachment- size- wp-post-image\" alt=\"C\u00f3mo ser mejor lider empresarial\" srcset=\"https:\/\/www.amitai.com\/es\/wp-content\/uploads\/2022\/04\/lider-empresarial.jpg 1280w, https:\/\/www.amitai.com\/es\/wp-content\/uploads\/2022\/04\/lider-empresarial-300x200.jpg 300w, https:\/\/www.amitai.com\/es\/wp-content\/uploads\/2022\/04\/lider-empresarial-1024x682.jpg 1024w, https:\/\/www.amitai.com\/es\/wp-content\/uploads\/2022\/04\/lider-empresarial-768x512.jpg 768w\" sizes=\"(max-width: 1280px) 100vw, 1280px\" \/>        <\/a>\n    <\/div>\n    <div class=\"wcp-content-wrap\">\n        <h3>\n            <a class=\"rpc-title\" href=\"https:\/\/www.amitai.com\/es\/como-ser-mejor-lider-empresarial\/\" target=\"_self\">\n                C\u00f3mo ser mejor lider empresarial            <\/a>\n        <\/h3>\n                <div class=\"wcp-post-contents rpc-content\">\n\n            Con la salida al mercado del libro\u00a0\u201cEl juego infinito, \u00bfsabes a qu\u00e9 est\u00e1s jugando?\u201d de Simon Sinek,\u00a0experto en\u00a0liderazgo y comunicaci\u00f3n\n                            <br>\n                <a href=\"https:\/\/www.amitai.com\/es\/como-ser-mejor-lider-empresarial\/\" target=\"_self\" class=\"btn-post\">Leer m\u00e1s<\/a>\n        \n        <\/div>        \n    <\/div>\n<\/div>                <\/div>    \n\n                            <div class=\"slick-slide carousel-item-4732\">\n                    <div class=\"post-style-2 rpc-bg rpc-box\">\n    <div class=\"wcp-img-wrap\">\n        <a href=\"https:\/\/www.amitai.com\/es\/design-thinking-y-como-implementarlo\/\">\n            <img decoding=\"async\" width=\"1280\" height=\"853\" src=\"https:\/\/www.amitai.com\/es\/wp-content\/uploads\/2022\/04\/Design-thinking-y-como-implementarlo-en-tu-equipo-de-trabajo.jpg\" class=\"attachment- size- wp-post-image\" alt=\"Design thinking y c\u00f3mo implementarlo en tu equipo de trabajo\" srcset=\"https:\/\/www.amitai.com\/es\/wp-content\/uploads\/2022\/04\/Design-thinking-y-como-implementarlo-en-tu-equipo-de-trabajo.jpg 1280w, https:\/\/www.amitai.com\/es\/wp-content\/uploads\/2022\/04\/Design-thinking-y-como-implementarlo-en-tu-equipo-de-trabajo-300x200.jpg 300w, https:\/\/www.amitai.com\/es\/wp-content\/uploads\/2022\/04\/Design-thinking-y-como-implementarlo-en-tu-equipo-de-trabajo-1024x682.jpg 1024w, https:\/\/www.amitai.com\/es\/wp-content\/uploads\/2022\/04\/Design-thinking-y-como-implementarlo-en-tu-equipo-de-trabajo-768x512.jpg 768w\" sizes=\"(max-width: 1280px) 100vw, 1280px\" \/>        <\/a>\n    <\/div>\n    <div class=\"wcp-content-wrap\">\n        <h3>\n            <a class=\"rpc-title\" href=\"https:\/\/www.amitai.com\/es\/design-thinking-y-como-implementarlo\/\" target=\"_self\">\n                Qu\u00e9 es el Design Thinking y c\u00f3mo implementarlo en tu equipo de trabajo            <\/a>\n        <\/h3>\n                <div class=\"wcp-post-contents rpc-content\">\n\n            En principio, el\u00a0Design Thinking, como su traducci\u00f3n lo indica, hace referencia a la idea del \u00abPensamiento de Dise\u00f1o\u00bb. Se trata\n                            <br>\n                <a href=\"https:\/\/www.amitai.com\/es\/design-thinking-y-como-implementarlo\/\" target=\"_self\" class=\"btn-post\">Leer m\u00e1s<\/a>\n        \n        <\/div>        \n    <\/div>\n<\/div>                <\/div>    \n\n                            <div class=\"slick-slide carousel-item-4727\">\n                    <div class=\"post-style-2 rpc-bg rpc-box\">\n    <div class=\"wcp-img-wrap\">\n        <a href=\"https:\/\/www.amitai.com\/es\/incentiva-la-creatividad-equipo-de-trabajo\/\">\n            <img decoding=\"async\" width=\"1280\" height=\"873\" src=\"https:\/\/www.amitai.com\/es\/wp-content\/uploads\/2022\/04\/incentiva-la-creatividad-en-tu-equipo-de-trabajo.jpg\" class=\"attachment- size- wp-post-image\" alt=\"incentiva la creatividad en tu equipo de trabajo\" srcset=\"https:\/\/www.amitai.com\/es\/wp-content\/uploads\/2022\/04\/incentiva-la-creatividad-en-tu-equipo-de-trabajo.jpg 1280w, https:\/\/www.amitai.com\/es\/wp-content\/uploads\/2022\/04\/incentiva-la-creatividad-en-tu-equipo-de-trabajo-300x205.jpg 300w, https:\/\/www.amitai.com\/es\/wp-content\/uploads\/2022\/04\/incentiva-la-creatividad-en-tu-equipo-de-trabajo-1024x698.jpg 1024w, https:\/\/www.amitai.com\/es\/wp-content\/uploads\/2022\/04\/incentiva-la-creatividad-en-tu-equipo-de-trabajo-768x524.jpg 768w\" sizes=\"(max-width: 1280px) 100vw, 1280px\" \/>        <\/a>\n    <\/div>\n    <div class=\"wcp-content-wrap\">\n        <h3>\n            <a class=\"rpc-title\" href=\"https:\/\/www.amitai.com\/es\/incentiva-la-creatividad-equipo-de-trabajo\/\" target=\"_self\">\n                Incentiva la creatividad en tu equipo de trabajo. T\u00e9cnica de los 6 sombreros            <\/a>\n        <\/h3>\n                <div class=\"wcp-post-contents rpc-content\">\n\n            Para integrar las ideas de un debate es preciso que lleves a cabo una buena\u00a0gesti\u00f3n del conocimiento, esto se puede\n                            <br>\n                <a href=\"https:\/\/www.amitai.com\/es\/incentiva-la-creatividad-equipo-de-trabajo\/\" target=\"_self\" class=\"btn-post\">Leer m\u00e1s<\/a>\n        \n        <\/div>        \n    <\/div>\n<\/div>                <\/div>    \n\n                            <div class=\"slick-slide carousel-item-4722\">\n                    <div class=\"post-style-2 rpc-bg rpc-box\">\n    <div class=\"wcp-img-wrap\">\n        <a href=\"https:\/\/www.amitai.com\/es\/tips-para-la-resolucion-de-conflictos\/\">\n            <img decoding=\"async\" width=\"1280\" height=\"853\" src=\"https:\/\/www.amitai.com\/es\/wp-content\/uploads\/2022\/04\/tips-para-la-resolucion-de-conflictos.jpg\" class=\"attachment- size- wp-post-image\" alt=\"tips para la resoluci\u00f3n de conflictos\" srcset=\"https:\/\/www.amitai.com\/es\/wp-content\/uploads\/2022\/04\/tips-para-la-resolucion-de-conflictos.jpg 1280w, https:\/\/www.amitai.com\/es\/wp-content\/uploads\/2022\/04\/tips-para-la-resolucion-de-conflictos-300x200.jpg 300w, https:\/\/www.amitai.com\/es\/wp-content\/uploads\/2022\/04\/tips-para-la-resolucion-de-conflictos-1024x682.jpg 1024w, https:\/\/www.amitai.com\/es\/wp-content\/uploads\/2022\/04\/tips-para-la-resolucion-de-conflictos-768x512.jpg 768w\" sizes=\"(max-width: 1280px) 100vw, 1280px\" \/>        <\/a>\n    <\/div>\n    <div class=\"wcp-content-wrap\">\n        <h3>\n            <a class=\"rpc-title\" href=\"https:\/\/www.amitai.com\/es\/tips-para-la-resolucion-de-conflictos\/\" target=\"_self\">\n                Tips para la resoluci\u00f3n de conflictos            <\/a>\n        <\/h3>\n                <div class=\"wcp-post-contents rpc-content\">\n\n            Establecer un excelente\u00a0clima organizacional\u00a0es crucial para el \u00e9xito de una empresa. Un conflicto entre los integrantes no solo puede afectar\n                            <br>\n                <a href=\"https:\/\/www.amitai.com\/es\/tips-para-la-resolucion-de-conflictos\/\" target=\"_self\" class=\"btn-post\">Leer m\u00e1s<\/a>\n        \n        <\/div>        \n    <\/div>\n<\/div>                <\/div>    \n\n                            <div class=\"slick-slide carousel-item-4718\">\n                    <div class=\"post-style-2 rpc-bg rpc-box\">\n    <div class=\"wcp-img-wrap\">\n        <a href=\"https:\/\/www.amitai.com\/es\/que-es-la-edco-y-que-mide\/\">\n            <img decoding=\"async\" width=\"1280\" height=\"853\" src=\"https:\/\/www.amitai.com\/es\/wp-content\/uploads\/2022\/04\/que-es-la-edco-y-que-mide.jpg\" class=\"attachment- size- wp-post-image\" alt=\"que es la edco y que mide\" srcset=\"https:\/\/www.amitai.com\/es\/wp-content\/uploads\/2022\/04\/que-es-la-edco-y-que-mide.jpg 1280w, https:\/\/www.amitai.com\/es\/wp-content\/uploads\/2022\/04\/que-es-la-edco-y-que-mide-300x200.jpg 300w, https:\/\/www.amitai.com\/es\/wp-content\/uploads\/2022\/04\/que-es-la-edco-y-que-mide-1024x682.jpg 1024w, https:\/\/www.amitai.com\/es\/wp-content\/uploads\/2022\/04\/que-es-la-edco-y-que-mide-768x512.jpg 768w\" sizes=\"(max-width: 1280px) 100vw, 1280px\" \/>        <\/a>\n    <\/div>\n    <div class=\"wcp-content-wrap\">\n        <h3>\n            <a class=\"rpc-title\" href=\"https:\/\/www.amitai.com\/es\/que-es-la-edco-y-que-mide\/\" target=\"_self\">\n                \u00bfQu\u00e9 es la EDCO y qu\u00e9 mide?            <\/a>\n        <\/h3>\n                <div class=\"wcp-post-contents rpc-content\">\n\n            La EDCO es el acr\u00f3nimo de\u00a0Escala de Clima Organizacional, y se define como el\u00a0conjunto de percepciones\u00a0de todo el grupo de\n                            <br>\n                <a href=\"https:\/\/www.amitai.com\/es\/que-es-la-edco-y-que-mide\/\" target=\"_self\" class=\"btn-post\">Leer m\u00e1s<\/a>\n        \n        <\/div>        \n    <\/div>\n<\/div>                <\/div>    \n\n                            <div class=\"slick-slide carousel-item-4768\">\n                    <div class=\"post-style-2 rpc-bg rpc-box\">\n    <div class=\"wcp-img-wrap\">\n        <a href=\"https:\/\/www.amitai.com\/es\/que-tipo-de-lider-eres\/\">\n            <img decoding=\"async\" width=\"1280\" height=\"853\" src=\"https:\/\/www.amitai.com\/es\/wp-content\/uploads\/2022\/04\/lider.jpg\" class=\"attachment- size- wp-post-image\" alt=\"Qu\u00e9 tipo de l\u00edder eres\" srcset=\"https:\/\/www.amitai.com\/es\/wp-content\/uploads\/2022\/04\/lider.jpg 1280w, https:\/\/www.amitai.com\/es\/wp-content\/uploads\/2022\/04\/lider-300x200.jpg 300w, https:\/\/www.amitai.com\/es\/wp-content\/uploads\/2022\/04\/lider-1024x682.jpg 1024w, https:\/\/www.amitai.com\/es\/wp-content\/uploads\/2022\/04\/lider-768x512.jpg 768w\" sizes=\"(max-width: 1280px) 100vw, 1280px\" \/>        <\/a>\n    <\/div>\n    <div class=\"wcp-content-wrap\">\n        <h3>\n            <a class=\"rpc-title\" href=\"https:\/\/www.amitai.com\/es\/que-tipo-de-lider-eres\/\" target=\"_self\">\n                Qu\u00e9 tipo de l\u00edder eres            <\/a>\n        <\/h3>\n                <div class=\"wcp-post-contents rpc-content\">\n\n            En el \u00e1mbito empresarial, el&nbsp;concepto de liderazgo&nbsp;tambi\u00e9n ha cambiado, puesto que, quien dirige a un grupo debe de poseer diversas\n                            <br>\n                <a href=\"https:\/\/www.amitai.com\/es\/que-tipo-de-lider-eres\/\" target=\"_self\" class=\"btn-post\">Leer m\u00e1s<\/a>\n        \n        <\/div>        \n    <\/div>\n<\/div>                <\/div>    \n\n                            <div class=\"slick-slide carousel-item-4762\">\n                    <div class=\"post-style-2 rpc-bg rpc-box\">\n    <div class=\"wcp-img-wrap\">\n        <a href=\"https:\/\/www.amitai.com\/es\/como-aumentar-la-motivacion-en-los-empleados\/\">\n            <img decoding=\"async\" width=\"1280\" height=\"853\" src=\"https:\/\/www.amitai.com\/es\/wp-content\/uploads\/2022\/04\/motivacion-en-los-empleados.jpg\" class=\"attachment- size- wp-post-image\" alt=\"C\u00f3mo aumentar la motivaci\u00f3n en los empleados\" srcset=\"https:\/\/www.amitai.com\/es\/wp-content\/uploads\/2022\/04\/motivacion-en-los-empleados.jpg 1280w, https:\/\/www.amitai.com\/es\/wp-content\/uploads\/2022\/04\/motivacion-en-los-empleados-300x200.jpg 300w, https:\/\/www.amitai.com\/es\/wp-content\/uploads\/2022\/04\/motivacion-en-los-empleados-1024x682.jpg 1024w, https:\/\/www.amitai.com\/es\/wp-content\/uploads\/2022\/04\/motivacion-en-los-empleados-768x512.jpg 768w\" sizes=\"(max-width: 1280px) 100vw, 1280px\" \/>        <\/a>\n    <\/div>\n    <div class=\"wcp-content-wrap\">\n        <h3>\n            <a class=\"rpc-title\" href=\"https:\/\/www.amitai.com\/es\/como-aumentar-la-motivacion-en-los-empleados\/\" target=\"_self\">\n                C\u00f3mo aumentar la motivaci\u00f3n en los empleados            <\/a>\n        <\/h3>\n                <div class=\"wcp-post-contents rpc-content\">\n\n            El\u00a0recurso m\u00e1s fundamental\u00a0de las organizaciones son sus empleados, dec\u00eda Richard Branson, empresario ingl\u00e9s, que\u00a0&#8220;Lo primero son los empleados, si cuidas\n                            <br>\n                <a href=\"https:\/\/www.amitai.com\/es\/como-aumentar-la-motivacion-en-los-empleados\/\" target=\"_self\" class=\"btn-post\">Leer m\u00e1s<\/a>\n        \n        <\/div>        \n    <\/div>\n<\/div>                <\/div>    \n\n                            <div class=\"slick-slide carousel-item-4756\">\n                    <div class=\"post-style-2 rpc-bg rpc-box\">\n    <div class=\"wcp-img-wrap\">\n        <a href=\"https:\/\/www.amitai.com\/es\/la-guia-definitiva-para-crear-el-manual-de-procesos\/\">\n            <img decoding=\"async\" width=\"1280\" height=\"853\" src=\"https:\/\/www.amitai.com\/es\/wp-content\/uploads\/2022\/04\/manual-de-procesos.jpg\" class=\"attachment- size- wp-post-image\" alt=\"manual de procesos\" srcset=\"https:\/\/www.amitai.com\/es\/wp-content\/uploads\/2022\/04\/manual-de-procesos.jpg 1280w, https:\/\/www.amitai.com\/es\/wp-content\/uploads\/2022\/04\/manual-de-procesos-300x200.jpg 300w, https:\/\/www.amitai.com\/es\/wp-content\/uploads\/2022\/04\/manual-de-procesos-1024x682.jpg 1024w, https:\/\/www.amitai.com\/es\/wp-content\/uploads\/2022\/04\/manual-de-procesos-768x512.jpg 768w\" sizes=\"(max-width: 1280px) 100vw, 1280px\" \/>        <\/a>\n    <\/div>\n    <div class=\"wcp-content-wrap\">\n        <h3>\n            <a class=\"rpc-title\" href=\"https:\/\/www.amitai.com\/es\/la-guia-definitiva-para-crear-el-manual-de-procesos\/\" target=\"_self\">\n                La gu\u00eda definitiva para crear el manual de procesos            <\/a>\n        <\/h3>\n                <div class=\"wcp-post-contents rpc-content\">\n\n            La\u00a0gesti\u00f3n del conocimiento\u00a0en las organizaciones son todos los procesos, actividades, experiencias, ense\u00f1anzas, aprendizajes y retroalimentaci\u00f3n que se brinda en determinados\n                            <br>\n                <a href=\"https:\/\/www.amitai.com\/es\/la-guia-definitiva-para-crear-el-manual-de-procesos\/\" target=\"_self\" class=\"btn-post\">Leer m\u00e1s<\/a>\n        \n        <\/div>        \n    <\/div>\n<\/div>                <\/div>    \n\n                            <div class=\"slick-slide carousel-item-4702\">\n                    <div class=\"post-style-2 rpc-bg rpc-box\">\n    <div class=\"wcp-img-wrap\">\n        <a href=\"https:\/\/www.amitai.com\/es\/integracion-en-las-organizaciones-romper-monotonia\/\">\n            <img decoding=\"async\" width=\"1920\" height=\"1339\" src=\"https:\/\/www.amitai.com\/es\/wp-content\/uploads\/2022\/03\/integracion-en-las-organizaciones-romper-monotonia.jpg\" class=\"attachment- size- wp-post-image\" alt=\"Actividades de integraci\u00f3n en las organizaciones; como romper la monoton\u00eda presencial- virtual\" srcset=\"https:\/\/www.amitai.com\/es\/wp-content\/uploads\/2022\/03\/integracion-en-las-organizaciones-romper-monotonia.jpg 1920w, https:\/\/www.amitai.com\/es\/wp-content\/uploads\/2022\/03\/integracion-en-las-organizaciones-romper-monotonia-300x209.jpg 300w, https:\/\/www.amitai.com\/es\/wp-content\/uploads\/2022\/03\/integracion-en-las-organizaciones-romper-monotonia-1024x714.jpg 1024w, https:\/\/www.amitai.com\/es\/wp-content\/uploads\/2022\/03\/integracion-en-las-organizaciones-romper-monotonia-768x536.jpg 768w, https:\/\/www.amitai.com\/es\/wp-content\/uploads\/2022\/03\/integracion-en-las-organizaciones-romper-monotonia-1536x1071.jpg 1536w\" sizes=\"(max-width: 1920px) 100vw, 1920px\" \/>        <\/a>\n    <\/div>\n    <div class=\"wcp-content-wrap\">\n        <h3>\n            <a class=\"rpc-title\" href=\"https:\/\/www.amitai.com\/es\/integracion-en-las-organizaciones-romper-monotonia\/\" target=\"_self\">\n                Actividades de integraci\u00f3n en las organizaciones; como romper la monoton\u00eda presencial- virtual            <\/a>\n        <\/h3>\n                <div class=\"wcp-post-contents rpc-content\">\n\n            Los cambios vividos en los \u00faltimos a\u00f1os han empujado a las empresas a reestructurar la forma de trabajar. Ha sido\n                            <br>\n                <a href=\"https:\/\/www.amitai.com\/es\/integracion-en-las-organizaciones-romper-monotonia\/\" target=\"_self\" class=\"btn-post\">Leer m\u00e1s<\/a>\n        \n        <\/div>        \n    <\/div>\n<\/div>                <\/div>    \n\n                            <div class=\"slick-slide carousel-item-4696\">\n                    <div class=\"post-style-2 rpc-bg rpc-box\">\n    <div class=\"wcp-img-wrap\">\n        <a href=\"https:\/\/www.amitai.com\/es\/clima-organizacional-cultura-organizacional-empresas\/\">\n            <img decoding=\"async\" width=\"1920\" height=\"1281\" src=\"https:\/\/www.amitai.com\/es\/wp-content\/uploads\/2022\/03\/clima-organizacional-cultura-organizacional-empresas.jpg\" class=\"attachment- size- wp-post-image\" alt=\"Tipos de cultura organizacional en las empresas\" srcset=\"https:\/\/www.amitai.com\/es\/wp-content\/uploads\/2022\/03\/clima-organizacional-cultura-organizacional-empresas.jpg 1920w, https:\/\/www.amitai.com\/es\/wp-content\/uploads\/2022\/03\/clima-organizacional-cultura-organizacional-empresas-300x200.jpg 300w, https:\/\/www.amitai.com\/es\/wp-content\/uploads\/2022\/03\/clima-organizacional-cultura-organizacional-empresas-1024x683.jpg 1024w, https:\/\/www.amitai.com\/es\/wp-content\/uploads\/2022\/03\/clima-organizacional-cultura-organizacional-empresas-768x512.jpg 768w, https:\/\/www.amitai.com\/es\/wp-content\/uploads\/2022\/03\/clima-organizacional-cultura-organizacional-empresas-1536x1025.jpg 1536w\" sizes=\"(max-width: 1920px) 100vw, 1920px\" \/>        <\/a>\n    <\/div>\n    <div class=\"wcp-content-wrap\">\n        <h3>\n            <a class=\"rpc-title\" href=\"https:\/\/www.amitai.com\/es\/clima-organizacional-cultura-organizacional-empresas\/\" target=\"_self\">\n                Tipos de cultura organizacional en las empresas            <\/a>\n        <\/h3>\n                <div class=\"wcp-post-contents rpc-content\">\n\n            El\u00a0clima organizacional\u00a0se concreta a partir de los procesos de socializaci\u00f3n que ocurren dentro de la organizaci\u00f3n. En este intervienen aspectos\n                            <br>\n                <a href=\"https:\/\/www.amitai.com\/es\/clima-organizacional-cultura-organizacional-empresas\/\" target=\"_self\" class=\"btn-post\">Leer m\u00e1s<\/a>\n        \n        <\/div>        \n    <\/div>\n<\/div>                <\/div>    \n\n                            <div class=\"slick-slide carousel-item-4691\">\n                    <div class=\"post-style-2 rpc-bg rpc-box\">\n    <div class=\"wcp-img-wrap\">\n        <a href=\"https:\/\/www.amitai.com\/es\/valoracion-de-competencias-comprimiso-teletrabajo\/\">\n            <img decoding=\"async\" width=\"1920\" height=\"1436\" src=\"https:\/\/www.amitai.com\/es\/wp-content\/uploads\/2022\/03\/valoracion-de-competencias-comprimiso-teletrabajo.jpg\" class=\"attachment- size- wp-post-image\" alt=\"\u00bfC\u00f3mo establecer compromiso en los trabajadores sin exceder su jornada laboral en el teletrabajo?\" srcset=\"https:\/\/www.amitai.com\/es\/wp-content\/uploads\/2022\/03\/valoracion-de-competencias-comprimiso-teletrabajo.jpg 1920w, https:\/\/www.amitai.com\/es\/wp-content\/uploads\/2022\/03\/valoracion-de-competencias-comprimiso-teletrabajo-300x224.jpg 300w, https:\/\/www.amitai.com\/es\/wp-content\/uploads\/2022\/03\/valoracion-de-competencias-comprimiso-teletrabajo-1024x766.jpg 1024w, https:\/\/www.amitai.com\/es\/wp-content\/uploads\/2022\/03\/valoracion-de-competencias-comprimiso-teletrabajo-768x574.jpg 768w, https:\/\/www.amitai.com\/es\/wp-content\/uploads\/2022\/03\/valoracion-de-competencias-comprimiso-teletrabajo-1536x1149.jpg 1536w\" sizes=\"(max-width: 1920px) 100vw, 1920px\" \/>        <\/a>\n    <\/div>\n    <div class=\"wcp-content-wrap\">\n        <h3>\n            <a class=\"rpc-title\" href=\"https:\/\/www.amitai.com\/es\/valoracion-de-competencias-comprimiso-teletrabajo\/\" target=\"_self\">\n                \u00bfC\u00f3mo establecer compromiso en los trabajadores sin exceder su jornada laboral en el teletrabajo?            <\/a>\n        <\/h3>\n                <div class=\"wcp-post-contents rpc-content\">\n\n            El cambio es un factor determinante para las organizaciones, comprende la evoluci\u00f3n de la&nbsp;valoraci\u00f3n de competencias,&nbsp;habilidades laborales&nbsp;y el&nbsp;clima organizacional. La\n                            <br>\n                <a href=\"https:\/\/www.amitai.com\/es\/valoracion-de-competencias-comprimiso-teletrabajo\/\" target=\"_self\" class=\"btn-post\">Leer m\u00e1s<\/a>\n        \n        <\/div>        \n    <\/div>\n<\/div>                <\/div>    \n\n                            <div class=\"slick-slide carousel-item-4686\">\n                    <div class=\"post-style-2 rpc-bg rpc-box\">\n    <div class=\"wcp-img-wrap\">\n        <a href=\"https:\/\/www.amitai.com\/es\/etica-organizacional-vinculos-fidelidad-empleados-empresa\/\">\n            <img decoding=\"async\" width=\"1920\" height=\"1280\" src=\"https:\/\/www.amitai.com\/es\/wp-content\/uploads\/2022\/03\/etica-organizacional-vinculos-fidelidad-empleados-empresa.jpg\" class=\"attachment- size- wp-post-image\" alt=\"c\u00f3mo crear v\u00ednculos de fidelidad entre tus empleados y la empresa\" srcset=\"https:\/\/www.amitai.com\/es\/wp-content\/uploads\/2022\/03\/etica-organizacional-vinculos-fidelidad-empleados-empresa.jpg 1920w, https:\/\/www.amitai.com\/es\/wp-content\/uploads\/2022\/03\/etica-organizacional-vinculos-fidelidad-empleados-empresa-300x200.jpg 300w, https:\/\/www.amitai.com\/es\/wp-content\/uploads\/2022\/03\/etica-organizacional-vinculos-fidelidad-empleados-empresa-1024x683.jpg 1024w, https:\/\/www.amitai.com\/es\/wp-content\/uploads\/2022\/03\/etica-organizacional-vinculos-fidelidad-empleados-empresa-768x512.jpg 768w, https:\/\/www.amitai.com\/es\/wp-content\/uploads\/2022\/03\/etica-organizacional-vinculos-fidelidad-empleados-empresa-1536x1024.jpg 1536w\" sizes=\"(max-width: 1920px) 100vw, 1920px\" \/>        <\/a>\n    <\/div>\n    <div class=\"wcp-content-wrap\">\n        <h3>\n            <a class=\"rpc-title\" href=\"https:\/\/www.amitai.com\/es\/etica-organizacional-vinculos-fidelidad-empleados-empresa\/\" target=\"_self\">\n                C\u00f3mo crear v\u00ednculos de fidelidad entre tus empleados y la empresa            <\/a>\n        <\/h3>\n                <div class=\"wcp-post-contents rpc-content\">\n\n            El uso de la\u00a0\u00e9tica organizacional\u00a0en tu empresa o negocio es de suma importancia si lo que buscas es fomentar la\n                            <br>\n                <a href=\"https:\/\/www.amitai.com\/es\/etica-organizacional-vinculos-fidelidad-empleados-empresa\/\" target=\"_self\" class=\"btn-post\">Leer m\u00e1s<\/a>\n        \n        <\/div>        \n    <\/div>\n<\/div>                <\/div>    \n\n                            <div class=\"slick-slide carousel-item-4664\">\n                    <div class=\"post-style-2 rpc-bg rpc-box\">\n    <div class=\"wcp-img-wrap\">\n        <a href=\"https:\/\/www.amitai.com\/es\/salario-emocional-estrategias-y-consejos\/\">\n            <img decoding=\"async\" width=\"1280\" height=\"853\" src=\"https:\/\/www.amitai.com\/es\/wp-content\/uploads\/2022\/03\/salario-emocional-estrategias-y-consejos.jpg\" class=\"attachment- size- wp-post-image\" alt=\"Salario emocional, estrategias y consejos\" srcset=\"https:\/\/www.amitai.com\/es\/wp-content\/uploads\/2022\/03\/salario-emocional-estrategias-y-consejos.jpg 1280w, https:\/\/www.amitai.com\/es\/wp-content\/uploads\/2022\/03\/salario-emocional-estrategias-y-consejos-300x200.jpg 300w, https:\/\/www.amitai.com\/es\/wp-content\/uploads\/2022\/03\/salario-emocional-estrategias-y-consejos-1024x682.jpg 1024w, https:\/\/www.amitai.com\/es\/wp-content\/uploads\/2022\/03\/salario-emocional-estrategias-y-consejos-768x512.jpg 768w\" sizes=\"(max-width: 1280px) 100vw, 1280px\" \/>        <\/a>\n    <\/div>\n    <div class=\"wcp-content-wrap\">\n        <h3>\n            <a class=\"rpc-title\" href=\"https:\/\/www.amitai.com\/es\/salario-emocional-estrategias-y-consejos\/\" target=\"_self\">\n                Salario emocional, estrategias y consejos            <\/a>\n        <\/h3>\n                <div class=\"wcp-post-contents rpc-content\">\n\n            Los ingresos monetarios que se perciben por concepto de cumplimiento de una jornada laboral son uno de los factores de\n                            <br>\n                <a href=\"https:\/\/www.amitai.com\/es\/salario-emocional-estrategias-y-consejos\/\" target=\"_self\" class=\"btn-post\">Leer m\u00e1s<\/a>\n        \n        <\/div>        \n    <\/div>\n<\/div>                <\/div>    \n\n                            <div class=\"slick-slide carousel-item-4660\">\n                    <div class=\"post-style-2 rpc-bg rpc-box\">\n    <div class=\"wcp-img-wrap\">\n        <a href=\"https:\/\/www.amitai.com\/es\/actividades-de-compromiso-entre-el-empleado-y-organizacion\/\">\n            <img decoding=\"async\" width=\"1000\" height=\"666\" src=\"https:\/\/www.amitai.com\/es\/wp-content\/uploads\/2022\/03\/actividades-de-compromiso-entre-el-empleado-y-organizacion.jpg\" class=\"attachment- size- wp-post-image\" alt=\"Actividades y compromiso entre el empleado y la organizaci\u00f3n\" srcset=\"https:\/\/www.amitai.com\/es\/wp-content\/uploads\/2022\/03\/actividades-de-compromiso-entre-el-empleado-y-organizacion.jpg 1000w, https:\/\/www.amitai.com\/es\/wp-content\/uploads\/2022\/03\/actividades-de-compromiso-entre-el-empleado-y-organizacion-300x200.jpg 300w, https:\/\/www.amitai.com\/es\/wp-content\/uploads\/2022\/03\/actividades-de-compromiso-entre-el-empleado-y-organizacion-768x511.jpg 768w\" sizes=\"(max-width: 1000px) 100vw, 1000px\" \/>        <\/a>\n    <\/div>\n    <div class=\"wcp-content-wrap\">\n        <h3>\n            <a class=\"rpc-title\" href=\"https:\/\/www.amitai.com\/es\/actividades-de-compromiso-entre-el-empleado-y-organizacion\/\" target=\"_self\">\n                Actividades de compromiso entre el empleado y la organizaci\u00f3n            <\/a>\n        <\/h3>\n                <div class=\"wcp-post-contents rpc-content\">\n\n            La&nbsp;evaluaci\u00f3n de honestidad&nbsp;es un factor cr\u00edtico en el marco de un&nbsp;sistema de&nbsp;valoraci\u00f3n de competencias. En este puedes incluir una&nbsp;prueba de\n                            <br>\n                <a href=\"https:\/\/www.amitai.com\/es\/actividades-de-compromiso-entre-el-empleado-y-organizacion\/\" target=\"_self\" class=\"btn-post\">Leer m\u00e1s<\/a>\n        \n        <\/div>        \n    <\/div>\n<\/div>                <\/div>    \n\n                            <div class=\"slick-slide carousel-item-4653\">\n                    <div class=\"post-style-2 rpc-bg rpc-box\">\n    <div class=\"wcp-img-wrap\">\n        <a href=\"https:\/\/www.amitai.com\/es\/tips-para-hacer-feliz-a-los-colaboradores\/\">\n            <img decoding=\"async\" width=\"1000\" height=\"809\" src=\"https:\/\/www.amitai.com\/es\/wp-content\/uploads\/2022\/03\/tips-para-hacer-feliz-a-los-colaboradores.jpg\" class=\"attachment- size- wp-post-image\" alt=\"Tips para hacer feliz a los colaboradores\" srcset=\"https:\/\/www.amitai.com\/es\/wp-content\/uploads\/2022\/03\/tips-para-hacer-feliz-a-los-colaboradores.jpg 1000w, https:\/\/www.amitai.com\/es\/wp-content\/uploads\/2022\/03\/tips-para-hacer-feliz-a-los-colaboradores-300x243.jpg 300w, https:\/\/www.amitai.com\/es\/wp-content\/uploads\/2022\/03\/tips-para-hacer-feliz-a-los-colaboradores-768x621.jpg 768w\" sizes=\"(max-width: 1000px) 100vw, 1000px\" \/>        <\/a>\n    <\/div>\n    <div class=\"wcp-content-wrap\">\n        <h3>\n            <a class=\"rpc-title\" href=\"https:\/\/www.amitai.com\/es\/tips-para-hacer-feliz-a-los-colaboradores\/\" target=\"_self\">\n                Tips para hacer feliz a los colaboradores            <\/a>\n        <\/h3>\n                <div class=\"wcp-post-contents rpc-content\">\n\n            Al hablar sobre&nbsp;clima organizacional, es relevante analizar cu\u00e1les son los factores cr\u00edticos que inciden en este. Es aqu\u00ed donde intervienen\n                            <br>\n                <a href=\"https:\/\/www.amitai.com\/es\/tips-para-hacer-feliz-a-los-colaboradores\/\" target=\"_self\" class=\"btn-post\">Leer m\u00e1s<\/a>\n        \n        <\/div>        \n    <\/div>\n<\/div>                <\/div>    \n\n                            <div class=\"slick-slide carousel-item-4648\">\n                    <div class=\"post-style-2 rpc-bg rpc-box\">\n    <div class=\"wcp-img-wrap\">\n        <a href=\"https:\/\/www.amitai.com\/es\/inteligencia-emocional-y-como-manejarla-en-un-equipo\/\">\n            <img decoding=\"async\" width=\"1000\" height=\"630\" src=\"https:\/\/www.amitai.com\/es\/wp-content\/uploads\/2022\/03\/Inteligencia-emocional-y-como-manejarla-en-un-equipo.jpg\" class=\"attachment- size- wp-post-image\" alt=\"Inteligencia emocional y como manejarla en un equipo\" srcset=\"https:\/\/www.amitai.com\/es\/wp-content\/uploads\/2022\/03\/Inteligencia-emocional-y-como-manejarla-en-un-equipo.jpg 1000w, https:\/\/www.amitai.com\/es\/wp-content\/uploads\/2022\/03\/Inteligencia-emocional-y-como-manejarla-en-un-equipo-300x189.jpg 300w, https:\/\/www.amitai.com\/es\/wp-content\/uploads\/2022\/03\/Inteligencia-emocional-y-como-manejarla-en-un-equipo-768x484.jpg 768w\" sizes=\"(max-width: 1000px) 100vw, 1000px\" \/>        <\/a>\n    <\/div>\n    <div class=\"wcp-content-wrap\">\n        <h3>\n            <a class=\"rpc-title\" href=\"https:\/\/www.amitai.com\/es\/inteligencia-emocional-y-como-manejarla-en-un-equipo\/\" target=\"_self\">\n                \u00bfQu\u00e9 es la inteligencia emocional y como manejarla en un equipo?            <\/a>\n        <\/h3>\n                <div class=\"wcp-post-contents rpc-content\">\n\n            Hoy en d\u00eda muchas empresas reconocen la importancia que tiene realizar la&nbsp;valoraci\u00f3n de competencias&nbsp;y de habilidades laborales a la hora\n                            <br>\n                <a href=\"https:\/\/www.amitai.com\/es\/inteligencia-emocional-y-como-manejarla-en-un-equipo\/\" target=\"_self\" class=\"btn-post\">Leer m\u00e1s<\/a>\n        \n        <\/div>        \n    <\/div>\n<\/div>                <\/div>    \n\n                            <div class=\"slick-slide carousel-item-4637\">\n                    <div class=\"post-style-2 rpc-bg rpc-box\">\n    <div class=\"wcp-img-wrap\">\n        <a href=\"https:\/\/www.amitai.com\/es\/conflictos-interes-reales-potenciales\/\">\n            <img decoding=\"async\" width=\"1920\" height=\"1281\" src=\"https:\/\/www.amitai.com\/es\/wp-content\/uploads\/2022\/03\/conflictos-de-interes-reales-y-potenciales.jpg\" class=\"attachment- size- wp-post-image\" alt=\"conflictos de inter\u00e9s reales y potenciales\" srcset=\"https:\/\/www.amitai.com\/es\/wp-content\/uploads\/2022\/03\/conflictos-de-interes-reales-y-potenciales.jpg 1920w, https:\/\/www.amitai.com\/es\/wp-content\/uploads\/2022\/03\/conflictos-de-interes-reales-y-potenciales-300x200.jpg 300w, https:\/\/www.amitai.com\/es\/wp-content\/uploads\/2022\/03\/conflictos-de-interes-reales-y-potenciales-1024x683.jpg 1024w, https:\/\/www.amitai.com\/es\/wp-content\/uploads\/2022\/03\/conflictos-de-interes-reales-y-potenciales-768x512.jpg 768w, https:\/\/www.amitai.com\/es\/wp-content\/uploads\/2022\/03\/conflictos-de-interes-reales-y-potenciales-1536x1025.jpg 1536w\" sizes=\"(max-width: 1920px) 100vw, 1920px\" \/>        <\/a>\n    <\/div>\n    <div class=\"wcp-content-wrap\">\n        <h3>\n            <a class=\"rpc-title\" href=\"https:\/\/www.amitai.com\/es\/conflictos-interes-reales-potenciales\/\" target=\"_self\">\n                Conflictos de inter\u00e9s reales y potenciales, \u00bfC\u00f3mo reconocerlos?            <\/a>\n        <\/h3>\n                <div class=\"wcp-post-contents rpc-content\">\n\n            Los&nbsp;conflictos de inter\u00e9s&nbsp;se presentan en situaciones en las que un individuo debe tomar una decisi\u00f3n importante frente a un programa\n                            <br>\n                <a href=\"https:\/\/www.amitai.com\/es\/conflictos-interes-reales-potenciales\/\" target=\"_self\" class=\"btn-post\">Leer m\u00e1s<\/a>\n        \n        <\/div>        \n    <\/div>\n<\/div>                <\/div>    \n\n                            <div class=\"slick-slide carousel-item-4631\">\n                    <div class=\"post-style-2 rpc-bg rpc-box\">\n    <div class=\"wcp-img-wrap\">\n        <a href=\"https:\/\/www.amitai.com\/es\/beneficios-de-las-encuestas-organizacionales-a-la-medida-en-las-empresas\/\">\n            <img decoding=\"async\" width=\"1280\" height=\"720\" src=\"https:\/\/www.amitai.com\/es\/wp-content\/uploads\/2022\/02\/beneficios-de-las-encuestas-organizacionales.jpg\" class=\"attachment- size- wp-post-image\" alt=\"Beneficios de las encuestas organizacionales a la medida en las empresas\" srcset=\"https:\/\/www.amitai.com\/es\/wp-content\/uploads\/2022\/02\/beneficios-de-las-encuestas-organizacionales.jpg 1280w, https:\/\/www.amitai.com\/es\/wp-content\/uploads\/2022\/02\/beneficios-de-las-encuestas-organizacionales-300x169.jpg 300w, https:\/\/www.amitai.com\/es\/wp-content\/uploads\/2022\/02\/beneficios-de-las-encuestas-organizacionales-1024x576.jpg 1024w, https:\/\/www.amitai.com\/es\/wp-content\/uploads\/2022\/02\/beneficios-de-las-encuestas-organizacionales-768x432.jpg 768w\" sizes=\"(max-width: 1280px) 100vw, 1280px\" \/>        <\/a>\n    <\/div>\n    <div class=\"wcp-content-wrap\">\n        <h3>\n            <a class=\"rpc-title\" href=\"https:\/\/www.amitai.com\/es\/beneficios-de-las-encuestas-organizacionales-a-la-medida-en-las-empresas\/\" target=\"_self\">\n                Beneficios de las encuestas organizacionales a la medida en las empresas            <\/a>\n        <\/h3>\n                <div class=\"wcp-post-contents rpc-content\">\n\n            La productividad en una empresa va de la mano de la motivaci\u00f3n y de las mejores condiciones de trabajo. Por\n                            <br>\n                <a href=\"https:\/\/www.amitai.com\/es\/beneficios-de-las-encuestas-organizacionales-a-la-medida-en-las-empresas\/\" target=\"_self\" class=\"btn-post\">Leer m\u00e1s<\/a>\n        \n        <\/div>        \n    <\/div>\n<\/div>                <\/div>    \n\n                            <div class=\"slick-slide carousel-item-4620\">\n                    <div class=\"post-style-2 rpc-bg rpc-box\">\n    <div class=\"wcp-img-wrap\">\n        <a href=\"https:\/\/www.amitai.com\/es\/practicas-contra-soborno-organizaciones\/\">\n            <img decoding=\"async\" width=\"1920\" height=\"1280\" src=\"https:\/\/www.amitai.com\/es\/wp-content\/uploads\/2022\/02\/soborno-en-las-organizaciones.jpg\" class=\"attachment- size- wp-post-image\" alt=\"Pr\u00e1cticas que puedes implementar contra el soborno en las organizaciones\" srcset=\"https:\/\/www.amitai.com\/es\/wp-content\/uploads\/2022\/02\/soborno-en-las-organizaciones.jpg 1920w, https:\/\/www.amitai.com\/es\/wp-content\/uploads\/2022\/02\/soborno-en-las-organizaciones-300x200.jpg 300w, https:\/\/www.amitai.com\/es\/wp-content\/uploads\/2022\/02\/soborno-en-las-organizaciones-1024x683.jpg 1024w, https:\/\/www.amitai.com\/es\/wp-content\/uploads\/2022\/02\/soborno-en-las-organizaciones-768x512.jpg 768w, https:\/\/www.amitai.com\/es\/wp-content\/uploads\/2022\/02\/soborno-en-las-organizaciones-1536x1024.jpg 1536w\" sizes=\"(max-width: 1920px) 100vw, 1920px\" \/>        <\/a>\n    <\/div>\n    <div class=\"wcp-content-wrap\">\n        <h3>\n            <a class=\"rpc-title\" href=\"https:\/\/www.amitai.com\/es\/practicas-contra-soborno-organizaciones\/\" target=\"_self\">\n                Pr\u00e1cticas que puedes implementar contra el soborno en las organizaciones            <\/a>\n        <\/h3>\n                <div class=\"wcp-post-contents rpc-content\">\n\n            La econom\u00eda global abre nuevas oportunidades para las empresas, pero tambi\u00e9n trae consigo nuevos riesgos. Se introducen instrucciones de acci\u00f3n\n                            <br>\n                <a href=\"https:\/\/www.amitai.com\/es\/practicas-contra-soborno-organizaciones\/\" target=\"_self\" class=\"btn-post\">Leer m\u00e1s<\/a>\n        \n        <\/div>        \n    <\/div>\n<\/div>                <\/div>    \n\n                            <div class=\"slick-slide carousel-item-4602\">\n                    <div class=\"post-style-2 rpc-bg rpc-box\">\n    <div class=\"wcp-img-wrap\">\n        <a href=\"https:\/\/www.amitai.com\/es\/disminuir-procrastinacion-empresarial\/\">\n            <img decoding=\"async\" width=\"1280\" height=\"720\" src=\"https:\/\/www.amitai.com\/es\/wp-content\/uploads\/2022\/02\/procrastinacion-empresarial.jpg\" class=\"attachment- size- wp-post-image\" alt=\"procrastinaci\u00f3n empresarial\" srcset=\"https:\/\/www.amitai.com\/es\/wp-content\/uploads\/2022\/02\/procrastinacion-empresarial.jpg 1280w, https:\/\/www.amitai.com\/es\/wp-content\/uploads\/2022\/02\/procrastinacion-empresarial-300x169.jpg 300w, https:\/\/www.amitai.com\/es\/wp-content\/uploads\/2022\/02\/procrastinacion-empresarial-1024x576.jpg 1024w, https:\/\/www.amitai.com\/es\/wp-content\/uploads\/2022\/02\/procrastinacion-empresarial-768x432.jpg 768w\" sizes=\"(max-width: 1280px) 100vw, 1280px\" \/>        <\/a>\n    <\/div>\n    <div class=\"wcp-content-wrap\">\n        <h3>\n            <a class=\"rpc-title\" href=\"https:\/\/www.amitai.com\/es\/disminuir-procrastinacion-empresarial\/\" target=\"_self\">\n                Tips para disminuir la procrastinaci\u00f3n empresarial            <\/a>\n        <\/h3>\n                <div class=\"wcp-post-contents rpc-content\">\n\n            La\u00a0procrastinaci\u00f3n empresarial\u00a0puede pasar de ser un mal h\u00e1bito a convertirse en una verdadera epidemia que haga tambalear el rendimiento de\n                            <br>\n                <a href=\"https:\/\/www.amitai.com\/es\/disminuir-procrastinacion-empresarial\/\" target=\"_self\" class=\"btn-post\">Leer m\u00e1s<\/a>\n        \n        <\/div>        \n    <\/div>\n<\/div>                <\/div>    \n\n                            <div class=\"slick-slide carousel-item-4589\">\n                    <div class=\"post-style-2 rpc-bg rpc-box\">\n    <div class=\"wcp-img-wrap\">\n        <a href=\"https:\/\/www.amitai.com\/es\/que-es-un-diagnostico-de-necesidades-de-capacitacion-dns\/\">\n            <img decoding=\"async\" width=\"2248\" height=\"1500\" src=\"https:\/\/www.amitai.com\/es\/wp-content\/uploads\/2022\/02\/pexels-photo-6476783-1.jpeg\" class=\"attachment- size- wp-post-image\" alt=\"Diagnostico de necesidades de capacitaci\u00f3n\" srcset=\"https:\/\/www.amitai.com\/es\/wp-content\/uploads\/2022\/02\/pexels-photo-6476783-1.jpeg 2248w, https:\/\/www.amitai.com\/es\/wp-content\/uploads\/2022\/02\/pexels-photo-6476783-1-300x200.jpeg 300w, https:\/\/www.amitai.com\/es\/wp-content\/uploads\/2022\/02\/pexels-photo-6476783-1-1024x683.jpeg 1024w, https:\/\/www.amitai.com\/es\/wp-content\/uploads\/2022\/02\/pexels-photo-6476783-1-768x512.jpeg 768w, https:\/\/www.amitai.com\/es\/wp-content\/uploads\/2022\/02\/pexels-photo-6476783-1-1536x1025.jpeg 1536w, https:\/\/www.amitai.com\/es\/wp-content\/uploads\/2022\/02\/pexels-photo-6476783-1-2048x1367.jpeg 2048w\" sizes=\"(max-width: 2248px) 100vw, 2248px\" \/>        <\/a>\n    <\/div>\n    <div class=\"wcp-content-wrap\">\n        <h3>\n            <a class=\"rpc-title\" href=\"https:\/\/www.amitai.com\/es\/que-es-un-diagnostico-de-necesidades-de-capacitacion-dns\/\" target=\"_self\">\n                Qu\u00e9 es un diagn\u00f3stico de necesidades de capacitaci\u00f3n (DNS)            <\/a>\n        <\/h3>\n                <div class=\"wcp-post-contents rpc-content\">\n\n            El&nbsp;diagn\u00f3stico de necesidades de capacitaci\u00f3n&nbsp;es la determinaci\u00f3n de los requerimientos de formaci\u00f3n y desarrollo de las&nbsp;habilidades laborales&nbsp;de los empleados individuales\n                            <br>\n                <a href=\"https:\/\/www.amitai.com\/es\/que-es-un-diagnostico-de-necesidades-de-capacitacion-dns\/\" target=\"_self\" class=\"btn-post\">Leer m\u00e1s<\/a>\n        \n        <\/div>        \n    <\/div>\n<\/div>                <\/div>    \n\n                            <div class=\"slick-slide carousel-item-4578\">\n                    <div class=\"post-style-2 rpc-bg rpc-box\">\n    <div class=\"wcp-img-wrap\">\n        <a href=\"https:\/\/www.amitai.com\/es\/4-estrategias-para-disminuir-la-rotacion-de-personal\/\">\n            <img decoding=\"async\" width=\"1280\" height=\"700\" src=\"https:\/\/www.amitai.com\/es\/wp-content\/uploads\/2022\/01\/metodos-para-reducir-la-rotacion-de-personal.jpg\" class=\"attachment- size- wp-post-image\" alt=\"metodos para reducir la rotaci\u00f3n de personal\" srcset=\"https:\/\/www.amitai.com\/es\/wp-content\/uploads\/2022\/01\/metodos-para-reducir-la-rotacion-de-personal.jpg 1280w, https:\/\/www.amitai.com\/es\/wp-content\/uploads\/2022\/01\/metodos-para-reducir-la-rotacion-de-personal-300x164.jpg 300w, https:\/\/www.amitai.com\/es\/wp-content\/uploads\/2022\/01\/metodos-para-reducir-la-rotacion-de-personal-1024x560.jpg 1024w, https:\/\/www.amitai.com\/es\/wp-content\/uploads\/2022\/01\/metodos-para-reducir-la-rotacion-de-personal-768x420.jpg 768w\" sizes=\"(max-width: 1280px) 100vw, 1280px\" \/>        <\/a>\n    <\/div>\n    <div class=\"wcp-content-wrap\">\n        <h3>\n            <a class=\"rpc-title\" href=\"https:\/\/www.amitai.com\/es\/4-estrategias-para-disminuir-la-rotacion-de-personal\/\" target=\"_self\">\n                4 estrategias para disminuir la rotaci\u00f3n de personal            <\/a>\n        <\/h3>\n                <div class=\"wcp-post-contents rpc-content\">\n\n            La&nbsp;rotaci\u00f3n de personal&nbsp;supone enormes problemas para las empresas y constituye uno de los factores de riesgo empresarial m\u00e1s importantes. El\n                            <br>\n                <a href=\"https:\/\/www.amitai.com\/es\/4-estrategias-para-disminuir-la-rotacion-de-personal\/\" target=\"_self\" class=\"btn-post\">Leer m\u00e1s<\/a>\n        \n        <\/div>        \n    <\/div>\n<\/div>                <\/div>    \n\n                            <div class=\"slick-slide carousel-item-4574\">\n                    <div class=\"post-style-2 rpc-bg rpc-box\">\n    <div class=\"wcp-img-wrap\">\n        <a href=\"https:\/\/www.amitai.com\/es\/5-factores-que-pueden-afectar-en-la-reputacion-empresarial\/\">\n            <img decoding=\"async\" width=\"1280\" height=\"752\" src=\"https:\/\/www.amitai.com\/es\/wp-content\/uploads\/2022\/01\/factores-vinculados-a-la-reputacion-empresarial-conocelos.jpg\" class=\"attachment- size- wp-post-image\" alt=\"factores vinculados a la reputacion empresarial conocelos\" srcset=\"https:\/\/www.amitai.com\/es\/wp-content\/uploads\/2022\/01\/factores-vinculados-a-la-reputacion-empresarial-conocelos.jpg 1280w, https:\/\/www.amitai.com\/es\/wp-content\/uploads\/2022\/01\/factores-vinculados-a-la-reputacion-empresarial-conocelos-300x176.jpg 300w, https:\/\/www.amitai.com\/es\/wp-content\/uploads\/2022\/01\/factores-vinculados-a-la-reputacion-empresarial-conocelos-1024x602.jpg 1024w, https:\/\/www.amitai.com\/es\/wp-content\/uploads\/2022\/01\/factores-vinculados-a-la-reputacion-empresarial-conocelos-768x451.jpg 768w\" sizes=\"(max-width: 1280px) 100vw, 1280px\" \/>        <\/a>\n    <\/div>\n    <div class=\"wcp-content-wrap\">\n        <h3>\n            <a class=\"rpc-title\" href=\"https:\/\/www.amitai.com\/es\/5-factores-que-pueden-afectar-en-la-reputacion-empresarial\/\" target=\"_self\">\n                5 factores que pueden afectar en la reputaci\u00f3n empresarial            <\/a>\n        <\/h3>\n                <div class=\"wcp-post-contents rpc-content\">\n\n            La&nbsp;reputaci\u00f3n empresarial&nbsp;es un elemento primordial para crecer en el mercado, ya que es un activo que puede diferenciar a tu\n                            <br>\n                <a href=\"https:\/\/www.amitai.com\/es\/5-factores-que-pueden-afectar-en-la-reputacion-empresarial\/\" target=\"_self\" class=\"btn-post\">Leer m\u00e1s<\/a>\n        \n        <\/div>        \n    <\/div>\n<\/div>                <\/div>    \n\n                            <div class=\"slick-slide carousel-item-4567\">\n                    <div class=\"post-style-2 rpc-bg rpc-box\">\n    <div class=\"wcp-img-wrap\">\n        <a href=\"https:\/\/www.amitai.com\/es\/beneficios-de-las-politicas-organizacionales-una-guia-para-colaboradores-y-ceo\/\">\n            <img decoding=\"async\" width=\"1920\" height=\"1280\" src=\"https:\/\/www.amitai.com\/es\/wp-content\/uploads\/2022\/01\/beneficios-de-las-politicas-organizacionales.jpg\" class=\"attachment- size- wp-post-image\" alt=\"beneficios de las pol\u00edticas organizacionales\" srcset=\"https:\/\/www.amitai.com\/es\/wp-content\/uploads\/2022\/01\/beneficios-de-las-politicas-organizacionales.jpg 1920w, https:\/\/www.amitai.com\/es\/wp-content\/uploads\/2022\/01\/beneficios-de-las-politicas-organizacionales-300x200.jpg 300w, https:\/\/www.amitai.com\/es\/wp-content\/uploads\/2022\/01\/beneficios-de-las-politicas-organizacionales-1024x683.jpg 1024w, https:\/\/www.amitai.com\/es\/wp-content\/uploads\/2022\/01\/beneficios-de-las-politicas-organizacionales-768x512.jpg 768w, https:\/\/www.amitai.com\/es\/wp-content\/uploads\/2022\/01\/beneficios-de-las-politicas-organizacionales-1536x1024.jpg 1536w\" sizes=\"(max-width: 1920px) 100vw, 1920px\" \/>        <\/a>\n    <\/div>\n    <div class=\"wcp-content-wrap\">\n        <h3>\n            <a class=\"rpc-title\" href=\"https:\/\/www.amitai.com\/es\/beneficios-de-las-politicas-organizacionales-una-guia-para-colaboradores-y-ceo\/\" target=\"_self\">\n                Beneficios de las pol\u00edticas organizacionales, una gu\u00eda para colaboradores y CEO            <\/a>\n        <\/h3>\n                <div class=\"wcp-post-contents rpc-content\">\n\n            Las&nbsp;pol\u00edticas organizacionales&nbsp;son orientaciones o l\u00edneas de trabajo que deben divulgarse y acatarse por todos los miembros de una empresa. Estas\n                            <br>\n                <a href=\"https:\/\/www.amitai.com\/es\/beneficios-de-las-politicas-organizacionales-una-guia-para-colaboradores-y-ceo\/\" target=\"_self\" class=\"btn-post\">Leer m\u00e1s<\/a>\n        \n        <\/div>        \n    <\/div>\n<\/div>                <\/div>    \n\n                            <div class=\"slick-slide carousel-item-4561\">\n                    <div class=\"post-style-2 rpc-bg rpc-box\">\n    <div class=\"wcp-img-wrap\">\n        <a href=\"https:\/\/www.amitai.com\/es\/whistleblowing-en-tu-empresa\/\">\n            <img decoding=\"async\" width=\"1920\" height=\"1280\" src=\"https:\/\/www.amitai.com\/es\/wp-content\/uploads\/2022\/01\/whistleblowing-en-tu-empresa.jpg\" class=\"attachment- size- wp-post-image\" alt=\"Principales consecuencias de no tener whistleblowing en tu empresa\" srcset=\"https:\/\/www.amitai.com\/es\/wp-content\/uploads\/2022\/01\/whistleblowing-en-tu-empresa.jpg 1920w, https:\/\/www.amitai.com\/es\/wp-content\/uploads\/2022\/01\/whistleblowing-en-tu-empresa-300x200.jpg 300w, https:\/\/www.amitai.com\/es\/wp-content\/uploads\/2022\/01\/whistleblowing-en-tu-empresa-1024x683.jpg 1024w, https:\/\/www.amitai.com\/es\/wp-content\/uploads\/2022\/01\/whistleblowing-en-tu-empresa-768x512.jpg 768w, https:\/\/www.amitai.com\/es\/wp-content\/uploads\/2022\/01\/whistleblowing-en-tu-empresa-1536x1024.jpg 1536w\" sizes=\"(max-width: 1920px) 100vw, 1920px\" \/>        <\/a>\n    <\/div>\n    <div class=\"wcp-content-wrap\">\n        <h3>\n            <a class=\"rpc-title\" href=\"https:\/\/www.amitai.com\/es\/whistleblowing-en-tu-empresa\/\" target=\"_self\">\n                Principales consecuencias de no tener whistleblowing en tu empresa            <\/a>\n        <\/h3>\n                <div class=\"wcp-post-contents rpc-content\">\n\n            El&nbsp;whistleblowing&nbsp;se refiere a la pr\u00e1ctica de&nbsp;denunciar irregularidades, delitos, casos de discriminaci\u00f3n, peligro o de fraude tanto en el sector p\u00fablico\n                            <br>\n                <a href=\"https:\/\/www.amitai.com\/es\/whistleblowing-en-tu-empresa\/\" target=\"_self\" class=\"btn-post\">Leer m\u00e1s<\/a>\n        \n        <\/div>        \n    <\/div>\n<\/div>                <\/div>    \n\n                            <div class=\"slick-slide carousel-item-4556\">\n                    <div class=\"post-style-2 rpc-bg rpc-box\">\n    <div class=\"wcp-img-wrap\">\n        <a href=\"https:\/\/www.amitai.com\/es\/aun-no-implementas-el-e-learning-para-las-empresas-este-el-el-momento\/\">\n            <img decoding=\"async\" width=\"1920\" height=\"1280\" src=\"https:\/\/www.amitai.com\/es\/wp-content\/uploads\/2022\/01\/elearning-para-las-empresas.jpg\" class=\"attachment- size- wp-post-image\" alt=\"a\u00fan no implementas el e-learning para las empresas\" srcset=\"https:\/\/www.amitai.com\/es\/wp-content\/uploads\/2022\/01\/elearning-para-las-empresas.jpg 1920w, https:\/\/www.amitai.com\/es\/wp-content\/uploads\/2022\/01\/elearning-para-las-empresas-300x200.jpg 300w, https:\/\/www.amitai.com\/es\/wp-content\/uploads\/2022\/01\/elearning-para-las-empresas-1024x683.jpg 1024w, https:\/\/www.amitai.com\/es\/wp-content\/uploads\/2022\/01\/elearning-para-las-empresas-768x512.jpg 768w, https:\/\/www.amitai.com\/es\/wp-content\/uploads\/2022\/01\/elearning-para-las-empresas-1536x1024.jpg 1536w\" sizes=\"(max-width: 1920px) 100vw, 1920px\" \/>        <\/a>\n    <\/div>\n    <div class=\"wcp-content-wrap\">\n        <h3>\n            <a class=\"rpc-title\" href=\"https:\/\/www.amitai.com\/es\/aun-no-implementas-el-e-learning-para-las-empresas-este-el-el-momento\/\" target=\"_self\">\n                \u00bfA\u00fan no implementas el e-learning para las empresas? Este el el momento            <\/a>\n        <\/h3>\n                <div class=\"wcp-post-contents rpc-content\">\n\n            E-learning para las empresas&nbsp;el espacio virtual que se encarga de ense\u00f1ar y de esta manera hacer m\u00e1s sencilla la experiencia\n                            <br>\n                <a href=\"https:\/\/www.amitai.com\/es\/aun-no-implementas-el-e-learning-para-las-empresas-este-el-el-momento\/\" target=\"_self\" class=\"btn-post\">Leer m\u00e1s<\/a>\n        \n        <\/div>        \n    <\/div>\n<\/div>                <\/div>    \n\n                            <div class=\"slick-slide carousel-item-4546\">\n                    <div class=\"post-style-2 rpc-bg rpc-box\">\n    <div class=\"wcp-img-wrap\">\n        <a href=\"https:\/\/www.amitai.com\/es\/estrategias-prevenir-bullying-laboral\/\">\n            <img decoding=\"async\" width=\"1920\" height=\"1280\" src=\"https:\/\/www.amitai.com\/es\/wp-content\/uploads\/2022\/01\/estrategias-para-prevenir-el-bullying-laboral.jpg\" class=\"attachment- size- wp-post-image\" alt=\"estrategias que debes conocer para prevenir el bullying laboral\" srcset=\"https:\/\/www.amitai.com\/es\/wp-content\/uploads\/2022\/01\/estrategias-para-prevenir-el-bullying-laboral.jpg 1920w, https:\/\/www.amitai.com\/es\/wp-content\/uploads\/2022\/01\/estrategias-para-prevenir-el-bullying-laboral-300x200.jpg 300w, https:\/\/www.amitai.com\/es\/wp-content\/uploads\/2022\/01\/estrategias-para-prevenir-el-bullying-laboral-1024x683.jpg 1024w, https:\/\/www.amitai.com\/es\/wp-content\/uploads\/2022\/01\/estrategias-para-prevenir-el-bullying-laboral-768x512.jpg 768w, https:\/\/www.amitai.com\/es\/wp-content\/uploads\/2022\/01\/estrategias-para-prevenir-el-bullying-laboral-1536x1024.jpg 1536w\" sizes=\"(max-width: 1920px) 100vw, 1920px\" \/>        <\/a>\n    <\/div>\n    <div class=\"wcp-content-wrap\">\n        <h3>\n            <a class=\"rpc-title\" href=\"https:\/\/www.amitai.com\/es\/estrategias-prevenir-bullying-laboral\/\" target=\"_self\">\n                Estrategias que debes conocer para prevenir el bullying laboral            <\/a>\n        <\/h3>\n                <div class=\"wcp-post-contents rpc-content\">\n\n            Si el ambiente de trabajo en tu empresa es hostil, te daremos a conocer algunas estrategias para&nbsp;prevenir el bullying laboral.\n                            <br>\n                <a href=\"https:\/\/www.amitai.com\/es\/estrategias-prevenir-bullying-laboral\/\" target=\"_self\" class=\"btn-post\">Leer m\u00e1s<\/a>\n        \n        <\/div>        \n    <\/div>\n<\/div>                <\/div>    \n\n                            <div class=\"slick-slide carousel-item-4536\">\n                    <div class=\"post-style-2 rpc-bg rpc-box\">\n    <div class=\"wcp-img-wrap\">\n        <a href=\"https:\/\/www.amitai.com\/es\/necesarias-preguntas-para-seleccion-de-personal\/\">\n            <img decoding=\"async\" width=\"1920\" height=\"1280\" src=\"https:\/\/www.amitai.com\/es\/wp-content\/uploads\/2022\/01\/novedosas-necesarias-preguntas-seleccion-de-personal.jpg\" class=\"attachment- size- wp-post-image\" alt=\"novedosas y necesarias preguntas para selecci\u00f3n de personal\" srcset=\"https:\/\/www.amitai.com\/es\/wp-content\/uploads\/2022\/01\/novedosas-necesarias-preguntas-seleccion-de-personal.jpg 1920w, https:\/\/www.amitai.com\/es\/wp-content\/uploads\/2022\/01\/novedosas-necesarias-preguntas-seleccion-de-personal-300x200.jpg 300w, https:\/\/www.amitai.com\/es\/wp-content\/uploads\/2022\/01\/novedosas-necesarias-preguntas-seleccion-de-personal-1024x683.jpg 1024w, https:\/\/www.amitai.com\/es\/wp-content\/uploads\/2022\/01\/novedosas-necesarias-preguntas-seleccion-de-personal-768x512.jpg 768w, https:\/\/www.amitai.com\/es\/wp-content\/uploads\/2022\/01\/novedosas-necesarias-preguntas-seleccion-de-personal-1536x1024.jpg 1536w\" sizes=\"(max-width: 1920px) 100vw, 1920px\" \/>        <\/a>\n    <\/div>\n    <div class=\"wcp-content-wrap\">\n        <h3>\n            <a class=\"rpc-title\" href=\"https:\/\/www.amitai.com\/es\/necesarias-preguntas-para-seleccion-de-personal\/\" target=\"_self\">\n                7 novedosas y necesarias preguntas para selecci\u00f3n de personal            <\/a>\n        <\/h3>\n                <div class=\"wcp-post-contents rpc-content\">\n\n            La administraci\u00f3n del talento humano implica la promoci\u00f3n y remuneraci\u00f3n de acuerdo con el desempe\u00f1o y contribuci\u00f3n al \u00e9xito de\n                            <br>\n                <a href=\"https:\/\/www.amitai.com\/es\/necesarias-preguntas-para-seleccion-de-personal\/\" target=\"_self\" class=\"btn-post\">Leer m\u00e1s<\/a>\n        \n        <\/div>        \n    <\/div>\n<\/div>                <\/div>    \n\n                            <div class=\"slick-slide carousel-item-4532\">\n                    <div class=\"post-style-2 rpc-bg rpc-box\">\n    <div class=\"wcp-img-wrap\">\n        <a href=\"https:\/\/www.amitai.com\/es\/paso-a-paso-para-realizar-un-buen-employee-journey-map\/\">\n            <img decoding=\"async\" width=\"1920\" height=\"1280\" src=\"https:\/\/www.amitai.com\/es\/wp-content\/uploads\/2022\/01\/paso-paso-para-realizar-un-employee-journey-map.jpg\" class=\"attachment- size- wp-post-image\" alt=\"paso a paso para realizar un buen employee journey map\" srcset=\"https:\/\/www.amitai.com\/es\/wp-content\/uploads\/2022\/01\/paso-paso-para-realizar-un-employee-journey-map.jpg 1920w, https:\/\/www.amitai.com\/es\/wp-content\/uploads\/2022\/01\/paso-paso-para-realizar-un-employee-journey-map-300x200.jpg 300w, https:\/\/www.amitai.com\/es\/wp-content\/uploads\/2022\/01\/paso-paso-para-realizar-un-employee-journey-map-1024x683.jpg 1024w, https:\/\/www.amitai.com\/es\/wp-content\/uploads\/2022\/01\/paso-paso-para-realizar-un-employee-journey-map-768x512.jpg 768w, https:\/\/www.amitai.com\/es\/wp-content\/uploads\/2022\/01\/paso-paso-para-realizar-un-employee-journey-map-1536x1024.jpg 1536w\" sizes=\"(max-width: 1920px) 100vw, 1920px\" \/>        <\/a>\n    <\/div>\n    <div class=\"wcp-content-wrap\">\n        <h3>\n            <a class=\"rpc-title\" href=\"https:\/\/www.amitai.com\/es\/paso-a-paso-para-realizar-un-buen-employee-journey-map\/\" target=\"_self\">\n                Paso a paso para realizar un buen Employee Journey Map            <\/a>\n        <\/h3>\n                <div class=\"wcp-post-contents rpc-content\">\n\n            El&nbsp;Employee Journey Map&nbsp;es una t\u00e9cnica muy valorada actualmente. Si bien tener clientes satisfechos es el objetivo de las empresas, conocer\n                            <br>\n                <a href=\"https:\/\/www.amitai.com\/es\/paso-a-paso-para-realizar-un-buen-employee-journey-map\/\" target=\"_self\" class=\"btn-post\">Leer m\u00e1s<\/a>\n        \n        <\/div>        \n    <\/div>\n<\/div>                <\/div>    \n\n                            <div class=\"slick-slide carousel-item-4514\">\n                    <div class=\"post-style-2 rpc-bg rpc-box\">\n    <div class=\"wcp-img-wrap\">\n        <a href=\"https:\/\/www.amitai.com\/es\/claves-para-dirigir-equipo-de-trabajo-a-distancia\/\">\n            <img decoding=\"async\" width=\"1920\" height=\"1280\" src=\"https:\/\/www.amitai.com\/es\/wp-content\/uploads\/2021\/12\/claves-dirigir-un-equipo-de-trabajo-distancia.jpg\" class=\"attachment- size- wp-post-image\" alt=\"claves para dirigir un equipo de trabajo a distancia\" srcset=\"https:\/\/www.amitai.com\/es\/wp-content\/uploads\/2021\/12\/claves-dirigir-un-equipo-de-trabajo-distancia.jpg 1920w, https:\/\/www.amitai.com\/es\/wp-content\/uploads\/2021\/12\/claves-dirigir-un-equipo-de-trabajo-distancia-300x200.jpg 300w, https:\/\/www.amitai.com\/es\/wp-content\/uploads\/2021\/12\/claves-dirigir-un-equipo-de-trabajo-distancia-1024x683.jpg 1024w, https:\/\/www.amitai.com\/es\/wp-content\/uploads\/2021\/12\/claves-dirigir-un-equipo-de-trabajo-distancia-768x512.jpg 768w, https:\/\/www.amitai.com\/es\/wp-content\/uploads\/2021\/12\/claves-dirigir-un-equipo-de-trabajo-distancia-1536x1024.jpg 1536w\" sizes=\"(max-width: 1920px) 100vw, 1920px\" \/>        <\/a>\n    <\/div>\n    <div class=\"wcp-content-wrap\">\n        <h3>\n            <a class=\"rpc-title\" href=\"https:\/\/www.amitai.com\/es\/claves-para-dirigir-equipo-de-trabajo-a-distancia\/\" target=\"_self\">\n                5 Claves para dirigir un equipo de trabajo a distancia            <\/a>\n        <\/h3>\n                <div class=\"wcp-post-contents rpc-content\">\n\n            La nueva tendencia de manejar&nbsp;un&nbsp;equipo de trabajo a distancia&nbsp;no es tan complicada&nbsp;si pones en pr\u00e1ctica todas tus habilidades de liderazgo.\n                            <br>\n                <a href=\"https:\/\/www.amitai.com\/es\/claves-para-dirigir-equipo-de-trabajo-a-distancia\/\" target=\"_self\" class=\"btn-post\">Leer m\u00e1s<\/a>\n        \n        <\/div>        \n    <\/div>\n<\/div>                <\/div>    \n\n                            <div class=\"slick-slide carousel-item-4503\">\n                    <div class=\"post-style-2 rpc-bg rpc-box\">\n    <div class=\"wcp-img-wrap\">\n        <a href=\"https:\/\/www.amitai.com\/es\/fortalece-inteligencia-emocional-colaboradores\/\">\n            <img decoding=\"async\" width=\"1920\" height=\"1280\" src=\"https:\/\/www.amitai.com\/es\/wp-content\/uploads\/2021\/12\/tu-empresa-fortalece-la-inteligencia-emocional-de-los-colaboradores.jpg\" class=\"attachment- size- wp-post-image\" alt=\"tu empresa fortalece la inteligencia emocional de los colaboradores\" srcset=\"https:\/\/www.amitai.com\/es\/wp-content\/uploads\/2021\/12\/tu-empresa-fortalece-la-inteligencia-emocional-de-los-colaboradores.jpg 1920w, https:\/\/www.amitai.com\/es\/wp-content\/uploads\/2021\/12\/tu-empresa-fortalece-la-inteligencia-emocional-de-los-colaboradores-300x200.jpg 300w, https:\/\/www.amitai.com\/es\/wp-content\/uploads\/2021\/12\/tu-empresa-fortalece-la-inteligencia-emocional-de-los-colaboradores-1024x683.jpg 1024w, https:\/\/www.amitai.com\/es\/wp-content\/uploads\/2021\/12\/tu-empresa-fortalece-la-inteligencia-emocional-de-los-colaboradores-768x512.jpg 768w, https:\/\/www.amitai.com\/es\/wp-content\/uploads\/2021\/12\/tu-empresa-fortalece-la-inteligencia-emocional-de-los-colaboradores-1536x1024.jpg 1536w\" sizes=\"(max-width: 1920px) 100vw, 1920px\" \/>        <\/a>\n    <\/div>\n    <div class=\"wcp-content-wrap\">\n        <h3>\n            <a class=\"rpc-title\" href=\"https:\/\/www.amitai.com\/es\/fortalece-inteligencia-emocional-colaboradores\/\" target=\"_self\">\n                \u00bfTu empresa fortalece la inteligencia emocional de los colaboradores?            <\/a>\n        <\/h3>\n                <div class=\"wcp-post-contents rpc-content\">\n\n            La&nbsp;inteligencia emocional de los colaboradores&nbsp;ha tomado importancia con los a\u00f1os. Anteriormente, en los procesos de selecci\u00f3n y las valoraciones de\n                            <br>\n                <a href=\"https:\/\/www.amitai.com\/es\/fortalece-inteligencia-emocional-colaboradores\/\" target=\"_self\" class=\"btn-post\">Leer m\u00e1s<\/a>\n        \n        <\/div>        \n    <\/div>\n<\/div>                <\/div>    \n\n                            <div class=\"slick-slide carousel-item-4494\">\n                    <div class=\"post-style-2 rpc-bg rpc-box\">\n    <div class=\"wcp-img-wrap\">\n        <a href=\"https:\/\/www.amitai.com\/es\/momento-para-hacer-team-building\/\">\n            <img decoding=\"async\" width=\"1920\" height=\"1280\" src=\"https:\/\/www.amitai.com\/es\/wp-content\/uploads\/2021\/12\/momento-para-hacer-team-building-colaboradores.jpg\" class=\"attachment- size- wp-post-image\" alt=\"team building\" srcset=\"https:\/\/www.amitai.com\/es\/wp-content\/uploads\/2021\/12\/momento-para-hacer-team-building-colaboradores.jpg 1920w, https:\/\/www.amitai.com\/es\/wp-content\/uploads\/2021\/12\/momento-para-hacer-team-building-colaboradores-300x200.jpg 300w, https:\/\/www.amitai.com\/es\/wp-content\/uploads\/2021\/12\/momento-para-hacer-team-building-colaboradores-1024x683.jpg 1024w, https:\/\/www.amitai.com\/es\/wp-content\/uploads\/2021\/12\/momento-para-hacer-team-building-colaboradores-768x512.jpg 768w, https:\/\/www.amitai.com\/es\/wp-content\/uploads\/2021\/12\/momento-para-hacer-team-building-colaboradores-1536x1024.jpg 1536w\" sizes=\"(max-width: 1920px) 100vw, 1920px\" \/>        <\/a>\n    <\/div>\n    <div class=\"wcp-content-wrap\">\n        <h3>\n            <a class=\"rpc-title\" href=\"https:\/\/www.amitai.com\/es\/momento-para-hacer-team-building\/\" target=\"_self\">\n                Fin de a\u00f1o, el momento perfecto para hacer team building            <\/a>\n        <\/h3>\n                <div class=\"wcp-post-contents rpc-content\">\n\n            Para que tu empresa pueda enorgullecerse de que \u201ctrabaja en equipo\u201d debe responder al principio de cohesi\u00f3n y a los\n                            <br>\n                <a href=\"https:\/\/www.amitai.com\/es\/momento-para-hacer-team-building\/\" target=\"_self\" class=\"btn-post\">Leer m\u00e1s<\/a>\n        \n        <\/div>        \n    <\/div>\n<\/div>                <\/div>    \n\n                            <div class=\"slick-slide carousel-item-4486\">\n                    <div class=\"post-style-2 rpc-bg rpc-box\">\n    <div class=\"wcp-img-wrap\">\n        <a href=\"https:\/\/www.amitai.com\/es\/manejar-la-comunicacion-en-tiempos-de-crisis\/\">\n            <img decoding=\"async\" width=\"1920\" height=\"1280\" src=\"https:\/\/www.amitai.com\/es\/wp-content\/uploads\/2021\/12\/comunicacion-en-tiempos-de-crisis.jpg\" class=\"attachment- size- wp-post-image\" alt=\"guia para manejar la comunicaci\u00f3n en tiempos de crisis\" srcset=\"https:\/\/www.amitai.com\/es\/wp-content\/uploads\/2021\/12\/comunicacion-en-tiempos-de-crisis.jpg 1920w, https:\/\/www.amitai.com\/es\/wp-content\/uploads\/2021\/12\/comunicacion-en-tiempos-de-crisis-300x200.jpg 300w, https:\/\/www.amitai.com\/es\/wp-content\/uploads\/2021\/12\/comunicacion-en-tiempos-de-crisis-1024x683.jpg 1024w, https:\/\/www.amitai.com\/es\/wp-content\/uploads\/2021\/12\/comunicacion-en-tiempos-de-crisis-768x512.jpg 768w, https:\/\/www.amitai.com\/es\/wp-content\/uploads\/2021\/12\/comunicacion-en-tiempos-de-crisis-1536x1024.jpg 1536w\" sizes=\"(max-width: 1920px) 100vw, 1920px\" \/>        <\/a>\n    <\/div>\n    <div class=\"wcp-content-wrap\">\n        <h3>\n            <a class=\"rpc-title\" href=\"https:\/\/www.amitai.com\/es\/manejar-la-comunicacion-en-tiempos-de-crisis\/\" target=\"_self\">\n                Guia para manejar la comunicaci\u00f3n en tiempos de crisis            <\/a>\n        <\/h3>\n                <div class=\"wcp-post-contents rpc-content\">\n\n            La pandemia del&nbsp;COVID-19&nbsp;puso a las empresas en jaque. Debido a ello, se han tenido que implementar&nbsp;herramientas para mejorar la comunicaci\u00f3n\n                            <br>\n                <a href=\"https:\/\/www.amitai.com\/es\/manejar-la-comunicacion-en-tiempos-de-crisis\/\" target=\"_self\" class=\"btn-post\">Leer m\u00e1s<\/a>\n        \n        <\/div>        \n    <\/div>\n<\/div>                <\/div>    \n\n                            <div class=\"slick-slide carousel-item-4480\">\n                    <div class=\"post-style-2 rpc-bg rpc-box\">\n    <div class=\"wcp-img-wrap\">\n        <a href=\"https:\/\/www.amitai.com\/es\/canales-de-comunicacion-organizacional-interna\/\">\n            <img decoding=\"async\" width=\"1920\" height=\"1280\" src=\"https:\/\/www.amitai.com\/es\/wp-content\/uploads\/2021\/12\/canales-de-comunicacion-organizacional-interna-implementar.jpg\" class=\"attachment- size- wp-post-image\" alt=\"canales de comunicaci\u00f3n organizacional\" srcset=\"https:\/\/www.amitai.com\/es\/wp-content\/uploads\/2021\/12\/canales-de-comunicacion-organizacional-interna-implementar.jpg 1920w, https:\/\/www.amitai.com\/es\/wp-content\/uploads\/2021\/12\/canales-de-comunicacion-organizacional-interna-implementar-300x200.jpg 300w, https:\/\/www.amitai.com\/es\/wp-content\/uploads\/2021\/12\/canales-de-comunicacion-organizacional-interna-implementar-1024x683.jpg 1024w, https:\/\/www.amitai.com\/es\/wp-content\/uploads\/2021\/12\/canales-de-comunicacion-organizacional-interna-implementar-768x512.jpg 768w, https:\/\/www.amitai.com\/es\/wp-content\/uploads\/2021\/12\/canales-de-comunicacion-organizacional-interna-implementar-1536x1024.jpg 1536w\" sizes=\"(max-width: 1920px) 100vw, 1920px\" \/>        <\/a>\n    <\/div>\n    <div class=\"wcp-content-wrap\">\n        <h3>\n            <a class=\"rpc-title\" href=\"https:\/\/www.amitai.com\/es\/canales-de-comunicacion-organizacional-interna\/\" target=\"_self\">\n                Canales de comunicaci\u00f3n organizacional interna que debes conocer e implementar            <\/a>\n        <\/h3>\n                <div class=\"wcp-post-contents rpc-content\">\n\n            Todas las organizaciones, independientemente de su tama\u00f1o, operan bajo un sistema claro de trabajo, donde cada empleado cumple unas funciones\n                            <br>\n                <a href=\"https:\/\/www.amitai.com\/es\/canales-de-comunicacion-organizacional-interna\/\" target=\"_self\" class=\"btn-post\">Leer m\u00e1s<\/a>\n        \n        <\/div>        \n    <\/div>\n<\/div>                <\/div>    \n\n                            <div class=\"slick-slide carousel-item-4454\">\n                    <div class=\"post-style-2 rpc-bg rpc-box\">\n    <div class=\"wcp-img-wrap\">\n        <a href=\"https:\/\/www.amitai.com\/es\/normas-para-buen-entorno-laboral\/\">\n            <img decoding=\"async\" width=\"1920\" height=\"1280\" src=\"https:\/\/www.amitai.com\/es\/wp-content\/uploads\/2021\/11\/normas-eticas-que-menos-practican.jpg\" class=\"attachment- size- wp-post-image\" alt=\"normas \u00e9ticas que menos se practican y necesitas en tu empresa\" srcset=\"https:\/\/www.amitai.com\/es\/wp-content\/uploads\/2021\/11\/normas-eticas-que-menos-practican.jpg 1920w, https:\/\/www.amitai.com\/es\/wp-content\/uploads\/2021\/11\/normas-eticas-que-menos-practican-300x200.jpg 300w, https:\/\/www.amitai.com\/es\/wp-content\/uploads\/2021\/11\/normas-eticas-que-menos-practican-1024x683.jpg 1024w, https:\/\/www.amitai.com\/es\/wp-content\/uploads\/2021\/11\/normas-eticas-que-menos-practican-768x512.jpg 768w, https:\/\/www.amitai.com\/es\/wp-content\/uploads\/2021\/11\/normas-eticas-que-menos-practican-1536x1024.jpg 1536w\" sizes=\"(max-width: 1920px) 100vw, 1920px\" \/>        <\/a>\n    <\/div>\n    <div class=\"wcp-content-wrap\">\n        <h3>\n            <a class=\"rpc-title\" href=\"https:\/\/www.amitai.com\/es\/normas-para-buen-entorno-laboral\/\" target=\"_self\">\n                Est\u00e1s son las 6 normas \u00e9ticas que menos se practican y necesitas en tu empresa            <\/a>\n        <\/h3>\n                <div class=\"wcp-post-contents rpc-content\">\n\n            La\u00a0\u00e9tica empresarial\u00a0es un factor esencial para disfrutar de un buen entorno laboral, y generar credibilidad ante empleados y clientes. Examinemos\n                            <br>\n                <a href=\"https:\/\/www.amitai.com\/es\/normas-para-buen-entorno-laboral\/\" target=\"_self\" class=\"btn-post\">Leer m\u00e1s<\/a>\n        \n        <\/div>        \n    <\/div>\n<\/div>                <\/div>    \n\n                            <div class=\"slick-slide carousel-item-4447\">\n                    <div class=\"post-style-2 rpc-bg rpc-box\">\n    <div class=\"wcp-img-wrap\">\n        <a href=\"https:\/\/www.amitai.com\/es\/beneficios-fortalecer-etica-laboral\/\">\n            <img decoding=\"async\" width=\"1920\" height=\"1280\" src=\"https:\/\/www.amitai.com\/es\/wp-content\/uploads\/2021\/11\/fomentar-la-practica-de-etica-empresarial.jpg\" class=\"attachment- size- wp-post-image\" alt=\"ventajas de fomentar la pr\u00e1ctica de la \u00e9tica empresarial\" srcset=\"https:\/\/www.amitai.com\/es\/wp-content\/uploads\/2021\/11\/fomentar-la-practica-de-etica-empresarial.jpg 1920w, https:\/\/www.amitai.com\/es\/wp-content\/uploads\/2021\/11\/fomentar-la-practica-de-etica-empresarial-300x200.jpg 300w, https:\/\/www.amitai.com\/es\/wp-content\/uploads\/2021\/11\/fomentar-la-practica-de-etica-empresarial-1024x683.jpg 1024w, https:\/\/www.amitai.com\/es\/wp-content\/uploads\/2021\/11\/fomentar-la-practica-de-etica-empresarial-768x512.jpg 768w, https:\/\/www.amitai.com\/es\/wp-content\/uploads\/2021\/11\/fomentar-la-practica-de-etica-empresarial-1536x1024.jpg 1536w\" sizes=\"(max-width: 1920px) 100vw, 1920px\" \/>        <\/a>\n    <\/div>\n    <div class=\"wcp-content-wrap\">\n        <h3>\n            <a class=\"rpc-title\" href=\"https:\/\/www.amitai.com\/es\/beneficios-fortalecer-etica-laboral\/\" target=\"_self\">\n                5 ventajas de fomentar la pr\u00e1ctica de la \u00e9tica empresarial            <\/a>\n        <\/h3>\n                <div class=\"wcp-post-contents rpc-content\">\n\n            La&nbsp;\u00e9tica empresarial&nbsp;hace parte de los aspectos m\u00e1s importantes que definen y fortalecen la sostenibilidad en las empresas. Por lo tanto,\n                            <br>\n                <a href=\"https:\/\/www.amitai.com\/es\/beneficios-fortalecer-etica-laboral\/\" target=\"_self\" class=\"btn-post\">Leer m\u00e1s<\/a>\n        \n        <\/div>        \n    <\/div>\n<\/div>                <\/div>    \n\n                            <div class=\"slick-slide carousel-item-4441\">\n                    <div class=\"post-style-2 rpc-bg rpc-box\">\n    <div class=\"wcp-img-wrap\">\n        <a href=\"https:\/\/www.amitai.com\/es\/actitudes-negativas-en-el-trabajo-que-afectan-el-clima-organizacional\/\">\n            <img decoding=\"async\" width=\"1920\" height=\"1280\" src=\"https:\/\/www.amitai.com\/es\/wp-content\/uploads\/2021\/11\/actitudes-negativas-en-el-trabajo.jpg\" class=\"attachment- size- wp-post-image\" alt=\"actitudes negativas en el trabajo que afectan el clima organizacional\" srcset=\"https:\/\/www.amitai.com\/es\/wp-content\/uploads\/2021\/11\/actitudes-negativas-en-el-trabajo.jpg 1920w, https:\/\/www.amitai.com\/es\/wp-content\/uploads\/2021\/11\/actitudes-negativas-en-el-trabajo-300x200.jpg 300w, https:\/\/www.amitai.com\/es\/wp-content\/uploads\/2021\/11\/actitudes-negativas-en-el-trabajo-1024x683.jpg 1024w, https:\/\/www.amitai.com\/es\/wp-content\/uploads\/2021\/11\/actitudes-negativas-en-el-trabajo-768x512.jpg 768w, https:\/\/www.amitai.com\/es\/wp-content\/uploads\/2021\/11\/actitudes-negativas-en-el-trabajo-1536x1024.jpg 1536w\" sizes=\"(max-width: 1920px) 100vw, 1920px\" \/>        <\/a>\n    <\/div>\n    <div class=\"wcp-content-wrap\">\n        <h3>\n            <a class=\"rpc-title\" href=\"https:\/\/www.amitai.com\/es\/actitudes-negativas-en-el-trabajo-que-afectan-el-clima-organizacional\/\" target=\"_self\">\n                Actitudes negativas en el trabajo que afectan el clima organizacional            <\/a>\n        <\/h3>\n                <div class=\"wcp-post-contents rpc-content\">\n\n            El&nbsp;clima organizacional&nbsp;o laboral se refiere al ambiente que se forma en una empresa por las pr\u00e1cticas de los trabajadores y\n                            <br>\n                <a href=\"https:\/\/www.amitai.com\/es\/actitudes-negativas-en-el-trabajo-que-afectan-el-clima-organizacional\/\" target=\"_self\" class=\"btn-post\">Leer m\u00e1s<\/a>\n        \n        <\/div>        \n    <\/div>\n<\/div>                <\/div>    \n\n                            <div class=\"slick-slide carousel-item-4434\">\n                    <div class=\"post-style-2 rpc-bg rpc-box\">\n    <div class=\"wcp-img-wrap\">\n        <a href=\"https:\/\/www.amitai.com\/es\/claves-para-gestion-conocimiento-en-empresas\/\">\n            <img decoding=\"async\" width=\"1920\" height=\"1280\" src=\"https:\/\/www.amitai.com\/es\/wp-content\/uploads\/2021\/11\/claves-para-realizar-gestion-conocimiento-en-las-empresas.jpg\" class=\"attachment- size- wp-post-image\" alt=\"claves para realizar gesti\u00f3n\" srcset=\"https:\/\/www.amitai.com\/es\/wp-content\/uploads\/2021\/11\/claves-para-realizar-gestion-conocimiento-en-las-empresas.jpg 1920w, https:\/\/www.amitai.com\/es\/wp-content\/uploads\/2021\/11\/claves-para-realizar-gestion-conocimiento-en-las-empresas-300x200.jpg 300w, https:\/\/www.amitai.com\/es\/wp-content\/uploads\/2021\/11\/claves-para-realizar-gestion-conocimiento-en-las-empresas-1024x683.jpg 1024w, https:\/\/www.amitai.com\/es\/wp-content\/uploads\/2021\/11\/claves-para-realizar-gestion-conocimiento-en-las-empresas-768x512.jpg 768w, https:\/\/www.amitai.com\/es\/wp-content\/uploads\/2021\/11\/claves-para-realizar-gestion-conocimiento-en-las-empresas-1536x1024.jpg 1536w\" sizes=\"(max-width: 1920px) 100vw, 1920px\" \/>        <\/a>\n    <\/div>\n    <div class=\"wcp-content-wrap\">\n        <h3>\n            <a class=\"rpc-title\" href=\"https:\/\/www.amitai.com\/es\/claves-para-gestion-conocimiento-en-empresas\/\" target=\"_self\">\n                4 claves para realizar gesti\u00f3n del conocimiento en las empresas            <\/a>\n        <\/h3>\n                <div class=\"wcp-post-contents rpc-content\">\n\n            La&nbsp;gesti\u00f3n del conocimiento&nbsp;impulsa el desarrollo de las \u00faltimas innovaciones, lo que significa el manejo de conocimiento interno y externo de\n                            <br>\n                <a href=\"https:\/\/www.amitai.com\/es\/claves-para-gestion-conocimiento-en-empresas\/\" target=\"_self\" class=\"btn-post\">Leer m\u00e1s<\/a>\n        \n        <\/div>        \n    <\/div>\n<\/div>                <\/div>    \n\n                            <div class=\"slick-slide carousel-item-4418\">\n                    <div class=\"post-style-2 rpc-bg rpc-box\">\n    <div class=\"wcp-img-wrap\">\n        <a href=\"https:\/\/www.amitai.com\/es\/soluciones-malos-actos-en-las-empresas\/\">\n            <img decoding=\"async\" width=\"1920\" height=\"1280\" src=\"https:\/\/www.amitai.com\/es\/wp-content\/uploads\/2021\/11\/soluciones-para-combatir-la-corrupcion-en-las-empresas.jpg\" class=\"attachment- size- wp-post-image\" alt=\"Soluciones que puedes poner en pr\u00e1ctica para combatir la corrupci\u00f3n en las empresas\" srcset=\"https:\/\/www.amitai.com\/es\/wp-content\/uploads\/2021\/11\/soluciones-para-combatir-la-corrupcion-en-las-empresas.jpg 1920w, https:\/\/www.amitai.com\/es\/wp-content\/uploads\/2021\/11\/soluciones-para-combatir-la-corrupcion-en-las-empresas-300x200.jpg 300w, https:\/\/www.amitai.com\/es\/wp-content\/uploads\/2021\/11\/soluciones-para-combatir-la-corrupcion-en-las-empresas-1024x683.jpg 1024w, https:\/\/www.amitai.com\/es\/wp-content\/uploads\/2021\/11\/soluciones-para-combatir-la-corrupcion-en-las-empresas-768x512.jpg 768w, https:\/\/www.amitai.com\/es\/wp-content\/uploads\/2021\/11\/soluciones-para-combatir-la-corrupcion-en-las-empresas-1536x1024.jpg 1536w\" sizes=\"(max-width: 1920px) 100vw, 1920px\" \/>        <\/a>\n    <\/div>\n    <div class=\"wcp-content-wrap\">\n        <h3>\n            <a class=\"rpc-title\" href=\"https:\/\/www.amitai.com\/es\/soluciones-malos-actos-en-las-empresas\/\" target=\"_self\">\n                Soluciones que puedes poner en pr\u00e1ctica para combatir la corrupci\u00f3n en las empresas            <\/a>\n        <\/h3>\n                <div class=\"wcp-post-contents rpc-content\">\n\n            La reputaci\u00f3n de una empresa puede verse perjudicada por una&nbsp;\u00e9tica profesional&nbsp;manchada. No existe mayor probabilidad de fracaso como cuando las\n                            <br>\n                <a href=\"https:\/\/www.amitai.com\/es\/soluciones-malos-actos-en-las-empresas\/\" target=\"_self\" class=\"btn-post\">Leer m\u00e1s<\/a>\n        \n        <\/div>        \n    <\/div>\n<\/div>                <\/div>    \n\n                            <div class=\"slick-slide carousel-item-4389\">\n                    <div class=\"post-style-2 rpc-bg rpc-box\">\n    <div class=\"wcp-img-wrap\">\n        <a href=\"https:\/\/www.amitai.com\/es\/honestidad-permite-lograr-exito-empresarial\/\">\n            <img decoding=\"async\" width=\"1920\" height=\"1280\" src=\"https:\/\/www.amitai.com\/es\/wp-content\/uploads\/2021\/11\/razon-por-la-que-la-honestidad-permite-lograr-exito-empresarial.jpg\" class=\"attachment- size- wp-post-image\" alt=\"raz\u00f3n por la que la honestidad permite lograr \u00e9xito empresarial\" srcset=\"https:\/\/www.amitai.com\/es\/wp-content\/uploads\/2021\/11\/razon-por-la-que-la-honestidad-permite-lograr-exito-empresarial.jpg 1920w, https:\/\/www.amitai.com\/es\/wp-content\/uploads\/2021\/11\/razon-por-la-que-la-honestidad-permite-lograr-exito-empresarial-300x200.jpg 300w, https:\/\/www.amitai.com\/es\/wp-content\/uploads\/2021\/11\/razon-por-la-que-la-honestidad-permite-lograr-exito-empresarial-1024x683.jpg 1024w, https:\/\/www.amitai.com\/es\/wp-content\/uploads\/2021\/11\/razon-por-la-que-la-honestidad-permite-lograr-exito-empresarial-768x512.jpg 768w, https:\/\/www.amitai.com\/es\/wp-content\/uploads\/2021\/11\/razon-por-la-que-la-honestidad-permite-lograr-exito-empresarial-1536x1024.jpg 1536w\" sizes=\"(max-width: 1920px) 100vw, 1920px\" \/>        <\/a>\n    <\/div>\n    <div class=\"wcp-content-wrap\">\n        <h3>\n            <a class=\"rpc-title\" href=\"https:\/\/www.amitai.com\/es\/honestidad-permite-lograr-exito-empresarial\/\" target=\"_self\">\n                Raz\u00f3n por la que la honestidad permite lograr \u00e9xito empresarial            <\/a>\n        <\/h3>\n                <div class=\"wcp-post-contents rpc-content\">\n\n            Los valores y principios son necesarios para la estructura social de una comunidad.\u00a0En el \u00e1mbito laboral, este tema es muy\n                            <br>\n                <a href=\"https:\/\/www.amitai.com\/es\/honestidad-permite-lograr-exito-empresarial\/\" target=\"_self\" class=\"btn-post\">Leer m\u00e1s<\/a>\n        \n        <\/div>        \n    <\/div>\n<\/div>                <\/div>    \n\n                            <div class=\"slick-slide carousel-item-4386\">\n                    <div class=\"post-style-2 rpc-bg rpc-box\">\n    <div class=\"wcp-img-wrap\">\n        <a href=\"https:\/\/www.amitai.com\/es\/retencion-de-talento-honesto-el-papel-de-la-evaluacion-de-personal\/\">\n            <img decoding=\"async\" width=\"1920\" height=\"1280\" src=\"https:\/\/www.amitai.com\/es\/wp-content\/uploads\/2021\/11\/retencion-de-talento-honesto-el-papel-de-la-evaluacion-de-personal.jpg\" class=\"attachment- size- wp-post-image\" alt=\"retenci\u00f3n de talento honesto: el papel de la evaluaci\u00f3n de personal\" srcset=\"https:\/\/www.amitai.com\/es\/wp-content\/uploads\/2021\/11\/retencion-de-talento-honesto-el-papel-de-la-evaluacion-de-personal.jpg 1920w, https:\/\/www.amitai.com\/es\/wp-content\/uploads\/2021\/11\/retencion-de-talento-honesto-el-papel-de-la-evaluacion-de-personal-300x200.jpg 300w, https:\/\/www.amitai.com\/es\/wp-content\/uploads\/2021\/11\/retencion-de-talento-honesto-el-papel-de-la-evaluacion-de-personal-1024x683.jpg 1024w, https:\/\/www.amitai.com\/es\/wp-content\/uploads\/2021\/11\/retencion-de-talento-honesto-el-papel-de-la-evaluacion-de-personal-768x512.jpg 768w, https:\/\/www.amitai.com\/es\/wp-content\/uploads\/2021\/11\/retencion-de-talento-honesto-el-papel-de-la-evaluacion-de-personal-1536x1024.jpg 1536w\" sizes=\"(max-width: 1920px) 100vw, 1920px\" \/>        <\/a>\n    <\/div>\n    <div class=\"wcp-content-wrap\">\n        <h3>\n            <a class=\"rpc-title\" href=\"https:\/\/www.amitai.com\/es\/retencion-de-talento-honesto-el-papel-de-la-evaluacion-de-personal\/\" target=\"_self\">\n                Retenci\u00f3n de talento honesto: el papel de la evaluaci\u00f3n de personal            <\/a>\n        <\/h3>\n                <div class=\"wcp-post-contents rpc-content\">\n\n            Los colaboradores honestos siempre tendr\u00e1n mayor valor en los procesos de selecci\u00f3n y en el campo laboral mismo,\u00a0pues\u00a0viven de acuerdo\n                            <br>\n                <a href=\"https:\/\/www.amitai.com\/es\/retencion-de-talento-honesto-el-papel-de-la-evaluacion-de-personal\/\" target=\"_self\" class=\"btn-post\">Leer m\u00e1s<\/a>\n        \n        <\/div>        \n    <\/div>\n<\/div>                <\/div>    \n\n                            <div class=\"slick-slide carousel-item-4384\">\n                    <div class=\"post-style-2 rpc-bg rpc-box\">\n    <div class=\"wcp-img-wrap\">\n        <a href=\"https:\/\/www.amitai.com\/es\/pruebas-psicometricas-reclutamiento-honestidad\/\">\n            <img decoding=\"async\" width=\"1920\" height=\"1280\" src=\"https:\/\/www.amitai.com\/es\/wp-content\/uploads\/2021\/11\/psicometricas-de-reclutamiento-enfocadas-en-la-honestidad.jpg\" class=\"attachment- size- wp-post-image\" alt=\"el valor de las pruebas psicom\u00e9tricas de reclutamiento enfocadas en la honestidad\" srcset=\"https:\/\/www.amitai.com\/es\/wp-content\/uploads\/2021\/11\/psicometricas-de-reclutamiento-enfocadas-en-la-honestidad.jpg 1920w, https:\/\/www.amitai.com\/es\/wp-content\/uploads\/2021\/11\/psicometricas-de-reclutamiento-enfocadas-en-la-honestidad-300x200.jpg 300w, https:\/\/www.amitai.com\/es\/wp-content\/uploads\/2021\/11\/psicometricas-de-reclutamiento-enfocadas-en-la-honestidad-1024x683.jpg 1024w, https:\/\/www.amitai.com\/es\/wp-content\/uploads\/2021\/11\/psicometricas-de-reclutamiento-enfocadas-en-la-honestidad-768x512.jpg 768w, https:\/\/www.amitai.com\/es\/wp-content\/uploads\/2021\/11\/psicometricas-de-reclutamiento-enfocadas-en-la-honestidad-1536x1024.jpg 1536w\" sizes=\"(max-width: 1920px) 100vw, 1920px\" \/>        <\/a>\n    <\/div>\n    <div class=\"wcp-content-wrap\">\n        <h3>\n            <a class=\"rpc-title\" href=\"https:\/\/www.amitai.com\/es\/pruebas-psicometricas-reclutamiento-honestidad\/\" target=\"_self\">\n                El valor de las pruebas psicom\u00e9tricas de reclutamiento enfocadas en la honestidad            <\/a>\n        <\/h3>\n                <div class=\"wcp-post-contents rpc-content\">\n\n            En un proceso de selecci\u00f3n de personal se buscan los candidatos m\u00e1s compatibles con los valores de la empresa.&nbsp;Entre estos\n                            <br>\n                <a href=\"https:\/\/www.amitai.com\/es\/pruebas-psicometricas-reclutamiento-honestidad\/\" target=\"_self\" class=\"btn-post\">Leer m\u00e1s<\/a>\n        \n        <\/div>        \n    <\/div>\n<\/div>                <\/div>    \n\n                            <div class=\"slick-slide carousel-item-4321\">\n                    <div class=\"post-style-2 rpc-bg rpc-box\">\n    <div class=\"wcp-img-wrap\">\n        <a href=\"https:\/\/www.amitai.com\/es\/denuncias-anonimas-comunes-en-empresas\/\">\n            <img decoding=\"async\" width=\"1920\" height=\"1280\" src=\"https:\/\/www.amitai.com\/es\/wp-content\/uploads\/2021\/11\/denuncias-anonimas-mas-comunes-en-las-empresas.jpg\" class=\"attachment- size- wp-post-image\" alt=\"Conoce las denuncias m\u00e1s comunes en las empresas\" srcset=\"https:\/\/www.amitai.com\/es\/wp-content\/uploads\/2021\/11\/denuncias-anonimas-mas-comunes-en-las-empresas.jpg 1920w, https:\/\/www.amitai.com\/es\/wp-content\/uploads\/2021\/11\/denuncias-anonimas-mas-comunes-en-las-empresas-300x200.jpg 300w, https:\/\/www.amitai.com\/es\/wp-content\/uploads\/2021\/11\/denuncias-anonimas-mas-comunes-en-las-empresas-768x512.jpg 768w, https:\/\/www.amitai.com\/es\/wp-content\/uploads\/2021\/11\/denuncias-anonimas-mas-comunes-en-las-empresas-1024x683.jpg 1024w\" sizes=\"(max-width: 1920px) 100vw, 1920px\" \/>        <\/a>\n    <\/div>\n    <div class=\"wcp-content-wrap\">\n        <h3>\n            <a class=\"rpc-title\" href=\"https:\/\/www.amitai.com\/es\/denuncias-anonimas-comunes-en-empresas\/\" target=\"_self\">\n                Conoce las denuncias  m\u00e1s comunes en las empresas            <\/a>\n        <\/h3>\n                <div class=\"wcp-post-contents rpc-content\">\n\n            Cada vez, las organizaciones buscan mejorar la comunicaci\u00f3n dentro de sus empresas, para ello establecen diferentes herramientas a trav\u00e9s de\n                            <br>\n                <a href=\"https:\/\/www.amitai.com\/es\/denuncias-anonimas-comunes-en-empresas\/\" target=\"_self\" class=\"btn-post\">Leer m\u00e1s<\/a>\n        \n        <\/div>        \n    <\/div>\n<\/div>                <\/div>    \n\n                            <div class=\"slick-slide carousel-item-4278\">\n                    <div class=\"post-style-2 rpc-bg rpc-box\">\n    <div class=\"wcp-img-wrap\">\n        <a href=\"https:\/\/www.amitai.com\/es\/ejemplos-problemas-comunicacion-interna\/\">\n            <img decoding=\"async\" width=\"1920\" height=\"1280\" src=\"https:\/\/www.amitai.com\/es\/wp-content\/uploads\/2021\/11\/ejemplos-de-problemas-comunicacion-interna-en-las-empresas-y-como-solucionarlose.jpg\" class=\"attachment- size- wp-post-image\" alt=\"problemas de comunicaci\u00f3n interna en las empresas\" srcset=\"https:\/\/www.amitai.com\/es\/wp-content\/uploads\/2021\/11\/ejemplos-de-problemas-comunicacion-interna-en-las-empresas-y-como-solucionarlose.jpg 1920w, https:\/\/www.amitai.com\/es\/wp-content\/uploads\/2021\/11\/ejemplos-de-problemas-comunicacion-interna-en-las-empresas-y-como-solucionarlose-300x200.jpg 300w, https:\/\/www.amitai.com\/es\/wp-content\/uploads\/2021\/11\/ejemplos-de-problemas-comunicacion-interna-en-las-empresas-y-como-solucionarlose-768x512.jpg 768w, https:\/\/www.amitai.com\/es\/wp-content\/uploads\/2021\/11\/ejemplos-de-problemas-comunicacion-interna-en-las-empresas-y-como-solucionarlose-1024x683.jpg 1024w\" sizes=\"(max-width: 1920px) 100vw, 1920px\" \/>        <\/a>\n    <\/div>\n    <div class=\"wcp-content-wrap\">\n        <h3>\n            <a class=\"rpc-title\" href=\"https:\/\/www.amitai.com\/es\/ejemplos-problemas-comunicacion-interna\/\" target=\"_self\">\n                Ejemplos de problemas de comunicaci\u00f3n interna en las empresas y c\u00f3mo solucionarlos            <\/a>\n        <\/h3>\n                <div class=\"wcp-post-contents rpc-content\">\n\n            Los problemas de comunicaci\u00f3n interna de una empresa, son los inconvenientes que mayores retrasos y mala experiencia tienen dentro de\n                            <br>\n                <a href=\"https:\/\/www.amitai.com\/es\/ejemplos-problemas-comunicacion-interna\/\" target=\"_self\" class=\"btn-post\">Leer m\u00e1s<\/a>\n        \n        <\/div>        \n    <\/div>\n<\/div>                <\/div>    \n\n                            <div class=\"slick-slide carousel-item-4281\">\n                    <div class=\"post-style-2 rpc-bg rpc-box\">\n    <div class=\"wcp-img-wrap\">\n        <a href=\"https:\/\/www.amitai.com\/es\/motivos-mala-comunicacion-interna-empresas\/\">\n            <img decoding=\"async\" width=\"1280\" height=\"853\" src=\"https:\/\/www.amitai.com\/es\/wp-content\/uploads\/2022\/04\/lider-empresarial.jpg\" class=\"attachment- size- wp-post-image\" alt=\"C\u00f3mo ser mejor lider empresarial\" srcset=\"https:\/\/www.amitai.com\/es\/wp-content\/uploads\/2022\/04\/lider-empresarial.jpg 1280w, https:\/\/www.amitai.com\/es\/wp-content\/uploads\/2022\/04\/lider-empresarial-300x200.jpg 300w, https:\/\/www.amitai.com\/es\/wp-content\/uploads\/2022\/04\/lider-empresarial-1024x682.jpg 1024w, https:\/\/www.amitai.com\/es\/wp-content\/uploads\/2022\/04\/lider-empresarial-768x512.jpg 768w\" sizes=\"(max-width: 1280px) 100vw, 1280px\" \/>        <\/a>\n    <\/div>\n    <div class=\"wcp-content-wrap\">\n        <h3>\n            <a class=\"rpc-title\" href=\"https:\/\/www.amitai.com\/es\/motivos-mala-comunicacion-interna-empresas\/\" target=\"_self\">\n                3 motivos por los que fracasa la comunicaci\u00f3n empresarial            <\/a>\n        <\/h3>\n                <div class=\"wcp-post-contents rpc-content\">\n\n            Una empresa funciona y tiene \u00e9xito si toda su estructura se encuentra funcionando en sincron\u00eda y conoce los objetivos de\n                            <br>\n                <a href=\"https:\/\/www.amitai.com\/es\/motivos-mala-comunicacion-interna-empresas\/\" target=\"_self\" class=\"btn-post\">Leer m\u00e1s<\/a>\n        \n        <\/div>        \n    <\/div>\n<\/div>                <\/div>    \n\n                            <div class=\"slick-slide carousel-item-4282\">\n                    <div class=\"post-style-2 rpc-bg rpc-box\">\n    <div class=\"wcp-img-wrap\">\n        <a href=\"https:\/\/www.amitai.com\/es\/comunicacion-organizacional-y-publicos-externos\/\">\n            <img decoding=\"async\" width=\"1920\" height=\"1280\" src=\"https:\/\/www.amitai.com\/es\/wp-content\/uploads\/2021\/10\/comunicacion-organizacional-para-fortalecer-las-relaciones-con-los-publicos-externos.jpg\" class=\"attachment- size- wp-post-image\" alt=\"comunicaci\u00f3n organizacional para fortalecer las relaciones con los p\u00fablicos externos\" srcset=\"https:\/\/www.amitai.com\/es\/wp-content\/uploads\/2021\/10\/comunicacion-organizacional-para-fortalecer-las-relaciones-con-los-publicos-externos.jpg 1920w, https:\/\/www.amitai.com\/es\/wp-content\/uploads\/2021\/10\/comunicacion-organizacional-para-fortalecer-las-relaciones-con-los-publicos-externos-300x200.jpg 300w, https:\/\/www.amitai.com\/es\/wp-content\/uploads\/2021\/10\/comunicacion-organizacional-para-fortalecer-las-relaciones-con-los-publicos-externos-768x512.jpg 768w, https:\/\/www.amitai.com\/es\/wp-content\/uploads\/2021\/10\/comunicacion-organizacional-para-fortalecer-las-relaciones-con-los-publicos-externos-1024x683.jpg 1024w\" sizes=\"(max-width: 1920px) 100vw, 1920px\" \/>        <\/a>\n    <\/div>\n    <div class=\"wcp-content-wrap\">\n        <h3>\n            <a class=\"rpc-title\" href=\"https:\/\/www.amitai.com\/es\/comunicacion-organizacional-y-publicos-externos\/\" target=\"_self\">\n                Comunicaci\u00f3n organizacional para fortalecer las relaciones con los p\u00fablicos externos            <\/a>\n        <\/h3>\n                <div class=\"wcp-post-contents rpc-content\">\n\n            La comunicaci\u00f3n a nivel institucional es un factor clave para mantener una sana relaci\u00f3n interpersonal entre los miembros del equipo\n                            <br>\n                <a href=\"https:\/\/www.amitai.com\/es\/comunicacion-organizacional-y-publicos-externos\/\" target=\"_self\" class=\"btn-post\">Leer m\u00e1s<\/a>\n        \n        <\/div>        \n    <\/div>\n<\/div>                <\/div>    \n\n                            <div class=\"slick-slide carousel-item-4262\">\n                    <div class=\"post-style-2 rpc-bg rpc-box\">\n    <div class=\"wcp-img-wrap\">\n        <a href=\"https:\/\/www.amitai.com\/es\/consejos-para-resolver-examen-psicometrico\/\">\n            <img decoding=\"async\" width=\"1920\" height=\"1280\" src=\"https:\/\/www.amitai.com\/es\/wp-content\/uploads\/2021\/10\/consejos-para-resolver-examen-psicometrico.jpg\" class=\"attachment- size- wp-post-image\" alt=\"6 consejos para resolver examen psicom\u00e9trico\" srcset=\"https:\/\/www.amitai.com\/es\/wp-content\/uploads\/2021\/10\/consejos-para-resolver-examen-psicometrico.jpg 1920w, https:\/\/www.amitai.com\/es\/wp-content\/uploads\/2021\/10\/consejos-para-resolver-examen-psicometrico-300x200.jpg 300w, https:\/\/www.amitai.com\/es\/wp-content\/uploads\/2021\/10\/consejos-para-resolver-examen-psicometrico-768x512.jpg 768w, https:\/\/www.amitai.com\/es\/wp-content\/uploads\/2021\/10\/consejos-para-resolver-examen-psicometrico-1024x683.jpg 1024w\" sizes=\"(max-width: 1920px) 100vw, 1920px\" \/>        <\/a>\n    <\/div>\n    <div class=\"wcp-content-wrap\">\n        <h3>\n            <a class=\"rpc-title\" href=\"https:\/\/www.amitai.com\/es\/consejos-para-resolver-examen-psicometrico\/\" target=\"_self\">\n                6 consejos para resolver un examen psicom\u00e9trico            <\/a>\n        <\/h3>\n                <div class=\"wcp-post-contents rpc-content\">\n\n            Si deseas encontrar un trabajo en la empresa de tus sue\u00f1os, es posible que te exijan resolver un examen psicom\u00e9trico,\n                            <br>\n                <a href=\"https:\/\/www.amitai.com\/es\/consejos-para-resolver-examen-psicometrico\/\" target=\"_self\" class=\"btn-post\">Leer m\u00e1s<\/a>\n        \n        <\/div>        \n    <\/div>\n<\/div>                <\/div>    \n\n                            <div class=\"slick-slide carousel-item-4288\">\n                    <div class=\"post-style-2 rpc-bg rpc-box\">\n    <div class=\"wcp-img-wrap\">\n        <a href=\"https:\/\/www.amitai.com\/es\/comunicacion-organizacional-mejora-rendimiento\/\">\n            <img decoding=\"async\" width=\"1920\" height=\"1280\" src=\"https:\/\/www.amitai.com\/es\/wp-content\/uploads\/2021\/10\/razones-comunicacion-organizacional-mejora-el-rendimiento-del-equipo.jpg\" class=\"attachment- size- wp-post-image\" alt=\"razones por las cuales la comunicaci\u00f3n organizacional mejora el rendimiento del equipo\" srcset=\"https:\/\/www.amitai.com\/es\/wp-content\/uploads\/2021\/10\/razones-comunicacion-organizacional-mejora-el-rendimiento-del-equipo.jpg 1920w, https:\/\/www.amitai.com\/es\/wp-content\/uploads\/2021\/10\/razones-comunicacion-organizacional-mejora-el-rendimiento-del-equipo-300x200.jpg 300w, https:\/\/www.amitai.com\/es\/wp-content\/uploads\/2021\/10\/razones-comunicacion-organizacional-mejora-el-rendimiento-del-equipo-768x512.jpg 768w, https:\/\/www.amitai.com\/es\/wp-content\/uploads\/2021\/10\/razones-comunicacion-organizacional-mejora-el-rendimiento-del-equipo-1024x683.jpg 1024w\" sizes=\"(max-width: 1920px) 100vw, 1920px\" \/>        <\/a>\n    <\/div>\n    <div class=\"wcp-content-wrap\">\n        <h3>\n            <a class=\"rpc-title\" href=\"https:\/\/www.amitai.com\/es\/comunicacion-organizacional-mejora-rendimiento\/\" target=\"_self\">\n                5 razones por las cuales la comunicaci\u00f3n organizacional mejora el rendimiento del equipo            <\/a>\n        <\/h3>\n                <div class=\"wcp-post-contents rpc-content\">\n\n            Lograr\u00a0mejorar la\u00a0comunicaci\u00f3n organizacional\u00a0genera un potencial a nivel del conocimiento en los recursos humanos, el desarrollo de la empresa y su\n                            <br>\n                <a href=\"https:\/\/www.amitai.com\/es\/comunicacion-organizacional-mejora-rendimiento\/\" target=\"_self\" class=\"btn-post\">Leer m\u00e1s<\/a>\n        \n        <\/div>        \n    <\/div>\n<\/div>                <\/div>    \n\n                            <div class=\"slick-slide carousel-item-4259\">\n                    <div class=\"post-style-2 rpc-bg rpc-box\">\n    <div class=\"wcp-img-wrap\">\n        <a href=\"https:\/\/www.amitai.com\/es\/perfil-oficial-de-cumplimiento-o-compliance\/\">\n            <img decoding=\"async\" width=\"1920\" height=\"1280\" src=\"https:\/\/www.amitai.com\/es\/wp-content\/uploads\/2021\/10\/conoce-el-perfil-de-un-oficial-de-cumplimiento-o-compliance.jpg\" class=\"attachment- size- wp-post-image\" alt=\"conoce el perfil de un oficial de cumplimiento o compliance\" srcset=\"https:\/\/www.amitai.com\/es\/wp-content\/uploads\/2021\/10\/conoce-el-perfil-de-un-oficial-de-cumplimiento-o-compliance.jpg 1920w, https:\/\/www.amitai.com\/es\/wp-content\/uploads\/2021\/10\/conoce-el-perfil-de-un-oficial-de-cumplimiento-o-compliance-300x200.jpg 300w, https:\/\/www.amitai.com\/es\/wp-content\/uploads\/2021\/10\/conoce-el-perfil-de-un-oficial-de-cumplimiento-o-compliance-768x512.jpg 768w, https:\/\/www.amitai.com\/es\/wp-content\/uploads\/2021\/10\/conoce-el-perfil-de-un-oficial-de-cumplimiento-o-compliance-1024x683.jpg 1024w\" sizes=\"(max-width: 1920px) 100vw, 1920px\" \/>        <\/a>\n    <\/div>\n    <div class=\"wcp-content-wrap\">\n        <h3>\n            <a class=\"rpc-title\" href=\"https:\/\/www.amitai.com\/es\/perfil-oficial-de-cumplimiento-o-compliance\/\" target=\"_self\">\n                Conoce el perfil de un oficial de cumplimiento o compliance            <\/a>\n        <\/h3>\n                <div class=\"wcp-post-contents rpc-content\">\n\n            El cumplimiento es un tema extremadamente importante y complejo en la actualidad. Por lo tanto, las empresas establecen un Departamento\n                            <br>\n                <a href=\"https:\/\/www.amitai.com\/es\/perfil-oficial-de-cumplimiento-o-compliance\/\" target=\"_self\" class=\"btn-post\">Leer m\u00e1s<\/a>\n        \n        <\/div>        \n    <\/div>\n<\/div>                <\/div>    \n\n                            <div class=\"slick-slide carousel-item-4265\">\n                    <div class=\"post-style-2 rpc-bg rpc-box\">\n    <div class=\"wcp-img-wrap\">\n        <a href=\"https:\/\/www.amitai.com\/es\/formas-para-detectar-corrupcion-empresas\/\">\n            <img decoding=\"async\" width=\"1920\" height=\"1280\" src=\"https:\/\/www.amitai.com\/es\/wp-content\/uploads\/2021\/10\/formas-para-detectar-la-corrupcion-en-las-empresas.jpg\" class=\"attachment- size- wp-post-image\" alt=\"formas para detectar la corrupci\u00f3n en las empresas\" srcset=\"https:\/\/www.amitai.com\/es\/wp-content\/uploads\/2021\/10\/formas-para-detectar-la-corrupcion-en-las-empresas.jpg 1920w, https:\/\/www.amitai.com\/es\/wp-content\/uploads\/2021\/10\/formas-para-detectar-la-corrupcion-en-las-empresas-300x200.jpg 300w, https:\/\/www.amitai.com\/es\/wp-content\/uploads\/2021\/10\/formas-para-detectar-la-corrupcion-en-las-empresas-768x512.jpg 768w, https:\/\/www.amitai.com\/es\/wp-content\/uploads\/2021\/10\/formas-para-detectar-la-corrupcion-en-las-empresas-1024x683.jpg 1024w\" sizes=\"(max-width: 1920px) 100vw, 1920px\" \/>        <\/a>\n    <\/div>\n    <div class=\"wcp-content-wrap\">\n        <h3>\n            <a class=\"rpc-title\" href=\"https:\/\/www.amitai.com\/es\/formas-para-detectar-corrupcion-empresas\/\" target=\"_self\">\n                3 formas para detectar la corrupci\u00f3n en las empresas            <\/a>\n        <\/h3>\n                <div class=\"wcp-post-contents rpc-content\">\n\n            \u00bfConoces las 3 formas para detectar la corrupci\u00f3n en las empresas? Es un problema bastante frecuente cuando una persona quiere\n                            <br>\n                <a href=\"https:\/\/www.amitai.com\/es\/formas-para-detectar-corrupcion-empresas\/\" target=\"_self\" class=\"btn-post\">Leer m\u00e1s<\/a>\n        \n        <\/div>        \n    <\/div>\n<\/div>                <\/div>    \n\n                            <div class=\"slick-slide carousel-item-4241\">\n                    <div class=\"post-style-2 rpc-bg rpc-box\">\n    <div class=\"wcp-img-wrap\">\n        <a href=\"https:\/\/www.amitai.com\/es\/denuncia-anonima-en-teletrabajo\/\">\n            <img decoding=\"async\" width=\"1920\" height=\"1280\" src=\"https:\/\/www.amitai.com\/es\/wp-content\/uploads\/2021\/09\/utilidad-de-la-denuncia-anonima-en-tiempos-de-hiperconectividad.jpg\" class=\"attachment- size- wp-post-image\" alt=\"Utilidad de la denuncia en tiempos de hiperconectividad\" srcset=\"https:\/\/www.amitai.com\/es\/wp-content\/uploads\/2021\/09\/utilidad-de-la-denuncia-anonima-en-tiempos-de-hiperconectividad.jpg 1920w, https:\/\/www.amitai.com\/es\/wp-content\/uploads\/2021\/09\/utilidad-de-la-denuncia-anonima-en-tiempos-de-hiperconectividad-300x200.jpg 300w, https:\/\/www.amitai.com\/es\/wp-content\/uploads\/2021\/09\/utilidad-de-la-denuncia-anonima-en-tiempos-de-hiperconectividad-768x512.jpg 768w, https:\/\/www.amitai.com\/es\/wp-content\/uploads\/2021\/09\/utilidad-de-la-denuncia-anonima-en-tiempos-de-hiperconectividad-1024x683.jpg 1024w\" sizes=\"(max-width: 1920px) 100vw, 1920px\" \/>        <\/a>\n    <\/div>\n    <div class=\"wcp-content-wrap\">\n        <h3>\n            <a class=\"rpc-title\" href=\"https:\/\/www.amitai.com\/es\/denuncia-anonima-en-teletrabajo\/\" target=\"_self\">\n                Utilidad de la denuncia  en tiempos de hiperconectividad            <\/a>\n        <\/h3>\n                <div class=\"wcp-post-contents rpc-content\">\n\n            Los cambios que trajo la normalizaci\u00f3n del\u00a0trabajo en casa\u00a0a ra\u00edz de la hiperconectividad generaron la necesidad de articular estrategias para\n                            <br>\n                <a href=\"https:\/\/www.amitai.com\/es\/denuncia-anonima-en-teletrabajo\/\" target=\"_self\" class=\"btn-post\">Leer m\u00e1s<\/a>\n        \n        <\/div>        \n    <\/div>\n<\/div>                <\/div>    \n\n                            <div class=\"slick-slide carousel-item-4200\">\n                    <div class=\"post-style-2 rpc-bg rpc-box\">\n    <div class=\"wcp-img-wrap\">\n        <a href=\"https:\/\/www.amitai.com\/es\/clima-organizacional-en-empresas-pequenas\/\">\n            <img decoding=\"async\" width=\"1920\" height=\"1280\" src=\"https:\/\/www.amitai.com\/es\/wp-content\/uploads\/2021\/09\/Clima-organizacional-en-empresas-pequen\u0303as.jpg\" class=\"attachment- size- wp-post-image\" alt=\"clima organizacional en empresas peque\u00f1as\" srcset=\"https:\/\/www.amitai.com\/es\/wp-content\/uploads\/2021\/09\/Clima-organizacional-en-empresas-pequen\u0303as.jpg 1920w, https:\/\/www.amitai.com\/es\/wp-content\/uploads\/2021\/09\/Clima-organizacional-en-empresas-pequen\u0303as-300x200.jpg 300w, https:\/\/www.amitai.com\/es\/wp-content\/uploads\/2021\/09\/Clima-organizacional-en-empresas-pequen\u0303as-768x512.jpg 768w, https:\/\/www.amitai.com\/es\/wp-content\/uploads\/2021\/09\/Clima-organizacional-en-empresas-pequen\u0303as-1024x683.jpg 1024w\" sizes=\"(max-width: 1920px) 100vw, 1920px\" \/>        <\/a>\n    <\/div>\n    <div class=\"wcp-content-wrap\">\n        <h3>\n            <a class=\"rpc-title\" href=\"https:\/\/www.amitai.com\/es\/clima-organizacional-en-empresas-pequenas\/\" target=\"_self\">\n                Clima organizacional en empresas peque\u00f1as \u00bfpor qu\u00e9 analizarlo?            <\/a>\n        <\/h3>\n                <div class=\"wcp-post-contents rpc-content\">\n\n            El recurso m\u00e1s importante de toda empresa son los trabajadores, ya que ellos son los que llevan a cabo las\n                            <br>\n                <a href=\"https:\/\/www.amitai.com\/es\/clima-organizacional-en-empresas-pequenas\/\" target=\"_self\" class=\"btn-post\">Leer m\u00e1s<\/a>\n        \n        <\/div>        \n    <\/div>\n<\/div>                <\/div>    \n\n                            <div class=\"slick-slide carousel-item-4114\">\n                    <div class=\"post-style-2 rpc-bg rpc-box\">\n    <div class=\"wcp-img-wrap\">\n        <a href=\"https:\/\/www.amitai.com\/es\/reconocimientos-laborales-y-clima-organizacional\/\">\n            <img decoding=\"async\" width=\"1920\" height=\"1280\" src=\"https:\/\/www.amitai.com\/es\/wp-content\/uploads\/2021\/09\/Como-inciden-los-reconocimientos-laborales-en-el-clima-organizacional.jpg\" class=\"attachment- size- wp-post-image\" alt=\"Como inciden los reconocimientos laborales en el clima organizacional\" srcset=\"https:\/\/www.amitai.com\/es\/wp-content\/uploads\/2021\/09\/Como-inciden-los-reconocimientos-laborales-en-el-clima-organizacional.jpg 1920w, https:\/\/www.amitai.com\/es\/wp-content\/uploads\/2021\/09\/Como-inciden-los-reconocimientos-laborales-en-el-clima-organizacional-300x200.jpg 300w, https:\/\/www.amitai.com\/es\/wp-content\/uploads\/2021\/09\/Como-inciden-los-reconocimientos-laborales-en-el-clima-organizacional-768x512.jpg 768w, https:\/\/www.amitai.com\/es\/wp-content\/uploads\/2021\/09\/Como-inciden-los-reconocimientos-laborales-en-el-clima-organizacional-1024x683.jpg 1024w\" sizes=\"(max-width: 1920px) 100vw, 1920px\" \/>        <\/a>\n    <\/div>\n    <div class=\"wcp-content-wrap\">\n        <h3>\n            <a class=\"rpc-title\" href=\"https:\/\/www.amitai.com\/es\/reconocimientos-laborales-y-clima-organizacional\/\" target=\"_self\">\n                \u00bfC\u00f3mo inciden los reconocimientos laborales en el clima organizacional?            <\/a>\n        <\/h3>\n                <div class=\"wcp-post-contents rpc-content\">\n\n            Los empleados estar\u00e1n motivados para desempe\u00f1arse mejor si sus gerentes los elogian con m\u00e1s frecuencia. De hecho, el 67 %\n                            <br>\n                <a href=\"https:\/\/www.amitai.com\/es\/reconocimientos-laborales-y-clima-organizacional\/\" target=\"_self\" class=\"btn-post\">Leer m\u00e1s<\/a>\n        \n        <\/div>        \n    <\/div>\n<\/div>                <\/div>    \n\n                            <div class=\"slick-slide carousel-item-3994\">\n                    <div class=\"post-style-2 rpc-bg rpc-box\">\n    <div class=\"wcp-img-wrap\">\n        <a href=\"https:\/\/www.amitai.com\/es\/principales-funciones-compliance\/\">\n            <img decoding=\"async\" width=\"1920\" height=\"1280\" src=\"https:\/\/www.amitai.com\/es\/wp-content\/uploads\/2021\/09\/funciones-principales-de-un-compliance-2-1.jpg\" class=\"attachment- size- wp-post-image\" alt=\"funcion compliance\" srcset=\"https:\/\/www.amitai.com\/es\/wp-content\/uploads\/2021\/09\/funciones-principales-de-un-compliance-2-1.jpg 1920w, https:\/\/www.amitai.com\/es\/wp-content\/uploads\/2021\/09\/funciones-principales-de-un-compliance-2-1-300x200.jpg 300w, https:\/\/www.amitai.com\/es\/wp-content\/uploads\/2021\/09\/funciones-principales-de-un-compliance-2-1-768x512.jpg 768w, https:\/\/www.amitai.com\/es\/wp-content\/uploads\/2021\/09\/funciones-principales-de-un-compliance-2-1-1024x683.jpg 1024w\" sizes=\"(max-width: 1920px) 100vw, 1920px\" \/>        <\/a>\n    <\/div>\n    <div class=\"wcp-content-wrap\">\n        <h3>\n            <a class=\"rpc-title\" href=\"https:\/\/www.amitai.com\/es\/principales-funciones-compliance\/\" target=\"_self\">\n                Conoce las 3 principales funciones de un compliance            <\/a>\n        <\/h3>\n                <div class=\"wcp-post-contents rpc-content\">\n\n            Los intereses de la empresa est\u00e1n orientados al \u00e9xito econ\u00f3mico. El cumplimiento parece interponerse en el camino. Cada vez es\n                            <br>\n                <a href=\"https:\/\/www.amitai.com\/es\/principales-funciones-compliance\/\" target=\"_self\" class=\"btn-post\">Leer m\u00e1s<\/a>\n        \n        <\/div>        \n    <\/div>\n<\/div>                <\/div>    \n\n                            <div class=\"slick-slide carousel-item-3991\">\n                    <div class=\"post-style-2 rpc-bg rpc-box\">\n    <div class=\"wcp-img-wrap\">\n        <a href=\"https:\/\/www.amitai.com\/es\/claves-lider-mejorar-clima-laboral\/\">\n            <img decoding=\"async\" width=\"1920\" height=\"1280\" src=\"https:\/\/www.amitai.com\/es\/wp-content\/uploads\/2021\/08\/claves-lider-mejorar-clima-laboral.jpg\" class=\"attachment- size- wp-post-image\" alt=\"lider para mejorar el clima laboral\" srcset=\"https:\/\/www.amitai.com\/es\/wp-content\/uploads\/2021\/08\/claves-lider-mejorar-clima-laboral.jpg 1920w, https:\/\/www.amitai.com\/es\/wp-content\/uploads\/2021\/08\/claves-lider-mejorar-clima-laboral-300x200.jpg 300w, https:\/\/www.amitai.com\/es\/wp-content\/uploads\/2021\/08\/claves-lider-mejorar-clima-laboral-768x512.jpg 768w, https:\/\/www.amitai.com\/es\/wp-content\/uploads\/2021\/08\/claves-lider-mejorar-clima-laboral-1024x683.jpg 1024w\" sizes=\"(max-width: 1920px) 100vw, 1920px\" \/>        <\/a>\n    <\/div>\n    <div class=\"wcp-content-wrap\">\n        <h3>\n            <a class=\"rpc-title\" href=\"https:\/\/www.amitai.com\/es\/claves-lider-mejorar-clima-laboral\/\" target=\"_self\">\n                Claves de un l\u00edder para mejorar el clima laboral            <\/a>\n        <\/h3>\n                <div class=\"wcp-post-contents rpc-content\">\n\n            Adem\u00e1s del trabajo que hace un l\u00edder, el entorno en el que se encuentra todos los d\u00edas tambi\u00e9n es importante.\n                            <br>\n                <a href=\"https:\/\/www.amitai.com\/es\/claves-lider-mejorar-clima-laboral\/\" target=\"_self\" class=\"btn-post\">Leer m\u00e1s<\/a>\n        \n        <\/div>        \n    <\/div>\n<\/div>                <\/div>    \n\n                            <div class=\"slick-slide carousel-item-3988\">\n                    <div class=\"post-style-2 rpc-bg rpc-box\">\n    <div class=\"wcp-img-wrap\">\n        <a href=\"https:\/\/www.amitai.com\/es\/implementar-examen-psicometrico-en-linea\/\">\n            <img decoding=\"async\" width=\"1920\" height=\"1280\" src=\"https:\/\/www.amitai.com\/es\/wp-content\/uploads\/2021\/08\/consejos-implementar-examen-psicometrico-en-linea.jpg\" class=\"attachment- size- wp-post-image\" alt=\"Consejos para implementar un examen psicometrico en linea\" srcset=\"https:\/\/www.amitai.com\/es\/wp-content\/uploads\/2021\/08\/consejos-implementar-examen-psicometrico-en-linea.jpg 1920w, https:\/\/www.amitai.com\/es\/wp-content\/uploads\/2021\/08\/consejos-implementar-examen-psicometrico-en-linea-300x200.jpg 300w, https:\/\/www.amitai.com\/es\/wp-content\/uploads\/2021\/08\/consejos-implementar-examen-psicometrico-en-linea-768x512.jpg 768w, https:\/\/www.amitai.com\/es\/wp-content\/uploads\/2021\/08\/consejos-implementar-examen-psicometrico-en-linea-1024x683.jpg 1024w\" sizes=\"(max-width: 1920px) 100vw, 1920px\" \/>        <\/a>\n    <\/div>\n    <div class=\"wcp-content-wrap\">\n        <h3>\n            <a class=\"rpc-title\" href=\"https:\/\/www.amitai.com\/es\/implementar-examen-psicometrico-en-linea\/\" target=\"_self\">\n                Consejos para implementar un examen psicom\u00e9trico en l\u00ednea            <\/a>\n        <\/h3>\n                <div class=\"wcp-post-contents rpc-content\">\n\n            El examen psicom\u00e9trico se han convertido en un punto clave para la secci\u00f3n de reclutamiento. Estos ayudan a los empleadores\n                            <br>\n                <a href=\"https:\/\/www.amitai.com\/es\/implementar-examen-psicometrico-en-linea\/\" target=\"_self\" class=\"btn-post\">Leer m\u00e1s<\/a>\n        \n        <\/div>        \n    <\/div>\n<\/div>                <\/div>    \n\n                            <div class=\"slick-slide carousel-item-3985\">\n                    <div class=\"post-style-2 rpc-bg rpc-box\">\n    <div class=\"wcp-img-wrap\">\n        <a href=\"https:\/\/www.amitai.com\/es\/realizar-taller-etica-profesional-colaboradores\/\">\n            <img decoding=\"async\" width=\"1920\" height=\"1280\" src=\"https:\/\/www.amitai.com\/es\/wp-content\/uploads\/2021\/08\/taller-etica-profesional-colaboradores.jpg\" class=\"attachment- size- wp-post-image\" alt=\"taller de \u00e9tica profesional\" srcset=\"https:\/\/www.amitai.com\/es\/wp-content\/uploads\/2021\/08\/taller-etica-profesional-colaboradores.jpg 1920w, https:\/\/www.amitai.com\/es\/wp-content\/uploads\/2021\/08\/taller-etica-profesional-colaboradores-300x200.jpg 300w, https:\/\/www.amitai.com\/es\/wp-content\/uploads\/2021\/08\/taller-etica-profesional-colaboradores-768x512.jpg 768w, https:\/\/www.amitai.com\/es\/wp-content\/uploads\/2021\/08\/taller-etica-profesional-colaboradores-1024x683.jpg 1024w\" sizes=\"(max-width: 1920px) 100vw, 1920px\" \/>        <\/a>\n    <\/div>\n    <div class=\"wcp-content-wrap\">\n        <h3>\n            <a class=\"rpc-title\" href=\"https:\/\/www.amitai.com\/es\/realizar-taller-etica-profesional-colaboradores\/\" target=\"_self\">\n                Tips para realizar un taller de \u00e9tica profesional a los colaboradores            <\/a>\n        <\/h3>\n                <div class=\"wcp-post-contents rpc-content\">\n\n            Sabemos que para ti es importante que tus trabajadores conozcan el tema de la \u00e9tica laboral. Por eso es necesario\n                            <br>\n                <a href=\"https:\/\/www.amitai.com\/es\/realizar-taller-etica-profesional-colaboradores\/\" target=\"_self\" class=\"btn-post\">Leer m\u00e1s<\/a>\n        \n        <\/div>        \n    <\/div>\n<\/div>                <\/div>    \n\n                            <div class=\"slick-slide carousel-item-3986\">\n                    <div class=\"post-style-2 rpc-bg rpc-box\">\n    <div class=\"wcp-img-wrap\">\n        <a href=\"https:\/\/www.amitai.com\/es\/evaluacion-riesgos-combatir-corrupcion-empresas\/\">\n            <img decoding=\"async\" width=\"1024\" height=\"683\" src=\"https:\/\/www.amitai.com\/es\/wp-content\/uploads\/2021\/09\/Nuevo-proyecto.jpeg\" class=\"attachment- size- wp-post-image\" alt=\"evaluaci\u00f3n de corrupci\u00f3n\" srcset=\"https:\/\/www.amitai.com\/es\/wp-content\/uploads\/2021\/09\/Nuevo-proyecto.jpeg 1024w, https:\/\/www.amitai.com\/es\/wp-content\/uploads\/2021\/09\/Nuevo-proyecto-300x200.jpeg 300w, https:\/\/www.amitai.com\/es\/wp-content\/uploads\/2021\/09\/Nuevo-proyecto-768x512.jpeg 768w\" sizes=\"(max-width: 1024px) 100vw, 1024px\" \/>        <\/a>\n    <\/div>\n    <div class=\"wcp-content-wrap\">\n        <h3>\n            <a class=\"rpc-title\" href=\"https:\/\/www.amitai.com\/es\/evaluacion-riesgos-combatir-corrupcion-empresas\/\" target=\"_self\">\n                Evaluaci\u00f3n de riesgos para combatir la corrupci\u00f3n en las empresas            <\/a>\n        <\/h3>\n                <div class=\"wcp-post-contents rpc-content\">\n\n            En el mundo empresarial e industrial, se pueden presentar situaciones de\u00a0corrupci\u00f3n\u00a0que pueden poner en peligro la estabilidad de la organizaci\u00f3n,\n                            <br>\n                <a href=\"https:\/\/www.amitai.com\/es\/evaluacion-riesgos-combatir-corrupcion-empresas\/\" target=\"_self\" class=\"btn-post\">Leer m\u00e1s<\/a>\n        \n        <\/div>        \n    <\/div>\n<\/div>                <\/div>    \n\n                            <div class=\"slick-slide carousel-item-3869\">\n                    <div class=\"post-style-2 rpc-bg rpc-box\">\n    <div class=\"wcp-img-wrap\">\n        <a href=\"https:\/\/www.amitai.com\/es\/comunicacion-ascendente-descendente-empresas\/\">\n            <img decoding=\"async\" width=\"2000\" height=\"1333\" src=\"https:\/\/www.amitai.com\/es\/wp-content\/uploads\/2021\/08\/comunicacion-interna-ascendente-descendente.jpeg\" class=\"attachment- size- wp-post-image\" alt=\"comunicacion-interna-ascendente-descendente\" srcset=\"https:\/\/www.amitai.com\/es\/wp-content\/uploads\/2021\/08\/comunicacion-interna-ascendente-descendente.jpeg 2000w, https:\/\/www.amitai.com\/es\/wp-content\/uploads\/2021\/08\/comunicacion-interna-ascendente-descendente-300x200.jpeg 300w, https:\/\/www.amitai.com\/es\/wp-content\/uploads\/2021\/08\/comunicacion-interna-ascendente-descendente-768x512.jpeg 768w, https:\/\/www.amitai.com\/es\/wp-content\/uploads\/2021\/08\/comunicacion-interna-ascendente-descendente-1024x682.jpeg 1024w\" sizes=\"(max-width: 2000px) 100vw, 2000px\" \/>        <\/a>\n    <\/div>\n    <div class=\"wcp-content-wrap\">\n        <h3>\n            <a class=\"rpc-title\" href=\"https:\/\/www.amitai.com\/es\/comunicacion-ascendente-descendente-empresas\/\" target=\"_self\">\n                Comunicaci\u00f3n ascendente y descendente en las empresas            <\/a>\n        <\/h3>\n                <div class=\"wcp-post-contents rpc-content\">\n\n            [vc_row][vc_column][vc_column_text]A nivel interno, toda empresa tiene una organizaci\u00f3n que la convierte en un sistema complejo. Para que la empresa se\n                            <br>\n                <a href=\"https:\/\/www.amitai.com\/es\/comunicacion-ascendente-descendente-empresas\/\" target=\"_self\" class=\"btn-post\">Leer m\u00e1s<\/a>\n        \n        <\/div>        \n    <\/div>\n<\/div>                <\/div>    \n\n                            <div class=\"slick-slide carousel-item-3886\">\n                    <div class=\"post-style-2 rpc-bg rpc-box\">\n    <div class=\"wcp-img-wrap\">\n        <a href=\"https:\/\/www.amitai.com\/es\/estructura-comunicacion-organizacional\/\">\n            <img decoding=\"async\" width=\"1920\" height=\"1080\" src=\"https:\/\/www.amitai.com\/es\/wp-content\/uploads\/2021\/08\/estructura-comunicacion-organizacional.jpeg\" class=\"attachment- size- wp-post-image\" alt=\"estructura-comunicacion-organizacional\" srcset=\"https:\/\/www.amitai.com\/es\/wp-content\/uploads\/2021\/08\/estructura-comunicacion-organizacional.jpeg 1920w, https:\/\/www.amitai.com\/es\/wp-content\/uploads\/2021\/08\/estructura-comunicacion-organizacional-300x169.jpeg 300w, https:\/\/www.amitai.com\/es\/wp-content\/uploads\/2021\/08\/estructura-comunicacion-organizacional-768x432.jpeg 768w, https:\/\/www.amitai.com\/es\/wp-content\/uploads\/2021\/08\/estructura-comunicacion-organizacional-1024x576.jpeg 1024w\" sizes=\"(max-width: 1920px) 100vw, 1920px\" \/>        <\/a>\n    <\/div>\n    <div class=\"wcp-content-wrap\">\n        <h3>\n            <a class=\"rpc-title\" href=\"https:\/\/www.amitai.com\/es\/estructura-comunicacion-organizacional\/\" target=\"_self\">\n                Estructura de la comunicaci\u00f3n organizacional, \u00bfc\u00f3mo estructurarla?            <\/a>\n        <\/h3>\n                <div class=\"wcp-post-contents rpc-content\">\n\n            Quiz\u00e1s, muchos se han encontrado con situaciones en el trabajo en las que la mano izquierda no sabe qu\u00e9 est\u00e1\n                            <br>\n                <a href=\"https:\/\/www.amitai.com\/es\/estructura-comunicacion-organizacional\/\" target=\"_self\" class=\"btn-post\">Leer m\u00e1s<\/a>\n        \n        <\/div>        \n    <\/div>\n<\/div>                <\/div>    \n\n                            <div class=\"slick-slide carousel-item-3874\">\n                    <div class=\"post-style-2 rpc-bg rpc-box\">\n    <div class=\"wcp-img-wrap\">\n        <a href=\"https:\/\/www.amitai.com\/es\/consecuencias-mala-comunicacion-empresa\/\">\n            <img decoding=\"async\" width=\"1920\" height=\"1280\" src=\"https:\/\/www.amitai.com\/es\/wp-content\/uploads\/2021\/08\/consecuencias-mala-comunicacion-interna-1.jpg\" class=\"attachment- size- wp-post-image\" alt=\"consecuencias-mala-comunicacion-interna\" srcset=\"https:\/\/www.amitai.com\/es\/wp-content\/uploads\/2021\/08\/consecuencias-mala-comunicacion-interna-1.jpg 1920w, https:\/\/www.amitai.com\/es\/wp-content\/uploads\/2021\/08\/consecuencias-mala-comunicacion-interna-1-300x200.jpg 300w, https:\/\/www.amitai.com\/es\/wp-content\/uploads\/2021\/08\/consecuencias-mala-comunicacion-interna-1-768x512.jpg 768w, https:\/\/www.amitai.com\/es\/wp-content\/uploads\/2021\/08\/consecuencias-mala-comunicacion-interna-1-1024x683.jpg 1024w\" sizes=\"(max-width: 1920px) 100vw, 1920px\" \/>        <\/a>\n    <\/div>\n    <div class=\"wcp-content-wrap\">\n        <h3>\n            <a class=\"rpc-title\" href=\"https:\/\/www.amitai.com\/es\/consecuencias-mala-comunicacion-empresa\/\" target=\"_self\">\n                5 consecuencias de una mala comunicaci\u00f3n en una empresa            <\/a>\n        <\/h3>\n                <div class=\"wcp-post-contents rpc-content\">\n\n            [vc_row][vc_column][vc_column_text]La comunicaci\u00f3n interna dentro de una\u00a0organizaci\u00f3n siempre ha sido importante. Sin ella, se generan conflictos laborales que afectan a su\u00a0productividad.\n                            <br>\n                <a href=\"https:\/\/www.amitai.com\/es\/consecuencias-mala-comunicacion-empresa\/\" target=\"_self\" class=\"btn-post\">Leer m\u00e1s<\/a>\n        \n        <\/div>        \n    <\/div>\n<\/div>                <\/div>    \n\n                            <div class=\"slick-slide carousel-item-3877\">\n                    <div class=\"post-style-2 rpc-bg rpc-box\">\n    <div class=\"wcp-img-wrap\">\n        <a href=\"https:\/\/www.amitai.com\/es\/herramientas-mejorar-comunicacion-organizacion\/\">\n            <img decoding=\"async\" width=\"1920\" height=\"1080\" src=\"https:\/\/www.amitai.com\/es\/wp-content\/uploads\/2021\/08\/mejorar-comunicacion-en-organizacion-1.jpeg\" class=\"attachment- size- wp-post-image\" alt=\"mejorar la comunicaci\u00f3n en una organizaci\u00f3n\" srcset=\"https:\/\/www.amitai.com\/es\/wp-content\/uploads\/2021\/08\/mejorar-comunicacion-en-organizacion-1.jpeg 1920w, https:\/\/www.amitai.com\/es\/wp-content\/uploads\/2021\/08\/mejorar-comunicacion-en-organizacion-1-300x169.jpeg 300w, https:\/\/www.amitai.com\/es\/wp-content\/uploads\/2021\/08\/mejorar-comunicacion-en-organizacion-1-768x432.jpeg 768w, https:\/\/www.amitai.com\/es\/wp-content\/uploads\/2021\/08\/mejorar-comunicacion-en-organizacion-1-1024x576.jpeg 1024w\" sizes=\"(max-width: 1920px) 100vw, 1920px\" \/>        <\/a>\n    <\/div>\n    <div class=\"wcp-content-wrap\">\n        <h3>\n            <a class=\"rpc-title\" href=\"https:\/\/www.amitai.com\/es\/herramientas-mejorar-comunicacion-organizacion\/\" target=\"_self\">\n                Herramientas eficaces para mejorar la comunicaci\u00f3n en la organizaci\u00f3n            <\/a>\n        <\/h3>\n                <div class=\"wcp-post-contents rpc-content\">\n\n            Comunicarse internamente es\u00a0indispensable para el buen desempe\u00f1o de una organizaci\u00f3n. Su ausencia imposibilita la\u00a0articulaci\u00f3n de las actividades y\u00a0los empleados. Sin\n                            <br>\n                <a href=\"https:\/\/www.amitai.com\/es\/herramientas-mejorar-comunicacion-organizacion\/\" target=\"_self\" class=\"btn-post\">Leer m\u00e1s<\/a>\n        \n        <\/div>        \n    <\/div>\n<\/div>                <\/div>    \n\n                            <div class=\"slick-slide carousel-item-3880\">\n                    <div class=\"post-style-2 rpc-bg rpc-box\">\n    <div class=\"wcp-img-wrap\">\n        <a href=\"https:\/\/www.amitai.com\/es\/guia-practica-protocolo-comunicacion-interna\/\">\n            <img decoding=\"async\" width=\"1920\" height=\"1280\" src=\"https:\/\/www.amitai.com\/es\/wp-content\/uploads\/2021\/08\/guia-protocolo-comunicacion-interna-1.jpeg\" class=\"attachment- size- wp-post-image\" alt=\"protocolo de comunicaci\u00f3n interna\" srcset=\"https:\/\/www.amitai.com\/es\/wp-content\/uploads\/2021\/08\/guia-protocolo-comunicacion-interna-1.jpeg 1920w, https:\/\/www.amitai.com\/es\/wp-content\/uploads\/2021\/08\/guia-protocolo-comunicacion-interna-1-300x200.jpeg 300w, https:\/\/www.amitai.com\/es\/wp-content\/uploads\/2021\/08\/guia-protocolo-comunicacion-interna-1-768x512.jpeg 768w, https:\/\/www.amitai.com\/es\/wp-content\/uploads\/2021\/08\/guia-protocolo-comunicacion-interna-1-1024x683.jpeg 1024w\" sizes=\"(max-width: 1920px) 100vw, 1920px\" \/>        <\/a>\n    <\/div>\n    <div class=\"wcp-content-wrap\">\n        <h3>\n            <a class=\"rpc-title\" href=\"https:\/\/www.amitai.com\/es\/guia-practica-protocolo-comunicacion-interna\/\" target=\"_self\">\n                Gu\u00eda pr\u00e1ctica para la creaci\u00f3n de protocolo de comunicaci\u00f3n            <\/a>\n        <\/h3>\n                <div class=\"wcp-post-contents rpc-content\">\n\n            Para gestionar una buena comunicaci\u00f3n interna en tu empresa, es importante que conozcas los pasos\u00a0a seguir y cu\u00e1les son\u00a0las actividades\n                            <br>\n                <a href=\"https:\/\/www.amitai.com\/es\/guia-practica-protocolo-comunicacion-interna\/\" target=\"_self\" class=\"btn-post\">Leer m\u00e1s<\/a>\n        \n        <\/div>        \n    <\/div>\n<\/div>                <\/div>    \n\n                            <div class=\"slick-slide carousel-item-3867\">\n                    <div class=\"post-style-2 rpc-bg rpc-box\">\n    <div class=\"wcp-img-wrap\">\n        <a href=\"https:\/\/www.amitai.com\/es\/elementos-claves-optima-gestion-de-conocimiento\/\">\n            <img decoding=\"async\" width=\"1920\" height=\"703\" src=\"https:\/\/www.amitai.com\/es\/wp-content\/uploads\/2021\/08\/elementos-clave-gestion-del-conocimiento.jpeg\" class=\"attachment- size- wp-post-image\" alt=\"elementos clave en la gestion\" srcset=\"https:\/\/www.amitai.com\/es\/wp-content\/uploads\/2021\/08\/elementos-clave-gestion-del-conocimiento.jpeg 1920w, https:\/\/www.amitai.com\/es\/wp-content\/uploads\/2021\/08\/elementos-clave-gestion-del-conocimiento-300x110.jpeg 300w, https:\/\/www.amitai.com\/es\/wp-content\/uploads\/2021\/08\/elementos-clave-gestion-del-conocimiento-768x281.jpeg 768w, https:\/\/www.amitai.com\/es\/wp-content\/uploads\/2021\/08\/elementos-clave-gestion-del-conocimiento-1024x375.jpeg 1024w\" sizes=\"(max-width: 1920px) 100vw, 1920px\" \/>        <\/a>\n    <\/div>\n    <div class=\"wcp-content-wrap\">\n        <h3>\n            <a class=\"rpc-title\" href=\"https:\/\/www.amitai.com\/es\/elementos-claves-optima-gestion-de-conocimiento\/\" target=\"_self\">\n                7 Elementos claves para una \u00f3ptima gesti\u00f3n de conocimiento en una empresa            <\/a>\n        <\/h3>\n                <div class=\"wcp-post-contents rpc-content\">\n\n            En la actualidad, el conocimiento\u00a0es considerado un recurso importante para una empresa y su administraci\u00f3n\u00a0se ha vuelto imprescindible para alcanzar\n                            <br>\n                <a href=\"https:\/\/www.amitai.com\/es\/elementos-claves-optima-gestion-de-conocimiento\/\" target=\"_self\" class=\"btn-post\">Leer m\u00e1s<\/a>\n        \n        <\/div>        \n    <\/div>\n<\/div>                <\/div>    \n\n                            <div class=\"slick-slide carousel-item-3883\">\n                    <div class=\"post-style-2 rpc-bg rpc-box\">\n    <div class=\"wcp-img-wrap\">\n        <a href=\"https:\/\/www.amitai.com\/es\/importancia-comunicacion-verbal-escrita\/\">\n            <img decoding=\"async\" width=\"1920\" height=\"1152\" src=\"https:\/\/www.amitai.com\/es\/wp-content\/uploads\/2021\/08\/comunicacion-escrita-verbal.jpeg\" class=\"attachment- size- wp-post-image\" alt=\"comunicacion-escrita-verbal\" srcset=\"https:\/\/www.amitai.com\/es\/wp-content\/uploads\/2021\/08\/comunicacion-escrita-verbal.jpeg 1920w, https:\/\/www.amitai.com\/es\/wp-content\/uploads\/2021\/08\/comunicacion-escrita-verbal-300x180.jpeg 300w, https:\/\/www.amitai.com\/es\/wp-content\/uploads\/2021\/08\/comunicacion-escrita-verbal-768x461.jpeg 768w, https:\/\/www.amitai.com\/es\/wp-content\/uploads\/2021\/08\/comunicacion-escrita-verbal-1024x614.jpeg 1024w\" sizes=\"(max-width: 1920px) 100vw, 1920px\" \/>        <\/a>\n    <\/div>\n    <div class=\"wcp-content-wrap\">\n        <h3>\n            <a class=\"rpc-title\" href=\"https:\/\/www.amitai.com\/es\/importancia-comunicacion-verbal-escrita\/\" target=\"_self\">\n                Importancia de la comunicaci\u00f3n verbal y escrita en una compa\u00f1\u00eda            <\/a>\n        <\/h3>\n                <div class=\"wcp-post-contents rpc-content\">\n\n            [vc_row][vc_column][vc_column_text]En una compa\u00f1\u00eda se realizan muchos procesos que requieren de una comunicaci\u00f3n verbal y escrita eficaz. Establecer buenas relaciones entre\n                            <br>\n                <a href=\"https:\/\/www.amitai.com\/es\/importancia-comunicacion-verbal-escrita\/\" target=\"_self\" class=\"btn-post\">Leer m\u00e1s<\/a>\n        \n        <\/div>        \n    <\/div>\n<\/div>                <\/div>    \n\n                            <div class=\"slick-slide carousel-item-3871\">\n                    <div class=\"post-style-2 rpc-bg rpc-box\">\n    <div class=\"wcp-img-wrap\">\n        <a href=\"https:\/\/www.amitai.com\/es\/comunicacion-organizacional-que-son-ejemplos\/\">\n            <img decoding=\"async\" width=\"1920\" height=\"1280\" src=\"https:\/\/www.amitai.com\/es\/wp-content\/uploads\/2021\/08\/barreras-comunicacion-organizacional-1.jpeg\" class=\"attachment- size- wp-post-image\" alt=\"barreras-comunicacion-organizacional\" srcset=\"https:\/\/www.amitai.com\/es\/wp-content\/uploads\/2021\/08\/barreras-comunicacion-organizacional-1.jpeg 1920w, https:\/\/www.amitai.com\/es\/wp-content\/uploads\/2021\/08\/barreras-comunicacion-organizacional-1-300x200.jpeg 300w, https:\/\/www.amitai.com\/es\/wp-content\/uploads\/2021\/08\/barreras-comunicacion-organizacional-1-768x512.jpeg 768w, https:\/\/www.amitai.com\/es\/wp-content\/uploads\/2021\/08\/barreras-comunicacion-organizacional-1-1024x683.jpeg 1024w\" sizes=\"(max-width: 1920px) 100vw, 1920px\" \/>        <\/a>\n    <\/div>\n    <div class=\"wcp-content-wrap\">\n        <h3>\n            <a class=\"rpc-title\" href=\"https:\/\/www.amitai.com\/es\/comunicacion-organizacional-que-son-ejemplos\/\" target=\"_self\">\n                Barreras de la comunicaci\u00f3n organizacional: \u00bfQu\u00e9 son y ejemplos?            <\/a>\n        <\/h3>\n                <div class=\"wcp-post-contents rpc-content\">\n\n            [vc_row][vc_column][vc_column_text]La comunicaci\u00f3n organizacional es el aspecto principal para que la gesti\u00f3n administrativa se realice con \u00e9xito. Por ello es imprescindible\n                            <br>\n                <a href=\"https:\/\/www.amitai.com\/es\/comunicacion-organizacional-que-son-ejemplos\/\" target=\"_self\" class=\"btn-post\">Leer m\u00e1s<\/a>\n        \n        <\/div>        \n    <\/div>\n<\/div>                <\/div>    \n\n                            <div class=\"slick-slide carousel-item-3855\">\n                    <div class=\"post-style-2 rpc-bg rpc-box\">\n    <div class=\"wcp-img-wrap\">\n        <a href=\"https:\/\/www.amitai.com\/es\/10-tips-crear-mensajes-mejorar-comunicacion-interna-empresa\/\">\n            <img decoding=\"async\" width=\"1920\" height=\"1281\" src=\"https:\/\/www.amitai.com\/es\/wp-content\/uploads\/2021\/07\/crear-mensajes-y-mejorar-comunicacion-interna-empresa.jpg\" class=\"attachment- size- wp-post-image\" alt=\"Tips para crear mensajes y mejorar la comunicaci\u00f3n en la empresa\" srcset=\"https:\/\/www.amitai.com\/es\/wp-content\/uploads\/2021\/07\/crear-mensajes-y-mejorar-comunicacion-interna-empresa.jpg 1920w, https:\/\/www.amitai.com\/es\/wp-content\/uploads\/2021\/07\/crear-mensajes-y-mejorar-comunicacion-interna-empresa-300x200.jpg 300w, https:\/\/www.amitai.com\/es\/wp-content\/uploads\/2021\/07\/crear-mensajes-y-mejorar-comunicacion-interna-empresa-768x512.jpg 768w, https:\/\/www.amitai.com\/es\/wp-content\/uploads\/2021\/07\/crear-mensajes-y-mejorar-comunicacion-interna-empresa-1024x683.jpg 1024w\" sizes=\"(max-width: 1920px) 100vw, 1920px\" \/>        <\/a>\n    <\/div>\n    <div class=\"wcp-content-wrap\">\n        <h3>\n            <a class=\"rpc-title\" href=\"https:\/\/www.amitai.com\/es\/10-tips-crear-mensajes-mejorar-comunicacion-interna-empresa\/\" target=\"_self\">\n                10 Tips para crear mensajes y mejorar la comunicaci\u00f3n interna en la empresa            <\/a>\n        <\/h3>\n                <div class=\"wcp-post-contents rpc-content\">\n\n            La comunicaci\u00f3n es uno de los elementos indispensables para&nbsp;garantizar el \u00e9xito en cualquier ambiente laboral. Lograr cohesionar equipos de trabajo\n                            <br>\n                <a href=\"https:\/\/www.amitai.com\/es\/10-tips-crear-mensajes-mejorar-comunicacion-interna-empresa\/\" target=\"_self\" class=\"btn-post\">Leer m\u00e1s<\/a>\n        \n        <\/div>        \n    <\/div>\n<\/div>                <\/div>    \n\n                            <div class=\"slick-slide carousel-item-3819\">\n                    <div class=\"post-style-2 rpc-bg rpc-box\">\n    <div class=\"wcp-img-wrap\">\n        <a href=\"https:\/\/www.amitai.com\/es\/importancia-gestion-talento-humano-y-conocimiento\/\">\n            <img decoding=\"async\" width=\"1920\" height=\"1281\" src=\"https:\/\/www.amitai.com\/es\/wp-content\/uploads\/2021\/07\/Importancia-de-la-Gestion-del-talento-humano-y-conocimiento.jpg\" class=\"attachment- size- wp-post-image\" alt=\"Importancia de la Gesti\u00f3n del talento humano\" srcset=\"https:\/\/www.amitai.com\/es\/wp-content\/uploads\/2021\/07\/Importancia-de-la-Gestion-del-talento-humano-y-conocimiento.jpg 1920w, https:\/\/www.amitai.com\/es\/wp-content\/uploads\/2021\/07\/Importancia-de-la-Gestion-del-talento-humano-y-conocimiento-300x200.jpg 300w, https:\/\/www.amitai.com\/es\/wp-content\/uploads\/2021\/07\/Importancia-de-la-Gestion-del-talento-humano-y-conocimiento-768x512.jpg 768w, https:\/\/www.amitai.com\/es\/wp-content\/uploads\/2021\/07\/Importancia-de-la-Gestion-del-talento-humano-y-conocimiento-1024x683.jpg 1024w\" sizes=\"(max-width: 1920px) 100vw, 1920px\" \/>        <\/a>\n    <\/div>\n    <div class=\"wcp-content-wrap\">\n        <h3>\n            <a class=\"rpc-title\" href=\"https:\/\/www.amitai.com\/es\/importancia-gestion-talento-humano-y-conocimiento\/\" target=\"_self\">\n                Importancia de la Gesti\u00f3n del talento humano y del conocimiento            <\/a>\n        <\/h3>\n                <div class=\"wcp-post-contents rpc-content\">\n\n            Las organizaciones empresariales necesitan aplicar estrategias que les permitan alcanzar las metas trazadas y mejorar su productividad y eficiencia. En\n                            <br>\n                <a href=\"https:\/\/www.amitai.com\/es\/importancia-gestion-talento-humano-y-conocimiento\/\" target=\"_self\" class=\"btn-post\">Leer m\u00e1s<\/a>\n        \n        <\/div>        \n    <\/div>\n<\/div>                <\/div>    \n\n                            <div class=\"slick-slide carousel-item-3818\">\n                    <div class=\"post-style-2 rpc-bg rpc-box\">\n    <div class=\"wcp-img-wrap\">\n        <a href=\"https:\/\/www.amitai.com\/es\/tipos-comunicacion-organizacional\/\">\n            <img decoding=\"async\" width=\"1920\" height=\"1280\" src=\"https:\/\/www.amitai.com\/es\/wp-content\/uploads\/2021\/07\/tipos-de-comunicaci\u00f3n-organizacional-1.jpg\" class=\"attachment- size- wp-post-image\" alt=\"tipos de comunicaci\u00f3n organizacional\" srcset=\"https:\/\/www.amitai.com\/es\/wp-content\/uploads\/2021\/07\/tipos-de-comunicaci\u00f3n-organizacional-1.jpg 1920w, https:\/\/www.amitai.com\/es\/wp-content\/uploads\/2021\/07\/tipos-de-comunicaci\u00f3n-organizacional-1-300x200.jpg 300w, https:\/\/www.amitai.com\/es\/wp-content\/uploads\/2021\/07\/tipos-de-comunicaci\u00f3n-organizacional-1-768x512.jpg 768w, https:\/\/www.amitai.com\/es\/wp-content\/uploads\/2021\/07\/tipos-de-comunicaci\u00f3n-organizacional-1-1024x683.jpg 1024w\" sizes=\"(max-width: 1920px) 100vw, 1920px\" \/>        <\/a>\n    <\/div>\n    <div class=\"wcp-content-wrap\">\n        <h3>\n            <a class=\"rpc-title\" href=\"https:\/\/www.amitai.com\/es\/tipos-comunicacion-organizacional\/\" target=\"_self\">\n                \u00bfCu\u00e1les son los tipos de comunicaci\u00f3n organizacional?            <\/a>\n        <\/h3>\n                <div class=\"wcp-post-contents rpc-content\">\n\n            Las organizaciones est\u00e1n conformadas por personas que deben actuar de una forma arm\u00f3nica y en consenso para lograr un objetivo\n                            <br>\n                <a href=\"https:\/\/www.amitai.com\/es\/tipos-comunicacion-organizacional\/\" target=\"_self\" class=\"btn-post\">Leer m\u00e1s<\/a>\n        \n        <\/div>        \n    <\/div>\n<\/div>                <\/div>    \n\n                            <div class=\"slick-slide carousel-item-3796\">\n                    <div class=\"post-style-2 rpc-bg rpc-box\">\n    <div class=\"wcp-img-wrap\">\n        <a href=\"https:\/\/www.amitai.com\/es\/comunicacion-interna-vs-externa-empresa\/\">\n            <img decoding=\"async\" width=\"1920\" height=\"1280\" src=\"https:\/\/www.amitai.com\/es\/wp-content\/uploads\/2021\/07\/Comunicacion-interna-vs-externa-1.jpg\" class=\"attachment- size- wp-post-image\" alt=\"Comunicaci\u00f3n interna vs externa\" srcset=\"https:\/\/www.amitai.com\/es\/wp-content\/uploads\/2021\/07\/Comunicacion-interna-vs-externa-1.jpg 1920w, https:\/\/www.amitai.com\/es\/wp-content\/uploads\/2021\/07\/Comunicacion-interna-vs-externa-1-300x200.jpg 300w, https:\/\/www.amitai.com\/es\/wp-content\/uploads\/2021\/07\/Comunicacion-interna-vs-externa-1-768x512.jpg 768w, https:\/\/www.amitai.com\/es\/wp-content\/uploads\/2021\/07\/Comunicacion-interna-vs-externa-1-1024x683.jpg 1024w\" sizes=\"(max-width: 1920px) 100vw, 1920px\" \/>        <\/a>\n    <\/div>\n    <div class=\"wcp-content-wrap\">\n        <h3>\n            <a class=\"rpc-title\" href=\"https:\/\/www.amitai.com\/es\/comunicacion-interna-vs-externa-empresa\/\" target=\"_self\">\n                Comunicaci\u00f3n interna vs externa en una empresa            <\/a>\n        <\/h3>\n                <div class=\"wcp-post-contents rpc-content\">\n\n            Una empresa, ya sea peque\u00f1a, mediana o grande, requiere de unos canales de interacci\u00f3n entre sus integrantes para garantizar\u00a0excelentes condiciones\n                            <br>\n                <a href=\"https:\/\/www.amitai.com\/es\/comunicacion-interna-vs-externa-empresa\/\" target=\"_self\" class=\"btn-post\">Leer m\u00e1s<\/a>\n        \n        <\/div>        \n    <\/div>\n<\/div>                <\/div>    \n\n                            <div class=\"slick-slide carousel-item-3799\">\n                    <div class=\"post-style-2 rpc-bg rpc-box\">\n    <div class=\"wcp-img-wrap\">\n        <a href=\"https:\/\/www.amitai.com\/es\/ventajas-y-deventajas-comunicacion-horizontal\/\">\n            <img decoding=\"async\" width=\"1920\" height=\"1280\" src=\"https:\/\/www.amitai.com\/es\/wp-content\/uploads\/2021\/07\/Ventajas-y-desventajas-comunicacion-horizontal-1.jpg\" class=\"attachment- size- wp-post-image\" alt=\"Ventajas y desventajas comunicaci\u00f3n horizontal\" srcset=\"https:\/\/www.amitai.com\/es\/wp-content\/uploads\/2021\/07\/Ventajas-y-desventajas-comunicacion-horizontal-1.jpg 1920w, https:\/\/www.amitai.com\/es\/wp-content\/uploads\/2021\/07\/Ventajas-y-desventajas-comunicacion-horizontal-1-300x200.jpg 300w, https:\/\/www.amitai.com\/es\/wp-content\/uploads\/2021\/07\/Ventajas-y-desventajas-comunicacion-horizontal-1-768x512.jpg 768w, https:\/\/www.amitai.com\/es\/wp-content\/uploads\/2021\/07\/Ventajas-y-desventajas-comunicacion-horizontal-1-1024x683.jpg 1024w\" sizes=\"(max-width: 1920px) 100vw, 1920px\" \/>        <\/a>\n    <\/div>\n    <div class=\"wcp-content-wrap\">\n        <h3>\n            <a class=\"rpc-title\" href=\"https:\/\/www.amitai.com\/es\/ventajas-y-deventajas-comunicacion-horizontal\/\" target=\"_self\">\n                Ventajas y desventajas de la comunicaci\u00f3n horizontal            <\/a>\n        <\/h3>\n                <div class=\"wcp-post-contents rpc-content\">\n\n            [vc_row][vc_column][vc_column_text]Las empresas que deciden aplicar la Comunicaci\u00f3n horizontal en sus organizaciones adquieren una manera m\u00e1s fluida de informarse, recibir comunicados\n                            <br>\n                <a href=\"https:\/\/www.amitai.com\/es\/ventajas-y-deventajas-comunicacion-horizontal\/\" target=\"_self\" class=\"btn-post\">Leer m\u00e1s<\/a>\n        \n        <\/div>        \n    <\/div>\n<\/div>                <\/div>    \n\n                            <div class=\"slick-slide carousel-item-3790\">\n                    <div class=\"post-style-2 rpc-bg rpc-box\">\n    <div class=\"wcp-img-wrap\">\n        <a href=\"https:\/\/www.amitai.com\/es\/cuales-son-los-canales-comunicacion-interna\/\">\n            <img decoding=\"async\" width=\"1920\" height=\"1281\" src=\"https:\/\/www.amitai.com\/es\/wp-content\/uploads\/2021\/07\/canales-de-la-comunicacion-interna.jpg\" class=\"attachment- size- wp-post-image\" alt=\"canales de la comunicaci\u00f3n\" srcset=\"https:\/\/www.amitai.com\/es\/wp-content\/uploads\/2021\/07\/canales-de-la-comunicacion-interna.jpg 1920w, https:\/\/www.amitai.com\/es\/wp-content\/uploads\/2021\/07\/canales-de-la-comunicacion-interna-300x200.jpg 300w, https:\/\/www.amitai.com\/es\/wp-content\/uploads\/2021\/07\/canales-de-la-comunicacion-interna-768x512.jpg 768w, https:\/\/www.amitai.com\/es\/wp-content\/uploads\/2021\/07\/canales-de-la-comunicacion-interna-1024x683.jpg 1024w\" sizes=\"(max-width: 1920px) 100vw, 1920px\" \/>        <\/a>\n    <\/div>\n    <div class=\"wcp-content-wrap\">\n        <h3>\n            <a class=\"rpc-title\" href=\"https:\/\/www.amitai.com\/es\/cuales-son-los-canales-comunicacion-interna\/\" target=\"_self\">\n                \u00bfCu\u00e1les son los canales de la comunicaci\u00f3n?            <\/a>\n        <\/h3>\n                <div class=\"wcp-post-contents rpc-content\">\n\n            En todo tipo de empresa es indispensable tener una eficaz comunicaci\u00f3n interna pues \u00e9sta genera un ambiente laboral de participaci\u00f3n,\n                            <br>\n                <a href=\"https:\/\/www.amitai.com\/es\/cuales-son-los-canales-comunicacion-interna\/\" target=\"_self\" class=\"btn-post\">Leer m\u00e1s<\/a>\n        \n        <\/div>        \n    <\/div>\n<\/div>                <\/div>    \n\n                            <div class=\"slick-slide carousel-item-3793\">\n                    <div class=\"post-style-2 rpc-bg rpc-box\">\n    <div class=\"wcp-img-wrap\">\n        <a href=\"https:\/\/www.amitai.com\/es\/flujo-comunicacion-organizacional-que-es-y-tipos\/\">\n            <img decoding=\"async\" width=\"1920\" height=\"1013\" src=\"https:\/\/www.amitai.com\/es\/wp-content\/uploads\/2021\/07\/Flujo-de-la-comunicacion-organizacional-tipos.jpg\" class=\"attachment- size- wp-post-image\" alt=\"Flujo de la comunicaci\u00f3n organizacional\" srcset=\"https:\/\/www.amitai.com\/es\/wp-content\/uploads\/2021\/07\/Flujo-de-la-comunicacion-organizacional-tipos.jpg 1920w, https:\/\/www.amitai.com\/es\/wp-content\/uploads\/2021\/07\/Flujo-de-la-comunicacion-organizacional-tipos-300x158.jpg 300w, https:\/\/www.amitai.com\/es\/wp-content\/uploads\/2021\/07\/Flujo-de-la-comunicacion-organizacional-tipos-768x405.jpg 768w, https:\/\/www.amitai.com\/es\/wp-content\/uploads\/2021\/07\/Flujo-de-la-comunicacion-organizacional-tipos-1024x540.jpg 1024w\" sizes=\"(max-width: 1920px) 100vw, 1920px\" \/>        <\/a>\n    <\/div>\n    <div class=\"wcp-content-wrap\">\n        <h3>\n            <a class=\"rpc-title\" href=\"https:\/\/www.amitai.com\/es\/flujo-comunicacion-organizacional-que-es-y-tipos\/\" target=\"_self\">\n                Flujo de la comunicaci\u00f3n organizacional: Qu\u00e9 es y tipos            <\/a>\n        <\/h3>\n                <div class=\"wcp-post-contents rpc-content\">\n\n            [vc_row][vc_column][vc_column_text]Las\u00a0empresas deben estar conscientes de que la comunicaci\u00f3n\u00a0dentro y fuera de ellas es esencial para un adecuado funcionamiento y alcance\n                            <br>\n                <a href=\"https:\/\/www.amitai.com\/es\/flujo-comunicacion-organizacional-que-es-y-tipos\/\" target=\"_self\" class=\"btn-post\">Leer m\u00e1s<\/a>\n        \n        <\/div>        \n    <\/div>\n<\/div>                <\/div>    \n\n                            <div class=\"slick-slide carousel-item-3802\">\n                    <div class=\"post-style-2 rpc-bg rpc-box\">\n    <div class=\"wcp-img-wrap\">\n        <a href=\"https:\/\/www.amitai.com\/es\/que-papel-cumple-comunicacion-interna-organizaciones\/\">\n            <img decoding=\"async\" width=\"1920\" height=\"1105\" src=\"https:\/\/www.amitai.com\/es\/wp-content\/uploads\/2021\/07\/importancia-comunicacion-interna-en-las-organizaciones-1.jpg\" class=\"attachment- size- wp-post-image\" alt=\"la comunicaci\u00f3n en las organizaciones\" srcset=\"https:\/\/www.amitai.com\/es\/wp-content\/uploads\/2021\/07\/importancia-comunicacion-interna-en-las-organizaciones-1.jpg 1920w, https:\/\/www.amitai.com\/es\/wp-content\/uploads\/2021\/07\/importancia-comunicacion-interna-en-las-organizaciones-1-300x173.jpg 300w, https:\/\/www.amitai.com\/es\/wp-content\/uploads\/2021\/07\/importancia-comunicacion-interna-en-las-organizaciones-1-768x442.jpg 768w, https:\/\/www.amitai.com\/es\/wp-content\/uploads\/2021\/07\/importancia-comunicacion-interna-en-las-organizaciones-1-1024x589.jpg 1024w\" sizes=\"(max-width: 1920px) 100vw, 1920px\" \/>        <\/a>\n    <\/div>\n    <div class=\"wcp-content-wrap\">\n        <h3>\n            <a class=\"rpc-title\" href=\"https:\/\/www.amitai.com\/es\/que-papel-cumple-comunicacion-interna-organizaciones\/\" target=\"_self\">\n                \u00bfQu\u00e9 papel cumple la comunicaci\u00f3n en las organizaciones?            <\/a>\n        <\/h3>\n                <div class=\"wcp-post-contents rpc-content\">\n\n            Con mucha frecuencia, nos sucede que solicitamos un producto o servicio y la empresa o el empleado nos suministra algo\n                            <br>\n                <a href=\"https:\/\/www.amitai.com\/es\/que-papel-cumple-comunicacion-interna-organizaciones\/\" target=\"_self\" class=\"btn-post\">Leer m\u00e1s<\/a>\n        \n        <\/div>        \n    <\/div>\n<\/div>                <\/div>    \n\n                            <div class=\"slick-slide carousel-item-3779\">\n                    <div class=\"post-style-2 rpc-bg rpc-box\">\n    <div class=\"wcp-img-wrap\">\n        <a href=\"https:\/\/www.amitai.com\/es\/administracion-del-conocimiento-que-es\/\">\n            <img decoding=\"async\" width=\"1920\" height=\"1080\" src=\"https:\/\/www.amitai.com\/es\/wp-content\/uploads\/2021\/06\/que-es-la-administracion-del-conocimiento-1.jpg\" class=\"attachment- size- wp-post-image\" alt=\"que es la administraci\u00f3n del conocimiento\" srcset=\"https:\/\/www.amitai.com\/es\/wp-content\/uploads\/2021\/06\/que-es-la-administracion-del-conocimiento-1.jpg 1920w, https:\/\/www.amitai.com\/es\/wp-content\/uploads\/2021\/06\/que-es-la-administracion-del-conocimiento-1-300x169.jpg 300w, https:\/\/www.amitai.com\/es\/wp-content\/uploads\/2021\/06\/que-es-la-administracion-del-conocimiento-1-768x432.jpg 768w, https:\/\/www.amitai.com\/es\/wp-content\/uploads\/2021\/06\/que-es-la-administracion-del-conocimiento-1-1024x576.jpg 1024w\" sizes=\"(max-width: 1920px) 100vw, 1920px\" \/>        <\/a>\n    <\/div>\n    <div class=\"wcp-content-wrap\">\n        <h3>\n            <a class=\"rpc-title\" href=\"https:\/\/www.amitai.com\/es\/administracion-del-conocimiento-que-es\/\" target=\"_self\">\n                Administraci\u00f3n del conocimiento: \u00bfQu\u00e9 es?            <\/a>\n        <\/h3>\n                <div class=\"wcp-post-contents rpc-content\">\n\n            Saber qu\u00e9 es la\u00a0administraci\u00f3n del conocimiento\u00a0puede ser de gran ayuda a la hora de que la implementes en la compa\u00f1\u00eda,\n                            <br>\n                <a href=\"https:\/\/www.amitai.com\/es\/administracion-del-conocimiento-que-es\/\" target=\"_self\" class=\"btn-post\">Leer m\u00e1s<\/a>\n        \n        <\/div>        \n    <\/div>\n<\/div>                <\/div>    \n\n                            <div class=\"slick-slide carousel-item-3778\">\n                    <div class=\"post-style-2 rpc-bg rpc-box\">\n    <div class=\"wcp-img-wrap\">\n        <a href=\"https:\/\/www.amitai.com\/es\/gestion-del-conocimiento-que-es\/\">\n            <img decoding=\"async\" width=\"1920\" height=\"1280\" src=\"https:\/\/www.amitai.com\/es\/wp-content\/uploads\/2021\/06\/gestion-del-conocimiento-que-es-1.jpg\" class=\"attachment- size- wp-post-image\" alt=\"gesti\u00f3n del conocimiento\" srcset=\"https:\/\/www.amitai.com\/es\/wp-content\/uploads\/2021\/06\/gestion-del-conocimiento-que-es-1.jpg 1920w, https:\/\/www.amitai.com\/es\/wp-content\/uploads\/2021\/06\/gestion-del-conocimiento-que-es-1-300x200.jpg 300w, https:\/\/www.amitai.com\/es\/wp-content\/uploads\/2021\/06\/gestion-del-conocimiento-que-es-1-768x512.jpg 768w, https:\/\/www.amitai.com\/es\/wp-content\/uploads\/2021\/06\/gestion-del-conocimiento-que-es-1-1024x683.jpg 1024w\" sizes=\"(max-width: 1920px) 100vw, 1920px\" \/>        <\/a>\n    <\/div>\n    <div class=\"wcp-content-wrap\">\n        <h3>\n            <a class=\"rpc-title\" href=\"https:\/\/www.amitai.com\/es\/gestion-del-conocimiento-que-es\/\" target=\"_self\">\n                Gesti\u00f3n del conocimiento: \u00bfQu\u00e9 es y para qu\u00e9 sirve?            <\/a>\n        <\/h3>\n                <div class=\"wcp-post-contents rpc-content\">\n\n            Al hablar de gesti\u00f3n del conocimiento\u00a0nos referimos a un concepto din\u00e1mico, que se encuentra en continua evoluci\u00f3n y se transmite\n                            <br>\n                <a href=\"https:\/\/www.amitai.com\/es\/gestion-del-conocimiento-que-es\/\" target=\"_self\" class=\"btn-post\">Leer m\u00e1s<\/a>\n        \n        <\/div>        \n    <\/div>\n<\/div>                <\/div>    \n\n                            <div class=\"slick-slide carousel-item-3665\">\n                    <div class=\"post-style-2 rpc-bg rpc-box\">\n    <div class=\"wcp-img-wrap\">\n        <a href=\"https:\/\/www.amitai.com\/es\/comunicacion-organizacional-que-es\/\">\n            <img decoding=\"async\" width=\"1920\" height=\"1080\" src=\"https:\/\/www.amitai.com\/es\/wp-content\/uploads\/2021\/06\/comunicacion-organizacional-1.jpg\" class=\"attachment- size- wp-post-image\" alt=\"comunicaci\u00f3n organizacional\" srcset=\"https:\/\/www.amitai.com\/es\/wp-content\/uploads\/2021\/06\/comunicacion-organizacional-1.jpg 1920w, https:\/\/www.amitai.com\/es\/wp-content\/uploads\/2021\/06\/comunicacion-organizacional-1-300x169.jpg 300w, https:\/\/www.amitai.com\/es\/wp-content\/uploads\/2021\/06\/comunicacion-organizacional-1-768x432.jpg 768w, https:\/\/www.amitai.com\/es\/wp-content\/uploads\/2021\/06\/comunicacion-organizacional-1-1024x576.jpg 1024w\" sizes=\"(max-width: 1920px) 100vw, 1920px\" \/>        <\/a>\n    <\/div>\n    <div class=\"wcp-content-wrap\">\n        <h3>\n            <a class=\"rpc-title\" href=\"https:\/\/www.amitai.com\/es\/comunicacion-organizacional-que-es\/\" target=\"_self\">\n                Comunicaci\u00f3n organizacional: \u00bfQu\u00e9 es?            <\/a>\n        <\/h3>\n                <div class=\"wcp-post-contents rpc-content\">\n\n            [vc_row][vc_column][vc_column_text]En toda empresa es importante una efectiva\u00a0comunicaci\u00f3n organizacional\u00a0que refuerce el compromiso de todos en torno a la consecuci\u00f3n de los\n                            <br>\n                <a href=\"https:\/\/www.amitai.com\/es\/comunicacion-organizacional-que-es\/\" target=\"_self\" class=\"btn-post\">Leer m\u00e1s<\/a>\n        \n        <\/div>        \n    <\/div>\n<\/div>                <\/div>    \n\n                            <div class=\"slick-slide carousel-item-3669\">\n                    <div class=\"post-style-2 rpc-bg rpc-box\">\n    <div class=\"wcp-img-wrap\">\n        <a href=\"https:\/\/www.amitai.com\/es\/comunicacion-horizontal-que-es\/\">\n            <img decoding=\"async\" width=\"1920\" height=\"1280\" src=\"https:\/\/www.amitai.com\/es\/wp-content\/uploads\/2021\/06\/Comunicacion-horizontal-1.jpg\" class=\"attachment- size- wp-post-image\" alt=\"Comunicaci\u00f3n horizontal\" srcset=\"https:\/\/www.amitai.com\/es\/wp-content\/uploads\/2021\/06\/Comunicacion-horizontal-1.jpg 1920w, https:\/\/www.amitai.com\/es\/wp-content\/uploads\/2021\/06\/Comunicacion-horizontal-1-300x200.jpg 300w, https:\/\/www.amitai.com\/es\/wp-content\/uploads\/2021\/06\/Comunicacion-horizontal-1-768x512.jpg 768w, https:\/\/www.amitai.com\/es\/wp-content\/uploads\/2021\/06\/Comunicacion-horizontal-1-1024x683.jpg 1024w\" sizes=\"(max-width: 1920px) 100vw, 1920px\" \/>        <\/a>\n    <\/div>\n    <div class=\"wcp-content-wrap\">\n        <h3>\n            <a class=\"rpc-title\" href=\"https:\/\/www.amitai.com\/es\/comunicacion-horizontal-que-es\/\" target=\"_self\">\n                Comunicaci\u00f3n horizontal: \u00bfQu\u00e9 es y c\u00f3mo mejorarla?            <\/a>\n        <\/h3>\n                <div class=\"wcp-post-contents rpc-content\">\n\n            [vc_row][vc_column][vc_column_text]Como sabes, la comunicaci\u00f3n es una de las principales herramientas que tiene una organizaci\u00f3n, con independencia del sector del que\n                            <br>\n                <a href=\"https:\/\/www.amitai.com\/es\/comunicacion-horizontal-que-es\/\" target=\"_self\" class=\"btn-post\">Leer m\u00e1s<\/a>\n        \n        <\/div>        \n    <\/div>\n<\/div>                <\/div>    \n\n                            <div class=\"slick-slide carousel-item-3662\">\n                    <div class=\"post-style-2 rpc-bg rpc-box\">\n    <div class=\"wcp-img-wrap\">\n        <a href=\"https:\/\/www.amitai.com\/es\/comunicacion-interna-que-es\/\">\n            <img decoding=\"async\" width=\"1920\" height=\"575\" src=\"https:\/\/www.amitai.com\/es\/wp-content\/uploads\/2021\/06\/comunicacion-internaempresarial.jpg\" class=\"attachment- size- wp-post-image\" alt=\"comunicaci\u00f3n interna\" srcset=\"https:\/\/www.amitai.com\/es\/wp-content\/uploads\/2021\/06\/comunicacion-internaempresarial.jpg 1920w, https:\/\/www.amitai.com\/es\/wp-content\/uploads\/2021\/06\/comunicacion-internaempresarial-300x90.jpg 300w, https:\/\/www.amitai.com\/es\/wp-content\/uploads\/2021\/06\/comunicacion-internaempresarial-768x230.jpg 768w, https:\/\/www.amitai.com\/es\/wp-content\/uploads\/2021\/06\/comunicacion-internaempresarial-1024x307.jpg 1024w\" sizes=\"(max-width: 1920px) 100vw, 1920px\" \/>        <\/a>\n    <\/div>\n    <div class=\"wcp-content-wrap\">\n        <h3>\n            <a class=\"rpc-title\" href=\"https:\/\/www.amitai.com\/es\/comunicacion-interna-que-es\/\" target=\"_self\">\n                Comunicaci\u00f3n interna: Qu\u00e9 es y para qu\u00e9 sirve            <\/a>\n        <\/h3>\n                <div class=\"wcp-post-contents rpc-content\">\n\n            Las empresas y grandes corporaciones funcionan bajo sistemas de trabajo muy definidos donde cada empleado cumple con responsabilidades espec\u00edficas. Y\n                            <br>\n                <a href=\"https:\/\/www.amitai.com\/es\/comunicacion-interna-que-es\/\" target=\"_self\" class=\"btn-post\">Leer m\u00e1s<\/a>\n        \n        <\/div>        \n    <\/div>\n<\/div>                <\/div>    \n\n                            <div class=\"slick-slide carousel-item-3622\">\n                    <div class=\"post-style-2 rpc-bg rpc-box\">\n    <div class=\"wcp-img-wrap\">\n        <a href=\"https:\/\/www.amitai.com\/es\/por-que-sistema-denuncia-anonima-genera-confianza\/\">\n            <img decoding=\"async\" width=\"1908\" height=\"1068\" src=\"https:\/\/www.amitai.com\/es\/wp-content\/uploads\/2021\/05\/importancia-sistema-de-denuncias-anonimas-1.jpg\" class=\"attachment- size- wp-post-image\" alt=\"importancia sistema de denuncias\" srcset=\"https:\/\/www.amitai.com\/es\/wp-content\/uploads\/2021\/05\/importancia-sistema-de-denuncias-anonimas-1.jpg 1908w, https:\/\/www.amitai.com\/es\/wp-content\/uploads\/2021\/05\/importancia-sistema-de-denuncias-anonimas-1-300x168.jpg 300w, https:\/\/www.amitai.com\/es\/wp-content\/uploads\/2021\/05\/importancia-sistema-de-denuncias-anonimas-1-768x430.jpg 768w, https:\/\/www.amitai.com\/es\/wp-content\/uploads\/2021\/05\/importancia-sistema-de-denuncias-anonimas-1-1024x573.jpg 1024w\" sizes=\"(max-width: 1908px) 100vw, 1908px\" \/>        <\/a>\n    <\/div>\n    <div class=\"wcp-content-wrap\">\n        <h3>\n            <a class=\"rpc-title\" href=\"https:\/\/www.amitai.com\/es\/por-que-sistema-denuncia-anonima-genera-confianza\/\" target=\"_self\">\n                Sistema de denuncias para generar confianza en la organizaci\u00f3n            <\/a>\n        <\/h3>\n                <div class=\"wcp-post-contents rpc-content\">\n\n            Hablar sobre la confianza en el mundo empresarial implica tomar en cuenta una serie de cuestiones, pero especialmente es necesario\n                            <br>\n                <a href=\"https:\/\/www.amitai.com\/es\/por-que-sistema-denuncia-anonima-genera-confianza\/\" target=\"_self\" class=\"btn-post\">Leer m\u00e1s<\/a>\n        \n        <\/div>        \n    <\/div>\n<\/div>                <\/div>    \n\n                            <div class=\"slick-slide carousel-item-3621\">\n                    <div class=\"post-style-2 rpc-bg rpc-box\">\n    <div class=\"wcp-img-wrap\">\n        <a href=\"https:\/\/www.amitai.com\/es\/5-consejos-crear-canal-denuncias-eticas\/\">\n            <img decoding=\"async\" width=\"1920\" height=\"1281\" src=\"https:\/\/www.amitai.com\/es\/wp-content\/uploads\/2021\/05\/Canal-de-denuncias-eticas-implementacion-1.jpg\" class=\"attachment- size- wp-post-image\" alt=\"Canal de denuncias \u00e9ticas implementaci\u00f3n\" srcset=\"https:\/\/www.amitai.com\/es\/wp-content\/uploads\/2021\/05\/Canal-de-denuncias-eticas-implementacion-1.jpg 1920w, https:\/\/www.amitai.com\/es\/wp-content\/uploads\/2021\/05\/Canal-de-denuncias-eticas-implementacion-1-300x200.jpg 300w, https:\/\/www.amitai.com\/es\/wp-content\/uploads\/2021\/05\/Canal-de-denuncias-eticas-implementacion-1-768x512.jpg 768w, https:\/\/www.amitai.com\/es\/wp-content\/uploads\/2021\/05\/Canal-de-denuncias-eticas-implementacion-1-1024x683.jpg 1024w\" sizes=\"(max-width: 1920px) 100vw, 1920px\" \/>        <\/a>\n    <\/div>\n    <div class=\"wcp-content-wrap\">\n        <h3>\n            <a class=\"rpc-title\" href=\"https:\/\/www.amitai.com\/es\/5-consejos-crear-canal-denuncias-eticas\/\" target=\"_self\">\n                Canal de denuncias \u00e9ticas, 5 cosas que debes saber para implementarlo correctamente            <\/a>\n        <\/h3>\n                <div class=\"wcp-post-contents rpc-content\">\n\n            Un\u00a0canal de denuncias \u00e9ticas\u00a0es un servicio y herramienta que permite a las empresas\u00a0vigilar los lineamientos en \u00e9tica corporativa, sus c\u00f3digos\n                            <br>\n                <a href=\"https:\/\/www.amitai.com\/es\/5-consejos-crear-canal-denuncias-eticas\/\" target=\"_self\" class=\"btn-post\">Leer m\u00e1s<\/a>\n        \n        <\/div>        \n    <\/div>\n<\/div>                <\/div>    \n\n                            <div class=\"slick-slide carousel-item-3620\">\n                    <div class=\"post-style-2 rpc-bg rpc-box\">\n    <div class=\"wcp-img-wrap\">\n        <a href=\"https:\/\/www.amitai.com\/es\/sistema-denuncias-anonimas-importancia\/\">\n            <img decoding=\"async\" width=\"1920\" height=\"1281\" src=\"https:\/\/www.amitai.com\/es\/wp-content\/uploads\/2021\/05\/confianza-de-un-Sistema-de-denuncia-anonima-1-2-1-1-1-1-1.jpeg\" class=\"attachment- size- wp-post-image\" alt=\"Sistema de denuncias\" srcset=\"https:\/\/www.amitai.com\/es\/wp-content\/uploads\/2021\/05\/confianza-de-un-Sistema-de-denuncia-anonima-1-2-1-1-1-1-1.jpeg 1920w, https:\/\/www.amitai.com\/es\/wp-content\/uploads\/2021\/05\/confianza-de-un-Sistema-de-denuncia-anonima-1-2-1-1-1-1-1-300x200.jpeg 300w, https:\/\/www.amitai.com\/es\/wp-content\/uploads\/2021\/05\/confianza-de-un-Sistema-de-denuncia-anonima-1-2-1-1-1-1-1-768x512.jpeg 768w, https:\/\/www.amitai.com\/es\/wp-content\/uploads\/2021\/05\/confianza-de-un-Sistema-de-denuncia-anonima-1-2-1-1-1-1-1-1024x683.jpeg 1024w\" sizes=\"(max-width: 1920px) 100vw, 1920px\" \/>        <\/a>\n    <\/div>\n    <div class=\"wcp-content-wrap\">\n        <h3>\n            <a class=\"rpc-title\" href=\"https:\/\/www.amitai.com\/es\/sistema-denuncias-anonimas-importancia\/\" target=\"_self\">\n                Sistema de denuncias : Su importancia            <\/a>\n        <\/h3>\n                <div class=\"wcp-post-contents rpc-content\">\n\n            Las empresas necesitan que todos los integrantes respeten los reglamentos internos y siempre act\u00faen con valores. Lamentablemente, esto no siempre\n                            <br>\n                <a href=\"https:\/\/www.amitai.com\/es\/sistema-denuncias-anonimas-importancia\/\" target=\"_self\" class=\"btn-post\">Leer m\u00e1s<\/a>\n        \n        <\/div>        \n    <\/div>\n<\/div>                <\/div>    \n\n                            <div class=\"slick-slide carousel-item-3538\">\n                    <div class=\"post-style-2 rpc-bg rpc-box\">\n    <div class=\"wcp-img-wrap\">\n        <a href=\"https:\/\/www.amitai.com\/es\/como-realizar-examen-psicometrico-dentro-organizacion\/\">\n            <img decoding=\"async\" width=\"1920\" height=\"1281\" src=\"https:\/\/www.amitai.com\/es\/wp-content\/uploads\/2021\/05\/Como-debo-realizar-un-examen-psicometrico-1.jpg\" class=\"attachment- size- wp-post-image\" alt=\"Como debo realizar un examen psicom\u00e9trico\" srcset=\"https:\/\/www.amitai.com\/es\/wp-content\/uploads\/2021\/05\/Como-debo-realizar-un-examen-psicometrico-1.jpg 1920w, https:\/\/www.amitai.com\/es\/wp-content\/uploads\/2021\/05\/Como-debo-realizar-un-examen-psicometrico-1-300x200.jpg 300w, https:\/\/www.amitai.com\/es\/wp-content\/uploads\/2021\/05\/Como-debo-realizar-un-examen-psicometrico-1-768x512.jpg 768w, https:\/\/www.amitai.com\/es\/wp-content\/uploads\/2021\/05\/Como-debo-realizar-un-examen-psicometrico-1-1024x683.jpg 1024w\" sizes=\"(max-width: 1920px) 100vw, 1920px\" \/>        <\/a>\n    <\/div>\n    <div class=\"wcp-content-wrap\">\n        <h3>\n            <a class=\"rpc-title\" href=\"https:\/\/www.amitai.com\/es\/como-realizar-examen-psicometrico-dentro-organizacion\/\" target=\"_self\">\n                \u00bfC\u00f3mo debo realizar un examen psicom\u00e9trico dentro de mi organizaci\u00f3n?            <\/a>\n        <\/h3>\n                <div class=\"wcp-post-contents rpc-content\">\n\n            Implementar un examen psicom\u00e9trico puede ser una excelente herramienta para que conozcas m\u00e1s sobre tus trabajadores. Descubre c\u00f3mo hacerlo. \u00bfQu\u00e9\n                            <br>\n                <a href=\"https:\/\/www.amitai.com\/es\/como-realizar-examen-psicometrico-dentro-organizacion\/\" target=\"_self\" class=\"btn-post\">Leer m\u00e1s<\/a>\n        \n        <\/div>        \n    <\/div>\n<\/div>                <\/div>    \n\n                            <div class=\"slick-slide carousel-item-3535\">\n                    <div class=\"post-style-2 rpc-bg rpc-box\">\n    <div class=\"wcp-img-wrap\">\n        <a href=\"https:\/\/www.amitai.com\/es\/como-estructurar-denuncia-anonima\/\">\n            <img decoding=\"async\" width=\"1920\" height=\"1080\" src=\"https:\/\/www.amitai.com\/es\/wp-content\/uploads\/2021\/05\/Como-estructurar-una-denuncia-anonima-1-1.jpeg\" class=\"attachment- size- wp-post-image\" alt=\"Como estructurar una denuncia\" srcset=\"https:\/\/www.amitai.com\/es\/wp-content\/uploads\/2021\/05\/Como-estructurar-una-denuncia-anonima-1-1.jpeg 1920w, https:\/\/www.amitai.com\/es\/wp-content\/uploads\/2021\/05\/Como-estructurar-una-denuncia-anonima-1-1-300x169.jpeg 300w, https:\/\/www.amitai.com\/es\/wp-content\/uploads\/2021\/05\/Como-estructurar-una-denuncia-anonima-1-1-768x432.jpeg 768w, https:\/\/www.amitai.com\/es\/wp-content\/uploads\/2021\/05\/Como-estructurar-una-denuncia-anonima-1-1-1024x576.jpeg 1024w\" sizes=\"(max-width: 1920px) 100vw, 1920px\" \/>        <\/a>\n    <\/div>\n    <div class=\"wcp-content-wrap\">\n        <h3>\n            <a class=\"rpc-title\" href=\"https:\/\/www.amitai.com\/es\/como-estructurar-denuncia-anonima\/\" target=\"_self\">\n                \u00bfC\u00f3mo se estructura una denuncia? 5 tips para conocerlo            <\/a>\n        <\/h3>\n                <div class=\"wcp-post-contents rpc-content\">\n\n            Implementar una denuncia an\u00f3nima puede ser una buena opci\u00f3n para mejorar la estabilidad de tu empresa y evitar conflictos. 5\n                            <br>\n                <a href=\"https:\/\/www.amitai.com\/es\/como-estructurar-denuncia-anonima\/\" target=\"_self\" class=\"btn-post\">Leer m\u00e1s<\/a>\n        \n        <\/div>        \n    <\/div>\n<\/div>                <\/div>    \n\n                            <div class=\"slick-slide carousel-item-3533\">\n                    <div class=\"post-style-2 rpc-bg rpc-box\">\n    <div class=\"wcp-img-wrap\">\n        <a href=\"https:\/\/www.amitai.com\/es\/prueba-honradez-papel-de-lideres\/\">\n            <img decoding=\"async\" width=\"1920\" height=\"1282\" src=\"https:\/\/www.amitai.com\/es\/wp-content\/uploads\/2021\/05\/Prueba-de-honradez-en-los-lideres-1.jpg\" class=\"attachment- size- wp-post-image\" alt=\"Prueba de honradez en los lideres\" srcset=\"https:\/\/www.amitai.com\/es\/wp-content\/uploads\/2021\/05\/Prueba-de-honradez-en-los-lideres-1.jpg 1920w, https:\/\/www.amitai.com\/es\/wp-content\/uploads\/2021\/05\/Prueba-de-honradez-en-los-lideres-1-300x200.jpg 300w, https:\/\/www.amitai.com\/es\/wp-content\/uploads\/2021\/05\/Prueba-de-honradez-en-los-lideres-1-768x513.jpg 768w, https:\/\/www.amitai.com\/es\/wp-content\/uploads\/2021\/05\/Prueba-de-honradez-en-los-lideres-1-1024x684.jpg 1024w\" sizes=\"(max-width: 1920px) 100vw, 1920px\" \/>        <\/a>\n    <\/div>\n    <div class=\"wcp-content-wrap\">\n        <h3>\n            <a class=\"rpc-title\" href=\"https:\/\/www.amitai.com\/es\/prueba-honradez-papel-de-lideres\/\" target=\"_self\">\n                Prueba de honradez: El papel de los l\u00edderes            <\/a>\n        <\/h3>\n                <div class=\"wcp-post-contents rpc-content\">\n\n            [vc_row][vc_column][vc_column_text]En el mundo empresarial todo se suele reducir a las ganancias que consigue un l\u00edder a trav\u00e9s de sus capacidades.\n                            <br>\n                <a href=\"https:\/\/www.amitai.com\/es\/prueba-honradez-papel-de-lideres\/\" target=\"_self\" class=\"btn-post\">Leer m\u00e1s<\/a>\n        \n        <\/div>        \n    <\/div>\n<\/div>                <\/div>    \n\n                            <div class=\"slick-slide carousel-item-3530\">\n                    <div class=\"post-style-2 rpc-bg rpc-box\">\n    <div class=\"wcp-img-wrap\">\n        <a href=\"https:\/\/www.amitai.com\/es\/impacto-sistema-denuncia-en-resultados\/\">\n            <img decoding=\"async\" width=\"1920\" height=\"435\" src=\"https:\/\/www.amitai.com\/es\/wp-content\/uploads\/2021\/05\/Impacto-sistema-de-denuncia-en-los-resultados-1.jpg\" class=\"attachment- size- wp-post-image\" alt=\"Impacto de un sistema de denuncia en los resultados\" srcset=\"https:\/\/www.amitai.com\/es\/wp-content\/uploads\/2021\/05\/Impacto-sistema-de-denuncia-en-los-resultados-1.jpg 1920w, https:\/\/www.amitai.com\/es\/wp-content\/uploads\/2021\/05\/Impacto-sistema-de-denuncia-en-los-resultados-1-300x68.jpg 300w, https:\/\/www.amitai.com\/es\/wp-content\/uploads\/2021\/05\/Impacto-sistema-de-denuncia-en-los-resultados-1-768x174.jpg 768w, https:\/\/www.amitai.com\/es\/wp-content\/uploads\/2021\/05\/Impacto-sistema-de-denuncia-en-los-resultados-1-1024x232.jpg 1024w\" sizes=\"(max-width: 1920px) 100vw, 1920px\" \/>        <\/a>\n    <\/div>\n    <div class=\"wcp-content-wrap\">\n        <h3>\n            <a class=\"rpc-title\" href=\"https:\/\/www.amitai.com\/es\/impacto-sistema-denuncia-en-resultados\/\" target=\"_self\">\n                Impacto de un sistema de denuncia en los resultados            <\/a>\n        <\/h3>\n                <div class=\"wcp-post-contents rpc-content\">\n\n            Descubre por qu\u00e9 incorporar un\u00a0sistema de denuncia\u00a0puede ayudarte a mejorar los resultados a escala corporativa. La importancia de las denuncias\n                            <br>\n                <a href=\"https:\/\/www.amitai.com\/es\/impacto-sistema-denuncia-en-resultados\/\" target=\"_self\" class=\"btn-post\">Leer m\u00e1s<\/a>\n        \n        <\/div>        \n    <\/div>\n<\/div>                <\/div>    \n\n                            <div class=\"slick-slide carousel-item-3527\">\n                    <div class=\"post-style-2 rpc-bg rpc-box\">\n    <div class=\"wcp-img-wrap\">\n        <a href=\"https:\/\/www.amitai.com\/es\/10-claves-sobre-etica-y-cumplimiento-empresarial\/\">\n            <img decoding=\"async\" width=\"1920\" height=\"1280\" src=\"https:\/\/www.amitai.com\/es\/wp-content\/uploads\/2021\/05\/etica-y-cumplimiento-empresarial-1.jpg\" class=\"attachment- size- wp-post-image\" alt=\"\u00e9tica y cumplimiento empresarial\" srcset=\"https:\/\/www.amitai.com\/es\/wp-content\/uploads\/2021\/05\/etica-y-cumplimiento-empresarial-1.jpg 1920w, https:\/\/www.amitai.com\/es\/wp-content\/uploads\/2021\/05\/etica-y-cumplimiento-empresarial-1-300x200.jpg 300w, https:\/\/www.amitai.com\/es\/wp-content\/uploads\/2021\/05\/etica-y-cumplimiento-empresarial-1-768x512.jpg 768w, https:\/\/www.amitai.com\/es\/wp-content\/uploads\/2021\/05\/etica-y-cumplimiento-empresarial-1-1024x683.jpg 1024w\" sizes=\"(max-width: 1920px) 100vw, 1920px\" \/>        <\/a>\n    <\/div>\n    <div class=\"wcp-content-wrap\">\n        <h3>\n            <a class=\"rpc-title\" href=\"https:\/\/www.amitai.com\/es\/10-claves-sobre-etica-y-cumplimiento-empresarial\/\" target=\"_self\">\n                10 claves sobre la \u00e9tica y cumplimiento empresarial            <\/a>\n        <\/h3>\n                <div class=\"wcp-post-contents rpc-content\">\n\n            Dentro de las operaciones empresariales, un elemento cr\u00edtico es un programa de \u00c9tica y cumplimiento robusto. Este es el responsable\n                            <br>\n                <a href=\"https:\/\/www.amitai.com\/es\/10-claves-sobre-etica-y-cumplimiento-empresarial\/\" target=\"_self\" class=\"btn-post\">Leer m\u00e1s<\/a>\n        \n        <\/div>        \n    <\/div>\n<\/div>                <\/div>    \n\n                            <div class=\"slick-slide carousel-item-3521\">\n                    <div class=\"post-style-2 rpc-bg rpc-box\">\n    <div class=\"wcp-img-wrap\">\n        <a href=\"https:\/\/www.amitai.com\/es\/tendencias-actuales-evaluacion-personal\/\">\n            <img decoding=\"async\" width=\"1920\" height=\"640\" src=\"https:\/\/www.amitai.com\/es\/wp-content\/uploads\/2021\/04\/tendencias-actuales-para-la-evaluacio\u0301n-del-personal.jpeg\" class=\"attachment- size- wp-post-image\" alt=\"tendencias actuales para la evaluacio\u0301n del personal\" srcset=\"https:\/\/www.amitai.com\/es\/wp-content\/uploads\/2021\/04\/tendencias-actuales-para-la-evaluacio\u0301n-del-personal.jpeg 1920w, https:\/\/www.amitai.com\/es\/wp-content\/uploads\/2021\/04\/tendencias-actuales-para-la-evaluacio\u0301n-del-personal-300x100.jpeg 300w, https:\/\/www.amitai.com\/es\/wp-content\/uploads\/2021\/04\/tendencias-actuales-para-la-evaluacio\u0301n-del-personal-768x256.jpeg 768w, https:\/\/www.amitai.com\/es\/wp-content\/uploads\/2021\/04\/tendencias-actuales-para-la-evaluacio\u0301n-del-personal-1024x341.jpeg 1024w\" sizes=\"(max-width: 1920px) 100vw, 1920px\" \/>        <\/a>\n    <\/div>\n    <div class=\"wcp-content-wrap\">\n        <h3>\n            <a class=\"rpc-title\" href=\"https:\/\/www.amitai.com\/es\/tendencias-actuales-evaluacion-personal\/\" target=\"_self\">\n                10 Tendencias actuales para la evaluaci\u00f3n de personal            <\/a>\n        <\/h3>\n                <div class=\"wcp-post-contents rpc-content\">\n\n            Algo que los profesionales no discuten es la importancia que tiene la\u00a0evaluaci\u00f3n de personal\u00a0para conocer el desempe\u00f1o de los empleados\n                            <br>\n                <a href=\"https:\/\/www.amitai.com\/es\/tendencias-actuales-evaluacion-personal\/\" target=\"_self\" class=\"btn-post\">Leer m\u00e1s<\/a>\n        \n        <\/div>        \n    <\/div>\n<\/div>                <\/div>    \n\n                            <div class=\"slick-slide carousel-item-3516\">\n                    <div class=\"post-style-2 rpc-bg rpc-box\">\n    <div class=\"wcp-img-wrap\">\n        <a href=\"https:\/\/www.amitai.com\/es\/linea-etica-empresarial-responsabilidad-social\/\">\n            <img decoding=\"async\" width=\"1930\" height=\"1223\" src=\"https:\/\/www.amitai.com\/es\/wp-content\/uploads\/2021\/04\/li\u0301nea-e\u0301tica-empresarial-y-su-responsabilidad-social.jpeg\" class=\"attachment- size- wp-post-image\" alt=\"l\u00ednea \u00e9tica empresarial y su responsabilidad social\" srcset=\"https:\/\/www.amitai.com\/es\/wp-content\/uploads\/2021\/04\/li\u0301nea-e\u0301tica-empresarial-y-su-responsabilidad-social.jpeg 1930w, https:\/\/www.amitai.com\/es\/wp-content\/uploads\/2021\/04\/li\u0301nea-e\u0301tica-empresarial-y-su-responsabilidad-social-300x190.jpeg 300w, https:\/\/www.amitai.com\/es\/wp-content\/uploads\/2021\/04\/li\u0301nea-e\u0301tica-empresarial-y-su-responsabilidad-social-768x487.jpeg 768w, https:\/\/www.amitai.com\/es\/wp-content\/uploads\/2021\/04\/li\u0301nea-e\u0301tica-empresarial-y-su-responsabilidad-social-1024x649.jpeg 1024w\" sizes=\"(max-width: 1930px) 100vw, 1930px\" \/>        <\/a>\n    <\/div>\n    <div class=\"wcp-content-wrap\">\n        <h3>\n            <a class=\"rpc-title\" href=\"https:\/\/www.amitai.com\/es\/linea-etica-empresarial-responsabilidad-social\/\" target=\"_self\">\n                L\u00ednea \u00e9tica empresarial y su responsabilidad social            <\/a>\n        <\/h3>\n                <div class=\"wcp-post-contents rpc-content\">\n\n            El respeto a las normas internas y a las leyes es una forma para que tu empresa gane el reconocimiento\n                            <br>\n                <a href=\"https:\/\/www.amitai.com\/es\/linea-etica-empresarial-responsabilidad-social\/\" target=\"_self\" class=\"btn-post\">Leer m\u00e1s<\/a>\n        \n        <\/div>        \n    <\/div>\n<\/div>                <\/div>    \n\n                            <div class=\"slick-slide carousel-item-3467\">\n                    <div class=\"post-style-2 rpc-bg rpc-box\">\n    <div class=\"wcp-img-wrap\">\n        <a href=\"https:\/\/www.amitai.com\/es\/3-tips-buen-uso-sistema-denuncia-anonima\/\">\n            <img decoding=\"async\" width=\"1920\" height=\"1280\" src=\"https:\/\/www.amitai.com\/es\/wp-content\/uploads\/2021\/11\/denuncias-anonimas-mas-comunes-en-las-empresas.jpg\" class=\"attachment- size- wp-post-image\" alt=\"Conoce las denuncias m\u00e1s comunes en las empresas\" srcset=\"https:\/\/www.amitai.com\/es\/wp-content\/uploads\/2021\/11\/denuncias-anonimas-mas-comunes-en-las-empresas.jpg 1920w, https:\/\/www.amitai.com\/es\/wp-content\/uploads\/2021\/11\/denuncias-anonimas-mas-comunes-en-las-empresas-300x200.jpg 300w, https:\/\/www.amitai.com\/es\/wp-content\/uploads\/2021\/11\/denuncias-anonimas-mas-comunes-en-las-empresas-768x512.jpg 768w, https:\/\/www.amitai.com\/es\/wp-content\/uploads\/2021\/11\/denuncias-anonimas-mas-comunes-en-las-empresas-1024x683.jpg 1024w\" sizes=\"(max-width: 1920px) 100vw, 1920px\" \/>        <\/a>\n    <\/div>\n    <div class=\"wcp-content-wrap\">\n        <h3>\n            <a class=\"rpc-title\" href=\"https:\/\/www.amitai.com\/es\/3-tips-buen-uso-sistema-denuncia-anonima\/\" target=\"_self\">\n                3 Tips para el buen uso del sistema de denuncia            <\/a>\n        <\/h3>\n                <div class=\"wcp-post-contents rpc-content\">\n\n            Los administradores y propietarios de toda empresa est\u00e1n interesados en la detecci\u00f3n oportuna de las irregularidades. Si te identificas con\n                            <br>\n                <a href=\"https:\/\/www.amitai.com\/es\/3-tips-buen-uso-sistema-denuncia-anonima\/\" target=\"_self\" class=\"btn-post\">Leer m\u00e1s<\/a>\n        \n        <\/div>        \n    <\/div>\n<\/div>                <\/div>    \n\n                            <div class=\"slick-slide carousel-item-3503\">\n                    <div class=\"post-style-2 rpc-bg rpc-box\">\n    <div class=\"wcp-img-wrap\">\n        <a href=\"https:\/\/www.amitai.com\/es\/resultados-esperados-encuesta-clima-laboral\/\">\n            <img decoding=\"async\" width=\"1920\" height=\"1080\" src=\"https:\/\/www.amitai.com\/es\/wp-content\/uploads\/2021\/04\/resultados-en-encuesta-de-clima-laboral.jpeg\" class=\"attachment- size- wp-post-image\" alt=\"resultados en encuesta de clima laboral\" srcset=\"https:\/\/www.amitai.com\/es\/wp-content\/uploads\/2021\/04\/resultados-en-encuesta-de-clima-laboral.jpeg 1920w, https:\/\/www.amitai.com\/es\/wp-content\/uploads\/2021\/04\/resultados-en-encuesta-de-clima-laboral-300x169.jpeg 300w, https:\/\/www.amitai.com\/es\/wp-content\/uploads\/2021\/04\/resultados-en-encuesta-de-clima-laboral-768x432.jpeg 768w, https:\/\/www.amitai.com\/es\/wp-content\/uploads\/2021\/04\/resultados-en-encuesta-de-clima-laboral-1024x576.jpeg 1024w\" sizes=\"(max-width: 1920px) 100vw, 1920px\" \/>        <\/a>\n    <\/div>\n    <div class=\"wcp-content-wrap\">\n        <h3>\n            <a class=\"rpc-title\" href=\"https:\/\/www.amitai.com\/es\/resultados-esperados-encuesta-clima-laboral\/\" target=\"_self\">\n                Qu\u00e9 resultados se esperan al realizar una encuesta de clima laboral            <\/a>\n        <\/h3>\n                <div class=\"wcp-post-contents rpc-content\">\n\n            Cada d\u00eda hay mayor n\u00famero de empresas que se ocupan de mantener un buen ambiente social dentro de sus instalaciones,\n                            <br>\n                <a href=\"https:\/\/www.amitai.com\/es\/resultados-esperados-encuesta-clima-laboral\/\" target=\"_self\" class=\"btn-post\">Leer m\u00e1s<\/a>\n        \n        <\/div>        \n    <\/div>\n<\/div>                <\/div>    \n\n                            <div class=\"slick-slide carousel-item-3491\">\n                    <div class=\"post-style-2 rpc-bg rpc-box\">\n    <div class=\"wcp-img-wrap\">\n        <a href=\"https:\/\/www.amitai.com\/es\/factores-prevenir-corrupcion\/\">\n            <img decoding=\"async\" width=\"1024\" height=\"683\" src=\"https:\/\/www.amitai.com\/es\/wp-content\/uploads\/2021\/04\/Nuevo-proyecto.jpeg\" class=\"attachment- size- wp-post-image\" alt=\"prevenir corrupci\u00f3n\" srcset=\"https:\/\/www.amitai.com\/es\/wp-content\/uploads\/2021\/04\/Nuevo-proyecto.jpeg 1024w, https:\/\/www.amitai.com\/es\/wp-content\/uploads\/2021\/04\/Nuevo-proyecto-300x200.jpeg 300w, https:\/\/www.amitai.com\/es\/wp-content\/uploads\/2021\/04\/Nuevo-proyecto-768x512.jpeg 768w\" sizes=\"(max-width: 1024px) 100vw, 1024px\" \/>        <\/a>\n    <\/div>\n    <div class=\"wcp-content-wrap\">\n        <h3>\n            <a class=\"rpc-title\" href=\"https:\/\/www.amitai.com\/es\/factores-prevenir-corrupcion\/\" target=\"_self\">\n                5 factores iniciales sobre como prevenir la Corrupci\u00f3n            <\/a>\n        <\/h3>\n                <div class=\"wcp-post-contents rpc-content\">\n\n            Todas las empresas quieren estar exentas de sufrir alg\u00fan&nbsp;acto de corrupci\u00f3n&nbsp;dentro de su organizaci\u00f3n, evitar que sus empleados acepten sobornos,\n                            <br>\n                <a href=\"https:\/\/www.amitai.com\/es\/factores-prevenir-corrupcion\/\" target=\"_self\" class=\"btn-post\">Leer m\u00e1s<\/a>\n        \n        <\/div>        \n    <\/div>\n<\/div>                <\/div>    \n\n                            <div class=\"slick-slide carousel-item-3487\">\n                    <div class=\"post-style-2 rpc-bg rpc-box\">\n    <div class=\"wcp-img-wrap\">\n        <a href=\"https:\/\/www.amitai.com\/es\/aspectos-considerar-sistema-etico-denuncias\/\">\n            <img decoding=\"async\" width=\"1920\" height=\"1249\" src=\"https:\/\/www.amitai.com\/es\/wp-content\/uploads\/2021\/04\/aspectos-a-considerar-en-un-sistema-e\u0301tico-de-denuncias.jpeg\" class=\"attachment- size- wp-post-image\" alt=\"aspectos a considerar en un sistema e\u0301tico de denuncias\" srcset=\"https:\/\/www.amitai.com\/es\/wp-content\/uploads\/2021\/04\/aspectos-a-considerar-en-un-sistema-e\u0301tico-de-denuncias.jpeg 1920w, https:\/\/www.amitai.com\/es\/wp-content\/uploads\/2021\/04\/aspectos-a-considerar-en-un-sistema-e\u0301tico-de-denuncias-300x195.jpeg 300w, https:\/\/www.amitai.com\/es\/wp-content\/uploads\/2021\/04\/aspectos-a-considerar-en-un-sistema-e\u0301tico-de-denuncias-768x500.jpeg 768w, https:\/\/www.amitai.com\/es\/wp-content\/uploads\/2021\/04\/aspectos-a-considerar-en-un-sistema-e\u0301tico-de-denuncias-1024x666.jpeg 1024w\" sizes=\"(max-width: 1920px) 100vw, 1920px\" \/>        <\/a>\n    <\/div>\n    <div class=\"wcp-content-wrap\">\n        <h3>\n            <a class=\"rpc-title\" href=\"https:\/\/www.amitai.com\/es\/aspectos-considerar-sistema-etico-denuncias\/\" target=\"_self\">\n                5 aspectos a considerar en un sistema \u00e9tico de denuncias            <\/a>\n        <\/h3>\n                <div class=\"wcp-post-contents rpc-content\">\n\n            Manejar una organizaci\u00f3n o empresa no es f\u00e1cil. Se requiere mucha paciencia y compromiso con sus integrantes para gestionarla de\n                            <br>\n                <a href=\"https:\/\/www.amitai.com\/es\/aspectos-considerar-sistema-etico-denuncias\/\" target=\"_self\" class=\"btn-post\">Leer m\u00e1s<\/a>\n        \n        <\/div>        \n    <\/div>\n<\/div>                <\/div>    \n\n                            <div class=\"slick-slide carousel-item-3483\">\n                    <div class=\"post-style-2 rpc-bg rpc-box\">\n    <div class=\"wcp-img-wrap\">\n        <a href=\"https:\/\/www.amitai.com\/es\/clima-organizacional-relacion-areas\/\">\n            <img decoding=\"async\" width=\"1920\" height=\"1080\" src=\"https:\/\/www.amitai.com\/es\/wp-content\/uploads\/2021\/04\/Clima-Organizacional-y-su-relacio\u0301n-entre-a\u0301reas.jpeg\" class=\"attachment- size- wp-post-image\" alt=\"Clima Organizacional y su relaci\u00f3n entre \u00e1reas\" srcset=\"https:\/\/www.amitai.com\/es\/wp-content\/uploads\/2021\/04\/Clima-Organizacional-y-su-relacio\u0301n-entre-a\u0301reas.jpeg 1920w, https:\/\/www.amitai.com\/es\/wp-content\/uploads\/2021\/04\/Clima-Organizacional-y-su-relacio\u0301n-entre-a\u0301reas-300x169.jpeg 300w, https:\/\/www.amitai.com\/es\/wp-content\/uploads\/2021\/04\/Clima-Organizacional-y-su-relacio\u0301n-entre-a\u0301reas-768x432.jpeg 768w, https:\/\/www.amitai.com\/es\/wp-content\/uploads\/2021\/04\/Clima-Organizacional-y-su-relacio\u0301n-entre-a\u0301reas-1024x576.jpeg 1024w\" sizes=\"(max-width: 1920px) 100vw, 1920px\" \/>        <\/a>\n    <\/div>\n    <div class=\"wcp-content-wrap\">\n        <h3>\n            <a class=\"rpc-title\" href=\"https:\/\/www.amitai.com\/es\/clima-organizacional-relacion-areas\/\" target=\"_self\">\n                Clima Organizacional y su relaci\u00f3n entre \u00e1reas            <\/a>\n        <\/h3>\n                <div class=\"wcp-post-contents rpc-content\">\n\n            Seguramente, est\u00e1s familiarizado con el t\u00e9rmino de\u00a0clima organizacional.\u00a0Por ello, en esta ocasi\u00f3n, no te hablaremos de su definici\u00f3n, sino m\u00e1s\n                            <br>\n                <a href=\"https:\/\/www.amitai.com\/es\/clima-organizacional-relacion-areas\/\" target=\"_self\" class=\"btn-post\">Leer m\u00e1s<\/a>\n        \n        <\/div>        \n    <\/div>\n<\/div>                <\/div>    \n\n                            <div class=\"slick-slide carousel-item-3469\">\n                    <div class=\"post-style-2 rpc-bg rpc-box\">\n    <div class=\"wcp-img-wrap\">\n        <a href=\"https:\/\/www.amitai.com\/es\/como-prevenir-corrupcion-organizaciones-pleno-crecimiento\/\">\n            <img decoding=\"async\" width=\"1024\" height=\"683\" src=\"https:\/\/www.amitai.com\/es\/wp-content\/uploads\/2021\/04\/Nuevo-proyecto-1.jpeg\" class=\"attachment- size- wp-post-image\" alt=\"prevenir corrupci\u00f3n\" srcset=\"https:\/\/www.amitai.com\/es\/wp-content\/uploads\/2021\/04\/Nuevo-proyecto-1.jpeg 1024w, https:\/\/www.amitai.com\/es\/wp-content\/uploads\/2021\/04\/Nuevo-proyecto-1-300x200.jpeg 300w, https:\/\/www.amitai.com\/es\/wp-content\/uploads\/2021\/04\/Nuevo-proyecto-1-768x512.jpeg 768w\" sizes=\"(max-width: 1024px) 100vw, 1024px\" \/>        <\/a>\n    <\/div>\n    <div class=\"wcp-content-wrap\">\n        <h3>\n            <a class=\"rpc-title\" href=\"https:\/\/www.amitai.com\/es\/como-prevenir-corrupcion-organizaciones-pleno-crecimiento\/\" target=\"_self\">\n                C\u00f3mo prevenir la corrupci\u00f3n en organizaciones en pleno crecimiento            <\/a>\n        <\/h3>\n                <div class=\"wcp-post-contents rpc-content\">\n\n            Los actos de corrupci\u00f3n deben detectarse a tiempo para evitar da\u00f1os mayores a la empresa. Sin embargo, no siempre se\n                            <br>\n                <a href=\"https:\/\/www.amitai.com\/es\/como-prevenir-corrupcion-organizaciones-pleno-crecimiento\/\" target=\"_self\" class=\"btn-post\">Leer m\u00e1s<\/a>\n        \n        <\/div>        \n    <\/div>\n<\/div>                <\/div>    \n\n                            <div class=\"slick-slide carousel-item-3338\">\n                    <div class=\"post-style-2 rpc-bg rpc-box\">\n    <div class=\"wcp-img-wrap\">\n        <a href=\"https:\/\/www.amitai.com\/es\/gestionar-canal-denuncias-eficiente\/\">\n            <img decoding=\"async\" width=\"2000\" height=\"1000\" src=\"https:\/\/www.amitai.com\/es\/wp-content\/uploads\/2021\/03\/gestionar-un-canal-de-denuncia-empresarial-eficiente.jpeg\" class=\"attachment- size- wp-post-image\" alt=\"canal de denuncia eficiente\" srcset=\"https:\/\/www.amitai.com\/es\/wp-content\/uploads\/2021\/03\/gestionar-un-canal-de-denuncia-empresarial-eficiente.jpeg 2000w, https:\/\/www.amitai.com\/es\/wp-content\/uploads\/2021\/03\/gestionar-un-canal-de-denuncia-empresarial-eficiente-300x150.jpeg 300w, https:\/\/www.amitai.com\/es\/wp-content\/uploads\/2021\/03\/gestionar-un-canal-de-denuncia-empresarial-eficiente-768x384.jpeg 768w, https:\/\/www.amitai.com\/es\/wp-content\/uploads\/2021\/03\/gestionar-un-canal-de-denuncia-empresarial-eficiente-1024x512.jpeg 1024w\" sizes=\"(max-width: 2000px) 100vw, 2000px\" \/>        <\/a>\n    <\/div>\n    <div class=\"wcp-content-wrap\">\n        <h3>\n            <a class=\"rpc-title\" href=\"https:\/\/www.amitai.com\/es\/gestionar-canal-denuncias-eficiente\/\" target=\"_self\">\n                \u00bfC\u00f3mo gestionar un canal de denuncia empresarial eficiente?            <\/a>\n        <\/h3>\n                <div class=\"wcp-post-contents rpc-content\">\n\n            Es importante para todo \u00e1mbito laboral contar con un sistema que otorgue a los trabajadores un espacio de confianza para\n                            <br>\n                <a href=\"https:\/\/www.amitai.com\/es\/gestionar-canal-denuncias-eficiente\/\" target=\"_self\" class=\"btn-post\">Leer m\u00e1s<\/a>\n        \n        <\/div>        \n    <\/div>\n<\/div>                <\/div>    \n\n                            <div class=\"slick-slide carousel-item-3335\">\n                    <div class=\"post-style-2 rpc-bg rpc-box\">\n    <div class=\"wcp-img-wrap\">\n        <a href=\"https:\/\/www.amitai.com\/es\/importancia-test-etica-laboral-nueva-normalidad\/\">\n            <img decoding=\"async\" width=\"1920\" height=\"1132\" src=\"https:\/\/www.amitai.com\/es\/wp-content\/uploads\/2021\/03\/test-de-e\u0301tica-organizacional-e1615931348625.jpeg\" class=\"attachment- size- wp-post-image\" alt=\"test de \u00e9tica organizacional\" srcset=\"https:\/\/www.amitai.com\/es\/wp-content\/uploads\/2021\/03\/test-de-e\u0301tica-organizacional-e1615931348625.jpeg 1920w, https:\/\/www.amitai.com\/es\/wp-content\/uploads\/2021\/03\/test-de-e\u0301tica-organizacional-e1615931348625-300x177.jpeg 300w, https:\/\/www.amitai.com\/es\/wp-content\/uploads\/2021\/03\/test-de-e\u0301tica-organizacional-e1615931348625-768x453.jpeg 768w, https:\/\/www.amitai.com\/es\/wp-content\/uploads\/2021\/03\/test-de-e\u0301tica-organizacional-e1615931348625-1024x604.jpeg 1024w\" sizes=\"(max-width: 1920px) 100vw, 1920px\" \/>        <\/a>\n    <\/div>\n    <div class=\"wcp-content-wrap\">\n        <h3>\n            <a class=\"rpc-title\" href=\"https:\/\/www.amitai.com\/es\/importancia-test-etica-laboral-nueva-normalidad\/\" target=\"_self\">\n                Importancia de implementar un test de \u00e9tica laboral en la nueva normalidad            <\/a>\n        <\/h3>\n                <div class=\"wcp-post-contents rpc-content\">\n\n            Desde que el mundo entero se vio afectado por la pandemia provocada por la covid-19, la forma de trabajar de\n                            <br>\n                <a href=\"https:\/\/www.amitai.com\/es\/importancia-test-etica-laboral-nueva-normalidad\/\" target=\"_self\" class=\"btn-post\">Leer m\u00e1s<\/a>\n        \n        <\/div>        \n    <\/div>\n<\/div>                <\/div>    \n\n                            <div class=\"slick-slide carousel-item-3326\">\n                    <div class=\"post-style-2 rpc-bg rpc-box\">\n    <div class=\"wcp-img-wrap\">\n        <a href=\"https:\/\/www.amitai.com\/es\/herramientas-fundamentales-combatir-corrupcion\/\">\n            <img decoding=\"async\" width=\"1024\" height=\"683\" src=\"https:\/\/www.amitai.com\/es\/wp-content\/uploads\/2021\/03\/Nuevo-proyecto.jpeg\" class=\"attachment- size- wp-post-image\" alt=\"heramientas para combatir la corrupci\u00f3n\" srcset=\"https:\/\/www.amitai.com\/es\/wp-content\/uploads\/2021\/03\/Nuevo-proyecto.jpeg 1024w, https:\/\/www.amitai.com\/es\/wp-content\/uploads\/2021\/03\/Nuevo-proyecto-300x200.jpeg 300w, https:\/\/www.amitai.com\/es\/wp-content\/uploads\/2021\/03\/Nuevo-proyecto-768x512.jpeg 768w\" sizes=\"(max-width: 1024px) 100vw, 1024px\" \/>        <\/a>\n    <\/div>\n    <div class=\"wcp-content-wrap\">\n        <h3>\n            <a class=\"rpc-title\" href=\"https:\/\/www.amitai.com\/es\/herramientas-fundamentales-combatir-corrupcion\/\" target=\"_self\">\n                3 Herramientas fundamentales para combatir la corrupci\u00f3n            <\/a>\n        <\/h3>\n                <div class=\"wcp-post-contents rpc-content\">\n\n            La honestidad en el trabajo y las claves para prevenir la corrupci\u00f3n, \u00bfc\u00f3mo&nbsp;combatir la corrupci\u00f3n? Una propuesta para identificar distintos\n                            <br>\n                <a href=\"https:\/\/www.amitai.com\/es\/herramientas-fundamentales-combatir-corrupcion\/\" target=\"_self\" class=\"btn-post\">Leer m\u00e1s<\/a>\n        \n        <\/div>        \n    <\/div>\n<\/div>                <\/div>    \n\n                            <div class=\"slick-slide carousel-item-3320\">\n                    <div class=\"post-style-2 rpc-bg rpc-box\">\n    <div class=\"wcp-img-wrap\">\n        <a href=\"https:\/\/www.amitai.com\/es\/encuesta-clima-laboral-tiempo-apropiado\/\">\n            <img decoding=\"async\" width=\"2000\" height=\"1333\" src=\"https:\/\/www.amitai.com\/es\/wp-content\/uploads\/2021\/03\/tiempo-en-encuesta-de-clima-organizacional.jpeg\" class=\"attachment- size- wp-post-image\" alt=\"tiempo en encuesta de clima organizacional\" srcset=\"https:\/\/www.amitai.com\/es\/wp-content\/uploads\/2021\/03\/tiempo-en-encuesta-de-clima-organizacional.jpeg 2000w, https:\/\/www.amitai.com\/es\/wp-content\/uploads\/2021\/03\/tiempo-en-encuesta-de-clima-organizacional-300x200.jpeg 300w, https:\/\/www.amitai.com\/es\/wp-content\/uploads\/2021\/03\/tiempo-en-encuesta-de-clima-organizacional-768x512.jpeg 768w, https:\/\/www.amitai.com\/es\/wp-content\/uploads\/2021\/03\/tiempo-en-encuesta-de-clima-organizacional-1024x682.jpeg 1024w\" sizes=\"(max-width: 2000px) 100vw, 2000px\" \/>        <\/a>\n    <\/div>\n    <div class=\"wcp-content-wrap\">\n        <h3>\n            <a class=\"rpc-title\" href=\"https:\/\/www.amitai.com\/es\/encuesta-clima-laboral-tiempo-apropiado\/\" target=\"_self\">\n                Tiempo apropiado para llevar a cabo una encuesta de clima laboral            <\/a>\n        <\/h3>\n                <div class=\"wcp-post-contents rpc-content\">\n\n            \u00bfCu\u00e1ndo realizar una encuesta de clima organizacional? Utilizar una encuesta de clima laboral generalmente es de mucha ayuda para\u00a0asegurarnos el\n                            <br>\n                <a href=\"https:\/\/www.amitai.com\/es\/encuesta-clima-laboral-tiempo-apropiado\/\" target=\"_self\" class=\"btn-post\">Leer m\u00e1s<\/a>\n        \n        <\/div>        \n    <\/div>\n<\/div>                <\/div>    \n\n                            <div class=\"slick-slide carousel-item-3471\">\n                    <div class=\"post-style-2 rpc-bg rpc-box\">\n    <div class=\"wcp-img-wrap\">\n        <a href=\"https:\/\/www.amitai.com\/es\/sistema-etico-denuncias-porque-mas-necesario-implementarlo\/\">\n            <img decoding=\"async\" width=\"1920\" height=\"1280\" src=\"https:\/\/www.amitai.com\/es\/wp-content\/uploads\/2021\/03\/canal-de-denuncias-e\u0301ticas-en-empresas.jpeg\" class=\"attachment- size- wp-post-image\" alt=\"canal de denuncias \u00e9ticas en empresas\" srcset=\"https:\/\/www.amitai.com\/es\/wp-content\/uploads\/2021\/03\/canal-de-denuncias-e\u0301ticas-en-empresas.jpeg 1920w, https:\/\/www.amitai.com\/es\/wp-content\/uploads\/2021\/03\/canal-de-denuncias-e\u0301ticas-en-empresas-300x200.jpeg 300w, https:\/\/www.amitai.com\/es\/wp-content\/uploads\/2021\/03\/canal-de-denuncias-e\u0301ticas-en-empresas-768x512.jpeg 768w, https:\/\/www.amitai.com\/es\/wp-content\/uploads\/2021\/03\/canal-de-denuncias-e\u0301ticas-en-empresas-1024x683.jpeg 1024w\" sizes=\"(max-width: 1920px) 100vw, 1920px\" \/>        <\/a>\n    <\/div>\n    <div class=\"wcp-content-wrap\">\n        <h3>\n            <a class=\"rpc-title\" href=\"https:\/\/www.amitai.com\/es\/sistema-etico-denuncias-porque-mas-necesario-implementarlo\/\" target=\"_self\">\n                Sistema \u00e9tico de denuncias y por qu\u00e9 cada vez es m\u00e1s necesario implementarlo            <\/a>\n        <\/h3>\n                <div class=\"wcp-post-contents rpc-content\">\n\n            Si una empresa quiere ser verdaderamente transparente e \u00edntegra, lo primero que deber\u00eda implementar es un canal de denuncias \u00e9ticas.\n                            <br>\n                <a href=\"https:\/\/www.amitai.com\/es\/sistema-etico-denuncias-porque-mas-necesario-implementarlo\/\" target=\"_self\" class=\"btn-post\">Leer m\u00e1s<\/a>\n        \n        <\/div>        \n    <\/div>\n<\/div>                <\/div>    \n\n                            <div class=\"slick-slide carousel-item-3302\">\n                    <div class=\"post-style-2 rpc-bg rpc-box\">\n    <div class=\"wcp-img-wrap\">\n        <a href=\"https:\/\/www.amitai.com\/es\/ventajas-contar-linea-denuncia-empresarial\/\">\n            <img decoding=\"async\" width=\"2271\" height=\"1277\" src=\"https:\/\/www.amitai.com\/es\/wp-content\/uploads\/2021\/03\/li\u0301nea-de-denuncia-empresarial-1.jpg\" class=\"attachment- size- wp-post-image\" alt=\"l\u00ednea de denuncia empresarial\" srcset=\"https:\/\/www.amitai.com\/es\/wp-content\/uploads\/2021\/03\/li\u0301nea-de-denuncia-empresarial-1.jpg 2271w, https:\/\/www.amitai.com\/es\/wp-content\/uploads\/2021\/03\/li\u0301nea-de-denuncia-empresarial-1-300x169.jpg 300w, https:\/\/www.amitai.com\/es\/wp-content\/uploads\/2021\/03\/li\u0301nea-de-denuncia-empresarial-1-768x432.jpg 768w, https:\/\/www.amitai.com\/es\/wp-content\/uploads\/2021\/03\/li\u0301nea-de-denuncia-empresarial-1-1024x576.jpg 1024w\" sizes=\"(max-width: 2271px) 100vw, 2271px\" \/>        <\/a>\n    <\/div>\n    <div class=\"wcp-content-wrap\">\n        <h3>\n            <a class=\"rpc-title\" href=\"https:\/\/www.amitai.com\/es\/ventajas-contar-linea-denuncia-empresarial\/\" target=\"_self\">\n                3 Ventajas de contar con una l\u00ednea de denuncia empresarial            <\/a>\n        <\/h3>\n                <div class=\"wcp-post-contents rpc-content\">\n\n            Sabemos lo importante que es para tu empresa el mantenimiento de un buen ambiente laboral. El capital humano de una\n                            <br>\n                <a href=\"https:\/\/www.amitai.com\/es\/ventajas-contar-linea-denuncia-empresarial\/\" target=\"_self\" class=\"btn-post\">Leer m\u00e1s<\/a>\n        \n        <\/div>        \n    <\/div>\n<\/div>                <\/div>    \n\n                            <div class=\"slick-slide carousel-item-3304\">\n                    <div class=\"post-style-2 rpc-bg rpc-box\">\n    <div class=\"wcp-img-wrap\">\n        <a href=\"https:\/\/www.amitai.com\/es\/lineamientos-dentro-sistema-denuncia-anonima\/\">\n            <img decoding=\"async\" width=\"1920\" height=\"1280\" src=\"https:\/\/www.amitai.com\/es\/wp-content\/uploads\/2021\/02\/canal-de-denuncias.jpg\" class=\"attachment- size- wp-post-image\" alt=\"sistema de denuncias\" srcset=\"https:\/\/www.amitai.com\/es\/wp-content\/uploads\/2021\/02\/canal-de-denuncias.jpg 1920w, https:\/\/www.amitai.com\/es\/wp-content\/uploads\/2021\/02\/canal-de-denuncias-300x200.jpg 300w, https:\/\/www.amitai.com\/es\/wp-content\/uploads\/2021\/02\/canal-de-denuncias-768x512.jpg 768w, https:\/\/www.amitai.com\/es\/wp-content\/uploads\/2021\/02\/canal-de-denuncias-1024x683.jpg 1024w\" sizes=\"(max-width: 1920px) 100vw, 1920px\" \/>        <\/a>\n    <\/div>\n    <div class=\"wcp-content-wrap\">\n        <h3>\n            <a class=\"rpc-title\" href=\"https:\/\/www.amitai.com\/es\/lineamientos-dentro-sistema-denuncia-anonima\/\" target=\"_self\">\n                5 lineamientos a considerar dentro de un sistema de denuncias            <\/a>\n        <\/h3>\n                <div class=\"wcp-post-contents rpc-content\">\n\n            \u00bfTu empresa cuenta con un\u00a0sistema de denuncia an\u00f3nima? Es necesario para promover la cultura del cumplimiento y el respeto a\n                            <br>\n                <a href=\"https:\/\/www.amitai.com\/es\/lineamientos-dentro-sistema-denuncia-anonima\/\" target=\"_self\" class=\"btn-post\">Leer m\u00e1s<\/a>\n        \n        <\/div>        \n    <\/div>\n<\/div>                <\/div>    \n\n                            <div class=\"slick-slide carousel-item-3251\">\n                    <div class=\"post-style-2 rpc-bg rpc-box\">\n    <div class=\"wcp-img-wrap\">\n        <a href=\"https:\/\/www.amitai.com\/es\/integridad-sistema-etico-denuncias\/\">\n            <img decoding=\"async\" width=\"1920\" height=\"1099\" src=\"https:\/\/www.amitai.com\/es\/wp-content\/uploads\/2021\/03\/Integridad-y-sistema-e\u0301tico-de-denuncias.jpg\" class=\"attachment- size- wp-post-image\" alt=\"Integridad y sistema \u00e9tico de denuncias\" srcset=\"https:\/\/www.amitai.com\/es\/wp-content\/uploads\/2021\/03\/Integridad-y-sistema-e\u0301tico-de-denuncias.jpg 1920w, https:\/\/www.amitai.com\/es\/wp-content\/uploads\/2021\/03\/Integridad-y-sistema-e\u0301tico-de-denuncias-300x172.jpg 300w, https:\/\/www.amitai.com\/es\/wp-content\/uploads\/2021\/03\/Integridad-y-sistema-e\u0301tico-de-denuncias-768x440.jpg 768w, https:\/\/www.amitai.com\/es\/wp-content\/uploads\/2021\/03\/Integridad-y-sistema-e\u0301tico-de-denuncias-1024x586.jpg 1024w\" sizes=\"(max-width: 1920px) 100vw, 1920px\" \/>        <\/a>\n    <\/div>\n    <div class=\"wcp-content-wrap\">\n        <h3>\n            <a class=\"rpc-title\" href=\"https:\/\/www.amitai.com\/es\/integridad-sistema-etico-denuncias\/\" target=\"_self\">\n                Integridad y sistema \u00e9tico de denuncias            <\/a>\n        <\/h3>\n                <div class=\"wcp-post-contents rpc-content\">\n\n            La integridad se define como un conjunto de valores\u00a0en los cuales destacan la honestidad y congruencia con lo que se\n                            <br>\n                <a href=\"https:\/\/www.amitai.com\/es\/integridad-sistema-etico-denuncias\/\" target=\"_self\" class=\"btn-post\">Leer m\u00e1s<\/a>\n        \n        <\/div>        \n    <\/div>\n<\/div>                <\/div>    \n\n                            <div class=\"slick-slide carousel-item-3247\">\n                    <div class=\"post-style-2 rpc-bg rpc-box\">\n    <div class=\"wcp-img-wrap\">\n        <a href=\"https:\/\/www.amitai.com\/es\/por-que-usar-software-linea-denuncias\/\">\n            <img decoding=\"async\" width=\"1922\" height=\"782\" src=\"https:\/\/www.amitai.com\/es\/wp-content\/uploads\/2021\/03\/Por-que\u0301-usar-un-software-para-li\u0301nea-de-denuncias.jpg\" class=\"attachment- size- wp-post-image\" alt=\"Por qu\u00e9 usar un software para l\u00ednea de denuncias\" srcset=\"https:\/\/www.amitai.com\/es\/wp-content\/uploads\/2021\/03\/Por-que\u0301-usar-un-software-para-li\u0301nea-de-denuncias.jpg 1922w, https:\/\/www.amitai.com\/es\/wp-content\/uploads\/2021\/03\/Por-que\u0301-usar-un-software-para-li\u0301nea-de-denuncias-300x122.jpg 300w, https:\/\/www.amitai.com\/es\/wp-content\/uploads\/2021\/03\/Por-que\u0301-usar-un-software-para-li\u0301nea-de-denuncias-768x312.jpg 768w, https:\/\/www.amitai.com\/es\/wp-content\/uploads\/2021\/03\/Por-que\u0301-usar-un-software-para-li\u0301nea-de-denuncias-1024x417.jpg 1024w\" sizes=\"(max-width: 1922px) 100vw, 1922px\" \/>        <\/a>\n    <\/div>\n    <div class=\"wcp-content-wrap\">\n        <h3>\n            <a class=\"rpc-title\" href=\"https:\/\/www.amitai.com\/es\/por-que-usar-software-linea-denuncias\/\" target=\"_self\">\n                \u00bfPor qu\u00e9 usar un software para l\u00ednea de denuncias?            <\/a>\n        <\/h3>\n                <div class=\"wcp-post-contents rpc-content\">\n\n            Hoy en d\u00eda, las compa\u00f1\u00edas comprometidas con las buenas pr\u00e1cticas integran en su estructura de comunicaci\u00f3n y gesti\u00f3n directiva empresarial\n                            <br>\n                <a href=\"https:\/\/www.amitai.com\/es\/por-que-usar-software-linea-denuncias\/\" target=\"_self\" class=\"btn-post\">Leer m\u00e1s<\/a>\n        \n        <\/div>        \n    <\/div>\n<\/div>                <\/div>    \n\n                            <div class=\"slick-slide carousel-item-3227\">\n                    <div class=\"post-style-2 rpc-bg rpc-box\">\n    <div class=\"wcp-img-wrap\">\n        <a href=\"https:\/\/www.amitai.com\/es\/sistema-registro-control-denuncias\/\">\n            <img decoding=\"async\" width=\"1920\" height=\"1080\" src=\"https:\/\/www.amitai.com\/es\/wp-content\/uploads\/2021\/02\/sistema-de-registro-y-control-de-denuncias-1.jpg\" class=\"attachment- size- wp-post-image\" alt=\"sistema de registro y control de denuncias\" srcset=\"https:\/\/www.amitai.com\/es\/wp-content\/uploads\/2021\/02\/sistema-de-registro-y-control-de-denuncias-1.jpg 1920w, https:\/\/www.amitai.com\/es\/wp-content\/uploads\/2021\/02\/sistema-de-registro-y-control-de-denuncias-1-300x169.jpg 300w, https:\/\/www.amitai.com\/es\/wp-content\/uploads\/2021\/02\/sistema-de-registro-y-control-de-denuncias-1-768x432.jpg 768w, https:\/\/www.amitai.com\/es\/wp-content\/uploads\/2021\/02\/sistema-de-registro-y-control-de-denuncias-1-1024x576.jpg 1024w\" sizes=\"(max-width: 1920px) 100vw, 1920px\" \/>        <\/a>\n    <\/div>\n    <div class=\"wcp-content-wrap\">\n        <h3>\n            <a class=\"rpc-title\" href=\"https:\/\/www.amitai.com\/es\/sistema-registro-control-denuncias\/\" target=\"_self\">\n                \u00bfQu\u00e9 es un sistema de registro y control de denuncias?            <\/a>\n        <\/h3>\n                <div class=\"wcp-post-contents rpc-content\">\n\n            En el ambiente laboral es importante que exista la comunicaci\u00f3n, porque con ella podr\u00e1n realizarse diferentes actividades favorables para el\n                            <br>\n                <a href=\"https:\/\/www.amitai.com\/es\/sistema-registro-control-denuncias\/\" target=\"_self\" class=\"btn-post\">Leer m\u00e1s<\/a>\n        \n        <\/div>        \n    <\/div>\n<\/div>                <\/div>    \n\n                            <div class=\"slick-slide carousel-item-3223\">\n                    <div class=\"post-style-2 rpc-bg rpc-box\">\n    <div class=\"wcp-img-wrap\">\n        <a href=\"https:\/\/www.amitai.com\/es\/respaldo-software-canal-denuncias\/\">\n            <img decoding=\"async\" width=\"1920\" height=\"931\" src=\"https:\/\/www.amitai.com\/es\/wp-content\/uploads\/2021\/02\/respaldo-software-de-canal-de-denuncias.jpg\" class=\"attachment- size- wp-post-image\" alt=\"respaldo software de canal de denuncias\" srcset=\"https:\/\/www.amitai.com\/es\/wp-content\/uploads\/2021\/02\/respaldo-software-de-canal-de-denuncias.jpg 1920w, https:\/\/www.amitai.com\/es\/wp-content\/uploads\/2021\/02\/respaldo-software-de-canal-de-denuncias-300x145.jpg 300w, https:\/\/www.amitai.com\/es\/wp-content\/uploads\/2021\/02\/respaldo-software-de-canal-de-denuncias-768x372.jpg 768w, https:\/\/www.amitai.com\/es\/wp-content\/uploads\/2021\/02\/respaldo-software-de-canal-de-denuncias-1024x497.jpg 1024w\" sizes=\"(max-width: 1920px) 100vw, 1920px\" \/>        <\/a>\n    <\/div>\n    <div class=\"wcp-content-wrap\">\n        <h3>\n            <a class=\"rpc-title\" href=\"https:\/\/www.amitai.com\/es\/respaldo-software-canal-denuncias\/\" target=\"_self\">\n                Respaldo al contar con un software de canal de denuncias            <\/a>\n        <\/h3>\n                <div class=\"wcp-post-contents rpc-content\">\n\n            El software del canal de denuncias an\u00f3nimas fortalece el marco del cumplimiento normativo y la pol\u00edtica de denuncia de tu\n                            <br>\n                <a href=\"https:\/\/www.amitai.com\/es\/respaldo-software-canal-denuncias\/\" target=\"_self\" class=\"btn-post\">Leer m\u00e1s<\/a>\n        \n        <\/div>        \n    <\/div>\n<\/div>                <\/div>    \n\n                            <div class=\"slick-slide carousel-item-3080\">\n                    <div class=\"post-style-2 rpc-bg rpc-box\">\n    <div class=\"wcp-img-wrap\">\n        <a href=\"https:\/\/www.amitai.com\/es\/actividad-empresarial-relacion-canal-denuncias-anonimas\/\">\n            <img decoding=\"async\" width=\"1920\" height=\"1155\" src=\"https:\/\/www.amitai.com\/es\/wp-content\/uploads\/2021\/02\/canal-de-denuncias-como-indicador-de-honestidad.jpeg\" class=\"attachment- size- wp-post-image\" alt=\"canal de denuncias como indicador de honestidad\" srcset=\"https:\/\/www.amitai.com\/es\/wp-content\/uploads\/2021\/02\/canal-de-denuncias-como-indicador-de-honestidad.jpeg 1920w, https:\/\/www.amitai.com\/es\/wp-content\/uploads\/2021\/02\/canal-de-denuncias-como-indicador-de-honestidad-300x180.jpeg 300w, https:\/\/www.amitai.com\/es\/wp-content\/uploads\/2021\/02\/canal-de-denuncias-como-indicador-de-honestidad-768x462.jpeg 768w, https:\/\/www.amitai.com\/es\/wp-content\/uploads\/2021\/02\/canal-de-denuncias-como-indicador-de-honestidad-1024x616.jpeg 1024w\" sizes=\"(max-width: 1920px) 100vw, 1920px\" \/>        <\/a>\n    <\/div>\n    <div class=\"wcp-content-wrap\">\n        <h3>\n            <a class=\"rpc-title\" href=\"https:\/\/www.amitai.com\/es\/actividad-empresarial-relacion-canal-denuncias-anonimas\/\" target=\"_self\">\n                Actividad empresarial en relaci\u00f3n con el canal de denuncias an\u00f3nimas            <\/a>\n        <\/h3>\n                <div class=\"wcp-post-contents rpc-content\">\n\n            A la hora de trabajar, es importante hacerlo dentro de un ambiente laboral fundado en la aplicaci\u00f3n de diversos valores\n                            <br>\n                <a href=\"https:\/\/www.amitai.com\/es\/actividad-empresarial-relacion-canal-denuncias-anonimas\/\" target=\"_self\" class=\"btn-post\">Leer m\u00e1s<\/a>\n        \n        <\/div>        \n    <\/div>\n<\/div>                <\/div>    \n\n                            <div class=\"slick-slide carousel-item-3083\">\n                    <div class=\"post-style-2 rpc-bg rpc-box\">\n    <div class=\"wcp-img-wrap\">\n        <a href=\"https:\/\/www.amitai.com\/es\/importancia-de-implementar-una-linea-etica-de-denuncia\/\">\n            <img decoding=\"async\" width=\"1920\" height=\"1281\" src=\"https:\/\/www.amitai.com\/es\/wp-content\/uploads\/2021\/02\/importancia-li\u0301nea-e\u0301tica-de-denuncia.jpg\" class=\"attachment- size- wp-post-image\" alt=\"importancia li\u0301nea e\u0301tica de denuncia\" srcset=\"https:\/\/www.amitai.com\/es\/wp-content\/uploads\/2021\/02\/importancia-li\u0301nea-e\u0301tica-de-denuncia.jpg 1920w, https:\/\/www.amitai.com\/es\/wp-content\/uploads\/2021\/02\/importancia-li\u0301nea-e\u0301tica-de-denuncia-300x200.jpg 300w, https:\/\/www.amitai.com\/es\/wp-content\/uploads\/2021\/02\/importancia-li\u0301nea-e\u0301tica-de-denuncia-768x512.jpg 768w, https:\/\/www.amitai.com\/es\/wp-content\/uploads\/2021\/02\/importancia-li\u0301nea-e\u0301tica-de-denuncia-1024x683.jpg 1024w\" sizes=\"(max-width: 1920px) 100vw, 1920px\" \/>        <\/a>\n    <\/div>\n    <div class=\"wcp-content-wrap\">\n        <h3>\n            <a class=\"rpc-title\" href=\"https:\/\/www.amitai.com\/es\/importancia-de-implementar-una-linea-etica-de-denuncia\/\" target=\"_self\">\n                Importancia de implementar una l\u00ednea \u00e9tica de denuncia            <\/a>\n        <\/h3>\n                <div class=\"wcp-post-contents rpc-content\">\n\n            Las malas acciones se deben detectar y sancionar dentro de las empresas, la indulgencia puede arruinar la operaci\u00f3n de las\n                            <br>\n                <a href=\"https:\/\/www.amitai.com\/es\/importancia-de-implementar-una-linea-etica-de-denuncia\/\" target=\"_self\" class=\"btn-post\">Leer m\u00e1s<\/a>\n        \n        <\/div>        \n    <\/div>\n<\/div>                <\/div>    \n\n                            <div class=\"slick-slide carousel-item-2949\">\n                    <div class=\"post-style-2 rpc-bg rpc-box\">\n    <div class=\"wcp-img-wrap\">\n        <a href=\"https:\/\/www.amitai.com\/es\/responsabilidades-manejar-linea-etica-empresarial\/\">\n            <img decoding=\"async\" width=\"2000\" height=\"1333\" src=\"https:\/\/www.amitai.com\/es\/wp-content\/uploads\/2021\/02\/responsabilidades-de-una-li\u0301nea-e\u0301tica.jpg\" class=\"attachment- size- wp-post-image\" alt=\"responsabilidades de una li\u0301nea e\u0301tica\" srcset=\"https:\/\/www.amitai.com\/es\/wp-content\/uploads\/2021\/02\/responsabilidades-de-una-li\u0301nea-e\u0301tica.jpg 2000w, https:\/\/www.amitai.com\/es\/wp-content\/uploads\/2021\/02\/responsabilidades-de-una-li\u0301nea-e\u0301tica-300x200.jpg 300w, https:\/\/www.amitai.com\/es\/wp-content\/uploads\/2021\/02\/responsabilidades-de-una-li\u0301nea-e\u0301tica-768x512.jpg 768w, https:\/\/www.amitai.com\/es\/wp-content\/uploads\/2021\/02\/responsabilidades-de-una-li\u0301nea-e\u0301tica-1024x682.jpg 1024w\" sizes=\"(max-width: 2000px) 100vw, 2000px\" \/>        <\/a>\n    <\/div>\n    <div class=\"wcp-content-wrap\">\n        <h3>\n            <a class=\"rpc-title\" href=\"https:\/\/www.amitai.com\/es\/responsabilidades-manejar-linea-etica-empresarial\/\" target=\"_self\">\n                Responsabilidades al manejar una l\u00ednea \u00e9tica empresarial            <\/a>\n        <\/h3>\n                <div class=\"wcp-post-contents rpc-content\">\n\n            Se sabe que en una empresa las irregularidades pueden aparecer. Tanto los casos de corrupci\u00f3n como los de\u00a0fraude son parte\n                            <br>\n                <a href=\"https:\/\/www.amitai.com\/es\/responsabilidades-manejar-linea-etica-empresarial\/\" target=\"_self\" class=\"btn-post\">Leer m\u00e1s<\/a>\n        \n        <\/div>        \n    <\/div>\n<\/div>                <\/div>    \n\n                            <div class=\"slick-slide carousel-item-2951\">\n                    <div class=\"post-style-2 rpc-bg rpc-box\">\n    <div class=\"wcp-img-wrap\">\n        <a href=\"https:\/\/www.amitai.com\/es\/canal-de-denuncia-empresarial-interno-como-funciona\/\">\n            <img decoding=\"async\" width=\"1921\" height=\"906\" src=\"https:\/\/www.amitai.com\/es\/wp-content\/uploads\/2021\/02\/Canal-de-denuncia-empresarial-interno-.jpg\" class=\"attachment- size- wp-post-image\" alt=\"\" srcset=\"https:\/\/www.amitai.com\/es\/wp-content\/uploads\/2021\/02\/Canal-de-denuncia-empresarial-interno-.jpg 1921w, https:\/\/www.amitai.com\/es\/wp-content\/uploads\/2021\/02\/Canal-de-denuncia-empresarial-interno--300x141.jpg 300w, https:\/\/www.amitai.com\/es\/wp-content\/uploads\/2021\/02\/Canal-de-denuncia-empresarial-interno--768x362.jpg 768w, https:\/\/www.amitai.com\/es\/wp-content\/uploads\/2021\/02\/Canal-de-denuncia-empresarial-interno--1024x483.jpg 1024w\" sizes=\"(max-width: 1921px) 100vw, 1921px\" \/>        <\/a>\n    <\/div>\n    <div class=\"wcp-content-wrap\">\n        <h3>\n            <a class=\"rpc-title\" href=\"https:\/\/www.amitai.com\/es\/canal-de-denuncia-empresarial-interno-como-funciona\/\" target=\"_self\">\n                Canal de denuncia empresarial interno \u00bfc\u00f3mo funciona?            <\/a>\n        <\/h3>\n                <div class=\"wcp-post-contents rpc-content\">\n\n            \u00bfEst\u00e1 tu empresa libre de acoso, abuso o pr\u00e1cticas il\u00edcitas? \u00bfTus empleados se sienten confiados y seguros dentro de su\n                            <br>\n                <a href=\"https:\/\/www.amitai.com\/es\/canal-de-denuncia-empresarial-interno-como-funciona\/\" target=\"_self\" class=\"btn-post\">Leer m\u00e1s<\/a>\n        \n        <\/div>        \n    <\/div>\n<\/div>                <\/div>    \n\n                            <div class=\"slick-slide carousel-item-3086\">\n                    <div class=\"post-style-2 rpc-bg rpc-box\">\n    <div class=\"wcp-img-wrap\">\n        <a href=\"https:\/\/www.amitai.com\/es\/5-beneficios-de-contar-con-un-software-para-canal-de-denuncias\/\">\n            <img decoding=\"async\" width=\"512\" height=\"262\" src=\"https:\/\/www.amitai.com\/es\/wp-content\/uploads\/2021\/02\/beneficios-software-canal-de-denuncias.jpg\" class=\"attachment- size- wp-post-image\" alt=\"beneficios software canal de denuncias\" srcset=\"https:\/\/www.amitai.com\/es\/wp-content\/uploads\/2021\/02\/beneficios-software-canal-de-denuncias.jpg 512w, https:\/\/www.amitai.com\/es\/wp-content\/uploads\/2021\/02\/beneficios-software-canal-de-denuncias-300x154.jpg 300w\" sizes=\"(max-width: 512px) 100vw, 512px\" \/>        <\/a>\n    <\/div>\n    <div class=\"wcp-content-wrap\">\n        <h3>\n            <a class=\"rpc-title\" href=\"https:\/\/www.amitai.com\/es\/5-beneficios-de-contar-con-un-software-para-canal-de-denuncias\/\" target=\"_self\">\n                5 beneficios de contar con un software para canal de denuncias            <\/a>\n        <\/h3>\n                <div class=\"wcp-post-contents rpc-content\">\n\n            Tener una normativa \u00e9tica en la\u00a0organizaci\u00f3n es importante para definir el tipo de comportamiento esperado en los colaboradores, no obstante,\n                            <br>\n                <a href=\"https:\/\/www.amitai.com\/es\/5-beneficios-de-contar-con-un-software-para-canal-de-denuncias\/\" target=\"_self\" class=\"btn-post\">Leer m\u00e1s<\/a>\n        \n        <\/div>        \n    <\/div>\n<\/div>                <\/div>    \n\n                            <div class=\"slick-slide carousel-item-2646\">\n                    <div class=\"post-style-2 rpc-bg rpc-box\">\n    <div class=\"wcp-img-wrap\">\n        <a href=\"https:\/\/www.amitai.com\/es\/importancia-etica-profesional-beneficios-equipo\/\">\n            <img decoding=\"async\" width=\"1920\" height=\"560\" src=\"https:\/\/www.amitai.com\/es\/wp-content\/uploads\/2021\/02\/importancia-y-beneficios-de-la-e\u0301tica-profesional-.jpg\" class=\"attachment- size- wp-post-image\" alt=\"importancia y beneficios de la e\u0301tica profesional\" srcset=\"https:\/\/www.amitai.com\/es\/wp-content\/uploads\/2021\/02\/importancia-y-beneficios-de-la-e\u0301tica-profesional-.jpg 1920w, https:\/\/www.amitai.com\/es\/wp-content\/uploads\/2021\/02\/importancia-y-beneficios-de-la-e\u0301tica-profesional--300x88.jpg 300w, https:\/\/www.amitai.com\/es\/wp-content\/uploads\/2021\/02\/importancia-y-beneficios-de-la-e\u0301tica-profesional--768x224.jpg 768w, https:\/\/www.amitai.com\/es\/wp-content\/uploads\/2021\/02\/importancia-y-beneficios-de-la-e\u0301tica-profesional--1024x299.jpg 1024w\" sizes=\"(max-width: 1920px) 100vw, 1920px\" \/>        <\/a>\n    <\/div>\n    <div class=\"wcp-content-wrap\">\n        <h3>\n            <a class=\"rpc-title\" href=\"https:\/\/www.amitai.com\/es\/importancia-etica-profesional-beneficios-equipo\/\" target=\"_self\">\n                Importancia de la \u00e9tica profesional y beneficios al equipo de la empresa            <\/a>\n        <\/h3>\n                <div class=\"wcp-post-contents rpc-content\">\n\n            Las empresas requieren de personal con car\u00e1cter de liderazgo en cada uno de sus niveles y departamentos. Esto se puede\n                            <br>\n                <a href=\"https:\/\/www.amitai.com\/es\/importancia-etica-profesional-beneficios-equipo\/\" target=\"_self\" class=\"btn-post\">Leer m\u00e1s<\/a>\n        \n        <\/div>        \n    <\/div>\n<\/div>                <\/div>    \n\n                            <div class=\"slick-slide carousel-item-2648\">\n                    <div class=\"post-style-2 rpc-bg rpc-box\">\n    <div class=\"wcp-img-wrap\">\n        <a href=\"https:\/\/www.amitai.com\/es\/examen-confianza-su-importancia\/\">\n            <img decoding=\"async\" width=\"1920\" height=\"721\" src=\"https:\/\/www.amitai.com\/es\/wp-content\/uploads\/2021\/02\/examen-de-confianza-su-importancia.jpeg\" class=\"attachment- size- wp-post-image\" alt=\"examen de confianza su importancia\" srcset=\"https:\/\/www.amitai.com\/es\/wp-content\/uploads\/2021\/02\/examen-de-confianza-su-importancia.jpeg 1920w, https:\/\/www.amitai.com\/es\/wp-content\/uploads\/2021\/02\/examen-de-confianza-su-importancia-300x113.jpeg 300w, https:\/\/www.amitai.com\/es\/wp-content\/uploads\/2021\/02\/examen-de-confianza-su-importancia-768x288.jpeg 768w, https:\/\/www.amitai.com\/es\/wp-content\/uploads\/2021\/02\/examen-de-confianza-su-importancia-1024x385.jpeg 1024w\" sizes=\"(max-width: 1920px) 100vw, 1920px\" \/>        <\/a>\n    <\/div>\n    <div class=\"wcp-content-wrap\">\n        <h3>\n            <a class=\"rpc-title\" href=\"https:\/\/www.amitai.com\/es\/examen-confianza-su-importancia\/\" target=\"_self\">\n                Examen de confianza \u00bfQu\u00e9 es y cu\u00e1l es su importancia?            <\/a>\n        <\/h3>\n                <div class=\"wcp-post-contents rpc-content\">\n\n            [vc_row][vc_column][vc_column_text]Ante la crisis de valores que existe en la sociedad, es importante vigilar que contemos con las personas ideales para\n                            <br>\n                <a href=\"https:\/\/www.amitai.com\/es\/examen-confianza-su-importancia\/\" target=\"_self\" class=\"btn-post\">Leer m\u00e1s<\/a>\n        \n        <\/div>        \n    <\/div>\n<\/div>                <\/div>    \n\n                            <div class=\"slick-slide carousel-item-2650\">\n                    <div class=\"post-style-2 rpc-bg rpc-box\">\n    <div class=\"wcp-img-wrap\">\n        <a href=\"https:\/\/www.amitai.com\/es\/funciona-software-canal-denuncias\/\">\n            <img decoding=\"async\" width=\"1920\" height=\"1080\" src=\"https:\/\/www.amitai.com\/es\/wp-content\/uploads\/2021\/02\/software-para-canal-de-denuncias.jpg\" class=\"attachment- size- wp-post-image\" alt=\"software para canal de denuncias\" srcset=\"https:\/\/www.amitai.com\/es\/wp-content\/uploads\/2021\/02\/software-para-canal-de-denuncias.jpg 1920w, https:\/\/www.amitai.com\/es\/wp-content\/uploads\/2021\/02\/software-para-canal-de-denuncias-300x169.jpg 300w, https:\/\/www.amitai.com\/es\/wp-content\/uploads\/2021\/02\/software-para-canal-de-denuncias-768x432.jpg 768w, https:\/\/www.amitai.com\/es\/wp-content\/uploads\/2021\/02\/software-para-canal-de-denuncias-1024x576.jpg 1024w\" sizes=\"(max-width: 1920px) 100vw, 1920px\" \/>        <\/a>\n    <\/div>\n    <div class=\"wcp-content-wrap\">\n        <h3>\n            <a class=\"rpc-title\" href=\"https:\/\/www.amitai.com\/es\/funciona-software-canal-denuncias\/\" target=\"_self\">\n                \u00bfQu\u00e9 es y c\u00f3mo funciona un software para canal de denuncias?            <\/a>\n        <\/h3>\n                <div class=\"wcp-post-contents rpc-content\">\n\n            Todas las empresas requieren estar informadas de lo que sucede entre sus paredes: las relaciones entre los empleados y su\n                            <br>\n                <a href=\"https:\/\/www.amitai.com\/es\/funciona-software-canal-denuncias\/\" target=\"_self\" class=\"btn-post\">Leer m\u00e1s<\/a>\n        \n        <\/div>        \n    <\/div>\n<\/div>                <\/div>    \n\n                            <div class=\"slick-slide carousel-item-3089\">\n                    <div class=\"post-style-2 rpc-bg rpc-box\">\n    <div class=\"wcp-img-wrap\">\n        <a href=\"https:\/\/www.amitai.com\/es\/linea-etica-definicion-y-razones-para-implementarla\/\">\n            <img decoding=\"async\" width=\"1920\" height=\"1280\" src=\"https:\/\/www.amitai.com\/es\/wp-content\/uploads\/2021\/02\/canal-de-denuncias-indicador-de-honestidad.jpg\" class=\"attachment- size- wp-post-image\" alt=\"canal de denuncias, indicador de honestidad\" srcset=\"https:\/\/www.amitai.com\/es\/wp-content\/uploads\/2021\/02\/canal-de-denuncias-indicador-de-honestidad.jpg 1920w, https:\/\/www.amitai.com\/es\/wp-content\/uploads\/2021\/02\/canal-de-denuncias-indicador-de-honestidad-300x200.jpg 300w, https:\/\/www.amitai.com\/es\/wp-content\/uploads\/2021\/02\/canal-de-denuncias-indicador-de-honestidad-768x512.jpg 768w, https:\/\/www.amitai.com\/es\/wp-content\/uploads\/2021\/02\/canal-de-denuncias-indicador-de-honestidad-1024x683.jpg 1024w\" sizes=\"(max-width: 1920px) 100vw, 1920px\" \/>        <\/a>\n    <\/div>\n    <div class=\"wcp-content-wrap\">\n        <h3>\n            <a class=\"rpc-title\" href=\"https:\/\/www.amitai.com\/es\/linea-etica-definicion-y-razones-para-implementarla\/\" target=\"_self\">\n                L\u00ednea \u00e9tica: Definici\u00f3n y razones para implementarla            <\/a>\n        <\/h3>\n                <div class=\"wcp-post-contents rpc-content\">\n\n            Una l\u00ednea \u00e9tica puede ser una excelente opci\u00f3n para que la reputaci\u00f3n de tu empresa mejore. Conoce en qu\u00e9 consiste\n                            <br>\n                <a href=\"https:\/\/www.amitai.com\/es\/linea-etica-definicion-y-razones-para-implementarla\/\" target=\"_self\" class=\"btn-post\">Leer m\u00e1s<\/a>\n        \n        <\/div>        \n    <\/div>\n<\/div>                <\/div>    \n\n                            <div class=\"slick-slide carousel-item-3092\">\n                    <div class=\"post-style-2 rpc-bg rpc-box\">\n    <div class=\"wcp-img-wrap\">\n        <a href=\"https:\/\/www.amitai.com\/es\/beneficios-mantener-linea-etica\/\">\n            <img decoding=\"async\" width=\"1920\" height=\"1280\" src=\"https:\/\/www.amitai.com\/es\/wp-content\/uploads\/2021\/02\/beneficios-de-una-li\u0301nea-e\u0301tica-.jpg\" class=\"attachment- size- wp-post-image\" alt=\"beneficios de una li\u0301nea e\u0301tica\" srcset=\"https:\/\/www.amitai.com\/es\/wp-content\/uploads\/2021\/02\/beneficios-de-una-li\u0301nea-e\u0301tica-.jpg 1920w, https:\/\/www.amitai.com\/es\/wp-content\/uploads\/2021\/02\/beneficios-de-una-li\u0301nea-e\u0301tica--300x200.jpg 300w, https:\/\/www.amitai.com\/es\/wp-content\/uploads\/2021\/02\/beneficios-de-una-li\u0301nea-e\u0301tica--768x512.jpg 768w, https:\/\/www.amitai.com\/es\/wp-content\/uploads\/2021\/02\/beneficios-de-una-li\u0301nea-e\u0301tica--1024x683.jpg 1024w\" sizes=\"(max-width: 1920px) 100vw, 1920px\" \/>        <\/a>\n    <\/div>\n    <div class=\"wcp-content-wrap\">\n        <h3>\n            <a class=\"rpc-title\" href=\"https:\/\/www.amitai.com\/es\/beneficios-mantener-linea-etica\/\" target=\"_self\">\n                Beneficios de mantener una l\u00ednea \u00e9tica en la empresa            <\/a>\n        <\/h3>\n                <div class=\"wcp-post-contents rpc-content\">\n\n            Las empresas asumen diversos retos externos que pueden enfrentarse gracias a la actitud de quienes colaboran en ellas. En este\n                            <br>\n                <a href=\"https:\/\/www.amitai.com\/es\/beneficios-mantener-linea-etica\/\" target=\"_self\" class=\"btn-post\">Leer m\u00e1s<\/a>\n        \n        <\/div>        \n    <\/div>\n<\/div>                <\/div>    \n\n                            <div class=\"slick-slide carousel-item-3095\">\n                    <div class=\"post-style-2 rpc-bg rpc-box\">\n    <div class=\"wcp-img-wrap\">\n        <a href=\"https:\/\/www.amitai.com\/es\/canal-denuncias-que-es-como-implementarlo\/\">\n            <img decoding=\"async\" width=\"1920\" height=\"1280\" src=\"https:\/\/www.amitai.com\/es\/wp-content\/uploads\/2021\/02\/canal-de-denuncias.jpg\" class=\"attachment- size- wp-post-image\" alt=\"sistema de denuncias\" srcset=\"https:\/\/www.amitai.com\/es\/wp-content\/uploads\/2021\/02\/canal-de-denuncias.jpg 1920w, https:\/\/www.amitai.com\/es\/wp-content\/uploads\/2021\/02\/canal-de-denuncias-300x200.jpg 300w, https:\/\/www.amitai.com\/es\/wp-content\/uploads\/2021\/02\/canal-de-denuncias-768x512.jpg 768w, https:\/\/www.amitai.com\/es\/wp-content\/uploads\/2021\/02\/canal-de-denuncias-1024x683.jpg 1024w\" sizes=\"(max-width: 1920px) 100vw, 1920px\" \/>        <\/a>\n    <\/div>\n    <div class=\"wcp-content-wrap\">\n        <h3>\n            <a class=\"rpc-title\" href=\"https:\/\/www.amitai.com\/es\/canal-denuncias-que-es-como-implementarlo\/\" target=\"_self\">\n                Canal de denuncias an\u00f3nimas: \u00bfQu\u00e9 es y c\u00f3mo implementarlo?            <\/a>\n        <\/h3>\n                <div class=\"wcp-post-contents rpc-content\">\n\n            \u00bfQuieres reducir o anular el n\u00famero de faltas administrativas dentro de tu empresa? En ese caso necesitas contar con un\n                            <br>\n                <a href=\"https:\/\/www.amitai.com\/es\/canal-denuncias-que-es-como-implementarlo\/\" target=\"_self\" class=\"btn-post\">Leer m\u00e1s<\/a>\n        \n        <\/div>        \n    <\/div>\n<\/div>                <\/div>    \n\n                            <div class=\"slick-slide carousel-item-3098\">\n                    <div class=\"post-style-2 rpc-bg rpc-box\">\n    <div class=\"wcp-img-wrap\">\n        <a href=\"https:\/\/www.amitai.com\/es\/canal-denuncias-indicador-honestidad-empresa\/\">\n            <img decoding=\"async\" width=\"1920\" height=\"1155\" src=\"https:\/\/www.amitai.com\/es\/wp-content\/uploads\/2021\/02\/canal-de-denuncias-como-indicador-de-honestidad.jpeg\" class=\"attachment- size- wp-post-image\" alt=\"canal de denuncias como indicador de honestidad\" srcset=\"https:\/\/www.amitai.com\/es\/wp-content\/uploads\/2021\/02\/canal-de-denuncias-como-indicador-de-honestidad.jpeg 1920w, https:\/\/www.amitai.com\/es\/wp-content\/uploads\/2021\/02\/canal-de-denuncias-como-indicador-de-honestidad-300x180.jpeg 300w, https:\/\/www.amitai.com\/es\/wp-content\/uploads\/2021\/02\/canal-de-denuncias-como-indicador-de-honestidad-768x462.jpeg 768w, https:\/\/www.amitai.com\/es\/wp-content\/uploads\/2021\/02\/canal-de-denuncias-como-indicador-de-honestidad-1024x616.jpeg 1024w\" sizes=\"(max-width: 1920px) 100vw, 1920px\" \/>        <\/a>\n    <\/div>\n    <div class=\"wcp-content-wrap\">\n        <h3>\n            <a class=\"rpc-title\" href=\"https:\/\/www.amitai.com\/es\/canal-denuncias-indicador-honestidad-empresa\/\" target=\"_self\">\n                Canal de denuncias como indicador de honestidad en una empresa            <\/a>\n        <\/h3>\n                <div class=\"wcp-post-contents rpc-content\">\n\n            Contar con un canal de denuncia an\u00f3nima dentro de nuestra organizaci\u00f3n ayudar\u00e1 a tus clientes, usuarios, distribuidores y terceros en\n                            <br>\n                <a href=\"https:\/\/www.amitai.com\/es\/canal-denuncias-indicador-honestidad-empresa\/\" target=\"_self\" class=\"btn-post\">Leer m\u00e1s<\/a>\n        \n        <\/div>        \n    <\/div>\n<\/div>                <\/div>    \n\n                            <div class=\"slick-slide carousel-item-2356\">\n                    <div class=\"post-style-2 rpc-bg rpc-box\">\n    <div class=\"wcp-img-wrap\">\n        <a href=\"https:\/\/www.amitai.com\/es\/manejo-etica-profesional-formacion-laboral\/\">\n            <img decoding=\"async\" width=\"1200\" height=\"675\" src=\"https:\/\/www.amitai.com\/es\/wp-content\/uploads\/2021\/01\/e\u0301tica-profesional-en-la-formacio\u0301n-laboral.jpeg\" class=\"attachment- size- wp-post-image\" alt=\"\u00e9tica profesional en la formaci\u00f3n laboral\" srcset=\"https:\/\/www.amitai.com\/es\/wp-content\/uploads\/2021\/01\/e\u0301tica-profesional-en-la-formacio\u0301n-laboral.jpeg 1200w, https:\/\/www.amitai.com\/es\/wp-content\/uploads\/2021\/01\/e\u0301tica-profesional-en-la-formacio\u0301n-laboral-300x169.jpeg 300w, https:\/\/www.amitai.com\/es\/wp-content\/uploads\/2021\/01\/e\u0301tica-profesional-en-la-formacio\u0301n-laboral-768x432.jpeg 768w, https:\/\/www.amitai.com\/es\/wp-content\/uploads\/2021\/01\/e\u0301tica-profesional-en-la-formacio\u0301n-laboral-1024x576.jpeg 1024w\" sizes=\"(max-width: 1200px) 100vw, 1200px\" \/>        <\/a>\n    <\/div>\n    <div class=\"wcp-content-wrap\">\n        <h3>\n            <a class=\"rpc-title\" href=\"https:\/\/www.amitai.com\/es\/manejo-etica-profesional-formacion-laboral\/\" target=\"_self\">\n                Manejo de la \u00e9tica profesional en la formaci\u00f3n laboral            <\/a>\n        <\/h3>\n                <div class=\"wcp-post-contents rpc-content\">\n\n            Una profesi\u00f3n\u00a0es\u00a0la empresa\u00a0de una o varias personas. Si buscas que\u00a0quienes conforman la profesi\u00f3n\u00a0se muestren\u00a0como una asociaci\u00f3n confiable, ordenada y segura,\n                            <br>\n                <a href=\"https:\/\/www.amitai.com\/es\/manejo-etica-profesional-formacion-laboral\/\" target=\"_self\" class=\"btn-post\">Leer m\u00e1s<\/a>\n        \n        <\/div>        \n    <\/div>\n<\/div>                <\/div>    \n\n                            <div class=\"slick-slide carousel-item-2336\">\n                    <div class=\"post-style-2 rpc-bg rpc-box\">\n    <div class=\"wcp-img-wrap\">\n        <a href=\"https:\/\/www.amitai.com\/es\/fortalezca-empresa-examen-confianza\/\">\n            <img decoding=\"async\" width=\"1280\" height=\"854\" src=\"https:\/\/www.amitai.com\/es\/wp-content\/uploads\/2020\/12\/examen-de-confianza.jpg\" class=\"attachment- size- wp-post-image\" alt=\"examen de confianza\" srcset=\"https:\/\/www.amitai.com\/es\/wp-content\/uploads\/2020\/12\/examen-de-confianza.jpg 1280w, https:\/\/www.amitai.com\/es\/wp-content\/uploads\/2020\/12\/examen-de-confianza-300x200.jpg 300w, https:\/\/www.amitai.com\/es\/wp-content\/uploads\/2020\/12\/examen-de-confianza-768x512.jpg 768w, https:\/\/www.amitai.com\/es\/wp-content\/uploads\/2020\/12\/examen-de-confianza-1024x683.jpg 1024w\" sizes=\"(max-width: 1280px) 100vw, 1280px\" \/>        <\/a>\n    <\/div>\n    <div class=\"wcp-content-wrap\">\n        <h3>\n            <a class=\"rpc-title\" href=\"https:\/\/www.amitai.com\/es\/fortalezca-empresa-examen-confianza\/\" target=\"_self\">\n                Fortalezca su empresa con un examen de confianza            <\/a>\n        <\/h3>\n                <div class=\"wcp-post-contents rpc-content\">\n\n            \u00bfTe encantar\u00eda contar en tu empresa con los miembros\u00a0m\u00e1s capacitados y confiables? Para que puedas lograrlo, el secreto est\u00e1 en\n                            <br>\n                <a href=\"https:\/\/www.amitai.com\/es\/fortalezca-empresa-examen-confianza\/\" target=\"_self\" class=\"btn-post\">Leer m\u00e1s<\/a>\n        \n        <\/div>        \n    <\/div>\n<\/div>                <\/div>    \n\n                            <div class=\"slick-slide carousel-item-2275\">\n                    <div class=\"post-style-2 rpc-bg rpc-box\">\n    <div class=\"wcp-img-wrap\">\n        <a href=\"https:\/\/www.amitai.com\/es\/conoce-protocolo-sencillo-para-denuncia-anonima\/\">\n            <img decoding=\"async\" width=\"1024\" height=\"683\" src=\"https:\/\/www.amitai.com\/es\/wp-content\/uploads\/2020\/12\/denuncia-acoso-1.jpg\" class=\"attachment- size- wp-post-image\" alt=\"denuncia acoso\" srcset=\"https:\/\/www.amitai.com\/es\/wp-content\/uploads\/2020\/12\/denuncia-acoso-1.jpg 1024w, https:\/\/www.amitai.com\/es\/wp-content\/uploads\/2020\/12\/denuncia-acoso-1-300x200.jpg 300w, https:\/\/www.amitai.com\/es\/wp-content\/uploads\/2020\/12\/denuncia-acoso-1-768x512.jpg 768w\" sizes=\"(max-width: 1024px) 100vw, 1024px\" \/>        <\/a>\n    <\/div>\n    <div class=\"wcp-content-wrap\">\n        <h3>\n            <a class=\"rpc-title\" href=\"https:\/\/www.amitai.com\/es\/conoce-protocolo-sencillo-para-denuncia-anonima\/\" target=\"_self\">\n                Conoce el protocolo sencillo para la denuncia empresarial            <\/a>\n        <\/h3>\n                <div class=\"wcp-post-contents rpc-content\">\n\n            La denuncia an\u00f3nima suele ser la mejor opci\u00f3n\u00a0cuando se suscita una situaci\u00f3n de acoso u hostigamiento laboral. Esto se debe\n                            <br>\n                <a href=\"https:\/\/www.amitai.com\/es\/conoce-protocolo-sencillo-para-denuncia-anonima\/\" target=\"_self\" class=\"btn-post\">Leer m\u00e1s<\/a>\n        \n        <\/div>        \n    <\/div>\n<\/div>                <\/div>    \n\n                            <div class=\"slick-slide carousel-item-2278\">\n                    <div class=\"post-style-2 rpc-bg rpc-box\">\n    <div class=\"wcp-img-wrap\">\n        <a href=\"https:\/\/www.amitai.com\/es\/efectos-positivos-implementando-evaluacion-personal\/\">\n            <img decoding=\"async\" width=\"1280\" height=\"853\" src=\"https:\/\/www.amitai.com\/es\/wp-content\/uploads\/2020\/12\/beneficios-evaluacio\u0301n-personal.jpg\" class=\"attachment- size- wp-post-image\" alt=\"beneficios evaluaci\u00f3n personal\" srcset=\"https:\/\/www.amitai.com\/es\/wp-content\/uploads\/2020\/12\/beneficios-evaluacio\u0301n-personal.jpg 1280w, https:\/\/www.amitai.com\/es\/wp-content\/uploads\/2020\/12\/beneficios-evaluacio\u0301n-personal-300x200.jpg 300w, https:\/\/www.amitai.com\/es\/wp-content\/uploads\/2020\/12\/beneficios-evaluacio\u0301n-personal-768x512.jpg 768w, https:\/\/www.amitai.com\/es\/wp-content\/uploads\/2020\/12\/beneficios-evaluacio\u0301n-personal-1024x682.jpg 1024w\" sizes=\"(max-width: 1280px) 100vw, 1280px\" \/>        <\/a>\n    <\/div>\n    <div class=\"wcp-content-wrap\">\n        <h3>\n            <a class=\"rpc-title\" href=\"https:\/\/www.amitai.com\/es\/efectos-positivos-implementando-evaluacion-personal\/\" target=\"_self\">\n                Efectos positivos implementando la evaluaci\u00f3n de personal            <\/a>\n        <\/h3>\n                <div class=\"wcp-post-contents rpc-content\">\n\n            Para que una empresa alcance el \u00e9xito, debe de ponerse objetivos y metas claras en cada uno de los principales\n                            <br>\n                <a href=\"https:\/\/www.amitai.com\/es\/efectos-positivos-implementando-evaluacion-personal\/\" target=\"_self\" class=\"btn-post\">Leer m\u00e1s<\/a>\n        \n        <\/div>        \n    <\/div>\n<\/div>                <\/div>    \n\n                            <div class=\"slick-slide carousel-item-2303\">\n                    <div class=\"post-style-2 rpc-bg rpc-box\">\n    <div class=\"wcp-img-wrap\">\n        <a href=\"https:\/\/www.amitai.com\/es\/acciones-evitar-corrupcion-tu-empresa\/\">\n            <img decoding=\"async\" width=\"1152\" height=\"675\" src=\"https:\/\/www.amitai.com\/es\/wp-content\/uploads\/2020\/12\/evitar-corrupcion-empresarial.jpeg\" class=\"attachment- size- wp-post-image\" alt=\"\" srcset=\"https:\/\/www.amitai.com\/es\/wp-content\/uploads\/2020\/12\/evitar-corrupcion-empresarial.jpeg 1152w, https:\/\/www.amitai.com\/es\/wp-content\/uploads\/2020\/12\/evitar-corrupcion-empresarial-300x176.jpeg 300w, https:\/\/www.amitai.com\/es\/wp-content\/uploads\/2020\/12\/evitar-corrupcion-empresarial-768x450.jpeg 768w, https:\/\/www.amitai.com\/es\/wp-content\/uploads\/2020\/12\/evitar-corrupcion-empresarial-1024x600.jpeg 1024w\" sizes=\"(max-width: 1152px) 100vw, 1152px\" \/>        <\/a>\n    <\/div>\n    <div class=\"wcp-content-wrap\">\n        <h3>\n            <a class=\"rpc-title\" href=\"https:\/\/www.amitai.com\/es\/acciones-evitar-corrupcion-tu-empresa\/\" target=\"_self\">\n                10 acciones sobre c\u00f3mo evitar la corrupci\u00f3n en tu empresa            <\/a>\n        <\/h3>\n                <div class=\"wcp-post-contents rpc-content\">\n\n            Uno de los males que m\u00e1s afecta a una compa\u00f1\u00eda es la corrupci\u00f3n. Esta las arrastra hacia un hoyo del\n                            <br>\n                <a href=\"https:\/\/www.amitai.com\/es\/acciones-evitar-corrupcion-tu-empresa\/\" target=\"_self\" class=\"btn-post\">Leer m\u00e1s<\/a>\n        \n        <\/div>        \n    <\/div>\n<\/div>                <\/div>    \n\n                            <div class=\"slick-slide carousel-item-2268\">\n                    <div class=\"post-style-2 rpc-bg rpc-box\">\n    <div class=\"wcp-img-wrap\">\n        <a href=\"https:\/\/www.amitai.com\/es\/personalidad-y-conocimientos-test-laboral\/\">\n            <img decoding=\"async\" width=\"1200\" height=\"800\" src=\"https:\/\/www.amitai.com\/es\/wp-content\/uploads\/2020\/12\/personalidad-y-conocimiento.jpg\" class=\"attachment- size- wp-post-image\" alt=\"personalidad y conocimiento\" srcset=\"https:\/\/www.amitai.com\/es\/wp-content\/uploads\/2020\/12\/personalidad-y-conocimiento.jpg 1200w, https:\/\/www.amitai.com\/es\/wp-content\/uploads\/2020\/12\/personalidad-y-conocimiento-300x200.jpg 300w, https:\/\/www.amitai.com\/es\/wp-content\/uploads\/2020\/12\/personalidad-y-conocimiento-768x512.jpg 768w, https:\/\/www.amitai.com\/es\/wp-content\/uploads\/2020\/12\/personalidad-y-conocimiento-1024x683.jpg 1024w\" sizes=\"(max-width: 1200px) 100vw, 1200px\" \/>        <\/a>\n    <\/div>\n    <div class=\"wcp-content-wrap\">\n        <h3>\n            <a class=\"rpc-title\" href=\"https:\/\/www.amitai.com\/es\/personalidad-y-conocimientos-test-laboral\/\" target=\"_self\">\n                Personalidad y conocimientos dentro del test laboral            <\/a>\n        <\/h3>\n                <div class=\"wcp-post-contents rpc-content\">\n\n            \u00bfDeseas conocer con mayor objetividad los resultados de un test laboral? Para sacar las conclusiones acertadas al evaluar dichas pruebas,\n                            <br>\n                <a href=\"https:\/\/www.amitai.com\/es\/personalidad-y-conocimientos-test-laboral\/\" target=\"_self\" class=\"btn-post\">Leer m\u00e1s<\/a>\n        \n        <\/div>        \n    <\/div>\n<\/div>                <\/div>    \n\n                            <div class=\"slick-slide carousel-item-2266\">\n                    <div class=\"post-style-2 rpc-bg rpc-box\">\n    <div class=\"wcp-img-wrap\">\n        <a href=\"https:\/\/www.amitai.com\/es\/responsabilidades-llevar-estafeta-de-etica-empresarial\/\">\n            <img decoding=\"async\" width=\"1200\" height=\"756\" src=\"https:\/\/www.amitai.com\/es\/wp-content\/uploads\/2020\/12\/estafeta-de-la-etica.jpg\" class=\"attachment- size- wp-post-image\" alt=\"estafeta de la etica\" srcset=\"https:\/\/www.amitai.com\/es\/wp-content\/uploads\/2020\/12\/estafeta-de-la-etica.jpg 1200w, https:\/\/www.amitai.com\/es\/wp-content\/uploads\/2020\/12\/estafeta-de-la-etica-300x189.jpg 300w, https:\/\/www.amitai.com\/es\/wp-content\/uploads\/2020\/12\/estafeta-de-la-etica-768x484.jpg 768w, https:\/\/www.amitai.com\/es\/wp-content\/uploads\/2020\/12\/estafeta-de-la-etica-1024x645.jpg 1024w\" sizes=\"(max-width: 1200px) 100vw, 1200px\" \/>        <\/a>\n    <\/div>\n    <div class=\"wcp-content-wrap\">\n        <h3>\n            <a class=\"rpc-title\" href=\"https:\/\/www.amitai.com\/es\/responsabilidades-llevar-estafeta-de-etica-empresarial\/\" target=\"_self\">\n                Responsabilidades al llevar la estafeta de la \u00e9tica empresarial            <\/a>\n        <\/h3>\n                <div class=\"wcp-post-contents rpc-content\">\n\n            \u00bfQuieres que cada uno de los elementos de tu empresa se ponga la camiseta y respete los valores de tu\n                            <br>\n                <a href=\"https:\/\/www.amitai.com\/es\/responsabilidades-llevar-estafeta-de-etica-empresarial\/\" target=\"_self\" class=\"btn-post\">Leer m\u00e1s<\/a>\n        \n        <\/div>        \n    <\/div>\n<\/div>                <\/div>    \n\n                            <div class=\"slick-slide carousel-item-2271\">\n                    <div class=\"post-style-2 rpc-bg rpc-box\">\n    <div class=\"wcp-img-wrap\">\n        <a href=\"https:\/\/www.amitai.com\/es\/aspectos-vitales-encuesta-clima-laboral-debes-conocer\/\">\n            <img decoding=\"async\" width=\"1024\" height=\"683\" src=\"https:\/\/www.amitai.com\/es\/wp-content\/uploads\/2020\/12\/encuesta-clima-laboral-2.jpg\" class=\"attachment- size- wp-post-image\" alt=\"\" srcset=\"https:\/\/www.amitai.com\/es\/wp-content\/uploads\/2020\/12\/encuesta-clima-laboral-2.jpg 1024w, https:\/\/www.amitai.com\/es\/wp-content\/uploads\/2020\/12\/encuesta-clima-laboral-2-300x200.jpg 300w, https:\/\/www.amitai.com\/es\/wp-content\/uploads\/2020\/12\/encuesta-clima-laboral-2-768x512.jpg 768w\" sizes=\"(max-width: 1024px) 100vw, 1024px\" \/>        <\/a>\n    <\/div>\n    <div class=\"wcp-content-wrap\">\n        <h3>\n            <a class=\"rpc-title\" href=\"https:\/\/www.amitai.com\/es\/aspectos-vitales-encuesta-clima-laboral-debes-conocer\/\" target=\"_self\">\n                5 aspectos vitales de encuesta de clima laboral que debes conocer            <\/a>\n        <\/h3>\n                <div class=\"wcp-post-contents rpc-content\">\n\n            La encuesta clima laboral es una herramienta para medir el grado de satisfacci\u00f3n que sienten los empleados en su trabajo.\n                            <br>\n                <a href=\"https:\/\/www.amitai.com\/es\/aspectos-vitales-encuesta-clima-laboral-debes-conocer\/\" target=\"_self\" class=\"btn-post\">Leer m\u00e1s<\/a>\n        \n        <\/div>        \n    <\/div>\n<\/div>                <\/div>    \n\n                            <div class=\"slick-slide carousel-item-2245\">\n                    <div class=\"post-style-2 rpc-bg rpc-box\">\n    <div class=\"wcp-img-wrap\">\n        <a href=\"https:\/\/www.amitai.com\/es\/mobbing-que-es-y-por-que-denunciar\/\">\n            <img decoding=\"async\" width=\"1280\" height=\"864\" src=\"https:\/\/www.amitai.com\/es\/wp-content\/uploads\/2020\/12\/mobbing.jpg\" class=\"attachment- size- wp-post-image\" alt=\"mobbing\" srcset=\"https:\/\/www.amitai.com\/es\/wp-content\/uploads\/2020\/12\/mobbing.jpg 1280w, https:\/\/www.amitai.com\/es\/wp-content\/uploads\/2020\/12\/mobbing-300x203.jpg 300w, https:\/\/www.amitai.com\/es\/wp-content\/uploads\/2020\/12\/mobbing-768x518.jpg 768w, https:\/\/www.amitai.com\/es\/wp-content\/uploads\/2020\/12\/mobbing-1024x691.jpg 1024w\" sizes=\"(max-width: 1280px) 100vw, 1280px\" \/>        <\/a>\n    <\/div>\n    <div class=\"wcp-content-wrap\">\n        <h3>\n            <a class=\"rpc-title\" href=\"https:\/\/www.amitai.com\/es\/mobbing-que-es-y-por-que-denunciar\/\" target=\"_self\">\n                Mobbing, te decimos qu\u00e9 es y por qu\u00e9 debes denunciar            <\/a>\n        <\/h3>\n                <div class=\"wcp-post-contents rpc-content\">\n\n            Si sufres\u00a0mobbing\u00a0por una persona o grupo de personas en tu trabajo y esto te genera des\u00e1nimo, miedo y hasta enfermedad,\n                            <br>\n                <a href=\"https:\/\/www.amitai.com\/es\/mobbing-que-es-y-por-que-denunciar\/\" target=\"_self\" class=\"btn-post\">Leer m\u00e1s<\/a>\n        \n        <\/div>        \n    <\/div>\n<\/div>                <\/div>    \n\n                            <div class=\"slick-slide carousel-item-2248\">\n                    <div class=\"post-style-2 rpc-bg rpc-box\">\n    <div class=\"wcp-img-wrap\">\n        <a href=\"https:\/\/www.amitai.com\/es\/indicativos-deben-tomarse-para-evaluacion-laboral\/\">\n            <img decoding=\"async\" width=\"1024\" height=\"683\" src=\"https:\/\/www.amitai.com\/es\/wp-content\/uploads\/2020\/12\/evaluacio\u0301n-laboral-.jpg\" class=\"attachment- size- wp-post-image\" alt=\"evaluaci\u00f3n laboral\" srcset=\"https:\/\/www.amitai.com\/es\/wp-content\/uploads\/2020\/12\/evaluacio\u0301n-laboral-.jpg 1024w, https:\/\/www.amitai.com\/es\/wp-content\/uploads\/2020\/12\/evaluacio\u0301n-laboral--300x200.jpg 300w, https:\/\/www.amitai.com\/es\/wp-content\/uploads\/2020\/12\/evaluacio\u0301n-laboral--768x512.jpg 768w\" sizes=\"(max-width: 1024px) 100vw, 1024px\" \/>        <\/a>\n    <\/div>\n    <div class=\"wcp-content-wrap\">\n        <h3>\n            <a class=\"rpc-title\" href=\"https:\/\/www.amitai.com\/es\/indicativos-deben-tomarse-para-evaluacion-laboral\/\" target=\"_self\">\n                Qu\u00e9 indicativos deben tomarse para la evaluaci\u00f3n laboral            <\/a>\n        <\/h3>\n                <div class=\"wcp-post-contents rpc-content\">\n\n            La\u00a0evaluaci\u00f3n de personal es una de las herramientas claves para alcanzar las metas implementadas por la empresa a trav\u00e9s de\n                            <br>\n                <a href=\"https:\/\/www.amitai.com\/es\/indicativos-deben-tomarse-para-evaluacion-laboral\/\" target=\"_self\" class=\"btn-post\">Leer m\u00e1s<\/a>\n        \n        <\/div>        \n    <\/div>\n<\/div>                <\/div>    \n\n                            <div class=\"slick-slide carousel-item-2207\">\n                    <div class=\"post-style-2 rpc-bg rpc-box\">\n    <div class=\"wcp-img-wrap\">\n        <a href=\"https:\/\/www.amitai.com\/es\/5-medidas-erradicar-corrupcion-laboral\/\">\n            <img decoding=\"async\" width=\"888\" height=\"593\" src=\"https:\/\/www.amitai.com\/es\/wp-content\/uploads\/2020\/11\/erradicar-corrupcion.jpg\" class=\"attachment- size- wp-post-image\" alt=\"medidas para erradicar la corrupci\u00f3n laboral\" srcset=\"https:\/\/www.amitai.com\/es\/wp-content\/uploads\/2020\/11\/erradicar-corrupcion.jpg 888w, https:\/\/www.amitai.com\/es\/wp-content\/uploads\/2020\/11\/erradicar-corrupcion-300x200.jpg 300w, https:\/\/www.amitai.com\/es\/wp-content\/uploads\/2020\/11\/erradicar-corrupcion-768x513.jpg 768w\" sizes=\"(max-width: 888px) 100vw, 888px\" \/>        <\/a>\n    <\/div>\n    <div class=\"wcp-content-wrap\">\n        <h3>\n            <a class=\"rpc-title\" href=\"https:\/\/www.amitai.com\/es\/5-medidas-erradicar-corrupcion-laboral\/\" target=\"_self\">\n                5 medidas para erradicar la corrupci\u00f3n laboral            <\/a>\n        <\/h3>\n                <div class=\"wcp-post-contents rpc-content\">\n\n            Por desgracia las acciones deshonestas e il\u00edcitas, como el soborno, se han vuelto cotidianas en nuestro\u00a0pa\u00eds. A tal grado que\n                            <br>\n                <a href=\"https:\/\/www.amitai.com\/es\/5-medidas-erradicar-corrupcion-laboral\/\" target=\"_self\" class=\"btn-post\">Leer m\u00e1s<\/a>\n        \n        <\/div>        \n    <\/div>\n<\/div>                <\/div>    \n\n                            <div class=\"slick-slide carousel-item-2215\">\n                    <div class=\"post-style-2 rpc-bg rpc-box\">\n    <div class=\"wcp-img-wrap\">\n        <a href=\"https:\/\/www.amitai.com\/es\/importancia-participacion-laboral-prevenir-corrupcion\/\">\n            <img decoding=\"async\" width=\"850\" height=\"566\" src=\"https:\/\/www.amitai.com\/es\/wp-content\/uploads\/2020\/11\/rticipacion-laboral-erradicar-corrupcion.jpg\" class=\"attachment- size- wp-post-image\" alt=\"participaci\u00f3n laboral para prevenir la corrupci\u00f3n\" srcset=\"https:\/\/www.amitai.com\/es\/wp-content\/uploads\/2020\/11\/rticipacion-laboral-erradicar-corrupcion.jpg 850w, https:\/\/www.amitai.com\/es\/wp-content\/uploads\/2020\/11\/rticipacion-laboral-erradicar-corrupcion-300x200.jpg 300w, https:\/\/www.amitai.com\/es\/wp-content\/uploads\/2020\/11\/rticipacion-laboral-erradicar-corrupcion-768x511.jpg 768w\" sizes=\"(max-width: 850px) 100vw, 850px\" \/>        <\/a>\n    <\/div>\n    <div class=\"wcp-content-wrap\">\n        <h3>\n            <a class=\"rpc-title\" href=\"https:\/\/www.amitai.com\/es\/importancia-participacion-laboral-prevenir-corrupcion\/\" target=\"_self\">\n                Importancia de la participaci\u00f3n laboral para prevenir la corrupci\u00f3n            <\/a>\n        <\/h3>\n                <div class=\"wcp-post-contents rpc-content\">\n\n            El fen\u00f3meno de la corrupci\u00f3n es un mal que, por desgracia, aqueja a pr\u00e1cticamente todas las sociedades. El da\u00f1o que\n                            <br>\n                <a href=\"https:\/\/www.amitai.com\/es\/importancia-participacion-laboral-prevenir-corrupcion\/\" target=\"_self\" class=\"btn-post\">Leer m\u00e1s<\/a>\n        \n        <\/div>        \n    <\/div>\n<\/div>                <\/div>    \n\n                            <div class=\"slick-slide carousel-item-2205\">\n                    <div class=\"post-style-2 rpc-bg rpc-box\">\n    <div class=\"wcp-img-wrap\">\n        <a href=\"https:\/\/www.amitai.com\/es\/5-tips-para-valoracion-competencias-dentro-corporativo\/\">\n            <img decoding=\"async\" width=\"976\" height=\"549\" src=\"https:\/\/www.amitai.com\/es\/wp-content\/uploads\/2020\/11\/valoracion-competencias.jpg\" class=\"attachment- size- wp-post-image\" alt=\"Valoraci\u00f3n de competencias\" srcset=\"https:\/\/www.amitai.com\/es\/wp-content\/uploads\/2020\/11\/valoracion-competencias.jpg 976w, https:\/\/www.amitai.com\/es\/wp-content\/uploads\/2020\/11\/valoracion-competencias-300x169.jpg 300w, https:\/\/www.amitai.com\/es\/wp-content\/uploads\/2020\/11\/valoracion-competencias-768x432.jpg 768w\" sizes=\"(max-width: 976px) 100vw, 976px\" \/>        <\/a>\n    <\/div>\n    <div class=\"wcp-content-wrap\">\n        <h3>\n            <a class=\"rpc-title\" href=\"https:\/\/www.amitai.com\/es\/5-tips-para-valoracion-competencias-dentro-corporativo\/\" target=\"_self\">\n                5 tips para la valoraci\u00f3n de competencias dentro de un corporativo            <\/a>\n        <\/h3>\n                <div class=\"wcp-post-contents rpc-content\">\n\n            El mercado actual es un campo de gran oferta y demanda, por lo cual todas las empresas tienen que explotar\n                            <br>\n                <a href=\"https:\/\/www.amitai.com\/es\/5-tips-para-valoracion-competencias-dentro-corporativo\/\" target=\"_self\" class=\"btn-post\">Leer m\u00e1s<\/a>\n        \n        <\/div>        \n    <\/div>\n<\/div>                <\/div>    \n\n                            <div class=\"slick-slide carousel-item-2211\">\n                    <div class=\"post-style-2 rpc-bg rpc-box\">\n    <div class=\"wcp-img-wrap\">\n        <a href=\"https:\/\/www.amitai.com\/es\/importancia-directivo-lleva-consigo-etica-profesional\/\">\n            <img decoding=\"async\" width=\"800\" height=\"600\" src=\"https:\/\/www.amitai.com\/es\/wp-content\/uploads\/2020\/11\/directivo-etica-profesional.jpg\" class=\"attachment- size- wp-post-image\" alt=\"directivo que lleva consigo la \u00e9tica profesional\" srcset=\"https:\/\/www.amitai.com\/es\/wp-content\/uploads\/2020\/11\/directivo-etica-profesional.jpg 800w, https:\/\/www.amitai.com\/es\/wp-content\/uploads\/2020\/11\/directivo-etica-profesional-300x225.jpg 300w, https:\/\/www.amitai.com\/es\/wp-content\/uploads\/2020\/11\/directivo-etica-profesional-768x576.jpg 768w\" sizes=\"(max-width: 800px) 100vw, 800px\" \/>        <\/a>\n    <\/div>\n    <div class=\"wcp-content-wrap\">\n        <h3>\n            <a class=\"rpc-title\" href=\"https:\/\/www.amitai.com\/es\/importancia-directivo-lleva-consigo-etica-profesional\/\" target=\"_self\">\n                Importancia de un directivo que lleva consigo la \u00e9tica profesional            <\/a>\n        <\/h3>\n                <div class=\"wcp-post-contents rpc-content\">\n\n            [vc_row][vc_column][vc_column_text]La\u00a0\u00e9tica profesional\u00a0es, ante todo, un valor y se refiere al conjunto de normas que rigen el comportamiento de las personas\n                            <br>\n                <a href=\"https:\/\/www.amitai.com\/es\/importancia-directivo-lleva-consigo-etica-profesional\/\" target=\"_self\" class=\"btn-post\">Leer m\u00e1s<\/a>\n        \n        <\/div>        \n    <\/div>\n<\/div>                <\/div>    \n\n                            <div class=\"slick-slide carousel-item-2213\">\n                    <div class=\"post-style-2 rpc-bg rpc-box\">\n    <div class=\"wcp-img-wrap\">\n        <a href=\"https:\/\/www.amitai.com\/es\/aplicacion-pruebas-honradez-grandes-empresas\/\">\n            <img decoding=\"async\" width=\"860\" height=\"430\" src=\"https:\/\/www.amitai.com\/es\/wp-content\/uploads\/2020\/11\/pruebas-honradez.jpg\" class=\"attachment- size- wp-post-image\" alt=\"Pruebas de honradez\" srcset=\"https:\/\/www.amitai.com\/es\/wp-content\/uploads\/2020\/11\/pruebas-honradez.jpg 860w, https:\/\/www.amitai.com\/es\/wp-content\/uploads\/2020\/11\/pruebas-honradez-300x150.jpg 300w, https:\/\/www.amitai.com\/es\/wp-content\/uploads\/2020\/11\/pruebas-honradez-768x384.jpg 768w\" sizes=\"(max-width: 860px) 100vw, 860px\" \/>        <\/a>\n    <\/div>\n    <div class=\"wcp-content-wrap\">\n        <h3>\n            <a class=\"rpc-title\" href=\"https:\/\/www.amitai.com\/es\/aplicacion-pruebas-honradez-grandes-empresas\/\" target=\"_self\">\n                Aplicaci\u00f3n de las pruebas de honradez en grandes empresas            <\/a>\n        <\/h3>\n                <div class=\"wcp-post-contents rpc-content\">\n\n            Las grandes empresas no lo son por casualidad, las compa\u00f1\u00edas m\u00e1s exitosas est\u00e1n conformadas por una\u00a0mezcla de talento, disciplina, profesionalismo\n                            <br>\n                <a href=\"https:\/\/www.amitai.com\/es\/aplicacion-pruebas-honradez-grandes-empresas\/\" target=\"_self\" class=\"btn-post\">Leer m\u00e1s<\/a>\n        \n        <\/div>        \n    <\/div>\n<\/div>                <\/div>    \n\n                            <div class=\"slick-slide carousel-item-2209\">\n                    <div class=\"post-style-2 rpc-bg rpc-box\">\n    <div class=\"wcp-img-wrap\">\n        <a href=\"https:\/\/www.amitai.com\/es\/etica-cumplimiento-nueva-normalidad\/\">\n            <img decoding=\"async\" width=\"1280\" height=\"853\" src=\"https:\/\/www.amitai.com\/es\/wp-content\/uploads\/2020\/11\/etica-cumplimiento.jpg\" class=\"attachment- size- wp-post-image\" alt=\"\u00c9tica y cumplimiento\" srcset=\"https:\/\/www.amitai.com\/es\/wp-content\/uploads\/2020\/11\/etica-cumplimiento.jpg 1280w, https:\/\/www.amitai.com\/es\/wp-content\/uploads\/2020\/11\/etica-cumplimiento-300x200.jpg 300w, https:\/\/www.amitai.com\/es\/wp-content\/uploads\/2020\/11\/etica-cumplimiento-768x512.jpg 768w, https:\/\/www.amitai.com\/es\/wp-content\/uploads\/2020\/11\/etica-cumplimiento-1024x682.jpg 1024w\" sizes=\"(max-width: 1280px) 100vw, 1280px\" \/>        <\/a>\n    <\/div>\n    <div class=\"wcp-content-wrap\">\n        <h3>\n            <a class=\"rpc-title\" href=\"https:\/\/www.amitai.com\/es\/etica-cumplimiento-nueva-normalidad\/\" target=\"_self\">\n                \u00c9tica y cumplimiento en la nueva normalidad            <\/a>\n        <\/h3>\n                <div class=\"wcp-post-contents rpc-content\">\n\n            Sin duda alguna, la emergencia sanitaria global ha desafiado profundamente nuestras pr\u00e1cticas empresariales. El mundo laboral y sus procesos enfrentan\n                            <br>\n                <a href=\"https:\/\/www.amitai.com\/es\/etica-cumplimiento-nueva-normalidad\/\" target=\"_self\" class=\"btn-post\">Leer m\u00e1s<\/a>\n        \n        <\/div>        \n    <\/div>\n<\/div>                <\/div>    \n\n                            <div class=\"slick-slide carousel-item-2193\">\n                    <div class=\"post-style-2 rpc-bg rpc-box\">\n    <div class=\"wcp-img-wrap\">\n        <a href=\"https:\/\/www.amitai.com\/es\/10-criterios-tomar-para-valoracion-competencias\/\">\n            <img decoding=\"async\" width=\"1280\" height=\"720\" src=\"https:\/\/www.amitai.com\/es\/wp-content\/uploads\/2020\/10\/criterios-valoracion-competencia.jpg\" class=\"attachment- size- wp-post-image\" alt=\"valoraci\u00f3n de competencias\" srcset=\"https:\/\/www.amitai.com\/es\/wp-content\/uploads\/2020\/10\/criterios-valoracion-competencia.jpg 1280w, https:\/\/www.amitai.com\/es\/wp-content\/uploads\/2020\/10\/criterios-valoracion-competencia-300x169.jpg 300w, https:\/\/www.amitai.com\/es\/wp-content\/uploads\/2020\/10\/criterios-valoracion-competencia-768x432.jpg 768w, https:\/\/www.amitai.com\/es\/wp-content\/uploads\/2020\/10\/criterios-valoracion-competencia-1024x576.jpg 1024w\" sizes=\"(max-width: 1280px) 100vw, 1280px\" \/>        <\/a>\n    <\/div>\n    <div class=\"wcp-content-wrap\">\n        <h3>\n            <a class=\"rpc-title\" href=\"https:\/\/www.amitai.com\/es\/10-criterios-tomar-para-valoracion-competencias\/\" target=\"_self\">\n                10 criterios a tomar para la valoraci\u00f3n de competencias            <\/a>\n        <\/h3>\n                <div class=\"wcp-post-contents rpc-content\">\n\n            De acuerdo a los resultados reci\u00e9n publicados del&nbsp;INEGI,&nbsp;la productividad en el trimestre comprendido entre abril y junio de este a\u00f1o\n                            <br>\n                <a href=\"https:\/\/www.amitai.com\/es\/10-criterios-tomar-para-valoracion-competencias\/\" target=\"_self\" class=\"btn-post\">Leer m\u00e1s<\/a>\n        \n        <\/div>        \n    <\/div>\n<\/div>                <\/div>    \n\n                            <div class=\"slick-slide carousel-item-2191\">\n                    <div class=\"post-style-2 rpc-bg rpc-box\">\n    <div class=\"wcp-img-wrap\">\n        <a href=\"https:\/\/www.amitai.com\/es\/importancia-encuestas-sobre-clima-laboral\/\">\n            <img decoding=\"async\" width=\"900\" height=\"600\" src=\"https:\/\/www.amitai.com\/es\/wp-content\/uploads\/2020\/10\/importancia-encuesta-clima-laboral.jpg\" class=\"attachment- size- wp-post-image\" alt=\"Importancia de las encuestas sobre clima laboral\" srcset=\"https:\/\/www.amitai.com\/es\/wp-content\/uploads\/2020\/10\/importancia-encuesta-clima-laboral.jpg 900w, https:\/\/www.amitai.com\/es\/wp-content\/uploads\/2020\/10\/importancia-encuesta-clima-laboral-300x200.jpg 300w, https:\/\/www.amitai.com\/es\/wp-content\/uploads\/2020\/10\/importancia-encuesta-clima-laboral-768x512.jpg 768w\" sizes=\"(max-width: 900px) 100vw, 900px\" \/>        <\/a>\n    <\/div>\n    <div class=\"wcp-content-wrap\">\n        <h3>\n            <a class=\"rpc-title\" href=\"https:\/\/www.amitai.com\/es\/importancia-encuestas-sobre-clima-laboral\/\" target=\"_self\">\n                Importancia de las encuestas sobre clima laboral            <\/a>\n        <\/h3>\n                <div class=\"wcp-post-contents rpc-content\">\n\n            Una persona\u00a0en M\u00e9xico pasa en promedio de 36 a 48 horas semanales trabajando, ya sea en una oficina o un\n                            <br>\n                <a href=\"https:\/\/www.amitai.com\/es\/importancia-encuestas-sobre-clima-laboral\/\" target=\"_self\" class=\"btn-post\">Leer m\u00e1s<\/a>\n        \n        <\/div>        \n    <\/div>\n<\/div>                <\/div>    \n\n                            <div class=\"slick-slide carousel-item-2189\">\n                    <div class=\"post-style-2 rpc-bg rpc-box\">\n    <div class=\"wcp-img-wrap\">\n        <a href=\"https:\/\/www.amitai.com\/es\/descubre-como-evitar-corrupcion-dentro-empresa\/\">\n            <img decoding=\"async\" width=\"723\" height=\"360\" src=\"https:\/\/www.amitai.com\/es\/wp-content\/uploads\/2020\/10\/evitar-corrupcion.jpg\" class=\"attachment- size- wp-post-image\" alt=\"Evitar la corrupci\u00f3n dentro de tu empresa\" srcset=\"https:\/\/www.amitai.com\/es\/wp-content\/uploads\/2020\/10\/evitar-corrupcion.jpg 723w, https:\/\/www.amitai.com\/es\/wp-content\/uploads\/2020\/10\/evitar-corrupcion-300x149.jpg 300w\" sizes=\"(max-width: 723px) 100vw, 723px\" \/>        <\/a>\n    <\/div>\n    <div class=\"wcp-content-wrap\">\n        <h3>\n            <a class=\"rpc-title\" href=\"https:\/\/www.amitai.com\/es\/descubre-como-evitar-corrupcion-dentro-empresa\/\" target=\"_self\">\n                Descubre c\u00f3mo evitar la corrupci\u00f3n dentro de tu empresa            <\/a>\n        <\/h3>\n                <div class=\"wcp-post-contents rpc-content\">\n\n            Aunque en teor\u00eda a nadie le gustan los actos deshonestos que atentan contra la moral y la \u00e9tica profesional, por\n                            <br>\n                <a href=\"https:\/\/www.amitai.com\/es\/descubre-como-evitar-corrupcion-dentro-empresa\/\" target=\"_self\" class=\"btn-post\">Leer m\u00e1s<\/a>\n        \n        <\/div>        \n    <\/div>\n<\/div>                <\/div>    \n\n                            <div class=\"slick-slide carousel-item-2173\">\n                    <div class=\"post-style-2 rpc-bg rpc-box\">\n    <div class=\"wcp-img-wrap\">\n        <a href=\"https:\/\/www.amitai.com\/es\/5-estrategias-para-acabar-corrupcion\/\">\n            <img decoding=\"async\" width=\"612\" height=\"408\" src=\"https:\/\/www.amitai.com\/es\/wp-content\/uploads\/2020\/10\/estrategias-acabar-corrupcion-.jpg\" class=\"attachment- size- wp-post-image\" alt=\"estrategias para acabar con la corrupci\u00f3n\" srcset=\"https:\/\/www.amitai.com\/es\/wp-content\/uploads\/2020\/10\/estrategias-acabar-corrupcion-.jpg 612w, https:\/\/www.amitai.com\/es\/wp-content\/uploads\/2020\/10\/estrategias-acabar-corrupcion--300x200.jpg 300w\" sizes=\"(max-width: 612px) 100vw, 612px\" \/>        <\/a>\n    <\/div>\n    <div class=\"wcp-content-wrap\">\n        <h3>\n            <a class=\"rpc-title\" href=\"https:\/\/www.amitai.com\/es\/5-estrategias-para-acabar-corrupcion\/\" target=\"_self\">\n                5 estrategias para acabar con la corrupci\u00f3n            <\/a>\n        <\/h3>\n                <div class=\"wcp-post-contents rpc-content\">\n\n            Por desgracia, el porcentaje\u00a0de las malas pr\u00e1cticas profesionales que cunden ante la deshonestidad es cada vez m\u00e1s alto.\u00a0Al grado en\n                            <br>\n                <a href=\"https:\/\/www.amitai.com\/es\/5-estrategias-para-acabar-corrupcion\/\" target=\"_self\" class=\"btn-post\">Leer m\u00e1s<\/a>\n        \n        <\/div>        \n    <\/div>\n<\/div>                <\/div>    \n\n                            <div class=\"slick-slide carousel-item-2167\">\n                    <div class=\"post-style-2 rpc-bg rpc-box\">\n    <div class=\"wcp-img-wrap\">\n        <a href=\"https:\/\/www.amitai.com\/es\/codigo-etica-profesional\/\">\n            <img decoding=\"async\" width=\"1000\" height=\"500\" src=\"https:\/\/www.amitai.com\/es\/wp-content\/uploads\/2020\/10\/codigo-etica-profesional.png\" class=\"attachment- size- wp-post-image\" alt=\"C\u00f3digo de \u00e9tica profesional\" srcset=\"https:\/\/www.amitai.com\/es\/wp-content\/uploads\/2020\/10\/codigo-etica-profesional.png 1000w, https:\/\/www.amitai.com\/es\/wp-content\/uploads\/2020\/10\/codigo-etica-profesional-300x150.png 300w, https:\/\/www.amitai.com\/es\/wp-content\/uploads\/2020\/10\/codigo-etica-profesional-768x384.png 768w\" sizes=\"(max-width: 1000px) 100vw, 1000px\" \/>        <\/a>\n    <\/div>\n    <div class=\"wcp-content-wrap\">\n        <h3>\n            <a class=\"rpc-title\" href=\"https:\/\/www.amitai.com\/es\/codigo-etica-profesional\/\" target=\"_self\">\n                C\u00f3digo de \u00e9tica profesional            <\/a>\n        <\/h3>\n                <div class=\"wcp-post-contents rpc-content\">\n\n            La esfera interpersonal de todas las personas que trabajan a menudo se divide en tres segmentos: el \u00e1mbito laboral, el\n                            <br>\n                <a href=\"https:\/\/www.amitai.com\/es\/codigo-etica-profesional\/\" target=\"_self\" class=\"btn-post\">Leer m\u00e1s<\/a>\n        \n        <\/div>        \n    <\/div>\n<\/div>                <\/div>    \n\n                            <div class=\"slick-slide carousel-item-2169\">\n                    <div class=\"post-style-2 rpc-bg rpc-box\">\n    <div class=\"wcp-img-wrap\">\n        <a href=\"https:\/\/www.amitai.com\/es\/test-laboral-considerado-mejor-instrumento-empresa\/\">\n            <img decoding=\"async\" width=\"1000\" height=\"691\" src=\"https:\/\/www.amitai.com\/es\/wp-content\/uploads\/2020\/10\/test-laboral.jpg\" class=\"attachment- size- wp-post-image\" alt=\"Test Laboral\" srcset=\"https:\/\/www.amitai.com\/es\/wp-content\/uploads\/2020\/10\/test-laboral.jpg 1000w, https:\/\/www.amitai.com\/es\/wp-content\/uploads\/2020\/10\/test-laboral-300x207.jpg 300w, https:\/\/www.amitai.com\/es\/wp-content\/uploads\/2020\/10\/test-laboral-768x531.jpg 768w\" sizes=\"(max-width: 1000px) 100vw, 1000px\" \/>        <\/a>\n    <\/div>\n    <div class=\"wcp-content-wrap\">\n        <h3>\n            <a class=\"rpc-title\" href=\"https:\/\/www.amitai.com\/es\/test-laboral-considerado-mejor-instrumento-empresa\/\" target=\"_self\">\n                \u00bfPor qu\u00e9 el test laboral es considerado el mejor instrumento en una empresa?            <\/a>\n        <\/h3>\n                <div class=\"wcp-post-contents rpc-content\">\n\n            Un\u00a0test laboral\u00a0es una herramienta psicom\u00e9trica utilizada por el departamento de recursos humanos de m\u00faltiples empresas. Se ha vuelto un gran\n                            <br>\n                <a href=\"https:\/\/www.amitai.com\/es\/test-laboral-considerado-mejor-instrumento-empresa\/\" target=\"_self\" class=\"btn-post\">Leer m\u00e1s<\/a>\n        \n        <\/div>        \n    <\/div>\n<\/div>                <\/div>    \n\n                            <div class=\"slick-slide carousel-item-2171\">\n                    <div class=\"post-style-2 rpc-bg rpc-box\">\n    <div class=\"wcp-img-wrap\">\n        <a href=\"https:\/\/www.amitai.com\/es\/10-medidas-para-prevenir-corrupcion\/\">\n            <img decoding=\"async\" width=\"940\" height=\"492\" src=\"https:\/\/www.amitai.com\/es\/wp-content\/uploads\/2020\/10\/parar-corrupcion-empresas.jpg\" class=\"attachment- size- wp-post-image\" alt=\"Prevenir la corrupci\u00f3n\" srcset=\"https:\/\/www.amitai.com\/es\/wp-content\/uploads\/2020\/10\/parar-corrupcion-empresas.jpg 940w, https:\/\/www.amitai.com\/es\/wp-content\/uploads\/2020\/10\/parar-corrupcion-empresas-300x157.jpg 300w, https:\/\/www.amitai.com\/es\/wp-content\/uploads\/2020\/10\/parar-corrupcion-empresas-768x402.jpg 768w\" sizes=\"(max-width: 940px) 100vw, 940px\" \/>        <\/a>\n    <\/div>\n    <div class=\"wcp-content-wrap\">\n        <h3>\n            <a class=\"rpc-title\" href=\"https:\/\/www.amitai.com\/es\/10-medidas-para-prevenir-corrupcion\/\" target=\"_self\">\n                10 medidas para prevenir la corrupci\u00f3n            <\/a>\n        <\/h3>\n                <div class=\"wcp-post-contents rpc-content\">\n\n            Los valores han tomado especial relevancia en los \u00faltimos a\u00f1os en el campo laboral, debido a su importancia para consolidar\n                            <br>\n                <a href=\"https:\/\/www.amitai.com\/es\/10-medidas-para-prevenir-corrupcion\/\" target=\"_self\" class=\"btn-post\">Leer m\u00e1s<\/a>\n        \n        <\/div>        \n    <\/div>\n<\/div>                <\/div>    \n\n                            <div class=\"slick-slide carousel-item-2168\">\n                    <div class=\"post-style-2 rpc-bg rpc-box\">\n    <div class=\"wcp-img-wrap\">\n        <a href=\"https:\/\/www.amitai.com\/es\/evaluacion-personal-herramienta-base-empresas\/\">\n            <img decoding=\"async\" width=\"1500\" height=\"844\" src=\"https:\/\/www.amitai.com\/es\/wp-content\/uploads\/2020\/10\/evaluacion-personal-empresas.jpg\" class=\"attachment- size- wp-post-image\" alt=\"Evaluaci\u00f3n de personal en las empresas\" srcset=\"https:\/\/www.amitai.com\/es\/wp-content\/uploads\/2020\/10\/evaluacion-personal-empresas.jpg 1500w, https:\/\/www.amitai.com\/es\/wp-content\/uploads\/2020\/10\/evaluacion-personal-empresas-300x169.jpg 300w, https:\/\/www.amitai.com\/es\/wp-content\/uploads\/2020\/10\/evaluacion-personal-empresas-768x432.jpg 768w, https:\/\/www.amitai.com\/es\/wp-content\/uploads\/2020\/10\/evaluacion-personal-empresas-1024x576.jpg 1024w\" sizes=\"(max-width: 1500px) 100vw, 1500px\" \/>        <\/a>\n    <\/div>\n    <div class=\"wcp-content-wrap\">\n        <h3>\n            <a class=\"rpc-title\" href=\"https:\/\/www.amitai.com\/es\/evaluacion-personal-herramienta-base-empresas\/\" target=\"_self\">\n                La evaluaci\u00f3n de personal como herramienta base de las empresas            <\/a>\n        <\/h3>\n                <div class=\"wcp-post-contents rpc-content\">\n\n            Acudir todos los d\u00edas a un centro de trabajo a cumplir una jornada laboral\u00a0sabiendo siempre qu\u00e9 se tiene qu\u00e9 hacer,\n                            <br>\n                <a href=\"https:\/\/www.amitai.com\/es\/evaluacion-personal-herramienta-base-empresas\/\" target=\"_self\" class=\"btn-post\">Leer m\u00e1s<\/a>\n        \n        <\/div>        \n    <\/div>\n<\/div>                <\/div>    \n\n                            <div class=\"slick-slide carousel-item-2107\">\n                    <div class=\"post-style-2 rpc-bg rpc-box\">\n    <div class=\"wcp-img-wrap\">\n        <a href=\"https:\/\/www.amitai.com\/es\/valoracion-competencias-reactivacion-laboral\/\">\n            <img decoding=\"async\" width=\"866\" height=\"385\" src=\"https:\/\/www.amitai.com\/es\/wp-content\/uploads\/2020\/09\/competencias-reactivacion-laboral.jpg\" class=\"attachment- size- wp-post-image\" alt=\"Valoraci\u00f3n de competencias en la reactivaci\u00f3n laboral\" srcset=\"https:\/\/www.amitai.com\/es\/wp-content\/uploads\/2020\/09\/competencias-reactivacion-laboral.jpg 866w, https:\/\/www.amitai.com\/es\/wp-content\/uploads\/2020\/09\/competencias-reactivacion-laboral-300x133.jpg 300w, https:\/\/www.amitai.com\/es\/wp-content\/uploads\/2020\/09\/competencias-reactivacion-laboral-768x341.jpg 768w\" sizes=\"(max-width: 866px) 100vw, 866px\" \/>        <\/a>\n    <\/div>\n    <div class=\"wcp-content-wrap\">\n        <h3>\n            <a class=\"rpc-title\" href=\"https:\/\/www.amitai.com\/es\/valoracion-competencias-reactivacion-laboral\/\" target=\"_self\">\n                Valoraci\u00f3n de competencias en la reactivaci\u00f3n laboral            <\/a>\n        <\/h3>\n                <div class=\"wcp-post-contents rpc-content\">\n\n            El mundo entero ha cambiado debido a la pandemia del coronavirus. Durante estos meses de contingencia, el mundo laboral dio\n                            <br>\n                <a href=\"https:\/\/www.amitai.com\/es\/valoracion-competencias-reactivacion-laboral\/\" target=\"_self\" class=\"btn-post\">Leer m\u00e1s<\/a>\n        \n        <\/div>        \n    <\/div>\n<\/div>                <\/div>    \n\n                            <div class=\"slick-slide carousel-item-2128\">\n                    <div class=\"post-style-2 rpc-bg rpc-box\">\n    <div class=\"wcp-img-wrap\">\n        <a href=\"https:\/\/www.amitai.com\/es\/10-tips-para-empresas-sufren-corrupcion\/\">\n            <img decoding=\"async\" width=\"1000\" height=\"667\" src=\"https:\/\/www.amitai.com\/es\/wp-content\/uploads\/2020\/09\/evitar-corrupcion-empresas.jpg\" class=\"attachment- size- wp-post-image\" alt=\"Evitar corrupci\u00f3n en empresas\" srcset=\"https:\/\/www.amitai.com\/es\/wp-content\/uploads\/2020\/09\/evitar-corrupcion-empresas.jpg 1000w, https:\/\/www.amitai.com\/es\/wp-content\/uploads\/2020\/09\/evitar-corrupcion-empresas-300x200.jpg 300w, https:\/\/www.amitai.com\/es\/wp-content\/uploads\/2020\/09\/evitar-corrupcion-empresas-768x512.jpg 768w\" sizes=\"(max-width: 1000px) 100vw, 1000px\" \/>        <\/a>\n    <\/div>\n    <div class=\"wcp-content-wrap\">\n        <h3>\n            <a class=\"rpc-title\" href=\"https:\/\/www.amitai.com\/es\/10-tips-para-empresas-sufren-corrupcion\/\" target=\"_self\">\n                10 Tips para empresas que sufren corrupci\u00f3n            <\/a>\n        <\/h3>\n                <div class=\"wcp-post-contents rpc-content\">\n\n            Por desgracia, los actos de ilegalidad o de soborno no son un fen\u00f3meno extra\u00f1o para las empresas.\u00a0Sin importar si las\n                            <br>\n                <a href=\"https:\/\/www.amitai.com\/es\/10-tips-para-empresas-sufren-corrupcion\/\" target=\"_self\" class=\"btn-post\">Leer m\u00e1s<\/a>\n        \n        <\/div>        \n    <\/div>\n<\/div>                <\/div>    \n\n                            <div class=\"slick-slide carousel-item-2130\">\n                    <div class=\"post-style-2 rpc-bg rpc-box\">\n    <div class=\"wcp-img-wrap\">\n        <a href=\"https:\/\/www.amitai.com\/es\/como-prevenir-corrupcion-empleados-confianza\/\">\n            <img decoding=\"async\" width=\"1000\" height=\"592\" src=\"https:\/\/www.amitai.com\/es\/wp-content\/uploads\/2020\/09\/prevenir-corrupcion-empleados.jpg\" class=\"attachment- size- wp-post-image\" alt=\"Prevenci\u00f3n de la corrupci\u00f3n con empleados de confianza\" srcset=\"https:\/\/www.amitai.com\/es\/wp-content\/uploads\/2020\/09\/prevenir-corrupcion-empleados.jpg 1000w, https:\/\/www.amitai.com\/es\/wp-content\/uploads\/2020\/09\/prevenir-corrupcion-empleados-300x178.jpg 300w, https:\/\/www.amitai.com\/es\/wp-content\/uploads\/2020\/09\/prevenir-corrupcion-empleados-768x455.jpg 768w\" sizes=\"(max-width: 1000px) 100vw, 1000px\" \/>        <\/a>\n    <\/div>\n    <div class=\"wcp-content-wrap\">\n        <h3>\n            <a class=\"rpc-title\" href=\"https:\/\/www.amitai.com\/es\/como-prevenir-corrupcion-empleados-confianza\/\" target=\"_self\">\n                \u00bfC\u00f3mo prevenir la corrupci\u00f3n con empleados de confianza?            <\/a>\n        <\/h3>\n                <div class=\"wcp-post-contents rpc-content\">\n\n            La corrupci\u00f3n es uno de los mayores desaf\u00edos para muchas\u00a0organizaciones. Pero \u00bfsabes\u00a0qu\u00e9 es la corrupci\u00f3n? \u00bfY qu\u00e9 medidas concretas pueden\n                            <br>\n                <a href=\"https:\/\/www.amitai.com\/es\/como-prevenir-corrupcion-empleados-confianza\/\" target=\"_self\" class=\"btn-post\">Leer m\u00e1s<\/a>\n        \n        <\/div>        \n    <\/div>\n<\/div>                <\/div>    \n\n                            <div class=\"slick-slide carousel-item-2111\">\n                    <div class=\"post-style-2 rpc-bg rpc-box\">\n    <div class=\"wcp-img-wrap\">\n        <a href=\"https:\/\/www.amitai.com\/es\/como-acabar-corrupcion-entre-franquicias\/\">\n            <img decoding=\"async\" width=\"1024\" height=\"576\" src=\"https:\/\/www.amitai.com\/es\/wp-content\/uploads\/2020\/09\/corrupcion-entre-franquicias.jpg\" class=\"attachment- size- wp-post-image\" alt=\"acabar la corrupci\u00f3n entre franquicias\" srcset=\"https:\/\/www.amitai.com\/es\/wp-content\/uploads\/2020\/09\/corrupcion-entre-franquicias.jpg 1024w, https:\/\/www.amitai.com\/es\/wp-content\/uploads\/2020\/09\/corrupcion-entre-franquicias-300x169.jpg 300w, https:\/\/www.amitai.com\/es\/wp-content\/uploads\/2020\/09\/corrupcion-entre-franquicias-768x432.jpg 768w\" sizes=\"(max-width: 1024px) 100vw, 1024px\" \/>        <\/a>\n    <\/div>\n    <div class=\"wcp-content-wrap\">\n        <h3>\n            <a class=\"rpc-title\" href=\"https:\/\/www.amitai.com\/es\/como-acabar-corrupcion-entre-franquicias\/\" target=\"_self\">\n                \u00bfC\u00f3mo acabar la corrupci\u00f3n entre franquicias?            <\/a>\n        <\/h3>\n                <div class=\"wcp-post-contents rpc-content\">\n\n            Las franquicias son una propuesta de negocio que, adecuadamente gestionadas, pueden ofrecer una rentabilidad interesante y atractiva. Pero, como en\n                            <br>\n                <a href=\"https:\/\/www.amitai.com\/es\/como-acabar-corrupcion-entre-franquicias\/\" target=\"_self\" class=\"btn-post\">Leer m\u00e1s<\/a>\n        \n        <\/div>        \n    <\/div>\n<\/div>                <\/div>    \n\n                            <div class=\"slick-slide carousel-item-2109\">\n                    <div class=\"post-style-2 rpc-bg rpc-box\">\n    <div class=\"wcp-img-wrap\">\n        <a href=\"https:\/\/www.amitai.com\/es\/funcion-test-honestidad-dentro-nueva-normalidad\/\">\n            <img decoding=\"async\" width=\"825\" height=\"510\" src=\"https:\/\/www.amitai.com\/es\/wp-content\/uploads\/2020\/09\/test-honestidad.jpg\" class=\"attachment- size- wp-post-image\" alt=\"Test de honestidad\" srcset=\"https:\/\/www.amitai.com\/es\/wp-content\/uploads\/2020\/09\/test-honestidad.jpg 825w, https:\/\/www.amitai.com\/es\/wp-content\/uploads\/2020\/09\/test-honestidad-300x185.jpg 300w, https:\/\/www.amitai.com\/es\/wp-content\/uploads\/2020\/09\/test-honestidad-768x475.jpg 768w\" sizes=\"(max-width: 825px) 100vw, 825px\" \/>        <\/a>\n    <\/div>\n    <div class=\"wcp-content-wrap\">\n        <h3>\n            <a class=\"rpc-title\" href=\"https:\/\/www.amitai.com\/es\/funcion-test-honestidad-dentro-nueva-normalidad\/\" target=\"_self\">\n                Funci\u00f3n de los test de honestidad dentro de la nueva normalidad            <\/a>\n        <\/h3>\n                <div class=\"wcp-post-contents rpc-content\">\n\n            La nueva normalidad est\u00e1 representando diversos retos para las organizaciones y para su capital humano. El estr\u00e9s, la preocupaci\u00f3n por\n                            <br>\n                <a href=\"https:\/\/www.amitai.com\/es\/funcion-test-honestidad-dentro-nueva-normalidad\/\" target=\"_self\" class=\"btn-post\">Leer m\u00e1s<\/a>\n        \n        <\/div>        \n    <\/div>\n<\/div>                <\/div>    \n\n                            <div class=\"slick-slide carousel-item-2087\">\n                    <div class=\"post-style-2 rpc-bg rpc-box\">\n    <div class=\"wcp-img-wrap\">\n        <a href=\"https:\/\/www.amitai.com\/es\/educacion-moral-contribuye-fortalecimiento-test-etica-laboral\/\">\n            <img decoding=\"async\" width=\"950\" height=\"535\" src=\"https:\/\/www.amitai.com\/es\/wp-content\/uploads\/2020\/09\/educacion-moral.jpg\" class=\"attachment- size- wp-post-image\" alt=\"Educaci\u00f3n moral\" srcset=\"https:\/\/www.amitai.com\/es\/wp-content\/uploads\/2020\/09\/educacion-moral.jpg 950w, https:\/\/www.amitai.com\/es\/wp-content\/uploads\/2020\/09\/educacion-moral-300x169.jpg 300w, https:\/\/www.amitai.com\/es\/wp-content\/uploads\/2020\/09\/educacion-moral-768x433.jpg 768w\" sizes=\"(max-width: 950px) 100vw, 950px\" \/>        <\/a>\n    <\/div>\n    <div class=\"wcp-content-wrap\">\n        <h3>\n            <a class=\"rpc-title\" href=\"https:\/\/www.amitai.com\/es\/educacion-moral-contribuye-fortalecimiento-test-etica-laboral\/\" target=\"_self\">\n                Educaci\u00f3n moral que contribuye al fortalecimiento del test de \u00e9tica laboral            <\/a>\n        <\/h3>\n                <div class=\"wcp-post-contents rpc-content\">\n\n            Una empresa exitosa es la que cuenta con un equipo de trabajo altamente cualificado que se desenvuelve en un ambiente\n                            <br>\n                <a href=\"https:\/\/www.amitai.com\/es\/educacion-moral-contribuye-fortalecimiento-test-etica-laboral\/\" target=\"_self\" class=\"btn-post\">Leer m\u00e1s<\/a>\n        \n        <\/div>        \n    <\/div>\n<\/div>                <\/div>    \n\n                            <div class=\"slick-slide carousel-item-2080\">\n                    <div class=\"post-style-2 rpc-bg rpc-box\">\n    <div class=\"wcp-img-wrap\">\n        <a href=\"https:\/\/www.amitai.com\/es\/cultura-empresarial-prevenir-corrupcion\/\">\n            <img decoding=\"async\" width=\"720\" height=\"550\" src=\"https:\/\/www.amitai.com\/es\/wp-content\/uploads\/2020\/09\/prevenir-corrupcion.jpg\" class=\"attachment- size- wp-post-image\" alt=\"Cultura para prevenir la corrupci\u00f3n\" srcset=\"https:\/\/www.amitai.com\/es\/wp-content\/uploads\/2020\/09\/prevenir-corrupcion.jpg 720w, https:\/\/www.amitai.com\/es\/wp-content\/uploads\/2020\/09\/prevenir-corrupcion-300x229.jpg 300w\" sizes=\"(max-width: 720px) 100vw, 720px\" \/>        <\/a>\n    <\/div>\n    <div class=\"wcp-content-wrap\">\n        <h3>\n            <a class=\"rpc-title\" href=\"https:\/\/www.amitai.com\/es\/cultura-empresarial-prevenir-corrupcion\/\" target=\"_self\">\n                Cultura empresarial para prevenir la corrupci\u00f3n            <\/a>\n        <\/h3>\n                <div class=\"wcp-post-contents rpc-content\">\n\n            Si quieres saber\u00a0c\u00f3mo\u00a0prevenir la corrupci\u00f3n,\u00a0fortalecer la cultura empresarial\u00a0para alcanzar las metas y objetivos deseados, y saber manejar el factor humano,\n                            <br>\n                <a href=\"https:\/\/www.amitai.com\/es\/cultura-empresarial-prevenir-corrupcion\/\" target=\"_self\" class=\"btn-post\">Leer m\u00e1s<\/a>\n        \n        <\/div>        \n    <\/div>\n<\/div>                <\/div>    \n\n                            <div class=\"slick-slide carousel-item-2084\">\n                    <div class=\"post-style-2 rpc-bg rpc-box\">\n    <div class=\"wcp-img-wrap\">\n        <a href=\"https:\/\/www.amitai.com\/es\/como-fungiran-encuestas-clima-laboral-nueva-normalidad\/\">\n            <img decoding=\"async\" width=\"640\" height=\"360\" src=\"https:\/\/www.amitai.com\/es\/wp-content\/uploads\/2020\/09\/encuestas-clima-laboral.jpg\" class=\"attachment- size- wp-post-image\" alt=\"Encuestas Clima Laboral\" srcset=\"https:\/\/www.amitai.com\/es\/wp-content\/uploads\/2020\/09\/encuestas-clima-laboral.jpg 640w, https:\/\/www.amitai.com\/es\/wp-content\/uploads\/2020\/09\/encuestas-clima-laboral-300x169.jpg 300w\" sizes=\"(max-width: 640px) 100vw, 640px\" \/>        <\/a>\n    <\/div>\n    <div class=\"wcp-content-wrap\">\n        <h3>\n            <a class=\"rpc-title\" href=\"https:\/\/www.amitai.com\/es\/como-fungiran-encuestas-clima-laboral-nueva-normalidad\/\" target=\"_self\">\n                \u00bfC\u00f3mo fungir\u00e1n las encuestas de clima laboral en la nueva normalidad?            <\/a>\n        <\/h3>\n                <div class=\"wcp-post-contents rpc-content\">\n\n            La nueva normalidad representar\u00e1 nuevos retos para las empresas. Algunas han recortado horarios de trabajo e incrementado la presi\u00f3n en\n                            <br>\n                <a href=\"https:\/\/www.amitai.com\/es\/como-fungiran-encuestas-clima-laboral-nueva-normalidad\/\" target=\"_self\" class=\"btn-post\">Leer m\u00e1s<\/a>\n        \n        <\/div>        \n    <\/div>\n<\/div>                <\/div>    \n\n                            <div class=\"slick-slide carousel-item-2046\">\n                    <div class=\"post-style-2 rpc-bg rpc-box\">\n    <div class=\"wcp-img-wrap\">\n        <a href=\"https:\/\/www.amitai.com\/es\/7-criterios-evaluacion-valoracion-competencias\/\">\n            <img decoding=\"async\" width=\"700\" height=\"500\" src=\"https:\/\/www.amitai.com\/es\/wp-content\/uploads\/2020\/08\/evaluacion-valoracion-competencias.jpg\" class=\"attachment- size- wp-post-image\" alt=\"Evaluaci\u00f3n en la valoraci\u00f3n de competencias\" srcset=\"https:\/\/www.amitai.com\/es\/wp-content\/uploads\/2020\/08\/evaluacion-valoracion-competencias.jpg 700w, https:\/\/www.amitai.com\/es\/wp-content\/uploads\/2020\/08\/evaluacion-valoracion-competencias-300x214.jpg 300w\" sizes=\"(max-width: 700px) 100vw, 700px\" \/>        <\/a>\n    <\/div>\n    <div class=\"wcp-content-wrap\">\n        <h3>\n            <a class=\"rpc-title\" href=\"https:\/\/www.amitai.com\/es\/7-criterios-evaluacion-valoracion-competencias\/\" target=\"_self\">\n                7 criterios de la evaluaci\u00f3n en la valoraci\u00f3n de competencias            <\/a>\n        <\/h3>\n                <div class=\"wcp-post-contents rpc-content\">\n\n            \u00bfTienes claro qu\u00e9 son las competencias laborales? Hacen referencia al acumulado de estudios, habilidades y talentos que debe poseer un\n                            <br>\n                <a href=\"https:\/\/www.amitai.com\/es\/7-criterios-evaluacion-valoracion-competencias\/\" target=\"_self\" class=\"btn-post\">Leer m\u00e1s<\/a>\n        \n        <\/div>        \n    <\/div>\n<\/div>                <\/div>    \n\n                            <div class=\"slick-slide carousel-item-2038\">\n                    <div class=\"post-style-2 rpc-bg rpc-box\">\n    <div class=\"wcp-img-wrap\">\n        <a href=\"https:\/\/www.amitai.com\/es\/10-claves-para-prevenir-corrupcion-dentro-empresas\/\">\n            <img decoding=\"async\" width=\"700\" height=\"450\" src=\"https:\/\/www.amitai.com\/es\/wp-content\/uploads\/2020\/08\/claves-prevencion-corrupcion.jpg\" class=\"attachment- size- wp-post-image\" alt=\"Claves para prevenir la corrupci\u00f3n\" srcset=\"https:\/\/www.amitai.com\/es\/wp-content\/uploads\/2020\/08\/claves-prevencion-corrupcion.jpg 700w, https:\/\/www.amitai.com\/es\/wp-content\/uploads\/2020\/08\/claves-prevencion-corrupcion-300x193.jpg 300w\" sizes=\"(max-width: 700px) 100vw, 700px\" \/>        <\/a>\n    <\/div>\n    <div class=\"wcp-content-wrap\">\n        <h3>\n            <a class=\"rpc-title\" href=\"https:\/\/www.amitai.com\/es\/10-claves-para-prevenir-corrupcion-dentro-empresas\/\" target=\"_self\">\n                10 claves para prevenir la corrupci\u00f3n dentro de las empresas            <\/a>\n        <\/h3>\n                <div class=\"wcp-post-contents rpc-content\">\n\n            La corrupci\u00f3n es uno de los mayores problemas a los que posiblemente te enfrentar\u00e1s durante la administraci\u00f3n de una empresa.\n                            <br>\n                <a href=\"https:\/\/www.amitai.com\/es\/10-claves-para-prevenir-corrupcion-dentro-empresas\/\" target=\"_self\" class=\"btn-post\">Leer m\u00e1s<\/a>\n        \n        <\/div>        \n    <\/div>\n<\/div>                <\/div>    \n\n                            <div class=\"slick-slide carousel-item-2040\">\n                    <div class=\"post-style-2 rpc-bg rpc-box\">\n    <div class=\"wcp-img-wrap\">\n        <a href=\"https:\/\/www.amitai.com\/es\/importancia-combatir-corrupcion-dentro-empresas\/\">\n            <img decoding=\"async\" width=\"640\" height=\"426\" src=\"https:\/\/www.amitai.com\/es\/wp-content\/uploads\/2020\/08\/combatir-corrupcion.jpg\" class=\"attachment- size- wp-post-image\" alt=\"Combatir la corrupci\u00f3n dentro de las empresas\" srcset=\"https:\/\/www.amitai.com\/es\/wp-content\/uploads\/2020\/08\/combatir-corrupcion.jpg 640w, https:\/\/www.amitai.com\/es\/wp-content\/uploads\/2020\/08\/combatir-corrupcion-300x200.jpg 300w\" sizes=\"(max-width: 640px) 100vw, 640px\" \/>        <\/a>\n    <\/div>\n    <div class=\"wcp-content-wrap\">\n        <h3>\n            <a class=\"rpc-title\" href=\"https:\/\/www.amitai.com\/es\/importancia-combatir-corrupcion-dentro-empresas\/\" target=\"_self\">\n                \u00bfPor qu\u00e9 es importante combatir la corrupci\u00f3n dentro de las empresas?            <\/a>\n        <\/h3>\n                <div class=\"wcp-post-contents rpc-content\">\n\n            La corrupci\u00f3n es un tema recurrente en la vida de las personas. Siempre que pensamos en ella, nuestra mente nos\n                            <br>\n                <a href=\"https:\/\/www.amitai.com\/es\/importancia-combatir-corrupcion-dentro-empresas\/\" target=\"_self\" class=\"btn-post\">Leer m\u00e1s<\/a>\n        \n        <\/div>        \n    <\/div>\n<\/div>                <\/div>    \n\n                            <div class=\"slick-slide carousel-item-2060\">\n                    <div class=\"post-style-2 rpc-bg rpc-box\">\n    <div class=\"wcp-img-wrap\">\n        <a href=\"https:\/\/www.amitai.com\/es\/como-acabar-la-corrupcion\/\">\n            <img decoding=\"async\" width=\"900\" height=\"600\" src=\"https:\/\/www.amitai.com\/es\/wp-content\/uploads\/2020\/08\/como-acabar-corrupci\u00f3n.jpg\" class=\"attachment- size- wp-post-image\" alt=\"C\u00f3mo acabar la corrupci\u00f3n\" srcset=\"https:\/\/www.amitai.com\/es\/wp-content\/uploads\/2020\/08\/como-acabar-corrupci\u00f3n.jpg 900w, https:\/\/www.amitai.com\/es\/wp-content\/uploads\/2020\/08\/como-acabar-corrupci\u00f3n-300x200.jpg 300w, https:\/\/www.amitai.com\/es\/wp-content\/uploads\/2020\/08\/como-acabar-corrupci\u00f3n-768x512.jpg 768w\" sizes=\"(max-width: 900px) 100vw, 900px\" \/>        <\/a>\n    <\/div>\n    <div class=\"wcp-content-wrap\">\n        <h3>\n            <a class=\"rpc-title\" href=\"https:\/\/www.amitai.com\/es\/como-acabar-la-corrupcion\/\" target=\"_self\">\n                C\u00f3mo acabar la corrupci\u00f3n            <\/a>\n        <\/h3>\n                <div class=\"wcp-post-contents rpc-content\">\n\n            Sabemos que una de las funciones que tienes a tu cargo\u00a0es la de cuidar que tus empleados mantengan conductas \u00e9ticas\n                            <br>\n                <a href=\"https:\/\/www.amitai.com\/es\/como-acabar-la-corrupcion\/\" target=\"_self\" class=\"btn-post\">Leer m\u00e1s<\/a>\n        \n        <\/div>        \n    <\/div>\n<\/div>                <\/div>    \n\n                            <div class=\"slick-slide carousel-item-2043\">\n                    <div class=\"post-style-2 rpc-bg rpc-box\">\n    <div class=\"wcp-img-wrap\">\n        <a href=\"https:\/\/www.amitai.com\/es\/5-factores-importantes-sobre-la-implementacion-de-test-de-etica-laboral\/\">\n            <img decoding=\"async\" width=\"786\" height=\"524\" src=\"https:\/\/www.amitai.com\/es\/wp-content\/uploads\/2020\/08\/implementacion-test-etica-laboral.jpg\" class=\"attachment- size- wp-post-image\" alt=\"Implementaci\u00f3n de test de \u00e9tica laboral\" srcset=\"https:\/\/www.amitai.com\/es\/wp-content\/uploads\/2020\/08\/implementacion-test-etica-laboral.jpg 786w, https:\/\/www.amitai.com\/es\/wp-content\/uploads\/2020\/08\/implementacion-test-etica-laboral-300x200.jpg 300w, https:\/\/www.amitai.com\/es\/wp-content\/uploads\/2020\/08\/implementacion-test-etica-laboral-768x512.jpg 768w\" sizes=\"(max-width: 786px) 100vw, 786px\" \/>        <\/a>\n    <\/div>\n    <div class=\"wcp-content-wrap\">\n        <h3>\n            <a class=\"rpc-title\" href=\"https:\/\/www.amitai.com\/es\/5-factores-importantes-sobre-la-implementacion-de-test-de-etica-laboral\/\" target=\"_self\">\n                5 factores importantes sobre la implementaci\u00f3n de test de \u00e9tica laboral            <\/a>\n        <\/h3>\n                <div class=\"wcp-post-contents rpc-content\">\n\n            [vc_row][vc_column][vc_column_text]Los tiempos, sin duda, han cambiado. La modernidad ha tra\u00eddo consigo una evoluci\u00f3n en todos los aspectos de la vida\n                            <br>\n                <a href=\"https:\/\/www.amitai.com\/es\/5-factores-importantes-sobre-la-implementacion-de-test-de-etica-laboral\/\" target=\"_self\" class=\"btn-post\">Leer m\u00e1s<\/a>\n        \n        <\/div>        \n    <\/div>\n<\/div>                <\/div>    \n\n                            <div class=\"slick-slide carousel-item-2035\">\n                    <div class=\"post-style-2 rpc-bg rpc-box\">\n    <div class=\"wcp-img-wrap\">\n        <a href=\"https:\/\/www.amitai.com\/es\/procedimientos-para-prevenir-corrupcion-dentro-de-empresas\/\">\n            <img decoding=\"async\" width=\"640\" height=\"426\" src=\"https:\/\/www.amitai.com\/es\/wp-content\/uploads\/2020\/08\/prevenir-corrupcion-empresas.jpg\" class=\"attachment- size- wp-post-image\" alt=\"\u00bfComo prevenir la corrupci\u00f3n dentro de las empresas?\" srcset=\"https:\/\/www.amitai.com\/es\/wp-content\/uploads\/2020\/08\/prevenir-corrupcion-empresas.jpg 640w, https:\/\/www.amitai.com\/es\/wp-content\/uploads\/2020\/08\/prevenir-corrupcion-empresas-300x200.jpg 300w\" sizes=\"(max-width: 640px) 100vw, 640px\" \/>        <\/a>\n    <\/div>\n    <div class=\"wcp-content-wrap\">\n        <h3>\n            <a class=\"rpc-title\" href=\"https:\/\/www.amitai.com\/es\/procedimientos-para-prevenir-corrupcion-dentro-de-empresas\/\" target=\"_self\">\n                Procedimientos concisos para prevenir la corrupci\u00f3n dentro de las empresas            <\/a>\n        <\/h3>\n                <div class=\"wcp-post-contents rpc-content\">\n\n            La corrupci\u00f3n en las empresas es un problema frecuente y grave. Puede causar p\u00e9rdidas de dinero, da\u00f1ar la imagen de\n                            <br>\n                <a href=\"https:\/\/www.amitai.com\/es\/procedimientos-para-prevenir-corrupcion-dentro-de-empresas\/\" target=\"_self\" class=\"btn-post\">Leer m\u00e1s<\/a>\n        \n        <\/div>        \n    <\/div>\n<\/div>                <\/div>    \n\n                            <div class=\"slick-slide carousel-item-2029\">\n                    <div class=\"post-style-2 rpc-bg rpc-box\">\n    <div class=\"wcp-img-wrap\">\n        <a href=\"https:\/\/www.amitai.com\/es\/criterios-fundamentales-sobre-valoracion-de-competencias\/\">\n            <img decoding=\"async\" width=\"512\" height=\"449\" src=\"https:\/\/www.amitai.com\/es\/wp-content\/uploads\/2020\/08\/criterio-valoracion-competencias.jpg\" class=\"attachment- size- wp-post-image\" alt=\"Criterios para valoraci\u00f3n de competencias\" srcset=\"https:\/\/www.amitai.com\/es\/wp-content\/uploads\/2020\/08\/criterio-valoracion-competencias.jpg 512w, https:\/\/www.amitai.com\/es\/wp-content\/uploads\/2020\/08\/criterio-valoracion-competencias-300x263.jpg 300w\" sizes=\"(max-width: 512px) 100vw, 512px\" \/>        <\/a>\n    <\/div>\n    <div class=\"wcp-content-wrap\">\n        <h3>\n            <a class=\"rpc-title\" href=\"https:\/\/www.amitai.com\/es\/criterios-fundamentales-sobre-valoracion-de-competencias\/\" target=\"_self\">\n                Criterios fundamentales sobre la valoraci\u00f3n de competencias            <\/a>\n        <\/h3>\n                <div class=\"wcp-post-contents rpc-content\">\n\n            \u00bfSabes c\u00f3mo determinar qui\u00e9nes son los candidatos ideales para la contrataci\u00f3n o para un ascenso laboral? Tendr\u00e1s la capacidad de\n                            <br>\n                <a href=\"https:\/\/www.amitai.com\/es\/criterios-fundamentales-sobre-valoracion-de-competencias\/\" target=\"_self\" class=\"btn-post\">Leer m\u00e1s<\/a>\n        \n        <\/div>        \n    <\/div>\n<\/div>                <\/div>    \n\n                            <div class=\"slick-slide carousel-item-2032\">\n                    <div class=\"post-style-2 rpc-bg rpc-box\">\n    <div class=\"wcp-img-wrap\">\n        <a href=\"https:\/\/www.amitai.com\/es\/10-caracteristicas-sobre-encuestas-de-clima-laboral\/\">\n            <img decoding=\"async\" width=\"640\" height=\"428\" src=\"https:\/\/www.amitai.com\/es\/wp-content\/uploads\/2020\/08\/encuenta-clima-laboral.jpg\" class=\"attachment- size- wp-post-image\" alt=\"Encuestas de clima laboral\" srcset=\"https:\/\/www.amitai.com\/es\/wp-content\/uploads\/2020\/08\/encuenta-clima-laboral.jpg 640w, https:\/\/www.amitai.com\/es\/wp-content\/uploads\/2020\/08\/encuenta-clima-laboral-300x201.jpg 300w\" sizes=\"(max-width: 640px) 100vw, 640px\" \/>        <\/a>\n    <\/div>\n    <div class=\"wcp-content-wrap\">\n        <h3>\n            <a class=\"rpc-title\" href=\"https:\/\/www.amitai.com\/es\/10-caracteristicas-sobre-encuestas-de-clima-laboral\/\" target=\"_self\">\n                10 caracter\u00edsticas esenciales sobre las encuestas de clima laboral            <\/a>\n        <\/h3>\n                <div class=\"wcp-post-contents rpc-content\">\n\n            [vc_row][vc_column][vc_column_text]\u00bfSabes de alguna empresa que ofrece buen ambiente laboral y es todo lo contrario? \u00a1Esperamos no sea la tuya o\n                            <br>\n                <a href=\"https:\/\/www.amitai.com\/es\/10-caracteristicas-sobre-encuestas-de-clima-laboral\/\" target=\"_self\" class=\"btn-post\">Leer m\u00e1s<\/a>\n        \n        <\/div>        \n    <\/div>\n<\/div>                <\/div>    \n\n                            <div class=\"slick-slide carousel-item-2006\">\n                    <div class=\"post-style-2 rpc-bg rpc-box\">\n    <div class=\"wcp-img-wrap\">\n        <a href=\"https:\/\/www.amitai.com\/es\/denuncia-anonima-ayudara-con-abuso-derechos\/\">\n            <img decoding=\"async\" width=\"1024\" height=\"683\" src=\"https:\/\/www.amitai.com\/es\/wp-content\/uploads\/2020\/07\/denuncia-anonima-abuso-derechos.png\" class=\"attachment- size- wp-post-image\" alt=\"Como denunciar ante abuso a derechos\" srcset=\"https:\/\/www.amitai.com\/es\/wp-content\/uploads\/2020\/07\/denuncia-anonima-abuso-derechos.png 1024w, https:\/\/www.amitai.com\/es\/wp-content\/uploads\/2020\/07\/denuncia-anonima-abuso-derechos-300x200.png 300w, https:\/\/www.amitai.com\/es\/wp-content\/uploads\/2020\/07\/denuncia-anonima-abuso-derechos-768x512.png 768w\" sizes=\"(max-width: 1024px) 100vw, 1024px\" \/>        <\/a>\n    <\/div>\n    <div class=\"wcp-content-wrap\">\n        <h3>\n            <a class=\"rpc-title\" href=\"https:\/\/www.amitai.com\/es\/denuncia-anonima-ayudara-con-abuso-derechos\/\" target=\"_self\">\n                Averigua c\u00f3mo la denuncia an\u00f3nima te ayudar\u00e1 con abuso a tus derechos            <\/a>\n        <\/h3>\n                <div class=\"wcp-post-contents rpc-content\">\n\n            El trabajador es la pieza clave dentro de una empresa o negocio, ya que es el que se encarga de\n                            <br>\n                <a href=\"https:\/\/www.amitai.com\/es\/denuncia-anonima-ayudara-con-abuso-derechos\/\" target=\"_self\" class=\"btn-post\">Leer m\u00e1s<\/a>\n        \n        <\/div>        \n    <\/div>\n<\/div>                <\/div>    \n\n                            <div class=\"slick-slide carousel-item-2009\">\n                    <div class=\"post-style-2 rpc-bg rpc-box\">\n    <div class=\"wcp-img-wrap\">\n        <a href=\"https:\/\/www.amitai.com\/es\/como-mantener-clima-laboral-sano-con-distancia-social\/\">\n            <img decoding=\"async\" width=\"1200\" height=\"627\" src=\"https:\/\/www.amitai.com\/es\/wp-content\/uploads\/2020\/07\/ambiente-laboral-ditanciamiento-social.jpg\" class=\"attachment- size- wp-post-image\" alt=\"Clima laboral con distanciamiento social\" srcset=\"https:\/\/www.amitai.com\/es\/wp-content\/uploads\/2020\/07\/ambiente-laboral-ditanciamiento-social.jpg 1200w, https:\/\/www.amitai.com\/es\/wp-content\/uploads\/2020\/07\/ambiente-laboral-ditanciamiento-social-300x157.jpg 300w, https:\/\/www.amitai.com\/es\/wp-content\/uploads\/2020\/07\/ambiente-laboral-ditanciamiento-social-768x401.jpg 768w, https:\/\/www.amitai.com\/es\/wp-content\/uploads\/2020\/07\/ambiente-laboral-ditanciamiento-social-1024x535.jpg 1024w\" sizes=\"(max-width: 1200px) 100vw, 1200px\" \/>        <\/a>\n    <\/div>\n    <div class=\"wcp-content-wrap\">\n        <h3>\n            <a class=\"rpc-title\" href=\"https:\/\/www.amitai.com\/es\/como-mantener-clima-laboral-sano-con-distancia-social\/\" target=\"_self\">\n                Ent\u00e9rate sobre c\u00f3mo mantener un clima laboral sano con distancia social            <\/a>\n        <\/h3>\n                <div class=\"wcp-post-contents rpc-content\">\n\n            Mantener un buen clima\u00a0laboral siempre ha sido un reto para las empresas, pero ahora\u00a0quiz\u00e1 piensas que se convertir\u00e1 en toda\n                            <br>\n                <a href=\"https:\/\/www.amitai.com\/es\/como-mantener-clima-laboral-sano-con-distancia-social\/\" target=\"_self\" class=\"btn-post\">Leer m\u00e1s<\/a>\n        \n        <\/div>        \n    <\/div>\n<\/div>                <\/div>    \n\n                            <div class=\"slick-slide carousel-item-1990\">\n                    <div class=\"post-style-2 rpc-bg rpc-box\">\n    <div class=\"wcp-img-wrap\">\n        <a href=\"https:\/\/www.amitai.com\/es\/como-manejar-etica-cumplimiento-laboral-tiempos-coronavirus\/\">\n            <img decoding=\"async\" width=\"640\" height=\"426\" src=\"https:\/\/www.amitai.com\/es\/wp-content\/uploads\/2020\/07\/51e9d4434e5bb10ff3d8992cc62a3379153fdae14e50744070287cd3934bc2_640.jpg\" class=\"attachment- size- wp-post-image\" alt=\"\" srcset=\"https:\/\/www.amitai.com\/es\/wp-content\/uploads\/2020\/07\/51e9d4434e5bb10ff3d8992cc62a3379153fdae14e50744070287cd3934bc2_640.jpg 640w, https:\/\/www.amitai.com\/es\/wp-content\/uploads\/2020\/07\/51e9d4434e5bb10ff3d8992cc62a3379153fdae14e50744070287cd3934bc2_640-300x200.jpg 300w\" sizes=\"(max-width: 640px) 100vw, 640px\" \/>        <\/a>\n    <\/div>\n    <div class=\"wcp-content-wrap\">\n        <h3>\n            <a class=\"rpc-title\" href=\"https:\/\/www.amitai.com\/es\/como-manejar-etica-cumplimiento-laboral-tiempos-coronavirus\/\" target=\"_self\">\n                \u00bfC\u00f3mo manejar la \u00e9tica y cumplimiento laboral en tiempos de Coronavirus?            <\/a>\n        <\/h3>\n                <div class=\"wcp-post-contents rpc-content\">\n\n            Amigo empresario, \u00bfsab\u00edas que para alcanzar los objetivos de tu organizaci\u00f3n\u00a0debes fomentar la cultura de cumplimiento y las normas de\n                            <br>\n                <a href=\"https:\/\/www.amitai.com\/es\/como-manejar-etica-cumplimiento-laboral-tiempos-coronavirus\/\" target=\"_self\" class=\"btn-post\">Leer m\u00e1s<\/a>\n        \n        <\/div>        \n    <\/div>\n<\/div>                <\/div>    \n\n                            <div class=\"slick-slide carousel-item-1993\">\n                    <div class=\"post-style-2 rpc-bg rpc-box\">\n    <div class=\"wcp-img-wrap\">\n        <a href=\"https:\/\/www.amitai.com\/es\/relacion-entre-habilidades-laborales-individuales-grupales\/\">\n            <img decoding=\"async\" width=\"1200\" height=\"630\" src=\"https:\/\/www.amitai.com\/es\/wp-content\/uploads\/2020\/08\/relacion-halididades-laborales-personales.jpg\" class=\"attachment- size- wp-post-image\" alt=\"Relaci\u00f3n entre las habilidades laborales individuales y grupales\" srcset=\"https:\/\/www.amitai.com\/es\/wp-content\/uploads\/2020\/08\/relacion-halididades-laborales-personales.jpg 1200w, https:\/\/www.amitai.com\/es\/wp-content\/uploads\/2020\/08\/relacion-halididades-laborales-personales-300x158.jpg 300w, https:\/\/www.amitai.com\/es\/wp-content\/uploads\/2020\/08\/relacion-halididades-laborales-personales-768x403.jpg 768w, https:\/\/www.amitai.com\/es\/wp-content\/uploads\/2020\/08\/relacion-halididades-laborales-personales-1024x538.jpg 1024w\" sizes=\"(max-width: 1200px) 100vw, 1200px\" \/>        <\/a>\n    <\/div>\n    <div class=\"wcp-content-wrap\">\n        <h3>\n            <a class=\"rpc-title\" href=\"https:\/\/www.amitai.com\/es\/relacion-entre-habilidades-laborales-individuales-grupales\/\" target=\"_self\">\n                Relaci\u00f3n entre las habilidades laborales individuales y grupales            <\/a>\n        <\/h3>\n                <div class=\"wcp-post-contents rpc-content\">\n\n            \u00bfTienes objetivos pendientes por alcanzar en este a\u00f1o 2020? Es cierto que estamos atravesando por uno de los peores momentos\n                            <br>\n                <a href=\"https:\/\/www.amitai.com\/es\/relacion-entre-habilidades-laborales-individuales-grupales\/\" target=\"_self\" class=\"btn-post\">Leer m\u00e1s<\/a>\n        \n        <\/div>        \n    <\/div>\n<\/div>                <\/div>    \n\n                            <div class=\"slick-slide carousel-item-1996\">\n                    <div class=\"post-style-2 rpc-bg rpc-box\">\n    <div class=\"wcp-img-wrap\">\n        <a href=\"https:\/\/www.amitai.com\/es\/a-que-nos-enfrentamos-medir-valoracion-competencias\/\">\n            <img decoding=\"async\" width=\"640\" height=\"426\" src=\"https:\/\/www.amitai.com\/es\/wp-content\/uploads\/2020\/07\/57e2d54a4c56ac14f1dc84609629357a123fdee1574c704c7c2a72d7944cc250_640.jpg\" class=\"attachment- size- wp-post-image\" alt=\"\" srcset=\"https:\/\/www.amitai.com\/es\/wp-content\/uploads\/2020\/07\/57e2d54a4c56ac14f1dc84609629357a123fdee1574c704c7c2a72d7944cc250_640.jpg 640w, https:\/\/www.amitai.com\/es\/wp-content\/uploads\/2020\/07\/57e2d54a4c56ac14f1dc84609629357a123fdee1574c704c7c2a72d7944cc250_640-300x200.jpg 300w\" sizes=\"(max-width: 640px) 100vw, 640px\" \/>        <\/a>\n    <\/div>\n    <div class=\"wcp-content-wrap\">\n        <h3>\n            <a class=\"rpc-title\" href=\"https:\/\/www.amitai.com\/es\/a-que-nos-enfrentamos-medir-valoracion-competencias\/\" target=\"_self\">\n                A qu\u00e9 nos enfrentamos al medir la valoraci\u00f3n de competencias            <\/a>\n        <\/h3>\n                <div class=\"wcp-post-contents rpc-content\">\n\n            En el \u00e1mbito laboral, es de utilidad realizar una\u00a0valoraci\u00f3n de competencias\u00a0para implementar diversos procesos relacionados con la administraci\u00f3n de los\n                            <br>\n                <a href=\"https:\/\/www.amitai.com\/es\/a-que-nos-enfrentamos-medir-valoracion-competencias\/\" target=\"_self\" class=\"btn-post\">Leer m\u00e1s<\/a>\n        \n        <\/div>        \n    <\/div>\n<\/div>                <\/div>    \n\n                            <div class=\"slick-slide carousel-item-1983\">\n                    <div class=\"post-style-2 rpc-bg rpc-box\">\n    <div class=\"wcp-img-wrap\">\n        <a href=\"https:\/\/www.amitai.com\/es\/5-funcionalidades-principales-test-valores\/\">\n            <img decoding=\"async\" width=\"1152\" height=\"768\" src=\"https:\/\/www.amitai.com\/es\/wp-content\/uploads\/2020\/07\/test-valores.jpg\" class=\"attachment- size- wp-post-image\" alt=\"Test de Valores\" srcset=\"https:\/\/www.amitai.com\/es\/wp-content\/uploads\/2020\/07\/test-valores.jpg 1152w, https:\/\/www.amitai.com\/es\/wp-content\/uploads\/2020\/07\/test-valores-300x200.jpg 300w, https:\/\/www.amitai.com\/es\/wp-content\/uploads\/2020\/07\/test-valores-768x512.jpg 768w, https:\/\/www.amitai.com\/es\/wp-content\/uploads\/2020\/07\/test-valores-1024x683.jpg 1024w\" sizes=\"(max-width: 1152px) 100vw, 1152px\" \/>        <\/a>\n    <\/div>\n    <div class=\"wcp-content-wrap\">\n        <h3>\n            <a class=\"rpc-title\" href=\"https:\/\/www.amitai.com\/es\/5-funcionalidades-principales-test-valores\/\" target=\"_self\">\n                5 Funcionalidades principales de los test de valores            <\/a>\n        <\/h3>\n                <div class=\"wcp-post-contents rpc-content\">\n\n            No es ning\u00fan secreto que las empresas necesitan tener trabajadores modelos para poder obtener una excelente productividad y una buena\n                            <br>\n                <a href=\"https:\/\/www.amitai.com\/es\/5-funcionalidades-principales-test-valores\/\" target=\"_self\" class=\"btn-post\">Leer m\u00e1s<\/a>\n        \n        <\/div>        \n    <\/div>\n<\/div>                <\/div>    \n\n                            <div class=\"slick-slide carousel-item-1935\">\n                    <div class=\"post-style-2 rpc-bg rpc-box\">\n    <div class=\"wcp-img-wrap\">\n        <a href=\"https:\/\/www.amitai.com\/es\/importancia-medicion-pruebas-comportamentales\/\">\n            <img decoding=\"async\" width=\"640\" height=\"463\" src=\"https:\/\/www.amitai.com\/es\/wp-content\/uploads\/2020\/07\/medicion-pruebas-comportamentales.jpg\" class=\"attachment- size- wp-post-image\" alt=\"Importancia de la medici\u00f3n de las pruebas comportamentales\" srcset=\"https:\/\/www.amitai.com\/es\/wp-content\/uploads\/2020\/07\/medicion-pruebas-comportamentales.jpg 640w, https:\/\/www.amitai.com\/es\/wp-content\/uploads\/2020\/07\/medicion-pruebas-comportamentales-300x217.jpg 300w\" sizes=\"(max-width: 640px) 100vw, 640px\" \/>        <\/a>\n    <\/div>\n    <div class=\"wcp-content-wrap\">\n        <h3>\n            <a class=\"rpc-title\" href=\"https:\/\/www.amitai.com\/es\/importancia-medicion-pruebas-comportamentales\/\" target=\"_self\">\n                Importancia de la medici\u00f3n de las pruebas comportamentales            <\/a>\n        <\/h3>\n                <div class=\"wcp-post-contents rpc-content\">\n\n            \u00bfEst\u00e1s realizando un proceso de selecci\u00f3n de personal? \u00bfDeseas obtener los mejores resultados y atraer a los mejores candidatos a\n                            <br>\n                <a href=\"https:\/\/www.amitai.com\/es\/importancia-medicion-pruebas-comportamentales\/\" target=\"_self\" class=\"btn-post\">Leer m\u00e1s<\/a>\n        \n        <\/div>        \n    <\/div>\n<\/div>                <\/div>    \n\n                            <div class=\"slick-slide carousel-item-1937\">\n                    <div class=\"post-style-2 rpc-bg rpc-box\">\n    <div class=\"wcp-img-wrap\">\n        <a href=\"https:\/\/www.amitai.com\/es\/evaluacion-personal-tiempos-covid-19\/\">\n            <img decoding=\"async\" width=\"640\" height=\"376\" src=\"https:\/\/www.amitai.com\/es\/wp-content\/uploads\/2020\/07\/53e2d5444855ab14f1dc84609629357a123fdee1574c704c7c2b7ad29149c55e_640.jpg\" class=\"attachment- size- wp-post-image\" alt=\"\" srcset=\"https:\/\/www.amitai.com\/es\/wp-content\/uploads\/2020\/07\/53e2d5444855ab14f1dc84609629357a123fdee1574c704c7c2b7ad29149c55e_640.jpg 640w, https:\/\/www.amitai.com\/es\/wp-content\/uploads\/2020\/07\/53e2d5444855ab14f1dc84609629357a123fdee1574c704c7c2b7ad29149c55e_640-300x176.jpg 300w\" sizes=\"(max-width: 640px) 100vw, 640px\" \/>        <\/a>\n    <\/div>\n    <div class=\"wcp-content-wrap\">\n        <h3>\n            <a class=\"rpc-title\" href=\"https:\/\/www.amitai.com\/es\/evaluacion-personal-tiempos-covid-19\/\" target=\"_self\">\n                Evaluaci\u00f3n del personal en tiempos de COVID-19            <\/a>\n        <\/h3>\n                <div class=\"wcp-post-contents rpc-content\">\n\n            Los tiempos han cambiado y eso no es un secreto para nadie. La pandemia de la\u00a0COVID &#8211; 19 ha transformado\n                            <br>\n                <a href=\"https:\/\/www.amitai.com\/es\/evaluacion-personal-tiempos-covid-19\/\" target=\"_self\" class=\"btn-post\">Leer m\u00e1s<\/a>\n        \n        <\/div>        \n    <\/div>\n<\/div>                <\/div>    \n\n                            <div class=\"slick-slide carousel-item-1920\">\n                    <div class=\"post-style-2 rpc-bg rpc-box\">\n    <div class=\"wcp-img-wrap\">\n        <a href=\"https:\/\/www.amitai.com\/es\/5-tips-buenas-practicas-pruebas-comportamentales\/\">\n            <img decoding=\"async\" width=\"640\" height=\"426\" src=\"https:\/\/www.amitai.com\/es\/wp-content\/uploads\/2020\/07\/tips-pruebas-comportamentales.jpg\" class=\"attachment- size- wp-post-image\" alt=\"Tips para pruebas comportamentales\" srcset=\"https:\/\/www.amitai.com\/es\/wp-content\/uploads\/2020\/07\/tips-pruebas-comportamentales.jpg 640w, https:\/\/www.amitai.com\/es\/wp-content\/uploads\/2020\/07\/tips-pruebas-comportamentales-300x200.jpg 300w\" sizes=\"(max-width: 640px) 100vw, 640px\" \/>        <\/a>\n    <\/div>\n    <div class=\"wcp-content-wrap\">\n        <h3>\n            <a class=\"rpc-title\" href=\"https:\/\/www.amitai.com\/es\/5-tips-buenas-practicas-pruebas-comportamentales\/\" target=\"_self\">\n                5 tips de buenas pr\u00e1cticas para las pruebas comportamentales            <\/a>\n        <\/h3>\n                <div class=\"wcp-post-contents rpc-content\">\n\n            Aplicar\u00a0pruebas comportamentales\u00a0tanto a empleados con trayectoria en tu empresa como a nuevos solicitantes te ayudar\u00e1 a tener un reclutamiento 100\n                            <br>\n                <a href=\"https:\/\/www.amitai.com\/es\/5-tips-buenas-practicas-pruebas-comportamentales\/\" target=\"_self\" class=\"btn-post\">Leer m\u00e1s<\/a>\n        \n        <\/div>        \n    <\/div>\n<\/div>                <\/div>    \n\n                            <div class=\"slick-slide carousel-item-1918\">\n                    <div class=\"post-style-2 rpc-bg rpc-box\">\n    <div class=\"wcp-img-wrap\">\n        <a href=\"https:\/\/www.amitai.com\/es\/interpretar-test-valores\/\">\n            <img decoding=\"async\" width=\"1920\" height=\"1920\" src=\"https:\/\/www.amitai.com\/es\/wp-content\/uploads\/2020\/06\/checklist-1622517_1920.png\" class=\"attachment- size- wp-post-image\" alt=\"\" srcset=\"https:\/\/www.amitai.com\/es\/wp-content\/uploads\/2020\/06\/checklist-1622517_1920.png 1920w, https:\/\/www.amitai.com\/es\/wp-content\/uploads\/2020\/06\/checklist-1622517_1920-150x150.png 150w, https:\/\/www.amitai.com\/es\/wp-content\/uploads\/2020\/06\/checklist-1622517_1920-300x300.png 300w, https:\/\/www.amitai.com\/es\/wp-content\/uploads\/2020\/06\/checklist-1622517_1920-768x768.png 768w, https:\/\/www.amitai.com\/es\/wp-content\/uploads\/2020\/06\/checklist-1622517_1920-1024x1024.png 1024w\" sizes=\"(max-width: 1920px) 100vw, 1920px\" \/>        <\/a>\n    <\/div>\n    <div class=\"wcp-content-wrap\">\n        <h3>\n            <a class=\"rpc-title\" href=\"https:\/\/www.amitai.com\/es\/interpretar-test-valores\/\" target=\"_self\">\n                \u00bfC\u00f3mo interpretar un test de valores?            <\/a>\n        <\/h3>\n                <div class=\"wcp-post-contents rpc-content\">\n\n            Uno de los pilares m\u00e1s importantes de una empresa o negocio es el trabajador, ya que \u00e9l es el que\n                            <br>\n                <a href=\"https:\/\/www.amitai.com\/es\/interpretar-test-valores\/\" target=\"_self\" class=\"btn-post\">Leer m\u00e1s<\/a>\n        \n        <\/div>        \n    <\/div>\n<\/div>                <\/div>    \n\n                            <div class=\"slick-slide carousel-item-1887\">\n                    <div class=\"post-style-2 rpc-bg rpc-box\">\n    <div class=\"wcp-img-wrap\">\n        <a href=\"https:\/\/www.amitai.com\/es\/importancia-llevar-cabo-buena-evaluacion-personal\/\">\n            <img decoding=\"async\" width=\"640\" height=\"426\" src=\"https:\/\/www.amitai.com\/es\/wp-content\/uploads\/2020\/06\/57e2d1464d55aa14f1dc84609629357a123fdee1574c704c7c2d79d79648c65d_640.jpg\" class=\"attachment- size- wp-post-image\" alt=\"evaluaci\u00f3n de personal\" srcset=\"https:\/\/www.amitai.com\/es\/wp-content\/uploads\/2020\/06\/57e2d1464d55aa14f1dc84609629357a123fdee1574c704c7c2d79d79648c65d_640.jpg 640w, https:\/\/www.amitai.com\/es\/wp-content\/uploads\/2020\/06\/57e2d1464d55aa14f1dc84609629357a123fdee1574c704c7c2d79d79648c65d_640-300x200.jpg 300w\" sizes=\"(max-width: 640px) 100vw, 640px\" \/>        <\/a>\n    <\/div>\n    <div class=\"wcp-content-wrap\">\n        <h3>\n            <a class=\"rpc-title\" href=\"https:\/\/www.amitai.com\/es\/importancia-llevar-cabo-buena-evaluacion-personal\/\" target=\"_self\">\n                Importancia de llevar a cabo una buena evaluaci\u00f3n de personal            <\/a>\n        <\/h3>\n                <div class=\"wcp-post-contents rpc-content\">\n\n            Si llegaste hasta este post es porque tu empresa o negocio est\u00e1 creciendo y necesitas conocer una forma&nbsp;efectiva&nbsp;de&nbsp;aumentar la competitividad\n                            <br>\n                <a href=\"https:\/\/www.amitai.com\/es\/importancia-llevar-cabo-buena-evaluacion-personal\/\" target=\"_self\" class=\"btn-post\">Leer m\u00e1s<\/a>\n        \n        <\/div>        \n    <\/div>\n<\/div>                <\/div>    \n\n                            <div class=\"slick-slide carousel-item-1890\">\n                    <div class=\"post-style-2 rpc-bg rpc-box\">\n    <div class=\"wcp-img-wrap\">\n        <a href=\"https:\/\/www.amitai.com\/es\/como-funciona-valoracion-competencias\/\">\n            <img decoding=\"async\" width=\"1280\" height=\"625\" src=\"https:\/\/www.amitai.com\/es\/wp-content\/uploads\/2020\/06\/valoracion-competencia.jpg\" class=\"attachment- size- wp-post-image\" alt=\"Valoraci\u00f3n de Competencia\" srcset=\"https:\/\/www.amitai.com\/es\/wp-content\/uploads\/2020\/06\/valoracion-competencia.jpg 1280w, https:\/\/www.amitai.com\/es\/wp-content\/uploads\/2020\/06\/valoracion-competencia-300x146.jpg 300w, https:\/\/www.amitai.com\/es\/wp-content\/uploads\/2020\/06\/valoracion-competencia-768x375.jpg 768w, https:\/\/www.amitai.com\/es\/wp-content\/uploads\/2020\/06\/valoracion-competencia-1024x500.jpg 1024w\" sizes=\"(max-width: 1280px) 100vw, 1280px\" \/>        <\/a>\n    <\/div>\n    <div class=\"wcp-content-wrap\">\n        <h3>\n            <a class=\"rpc-title\" href=\"https:\/\/www.amitai.com\/es\/como-funciona-valoracion-competencias\/\" target=\"_self\">\n                \u00bfC\u00f3mo funciona la valoraci\u00f3n de competencias?            <\/a>\n        <\/h3>\n                <div class=\"wcp-post-contents rpc-content\">\n\n            Tu empresa requiere a los mejores individuos que puedan aportar habilidades, conocimientos y experiencias necesarias para el bienestar colectivo. Para\n                            <br>\n                <a href=\"https:\/\/www.amitai.com\/es\/como-funciona-valoracion-competencias\/\" target=\"_self\" class=\"btn-post\">Leer m\u00e1s<\/a>\n        \n        <\/div>        \n    <\/div>\n<\/div>                <\/div>    \n\n                            <div class=\"slick-slide carousel-item-1869\">\n                    <div class=\"post-style-2 rpc-bg rpc-box\">\n    <div class=\"wcp-img-wrap\">\n        <a href=\"https:\/\/www.amitai.com\/es\/test-valores-herramienta-analizar-personalidad-empleado\/\">\n            <img decoding=\"async\" width=\"1920\" height=\"1455\" src=\"https:\/\/www.amitai.com\/es\/wp-content\/uploads\/2020\/06\/board-361516_1920.jpg\" class=\"attachment- size- wp-post-image\" alt=\"\" srcset=\"https:\/\/www.amitai.com\/es\/wp-content\/uploads\/2020\/06\/board-361516_1920.jpg 1920w, https:\/\/www.amitai.com\/es\/wp-content\/uploads\/2020\/06\/board-361516_1920-300x227.jpg 300w, https:\/\/www.amitai.com\/es\/wp-content\/uploads\/2020\/06\/board-361516_1920-768x582.jpg 768w, https:\/\/www.amitai.com\/es\/wp-content\/uploads\/2020\/06\/board-361516_1920-1024x776.jpg 1024w\" sizes=\"(max-width: 1920px) 100vw, 1920px\" \/>        <\/a>\n    <\/div>\n    <div class=\"wcp-content-wrap\">\n        <h3>\n            <a class=\"rpc-title\" href=\"https:\/\/www.amitai.com\/es\/test-valores-herramienta-analizar-personalidad-empleado\/\" target=\"_self\">\n                Test de valores como herramienta para analizar la personalidad del empleado            <\/a>\n        <\/h3>\n                <div class=\"wcp-post-contents rpc-content\">\n\n            [vc_row][vc_column][vc_column_text]Lo m\u00e1s importante para el buen funcionamiento de una empresa o negocio es el empleado, ya que este normalmente es\n                            <br>\n                <a href=\"https:\/\/www.amitai.com\/es\/test-valores-herramienta-analizar-personalidad-empleado\/\" target=\"_self\" class=\"btn-post\">Leer m\u00e1s<\/a>\n        \n        <\/div>        \n    <\/div>\n<\/div>                <\/div>    \n\n                            <div class=\"slick-slide carousel-item-1866\">\n                    <div class=\"post-style-2 rpc-bg rpc-box\">\n    <div class=\"wcp-img-wrap\">\n        <a href=\"https:\/\/www.amitai.com\/es\/pruebas-comportamentales-para-que-sirven\/\">\n            <img decoding=\"async\" width=\"960\" height=\"640\" src=\"https:\/\/www.amitai.com\/es\/wp-content\/uploads\/2020\/06\/pruebas-comportamentales.jpg\" class=\"attachment- size- wp-post-image\" alt=\"Pruebas comportamentales\" srcset=\"https:\/\/www.amitai.com\/es\/wp-content\/uploads\/2020\/06\/pruebas-comportamentales.jpg 960w, https:\/\/www.amitai.com\/es\/wp-content\/uploads\/2020\/06\/pruebas-comportamentales-300x200.jpg 300w, https:\/\/www.amitai.com\/es\/wp-content\/uploads\/2020\/06\/pruebas-comportamentales-768x512.jpg 768w\" sizes=\"(max-width: 960px) 100vw, 960px\" \/>        <\/a>\n    <\/div>\n    <div class=\"wcp-content-wrap\">\n        <h3>\n            <a class=\"rpc-title\" href=\"https:\/\/www.amitai.com\/es\/pruebas-comportamentales-para-que-sirven\/\" target=\"_self\">\n                \u00bfQu\u00e9 son las pruebas comportamentales y para qu\u00e9 sirven?            <\/a>\n        <\/h3>\n                <div class=\"wcp-post-contents rpc-content\">\n\n            Para tener un puesto de trabajo, se deben tener las habilidades adecuadas que satisfagan exitosamente las exigencias del mismo. Adem\u00e1s\n                            <br>\n                <a href=\"https:\/\/www.amitai.com\/es\/pruebas-comportamentales-para-que-sirven\/\" target=\"_self\" class=\"btn-post\">Leer m\u00e1s<\/a>\n        \n        <\/div>        \n    <\/div>\n<\/div>                <\/div>    \n\n                            <div class=\"slick-slide carousel-item-1852\">\n                    <div class=\"post-style-2 rpc-bg rpc-box\">\n    <div class=\"wcp-img-wrap\">\n        <a href=\"https:\/\/www.amitai.com\/es\/parametros-principales-evaluacion-personal\/\">\n            <img decoding=\"async\" width=\"640\" height=\"376\" src=\"https:\/\/www.amitai.com\/es\/wp-content\/uploads\/2020\/06\/evaluacion-personal.jpg\" class=\"attachment- size- wp-post-image\" alt=\"\u00bfComo evaluar personal?\" srcset=\"https:\/\/www.amitai.com\/es\/wp-content\/uploads\/2020\/06\/evaluacion-personal.jpg 640w, https:\/\/www.amitai.com\/es\/wp-content\/uploads\/2020\/06\/evaluacion-personal-300x176.jpg 300w\" sizes=\"(max-width: 640px) 100vw, 640px\" \/>        <\/a>\n    <\/div>\n    <div class=\"wcp-content-wrap\">\n        <h3>\n            <a class=\"rpc-title\" href=\"https:\/\/www.amitai.com\/es\/parametros-principales-evaluacion-personal\/\" target=\"_self\">\n                Cu\u00e1les son los par\u00e1metros principales de la Evaluaci\u00f3n de Personal            <\/a>\n        <\/h3>\n                <div class=\"wcp-post-contents rpc-content\">\n\n            La labor de todo aquel gestor de recursos humanos consiste en encontrar y evidenciar las habilidades de todas y cada\n                            <br>\n                <a href=\"https:\/\/www.amitai.com\/es\/parametros-principales-evaluacion-personal\/\" target=\"_self\" class=\"btn-post\">Leer m\u00e1s<\/a>\n        \n        <\/div>        \n    <\/div>\n<\/div>                <\/div>    \n\n                            <div class=\"slick-slide carousel-item-1816\">\n                    <div class=\"post-style-2 rpc-bg rpc-box\">\n    <div class=\"wcp-img-wrap\">\n        <a href=\"https:\/\/www.amitai.com\/es\/urgente-implementar-herramientas-etica-corporativa-tiempos-pandemia\/\">\n            <img decoding=\"async\" width=\"640\" height=\"426\" src=\"https:\/\/www.amitai.com\/es\/wp-content\/uploads\/2020\/06\/implementacion-etica-corporativa.jpg\" class=\"attachment- size- wp-post-image\" alt=\"Implementaci\u00f3n de la \u00e9tica corporativa\" srcset=\"https:\/\/www.amitai.com\/es\/wp-content\/uploads\/2020\/06\/implementacion-etica-corporativa.jpg 640w, https:\/\/www.amitai.com\/es\/wp-content\/uploads\/2020\/06\/implementacion-etica-corporativa-300x200.jpg 300w\" sizes=\"(max-width: 640px) 100vw, 640px\" \/>        <\/a>\n    <\/div>\n    <div class=\"wcp-content-wrap\">\n        <h3>\n            <a class=\"rpc-title\" href=\"https:\/\/www.amitai.com\/es\/urgente-implementar-herramientas-etica-corporativa-tiempos-pandemia\/\" target=\"_self\">\n                Es urgente implementar herramientas de \u00e9tica corporativa en tiempos de pandemia            <\/a>\n        <\/h3>\n                <div class=\"wcp-post-contents rpc-content\">\n\n            El COVID-19 ha cambiado para siempre la forma en que trabajamos; el distanciamiento social, el abrupto cambio hacia el teletrabajo\n                            <br>\n                <a href=\"https:\/\/www.amitai.com\/es\/urgente-implementar-herramientas-etica-corporativa-tiempos-pandemia\/\" target=\"_self\" class=\"btn-post\">Leer m\u00e1s<\/a>\n        \n        <\/div>        \n    <\/div>\n<\/div>                <\/div>    \n\n                            <div class=\"slick-slide carousel-item-1811\">\n                    <div class=\"post-style-2 rpc-bg rpc-box\">\n    <div class=\"wcp-img-wrap\">\n        <a href=\"https:\/\/www.amitai.com\/es\/tests-psicometricos-medida-preventiva-baja-empeno-laboral\/\">\n            <img decoding=\"async\" width=\"800\" height=\"534\" src=\"https:\/\/www.amitai.com\/es\/wp-content\/uploads\/2020\/05\/prevencion-baja-empe\u00f1o-laboral.jpg\" class=\"attachment- size- wp-post-image\" alt=\"Prevenci\u00f3n bajo empe\u00f1o laboral\" srcset=\"https:\/\/www.amitai.com\/es\/wp-content\/uploads\/2020\/05\/prevencion-baja-empe\u00f1o-laboral.jpg 800w, https:\/\/www.amitai.com\/es\/wp-content\/uploads\/2020\/05\/prevencion-baja-empe\u00f1o-laboral-300x200.jpg 300w, https:\/\/www.amitai.com\/es\/wp-content\/uploads\/2020\/05\/prevencion-baja-empe\u00f1o-laboral-768x513.jpg 768w\" sizes=\"(max-width: 800px) 100vw, 800px\" \/>        <\/a>\n    <\/div>\n    <div class=\"wcp-content-wrap\">\n        <h3>\n            <a class=\"rpc-title\" href=\"https:\/\/www.amitai.com\/es\/tests-psicometricos-medida-preventiva-baja-empeno-laboral\/\" target=\"_self\">\n                Tests psicom\u00e9tricos como medida preventiva a la baja de empe\u00f1o laboral            <\/a>\n        <\/h3>\n                <div class=\"wcp-post-contents rpc-content\">\n\n            La mayor\u00eda de las personas se&nbsp;ha&nbsp;sometido a un test psicom\u00e9trico, ya fuese para ingresar a una escuela o, lo&nbsp;m\u00e1s seguro,\n                            <br>\n                <a href=\"https:\/\/www.amitai.com\/es\/tests-psicometricos-medida-preventiva-baja-empeno-laboral\/\" target=\"_self\" class=\"btn-post\">Leer m\u00e1s<\/a>\n        \n        <\/div>        \n    <\/div>\n<\/div>                <\/div>    \n\n                            <div class=\"slick-slide carousel-item-1813\">\n                    <div class=\"post-style-2 rpc-bg rpc-box\">\n    <div class=\"wcp-img-wrap\">\n        <a href=\"https:\/\/www.amitai.com\/es\/cuando-pueden-implementar-pruebas-psicometricas-empleados\/\">\n            <img decoding=\"async\" width=\"640\" height=\"426\" src=\"https:\/\/www.amitai.com\/es\/wp-content\/uploads\/2020\/05\/52e1d6424e5aae14f1dc84609629357a123fdee1574c704c7c2f7ed7964ecc51_640.jpg\" class=\"attachment- size- wp-post-image\" alt=\"\" srcset=\"https:\/\/www.amitai.com\/es\/wp-content\/uploads\/2020\/05\/52e1d6424e5aae14f1dc84609629357a123fdee1574c704c7c2f7ed7964ecc51_640.jpg 640w, https:\/\/www.amitai.com\/es\/wp-content\/uploads\/2020\/05\/52e1d6424e5aae14f1dc84609629357a123fdee1574c704c7c2f7ed7964ecc51_640-300x200.jpg 300w\" sizes=\"(max-width: 640px) 100vw, 640px\" \/>        <\/a>\n    <\/div>\n    <div class=\"wcp-content-wrap\">\n        <h3>\n            <a class=\"rpc-title\" href=\"https:\/\/www.amitai.com\/es\/cuando-pueden-implementar-pruebas-psicometricas-empleados\/\" target=\"_self\">\n                Cada cu\u00e1ndo se pueden implementar pruebas psicom\u00e9tricas a los empleados            <\/a>\n        <\/h3>\n                <div class=\"wcp-post-contents rpc-content\">\n\n            La evaluaci\u00f3n de personal mediante\u00a0pruebas psicom\u00e9tricas laborales\u00a0se ha realizado desde principios del siglo pasado. A partir de entonces, las formas\n                            <br>\n                <a href=\"https:\/\/www.amitai.com\/es\/cuando-pueden-implementar-pruebas-psicometricas-empleados\/\" target=\"_self\" class=\"btn-post\">Leer m\u00e1s<\/a>\n        \n        <\/div>        \n    <\/div>\n<\/div>                <\/div>    \n\n                            <div class=\"slick-slide carousel-item-1785\">\n                    <div class=\"post-style-2 rpc-bg rpc-box\">\n    <div class=\"wcp-img-wrap\">\n        <a href=\"https:\/\/www.amitai.com\/es\/adaptar-entorno-etico-organizacion-problemas\/\">\n            <img decoding=\"async\" width=\"1920\" height=\"1280\" src=\"https:\/\/www.amitai.com\/es\/wp-content\/uploads\/2020\/05\/etica.jpg\" class=\"attachment- size- wp-post-image\" alt=\"\" srcset=\"https:\/\/www.amitai.com\/es\/wp-content\/uploads\/2020\/05\/etica.jpg 1920w, https:\/\/www.amitai.com\/es\/wp-content\/uploads\/2020\/05\/etica-300x200.jpg 300w, https:\/\/www.amitai.com\/es\/wp-content\/uploads\/2020\/05\/etica-768x512.jpg 768w, https:\/\/www.amitai.com\/es\/wp-content\/uploads\/2020\/05\/etica-1024x683.jpg 1024w\" sizes=\"(max-width: 1920px) 100vw, 1920px\" \/>        <\/a>\n    <\/div>\n    <div class=\"wcp-content-wrap\">\n        <h3>\n            <a class=\"rpc-title\" href=\"https:\/\/www.amitai.com\/es\/adaptar-entorno-etico-organizacion-problemas\/\" target=\"_self\">\n                C\u00f3mo adaptar un entorno \u00e9tico a una organizaci\u00f3n en problemas            <\/a>\n        <\/h3>\n                <div class=\"wcp-post-contents rpc-content\">\n\n            La falta de\u00a0\u00e9tica organizacional\u00a0en muchas ocasiones se ha diagnosticado como el resultado de m\u00faltiples fallas de las pr\u00e1cticas empresariales. Sin\n                            <br>\n                <a href=\"https:\/\/www.amitai.com\/es\/adaptar-entorno-etico-organizacion-problemas\/\" target=\"_self\" class=\"btn-post\">Leer m\u00e1s<\/a>\n        \n        <\/div>        \n    <\/div>\n<\/div>                <\/div>    \n\n                            <div class=\"slick-slide carousel-item-1782\">\n                    <div class=\"post-style-2 rpc-bg rpc-box\">\n    <div class=\"wcp-img-wrap\">\n        <a href=\"https:\/\/www.amitai.com\/es\/evolucion-habilidades-laborales-ante-dificultades\/\">\n            <img decoding=\"async\" width=\"640\" height=\"430\" src=\"https:\/\/www.amitai.com\/es\/wp-content\/uploads\/2020\/05\/55e0d0464d52a814f1dc84609629357a123fdee1574c704c7c2f79d49345c659_640.jpg\" class=\"attachment- size- wp-post-image\" alt=\"\" srcset=\"https:\/\/www.amitai.com\/es\/wp-content\/uploads\/2020\/05\/55e0d0464d52a814f1dc84609629357a123fdee1574c704c7c2f79d49345c659_640.jpg 640w, https:\/\/www.amitai.com\/es\/wp-content\/uploads\/2020\/05\/55e0d0464d52a814f1dc84609629357a123fdee1574c704c7c2f79d49345c659_640-300x202.jpg 300w\" sizes=\"(max-width: 640px) 100vw, 640px\" \/>        <\/a>\n    <\/div>\n    <div class=\"wcp-content-wrap\">\n        <h3>\n            <a class=\"rpc-title\" href=\"https:\/\/www.amitai.com\/es\/evolucion-habilidades-laborales-ante-dificultades\/\" target=\"_self\">\n                Evoluci\u00f3n de las habilidades laborales ante las dificultades            <\/a>\n        <\/h3>\n                <div class=\"wcp-post-contents rpc-content\">\n\n            El cambio es inevitable para\u00a0las organizaciones y, a su vez, trae consigo una necesaria evoluci\u00f3n de las\u00a0habilidades laborales. Es decir,\n                            <br>\n                <a href=\"https:\/\/www.amitai.com\/es\/evolucion-habilidades-laborales-ante-dificultades\/\" target=\"_self\" class=\"btn-post\">Leer m\u00e1s<\/a>\n        \n        <\/div>        \n    <\/div>\n<\/div>                <\/div>    \n\n                            <div class=\"slick-slide carousel-item-1780\">\n                    <div class=\"post-style-2 rpc-bg rpc-box\">\n    <div class=\"wcp-img-wrap\">\n        <a href=\"https:\/\/www.amitai.com\/es\/5-acciones-deben-tomar-lideres-mantener-clima-laboral-idoneo\/\">\n            <img decoding=\"async\" width=\"640\" height=\"426\" src=\"https:\/\/www.amitai.com\/es\/wp-content\/uploads\/2020\/05\/57e9d24a4854ad14f1dc84609629357a123fdee1574c704c7c2f7ad7944dc558_640.jpg\" class=\"attachment- size- wp-post-image\" alt=\"\" srcset=\"https:\/\/www.amitai.com\/es\/wp-content\/uploads\/2020\/05\/57e9d24a4854ad14f1dc84609629357a123fdee1574c704c7c2f7ad7944dc558_640.jpg 640w, https:\/\/www.amitai.com\/es\/wp-content\/uploads\/2020\/05\/57e9d24a4854ad14f1dc84609629357a123fdee1574c704c7c2f7ad7944dc558_640-300x200.jpg 300w\" sizes=\"(max-width: 640px) 100vw, 640px\" \/>        <\/a>\n    <\/div>\n    <div class=\"wcp-content-wrap\">\n        <h3>\n            <a class=\"rpc-title\" href=\"https:\/\/www.amitai.com\/es\/5-acciones-deben-tomar-lideres-mantener-clima-laboral-idoneo\/\" target=\"_self\">\n                5 Acciones que deben tomar los l\u00edderes para mantener un clima laboral id\u00f3neo            <\/a>\n        <\/h3>\n                <div class=\"wcp-post-contents rpc-content\">\n\n            Un excelente clima laboral motiva a los empleados, eleva la moral, mejora el desempe\u00f1o de la compa\u00f1\u00eda y atrae talento.\n                            <br>\n                <a href=\"https:\/\/www.amitai.com\/es\/5-acciones-deben-tomar-lideres-mantener-clima-laboral-idoneo\/\" target=\"_self\" class=\"btn-post\">Leer m\u00e1s<\/a>\n        \n        <\/div>        \n    <\/div>\n<\/div>                <\/div>    \n\n                            <div class=\"slick-slide carousel-item-1776\">\n                    <div class=\"post-style-2 rpc-bg rpc-box\">\n    <div class=\"wcp-img-wrap\">\n        <a href=\"https:\/\/www.amitai.com\/es\/como-manejar-etica-cumplimiento-trabajando-desde-casa\/\">\n            <img decoding=\"async\" width=\"640\" height=\"426\" src=\"https:\/\/www.amitai.com\/es\/wp-content\/uploads\/2020\/05\/teletrabajo-responsable.jpg\" class=\"attachment- size- wp-post-image\" alt=\"Teletrabajo Responsable\" srcset=\"https:\/\/www.amitai.com\/es\/wp-content\/uploads\/2020\/05\/teletrabajo-responsable.jpg 640w, https:\/\/www.amitai.com\/es\/wp-content\/uploads\/2020\/05\/teletrabajo-responsable-300x200.jpg 300w\" sizes=\"(max-width: 640px) 100vw, 640px\" \/>        <\/a>\n    <\/div>\n    <div class=\"wcp-content-wrap\">\n        <h3>\n            <a class=\"rpc-title\" href=\"https:\/\/www.amitai.com\/es\/como-manejar-etica-cumplimiento-trabajando-desde-casa\/\" target=\"_self\">\n                C\u00f3mo manejar la \u00e9tica y cumplimiento trabajando desde casa            <\/a>\n        <\/h3>\n                <div class=\"wcp-post-contents rpc-content\">\n\n            El teletrabajo es una modalidad laboral que ha adquirido cada vez m\u00e1s adeptos en los \u00faltimos a\u00f1os, desde\u00a0independientes hasta grandes\n                            <br>\n                <a href=\"https:\/\/www.amitai.com\/es\/como-manejar-etica-cumplimiento-trabajando-desde-casa\/\" target=\"_self\" class=\"btn-post\">Leer m\u00e1s<\/a>\n        \n        <\/div>        \n    <\/div>\n<\/div>                <\/div>    \n\n                            <div class=\"slick-slide carousel-item-1752\">\n                    <div class=\"post-style-2 rpc-bg rpc-box\">\n    <div class=\"wcp-img-wrap\">\n        <a href=\"https:\/\/www.amitai.com\/es\/pasos-realizar-denuncia-anonima\/\">\n            <img decoding=\"async\" width=\"640\" height=\"426\" src=\"https:\/\/www.amitai.com\/es\/wp-content\/uploads\/2020\/05\/Pasos-para-realizar-una-denuncia-an\u00f3nima.jpg\" class=\"attachment- size- wp-post-image\" alt=\"realiza una denuncia\" srcset=\"https:\/\/www.amitai.com\/es\/wp-content\/uploads\/2020\/05\/Pasos-para-realizar-una-denuncia-an\u00f3nima.jpg 640w, https:\/\/www.amitai.com\/es\/wp-content\/uploads\/2020\/05\/Pasos-para-realizar-una-denuncia-an\u00f3nima-300x200.jpg 300w\" sizes=\"(max-width: 640px) 100vw, 640px\" \/>        <\/a>\n    <\/div>\n    <div class=\"wcp-content-wrap\">\n        <h3>\n            <a class=\"rpc-title\" href=\"https:\/\/www.amitai.com\/es\/pasos-realizar-denuncia-anonima\/\" target=\"_self\">\n                Pasos para realizar una denuncia            <\/a>\n        <\/h3>\n                <div class=\"wcp-post-contents rpc-content\">\n\n            La\u00a0denuncia an\u00f3nima\u00a0se ha vuelto una herramienta fundamental de las empresas que\u00a0buscan un ambiente laboral eficiente y altamente productivo. Esto no\n                            <br>\n                <a href=\"https:\/\/www.amitai.com\/es\/pasos-realizar-denuncia-anonima\/\" target=\"_self\" class=\"btn-post\">Leer m\u00e1s<\/a>\n        \n        <\/div>        \n    <\/div>\n<\/div>                <\/div>    \n\n                            <div class=\"slick-slide carousel-item-1765\">\n                    <div class=\"post-style-2 rpc-bg rpc-box\">\n    <div class=\"wcp-img-wrap\">\n        <a href=\"https:\/\/www.amitai.com\/es\/guia-orillado-honestidad-trabajo\/\">\n            <img decoding=\"async\" width=\"640\" height=\"426\" src=\"https:\/\/www.amitai.com\/es\/wp-content\/uploads\/2020\/05\/Gu\u00eda-del-profesional-orillado-a-la-honestidad-en-el-trabajo.jpg\" class=\"attachment- size- wp-post-image\" alt=\"Gu\u00eda del profesional orillado a la honestidad en el trabajo\" srcset=\"https:\/\/www.amitai.com\/es\/wp-content\/uploads\/2020\/05\/Gu\u00eda-del-profesional-orillado-a-la-honestidad-en-el-trabajo.jpg 640w, https:\/\/www.amitai.com\/es\/wp-content\/uploads\/2020\/05\/Gu\u00eda-del-profesional-orillado-a-la-honestidad-en-el-trabajo-300x200.jpg 300w\" sizes=\"(max-width: 640px) 100vw, 640px\" \/>        <\/a>\n    <\/div>\n    <div class=\"wcp-content-wrap\">\n        <h3>\n            <a class=\"rpc-title\" href=\"https:\/\/www.amitai.com\/es\/guia-orillado-honestidad-trabajo\/\" target=\"_self\">\n                Gu\u00eda del profesional orillado a la honestidad en el trabajo            <\/a>\n        <\/h3>\n                <div class=\"wcp-post-contents rpc-content\">\n\n            La\u00a0honestidad en el trabajo\u00a0es sumamente valorada\u00a0por la directiva de una empresa.\u00a0Al tener un\u00a0cuerpo de empleados\u00a0en el que la directiva pueda\n                            <br>\n                <a href=\"https:\/\/www.amitai.com\/es\/guia-orillado-honestidad-trabajo\/\" target=\"_self\" class=\"btn-post\">Leer m\u00e1s<\/a>\n        \n        <\/div>        \n    <\/div>\n<\/div>                <\/div>    \n\n                            <div class=\"slick-slide carousel-item-1750\">\n                    <div class=\"post-style-2 rpc-bg rpc-box\">\n    <div class=\"wcp-img-wrap\">\n        <a href=\"https:\/\/www.amitai.com\/es\/tipos-personalidades-empresas-pruebas-psicometricas\/\">\n            <img decoding=\"async\" width=\"640\" height=\"426\" src=\"https:\/\/www.amitai.com\/es\/wp-content\/uploads\/2020\/05\/52e8d6464b53aa14f1dc84609629357a123fdee1574c704c7d277ed19649c55b_640.jpg\" class=\"attachment- size- wp-post-image\" alt=\"5 Tipos de personalidades m\u00e1s requeridos en las empresas y usados en pruebas psicom\u00e9tricas\" srcset=\"https:\/\/www.amitai.com\/es\/wp-content\/uploads\/2020\/05\/52e8d6464b53aa14f1dc84609629357a123fdee1574c704c7d277ed19649c55b_640.jpg 640w, https:\/\/www.amitai.com\/es\/wp-content\/uploads\/2020\/05\/52e8d6464b53aa14f1dc84609629357a123fdee1574c704c7d277ed19649c55b_640-300x200.jpg 300w\" sizes=\"(max-width: 640px) 100vw, 640px\" \/>        <\/a>\n    <\/div>\n    <div class=\"wcp-content-wrap\">\n        <h3>\n            <a class=\"rpc-title\" href=\"https:\/\/www.amitai.com\/es\/tipos-personalidades-empresas-pruebas-psicometricas\/\" target=\"_self\">\n                5 Tipos de personalidades m\u00e1s requeridos en las empresas y usados en pruebas psicom\u00e9tricas            <\/a>\n        <\/h3>\n                <div class=\"wcp-post-contents rpc-content\">\n\n            Actualmente, los procesos de reclutamiento de\u00a0las empresas no solo buscan candidatos aptos para el puesto, sino que tambi\u00e9n se enfocan\n                            <br>\n                <a href=\"https:\/\/www.amitai.com\/es\/tipos-personalidades-empresas-pruebas-psicometricas\/\" target=\"_self\" class=\"btn-post\">Leer m\u00e1s<\/a>\n        \n        <\/div>        \n    <\/div>\n<\/div>                <\/div>    \n\n                            <div class=\"slick-slide carousel-item-1748\">\n                    <div class=\"post-style-2 rpc-bg rpc-box\">\n    <div class=\"wcp-img-wrap\">\n        <a href=\"https:\/\/www.amitai.com\/es\/tips-colaboradores-habilidades-laborales\/\">\n            <img decoding=\"async\" width=\"642\" height=\"428\" src=\"https:\/\/www.amitai.com\/es\/wp-content\/uploads\/2020\/05\/5-tips-para-que-tus-colaboradores-desarrollen-nuevas-habilidades-laborales.jpg\" class=\"attachment- size- wp-post-image\" alt=\"5 tips para que tus colaboradores desarrollen nuevas habilidades laborales\" srcset=\"https:\/\/www.amitai.com\/es\/wp-content\/uploads\/2020\/05\/5-tips-para-que-tus-colaboradores-desarrollen-nuevas-habilidades-laborales.jpg 642w, https:\/\/www.amitai.com\/es\/wp-content\/uploads\/2020\/05\/5-tips-para-que-tus-colaboradores-desarrollen-nuevas-habilidades-laborales-300x200.jpg 300w\" sizes=\"(max-width: 642px) 100vw, 642px\" \/>        <\/a>\n    <\/div>\n    <div class=\"wcp-content-wrap\">\n        <h3>\n            <a class=\"rpc-title\" href=\"https:\/\/www.amitai.com\/es\/tips-colaboradores-habilidades-laborales\/\" target=\"_self\">\n                5 tips para que tus colaboradores desarrollen nuevas habilidades laborales            <\/a>\n        <\/h3>\n                <div class=\"wcp-post-contents rpc-content\">\n\n            \u00bfDeseas aumentar la productividad de tu empresa pero no sabes c\u00f3mo? Tal vez sea el turno\u00a0de apostar por los recursos\n                            <br>\n                <a href=\"https:\/\/www.amitai.com\/es\/tips-colaboradores-habilidades-laborales\/\" target=\"_self\" class=\"btn-post\">Leer m\u00e1s<\/a>\n        \n        <\/div>        \n    <\/div>\n<\/div>                <\/div>    \n\n                            <div class=\"slick-slide carousel-item-1741\">\n                    <div class=\"post-style-2 rpc-bg rpc-box\">\n    <div class=\"wcp-img-wrap\">\n        <a href=\"https:\/\/www.amitai.com\/es\/reactivos-fundamentales-encuesta-clima-laboral\/\">\n            <img decoding=\"async\" width=\"642\" height=\"428\" src=\"https:\/\/www.amitai.com\/es\/wp-content\/uploads\/2020\/04\/reactivos-fundamentales-para-considerar-en-la-encuesta-del-clima-laboral.jpg\" class=\"attachment- size- wp-post-image\" alt=\"Tambi\u00e9n te va a interesar: medici\u00f3n del clima laboral, la importancia de las encuestas.\" srcset=\"https:\/\/www.amitai.com\/es\/wp-content\/uploads\/2020\/04\/reactivos-fundamentales-para-considerar-en-la-encuesta-del-clima-laboral.jpg 642w, https:\/\/www.amitai.com\/es\/wp-content\/uploads\/2020\/04\/reactivos-fundamentales-para-considerar-en-la-encuesta-del-clima-laboral-300x200.jpg 300w\" sizes=\"(max-width: 642px) 100vw, 642px\" \/>        <\/a>\n    <\/div>\n    <div class=\"wcp-content-wrap\">\n        <h3>\n            <a class=\"rpc-title\" href=\"https:\/\/www.amitai.com\/es\/reactivos-fundamentales-encuesta-clima-laboral\/\" target=\"_self\">\n                5 reactivos fundamentales para considerar en la encuesta del clima laboral            <\/a>\n        <\/h3>\n                <div class=\"wcp-post-contents rpc-content\">\n\n            Hay diversas cuestiones que afectan el clima laboral de tu empresa. Algunas de ellas se pueden notar con facilidad; sin\n                            <br>\n                <a href=\"https:\/\/www.amitai.com\/es\/reactivos-fundamentales-encuesta-clima-laboral\/\" target=\"_self\" class=\"btn-post\">Leer m\u00e1s<\/a>\n        \n        <\/div>        \n    <\/div>\n<\/div>                <\/div>    \n\n                            <div class=\"slick-slide carousel-item-1743\">\n                    <div class=\"post-style-2 rpc-bg rpc-box\">\n    <div class=\"wcp-img-wrap\">\n        <a href=\"https:\/\/www.amitai.com\/es\/diferencias-entre-moral-y-etica-basada-en-el-cumplimiento\/\">\n            <img decoding=\"async\" width=\"640\" height=\"403\" src=\"https:\/\/www.amitai.com\/es\/wp-content\/uploads\/2019\/07\/55e2d4404350a814f6da8c7dda79367c1138dee557556c4870297add9048cd5cbb_640.jpg\" class=\"attachment- size- wp-post-image\" alt=\"prueba de \u00e9tica laboral\" srcset=\"https:\/\/www.amitai.com\/es\/wp-content\/uploads\/2019\/07\/55e2d4404350a814f6da8c7dda79367c1138dee557556c4870297add9048cd5cbb_640.jpg 640w, https:\/\/www.amitai.com\/es\/wp-content\/uploads\/2019\/07\/55e2d4404350a814f6da8c7dda79367c1138dee557556c4870297add9048cd5cbb_640-300x189.jpg 300w\" sizes=\"(max-width: 640px) 100vw, 640px\" \/>        <\/a>\n    <\/div>\n    <div class=\"wcp-content-wrap\">\n        <h3>\n            <a class=\"rpc-title\" href=\"https:\/\/www.amitai.com\/es\/diferencias-entre-moral-y-etica-basada-en-el-cumplimiento\/\" target=\"_self\">\n                Diferencias entre moral y \u00e9tica basada en el cumplimiento            <\/a>\n        <\/h3>\n                <div class=\"wcp-post-contents rpc-content\">\n\n            [vc_row][vc_column][vc_column_text]Hablar de\u00a0\u00e9tica y cumplimiento\u00a0es una cuesti\u00f3n que impl\u00edcitamente te llevar\u00e1 a reflexionar sobre qu\u00e9 es la moral y\u00a0definir las diferencias\n                            <br>\n                <a href=\"https:\/\/www.amitai.com\/es\/diferencias-entre-moral-y-etica-basada-en-el-cumplimiento\/\" target=\"_self\" class=\"btn-post\">Leer m\u00e1s<\/a>\n        \n        <\/div>        \n    <\/div>\n<\/div>                <\/div>    \n\n                            <div class=\"slick-slide carousel-item-1726\">\n                    <div class=\"post-style-2 rpc-bg rpc-box\">\n    <div class=\"wcp-img-wrap\">\n        <a href=\"https:\/\/www.amitai.com\/es\/correlacion-clima-organizacional\/\">\n            <img decoding=\"async\" width=\"642\" height=\"428\" src=\"https:\/\/www.amitai.com\/es\/wp-content\/uploads\/2020\/04\/Correlacion-del-clima-organizacional-y-los-resultados-positivos-de-la-empresa.jpg\" class=\"attachment- size- wp-post-image\" alt=\"Correlaci\u00f3n del clima organizacional y los resultados positivos de la empresa\" srcset=\"https:\/\/www.amitai.com\/es\/wp-content\/uploads\/2020\/04\/Correlacion-del-clima-organizacional-y-los-resultados-positivos-de-la-empresa.jpg 642w, https:\/\/www.amitai.com\/es\/wp-content\/uploads\/2020\/04\/Correlacion-del-clima-organizacional-y-los-resultados-positivos-de-la-empresa-300x200.jpg 300w\" sizes=\"(max-width: 642px) 100vw, 642px\" \/>        <\/a>\n    <\/div>\n    <div class=\"wcp-content-wrap\">\n        <h3>\n            <a class=\"rpc-title\" href=\"https:\/\/www.amitai.com\/es\/correlacion-clima-organizacional\/\" target=\"_self\">\n                Correlaci\u00f3n del clima organizacional y los resultados positivos de la empresa            <\/a>\n        <\/h3>\n                <div class=\"wcp-post-contents rpc-content\">\n\n            \u00bfDeseas que tus colaboradores brinden el esfuerzo m\u00e1ximo en tu empresa? Puede ser que tus trabajadores tengan talento especial para\n                            <br>\n                <a href=\"https:\/\/www.amitai.com\/es\/correlacion-clima-organizacional\/\" target=\"_self\" class=\"btn-post\">Leer m\u00e1s<\/a>\n        \n        <\/div>        \n    <\/div>\n<\/div>                <\/div>    \n\n                            <div class=\"slick-slide carousel-item-1720\">\n                    <div class=\"post-style-2 rpc-bg rpc-box\">\n    <div class=\"wcp-img-wrap\">\n        <a href=\"https:\/\/www.amitai.com\/es\/preguntas-empleados-realizar-denuncias-anonimas\/\">\n            <img decoding=\"async\" width=\"642\" height=\"428\" src=\"https:\/\/www.amitai.com\/es\/wp-content\/uploads\/2020\/04\/Preguntas-frecuentes-de-los-empleados-para-realizar-denuncias-anonimas.jpg\" class=\"attachment- size- wp-post-image\" alt=\"denuncia laboral\" srcset=\"https:\/\/www.amitai.com\/es\/wp-content\/uploads\/2020\/04\/Preguntas-frecuentes-de-los-empleados-para-realizar-denuncias-anonimas.jpg 642w, https:\/\/www.amitai.com\/es\/wp-content\/uploads\/2020\/04\/Preguntas-frecuentes-de-los-empleados-para-realizar-denuncias-anonimas-300x200.jpg 300w\" sizes=\"(max-width: 642px) 100vw, 642px\" \/>        <\/a>\n    <\/div>\n    <div class=\"wcp-content-wrap\">\n        <h3>\n            <a class=\"rpc-title\" href=\"https:\/\/www.amitai.com\/es\/preguntas-empleados-realizar-denuncias-anonimas\/\" target=\"_self\">\n                10 Preguntas frecuentes de los empleados para realizar denuncias an\u00f3nimas            <\/a>\n        <\/h3>\n                <div class=\"wcp-post-contents rpc-content\">\n\n            Al realizar una\u00a0denuncia an\u00f3nima, los empleados tienden a dudar. Los motivos var\u00edan\u00a0y\u00a0van desde la desconfianza\u00a0hasta el miedo\u00a0de enfrentar a un\n                            <br>\n                <a href=\"https:\/\/www.amitai.com\/es\/preguntas-empleados-realizar-denuncias-anonimas\/\" target=\"_self\" class=\"btn-post\">Leer m\u00e1s<\/a>\n        \n        <\/div>        \n    <\/div>\n<\/div>                <\/div>    \n\n                            <div class=\"slick-slide carousel-item-1724\">\n                    <div class=\"post-style-2 rpc-bg rpc-box\">\n    <div class=\"wcp-img-wrap\">\n        <a href=\"https:\/\/www.amitai.com\/es\/habilidades-laborales-competencias-aportes-empresa\/\">\n            <img decoding=\"async\" width=\"642\" height=\"428\" src=\"https:\/\/www.amitai.com\/es\/wp-content\/uploads\/2020\/04\/Habilidades-laborales-como-sinonimo-de-competencias-y-los-aportes-a-la-empresa.jpg\" class=\"attachment- size- wp-post-image\" alt=\"Habilidades laborales como sin\u00f3nimo de competencias y los aportes a la empresa\" srcset=\"https:\/\/www.amitai.com\/es\/wp-content\/uploads\/2020\/04\/Habilidades-laborales-como-sinonimo-de-competencias-y-los-aportes-a-la-empresa.jpg 642w, https:\/\/www.amitai.com\/es\/wp-content\/uploads\/2020\/04\/Habilidades-laborales-como-sinonimo-de-competencias-y-los-aportes-a-la-empresa-300x200.jpg 300w\" sizes=\"(max-width: 642px) 100vw, 642px\" \/>        <\/a>\n    <\/div>\n    <div class=\"wcp-content-wrap\">\n        <h3>\n            <a class=\"rpc-title\" href=\"https:\/\/www.amitai.com\/es\/habilidades-laborales-competencias-aportes-empresa\/\" target=\"_self\">\n                Habilidades laborales como sin\u00f3nimo de competencias y los aportes a la empresa            <\/a>\n        <\/h3>\n                <div class=\"wcp-post-contents rpc-content\">\n\n            En la actualidad las empresas que son capaces de conformar un equipo empresarial bien consolidado son las que obtienen \u00e9xitos\n                            <br>\n                <a href=\"https:\/\/www.amitai.com\/es\/habilidades-laborales-competencias-aportes-empresa\/\" target=\"_self\" class=\"btn-post\">Leer m\u00e1s<\/a>\n        \n        <\/div>        \n    <\/div>\n<\/div>                <\/div>    \n\n                            <div class=\"slick-slide carousel-item-1718\">\n                    <div class=\"post-style-2 rpc-bg rpc-box\">\n    <div class=\"wcp-img-wrap\">\n        <a href=\"https:\/\/www.amitai.com\/es\/importancia-honestidad-trabajo\/\">\n            <img decoding=\"async\" width=\"640\" height=\"425\" src=\"https:\/\/www.amitai.com\/es\/wp-content\/uploads\/2020\/04\/57e6d4424352ae14f1dc84609629357a123fdee1574c704c7d2978d39049cc59_640.jpg\" class=\"attachment- size- wp-post-image\" alt=\"honestidad en el trabajo\" srcset=\"https:\/\/www.amitai.com\/es\/wp-content\/uploads\/2020\/04\/57e6d4424352ae14f1dc84609629357a123fdee1574c704c7d2978d39049cc59_640.jpg 640w, https:\/\/www.amitai.com\/es\/wp-content\/uploads\/2020\/04\/57e6d4424352ae14f1dc84609629357a123fdee1574c704c7d2978d39049cc59_640-300x199.jpg 300w\" sizes=\"(max-width: 640px) 100vw, 640px\" \/>        <\/a>\n    <\/div>\n    <div class=\"wcp-content-wrap\">\n        <h3>\n            <a class=\"rpc-title\" href=\"https:\/\/www.amitai.com\/es\/importancia-honestidad-trabajo\/\" target=\"_self\">\n                La importancia de la honestidad en el trabajo            <\/a>\n        <\/h3>\n                <div class=\"wcp-post-contents rpc-content\">\n\n            Imag\u00ednate que hace diez&nbsp;minutos le dijiste a tu superior que el trabajo estaba terminado, aunque a\u00fan le faltaban algunos detalles\n                            <br>\n                <a href=\"https:\/\/www.amitai.com\/es\/importancia-honestidad-trabajo\/\" target=\"_self\" class=\"btn-post\">Leer m\u00e1s<\/a>\n        \n        <\/div>        \n    <\/div>\n<\/div>                <\/div>    \n\n                            <div class=\"slick-slide carousel-item-1703\">\n                    <div class=\"post-style-2 rpc-bg rpc-box\">\n    <div class=\"wcp-img-wrap\">\n        <a href=\"https:\/\/www.amitai.com\/es\/test-confiabilidad-laboral\/\">\n            <img decoding=\"async\" width=\"640\" height=\"426\" src=\"https:\/\/www.amitai.com\/es\/wp-content\/uploads\/2020\/03\/52e8d6464b53aa14f6da8c7dda79367c1138dee557556c4870277fdc9748c350bf_640.jpg\" class=\"attachment- size- wp-post-image\" alt=\"Test de confiabilidad laboral como herramienta contra el enga\u00f1o en la selecci\u00f3n\" srcset=\"https:\/\/www.amitai.com\/es\/wp-content\/uploads\/2020\/03\/52e8d6464b53aa14f6da8c7dda79367c1138dee557556c4870277fdc9748c350bf_640.jpg 640w, https:\/\/www.amitai.com\/es\/wp-content\/uploads\/2020\/03\/52e8d6464b53aa14f6da8c7dda79367c1138dee557556c4870277fdc9748c350bf_640-300x200.jpg 300w\" sizes=\"(max-width: 640px) 100vw, 640px\" \/>        <\/a>\n    <\/div>\n    <div class=\"wcp-content-wrap\">\n        <h3>\n            <a class=\"rpc-title\" href=\"https:\/\/www.amitai.com\/es\/test-confiabilidad-laboral\/\" target=\"_self\">\n                Test de confiabilidad laboral como herramienta contra el enga\u00f1o en la selecci\u00f3n            <\/a>\n        <\/h3>\n                <div class=\"wcp-post-contents rpc-content\">\n\n            Una empresa que se jacte de ser seria buscar\u00e1, m\u00e1s all\u00e1 de un\u00a0nivel de productividad m\u00e1ximo, estar compuesta por una\n                            <br>\n                <a href=\"https:\/\/www.amitai.com\/es\/test-confiabilidad-laboral\/\" target=\"_self\" class=\"btn-post\">Leer m\u00e1s<\/a>\n        \n        <\/div>        \n    <\/div>\n<\/div>                <\/div>    \n\n                            <div class=\"slick-slide carousel-item-1700\">\n                    <div class=\"post-style-2 rpc-bg rpc-box\">\n    <div class=\"wcp-img-wrap\">\n        <a href=\"https:\/\/www.amitai.com\/es\/prospeccion-estrategica-con-pruebas-psicometricas-laborales\/\">\n            <img decoding=\"async\" width=\"640\" height=\"426\" src=\"https:\/\/www.amitai.com\/es\/wp-content\/uploads\/2020\/03\/Prospecci\u00f3n-estrat\u00e9gica-con-pruebas-psicom\u00e9tricas-laborales.jpg\" class=\"attachment- size- wp-post-image\" alt=\"Prospecci\u00f3n estrat\u00e9gica con pruebas psicom\u00e9tricas laborales\" srcset=\"https:\/\/www.amitai.com\/es\/wp-content\/uploads\/2020\/03\/Prospecci\u00f3n-estrat\u00e9gica-con-pruebas-psicom\u00e9tricas-laborales.jpg 640w, https:\/\/www.amitai.com\/es\/wp-content\/uploads\/2020\/03\/Prospecci\u00f3n-estrat\u00e9gica-con-pruebas-psicom\u00e9tricas-laborales-300x200.jpg 300w\" sizes=\"(max-width: 640px) 100vw, 640px\" \/>        <\/a>\n    <\/div>\n    <div class=\"wcp-content-wrap\">\n        <h3>\n            <a class=\"rpc-title\" href=\"https:\/\/www.amitai.com\/es\/prospeccion-estrategica-con-pruebas-psicometricas-laborales\/\" target=\"_self\">\n                Prospecci\u00f3n estrat\u00e9gica con pruebas psicom\u00e9tricas laborales            <\/a>\n        <\/h3>\n                <div class=\"wcp-post-contents rpc-content\">\n\n            Hay cuestiones que una empresa puede adquirir con\u00a0apoyo de especialistas, instituciones\u00a0o al invertir\u00a0en\u00a0cursos, capacitaciones, actualizaciones, etc\u00e9tera. Sin embargo, hay una\n                            <br>\n                <a href=\"https:\/\/www.amitai.com\/es\/prospeccion-estrategica-con-pruebas-psicometricas-laborales\/\" target=\"_self\" class=\"btn-post\">Leer m\u00e1s<\/a>\n        \n        <\/div>        \n    <\/div>\n<\/div>                <\/div>    \n\n                            <div class=\"slick-slide carousel-item-1696\">\n                    <div class=\"post-style-2 rpc-bg rpc-box\">\n    <div class=\"wcp-img-wrap\">\n        <a href=\"https:\/\/www.amitai.com\/es\/no-olvidar-etica-organizacional\/\">\n            <img decoding=\"async\" width=\"642\" height=\"429\" src=\"https:\/\/www.amitai.com\/es\/wp-content\/uploads\/2020\/03\/Por-que-no-debes-olvidar-la-etica-organizacional-en-tu-empresa.jpg\" class=\"attachment- size- wp-post-image\" alt=\"Por qu\u00e9 no debes olvidar la \u00e9tica organizacional en tu empresa\" srcset=\"https:\/\/www.amitai.com\/es\/wp-content\/uploads\/2020\/03\/Por-que-no-debes-olvidar-la-etica-organizacional-en-tu-empresa.jpg 642w, https:\/\/www.amitai.com\/es\/wp-content\/uploads\/2020\/03\/Por-que-no-debes-olvidar-la-etica-organizacional-en-tu-empresa-300x200.jpg 300w\" sizes=\"(max-width: 642px) 100vw, 642px\" \/>        <\/a>\n    <\/div>\n    <div class=\"wcp-content-wrap\">\n        <h3>\n            <a class=\"rpc-title\" href=\"https:\/\/www.amitai.com\/es\/no-olvidar-etica-organizacional\/\" target=\"_self\">\n                \u00bfPor qu\u00e9 no debes olvidar la \u00e9tica organizacional en tu empresa?            <\/a>\n        <\/h3>\n                <div class=\"wcp-post-contents rpc-content\">\n\n            La \u00e9tica organizacional\u00a0es la disciplina, muy\u00a0conveniente en estos tiempos, que presenta ciertas pautas para favorecer el comportamiento de los empleados\n                            <br>\n                <a href=\"https:\/\/www.amitai.com\/es\/no-olvidar-etica-organizacional\/\" target=\"_self\" class=\"btn-post\">Leer m\u00e1s<\/a>\n        \n        <\/div>        \n    <\/div>\n<\/div>                <\/div>    \n\n                            <div class=\"slick-slide carousel-item-1699\">\n                    <div class=\"post-style-2 rpc-bg rpc-box\">\n    <div class=\"wcp-img-wrap\">\n        <a href=\"https:\/\/www.amitai.com\/es\/aplicar-etica-exito-laboral\/\">\n            <img decoding=\"async\" width=\"642\" height=\"429\" src=\"https:\/\/www.amitai.com\/es\/wp-content\/uploads\/2020\/03\/Como-aplicar-la-etica-como-reflejo-estrategico-de-exito-laboral.jpg\" class=\"attachment- size- wp-post-image\" alt=\"C\u00f3mo aplicar la \u00e9tica como reflejo estrat\u00e9gico de \u00e9xito laboral\" srcset=\"https:\/\/www.amitai.com\/es\/wp-content\/uploads\/2020\/03\/Como-aplicar-la-etica-como-reflejo-estrategico-de-exito-laboral.jpg 642w, https:\/\/www.amitai.com\/es\/wp-content\/uploads\/2020\/03\/Como-aplicar-la-etica-como-reflejo-estrategico-de-exito-laboral-300x200.jpg 300w\" sizes=\"(max-width: 642px) 100vw, 642px\" \/>        <\/a>\n    <\/div>\n    <div class=\"wcp-content-wrap\">\n        <h3>\n            <a class=\"rpc-title\" href=\"https:\/\/www.amitai.com\/es\/aplicar-etica-exito-laboral\/\" target=\"_self\">\n                C\u00f3mo aplicar la \u00e9tica como reflejo estrat\u00e9gico de \u00e9xito laboral            <\/a>\n        <\/h3>\n                <div class=\"wcp-post-contents rpc-content\">\n\n            La \u00e9tica es un concepto estrictamente relacionado con el\u00a0comportamiento humano. Se refiere a los principios y normas bajo los cuales\n                            <br>\n                <a href=\"https:\/\/www.amitai.com\/es\/aplicar-etica-exito-laboral\/\" target=\"_self\" class=\"btn-post\">Leer m\u00e1s<\/a>\n        \n        <\/div>        \n    <\/div>\n<\/div>                <\/div>    \n\n                            <div class=\"slick-slide carousel-item-1680\">\n                    <div class=\"post-style-2 rpc-bg rpc-box\">\n    <div class=\"wcp-img-wrap\">\n        <a href=\"https:\/\/www.amitai.com\/es\/acciones-danar-clima-laboral\/\">\n            <img decoding=\"async\" width=\"642\" height=\"429\" src=\"https:\/\/www.amitai.com\/es\/wp-content\/uploads\/2020\/03\/jefe-bronca-trabajadora.jpg\" class=\"attachment- size- wp-post-image\" alt=\"\" srcset=\"https:\/\/www.amitai.com\/es\/wp-content\/uploads\/2020\/03\/jefe-bronca-trabajadora.jpg 642w, https:\/\/www.amitai.com\/es\/wp-content\/uploads\/2020\/03\/jefe-bronca-trabajadora-300x200.jpg 300w\" sizes=\"(max-width: 642px) 100vw, 642px\" \/>        <\/a>\n    <\/div>\n    <div class=\"wcp-content-wrap\">\n        <h3>\n            <a class=\"rpc-title\" href=\"https:\/\/www.amitai.com\/es\/acciones-danar-clima-laboral\/\" target=\"_self\">\n                10 Acciones que pueden da\u00f1ar el clima laboral sin darte cuenta            <\/a>\n        <\/h3>\n                <div class=\"wcp-post-contents rpc-content\">\n\n            \u00bfEst\u00e1s contento en tu empresa? \u00bfExisten buenas relaciones entre tus colaboradores? Puedes evitar que tu centro laboral se convierta en\n                            <br>\n                <a href=\"https:\/\/www.amitai.com\/es\/acciones-danar-clima-laboral\/\" target=\"_self\" class=\"btn-post\">Leer m\u00e1s<\/a>\n        \n        <\/div>        \n    <\/div>\n<\/div>                <\/div>    \n\n                            <div class=\"slick-slide carousel-item-1677\">\n                    <div class=\"post-style-2 rpc-bg rpc-box\">\n    <div class=\"wcp-img-wrap\">\n        <a href=\"https:\/\/www.amitai.com\/es\/realizar-denuncia-anonima-confidencial\/\">\n            <img decoding=\"async\" width=\"642\" height=\"428\" src=\"https:\/\/www.amitai.com\/es\/wp-content\/uploads\/2020\/03\/denuncia-anonima-telefono.jpg\" class=\"attachment- size- wp-post-image\" alt=\"Organismos que protegen tus derechos\" srcset=\"https:\/\/www.amitai.com\/es\/wp-content\/uploads\/2020\/03\/denuncia-anonima-telefono.jpg 642w, https:\/\/www.amitai.com\/es\/wp-content\/uploads\/2020\/03\/denuncia-anonima-telefono-300x200.jpg 300w\" sizes=\"(max-width: 642px) 100vw, 642px\" \/>        <\/a>\n    <\/div>\n    <div class=\"wcp-content-wrap\">\n        <h3>\n            <a class=\"rpc-title\" href=\"https:\/\/www.amitai.com\/es\/realizar-denuncia-anonima-confidencial\/\" target=\"_self\">\n                \u00bfD\u00f3nde debo dirigirme para realizar una denuncia an\u00f3nima y confidencial?            <\/a>\n        <\/h3>\n                <div class=\"wcp-post-contents rpc-content\">\n\n            \u00bfSufres de acoso laboral u hostigamiento sexual en tu lugar de trabajo? No est\u00e1s obligado a soportar estas condiciones que\n                            <br>\n                <a href=\"https:\/\/www.amitai.com\/es\/realizar-denuncia-anonima-confidencial\/\" target=\"_self\" class=\"btn-post\">Leer m\u00e1s<\/a>\n        \n        <\/div>        \n    <\/div>\n<\/div>                <\/div>    \n\n                            <div class=\"slick-slide carousel-item-1660\">\n                    <div class=\"post-style-2 rpc-bg rpc-box\">\n    <div class=\"wcp-img-wrap\">\n        <a href=\"https:\/\/www.amitai.com\/es\/habilidades-laborales-adaptarse-cambios-empresas\/\">\n            <img decoding=\"async\" width=\"1920\" height=\"720\" src=\"https:\/\/www.amitai.com\/es\/wp-content\/uploads\/2020\/03\/HABILIDADES_DIRECTIVAS.jpg\" class=\"attachment- size- wp-post-image\" alt=\"\" srcset=\"https:\/\/www.amitai.com\/es\/wp-content\/uploads\/2020\/03\/HABILIDADES_DIRECTIVAS.jpg 1920w, https:\/\/www.amitai.com\/es\/wp-content\/uploads\/2020\/03\/HABILIDADES_DIRECTIVAS-300x113.jpg 300w, https:\/\/www.amitai.com\/es\/wp-content\/uploads\/2020\/03\/HABILIDADES_DIRECTIVAS-768x288.jpg 768w, https:\/\/www.amitai.com\/es\/wp-content\/uploads\/2020\/03\/HABILIDADES_DIRECTIVAS-1024x384.jpg 1024w\" sizes=\"(max-width: 1920px) 100vw, 1920px\" \/>        <\/a>\n    <\/div>\n    <div class=\"wcp-content-wrap\">\n        <h3>\n            <a class=\"rpc-title\" href=\"https:\/\/www.amitai.com\/es\/habilidades-laborales-adaptarse-cambios-empresas\/\" target=\"_self\">\n                Habilidades laborales: c\u00f3mo adaptarse a los cambios en las empresas            <\/a>\n        <\/h3>\n                <div class=\"wcp-post-contents rpc-content\">\n\n            \u00bfSon necesarios los recortes de personal o de recursos en tu empresa? \u00bfConsideras que las tecnolog\u00edas implementadas est\u00e1n fuera de\n                            <br>\n                <a href=\"https:\/\/www.amitai.com\/es\/habilidades-laborales-adaptarse-cambios-empresas\/\" target=\"_self\" class=\"btn-post\">Leer m\u00e1s<\/a>\n        \n        <\/div>        \n    <\/div>\n<\/div>                <\/div>    \n\n                            <div class=\"slick-slide carousel-item-1663\">\n                    <div class=\"post-style-2 rpc-bg rpc-box\">\n    <div class=\"wcp-img-wrap\">\n        <a href=\"https:\/\/www.amitai.com\/es\/factores-honestidad-trabajo\/\">\n            <img decoding=\"async\" width=\"1000\" height=\"563\" src=\"https:\/\/www.amitai.com\/es\/wp-content\/uploads\/2020\/03\/sobre-honestidad.jpg\" class=\"attachment- size- wp-post-image\" alt=\"\" srcset=\"https:\/\/www.amitai.com\/es\/wp-content\/uploads\/2020\/03\/sobre-honestidad.jpg 1000w, https:\/\/www.amitai.com\/es\/wp-content\/uploads\/2020\/03\/sobre-honestidad-300x169.jpg 300w, https:\/\/www.amitai.com\/es\/wp-content\/uploads\/2020\/03\/sobre-honestidad-768x432.jpg 768w\" sizes=\"(max-width: 1000px) 100vw, 1000px\" \/>        <\/a>\n    <\/div>\n    <div class=\"wcp-content-wrap\">\n        <h3>\n            <a class=\"rpc-title\" href=\"https:\/\/www.amitai.com\/es\/factores-honestidad-trabajo\/\" target=\"_self\">\n                Ser confiable, recto y correcto: Factores de honestidad en el trabajo            <\/a>\n        <\/h3>\n                <div class=\"wcp-post-contents rpc-content\">\n\n            [vc_row][vc_column][vc_column_text]De acuerdo a la RAE,\u00a0la palabra honesto deviene del lat\u00edn\u00a0honestus,\u00a0atributo que significa ser una persona decente, recatada, razonable, justa, recta\n                            <br>\n                <a href=\"https:\/\/www.amitai.com\/es\/factores-honestidad-trabajo\/\" target=\"_self\" class=\"btn-post\">Leer m\u00e1s<\/a>\n        \n        <\/div>        \n    <\/div>\n<\/div>                <\/div>    \n\n                            <div class=\"slick-slide carousel-item-1648\">\n                    <div class=\"post-style-2 rpc-bg rpc-box\">\n    <div class=\"wcp-img-wrap\">\n        <a href=\"https:\/\/www.amitai.com\/es\/diferencias-beneficios-clima-laboral-organizacional\/\">\n            <img decoding=\"async\" width=\"1920\" height=\"435\" src=\"https:\/\/www.amitai.com\/es\/wp-content\/uploads\/2020\/02\/clima-laboral-organizacional.jpg\" class=\"attachment- size- wp-post-image\" alt=\"\" srcset=\"https:\/\/www.amitai.com\/es\/wp-content\/uploads\/2020\/02\/clima-laboral-organizacional.jpg 1920w, https:\/\/www.amitai.com\/es\/wp-content\/uploads\/2020\/02\/clima-laboral-organizacional-300x68.jpg 300w, https:\/\/www.amitai.com\/es\/wp-content\/uploads\/2020\/02\/clima-laboral-organizacional-768x174.jpg 768w, https:\/\/www.amitai.com\/es\/wp-content\/uploads\/2020\/02\/clima-laboral-organizacional-1024x232.jpg 1024w\" sizes=\"(max-width: 1920px) 100vw, 1920px\" \/>        <\/a>\n    <\/div>\n    <div class=\"wcp-content-wrap\">\n        <h3>\n            <a class=\"rpc-title\" href=\"https:\/\/www.amitai.com\/es\/diferencias-beneficios-clima-laboral-organizacional\/\" target=\"_self\">\n                Conoce las diferencias y beneficios de clima laboral y organizacional            <\/a>\n        <\/h3>\n                <div class=\"wcp-post-contents rpc-content\">\n\n            [vc_row][vc_column][vc_column_text]Es com\u00fan que se confundan de forma corriente los t\u00e9rminos de clima laboral y organizacional con la cultura de la\n                            <br>\n                <a href=\"https:\/\/www.amitai.com\/es\/diferencias-beneficios-clima-laboral-organizacional\/\" target=\"_self\" class=\"btn-post\">Leer m\u00e1s<\/a>\n        \n        <\/div>        \n    <\/div>\n<\/div>                <\/div>    \n\n                            <div class=\"slick-slide carousel-item-1645\">\n                    <div class=\"post-style-2 rpc-bg rpc-box\">\n    <div class=\"wcp-img-wrap\">\n        <a href=\"https:\/\/www.amitai.com\/es\/inteligencia-emocional-creatividad-habilidades-laborales\/\">\n            <img decoding=\"async\" width=\"1413\" height=\"455\" src=\"https:\/\/www.amitai.com\/es\/wp-content\/uploads\/2020\/02\/estados-animo-inteligencia.jpeg\" class=\"attachment- size- wp-post-image\" alt=\"\" srcset=\"https:\/\/www.amitai.com\/es\/wp-content\/uploads\/2020\/02\/estados-animo-inteligencia.jpeg 1413w, https:\/\/www.amitai.com\/es\/wp-content\/uploads\/2020\/02\/estados-animo-inteligencia-300x97.jpeg 300w, https:\/\/www.amitai.com\/es\/wp-content\/uploads\/2020\/02\/estados-animo-inteligencia-768x247.jpeg 768w, https:\/\/www.amitai.com\/es\/wp-content\/uploads\/2020\/02\/estados-animo-inteligencia-1024x330.jpeg 1024w\" sizes=\"(max-width: 1413px) 100vw, 1413px\" \/>        <\/a>\n    <\/div>\n    <div class=\"wcp-content-wrap\">\n        <h3>\n            <a class=\"rpc-title\" href=\"https:\/\/www.amitai.com\/es\/inteligencia-emocional-creatividad-habilidades-laborales\/\" target=\"_self\">\n                Inteligencia emocional y creatividad como fuertes habilidades laborales            <\/a>\n        <\/h3>\n                <div class=\"wcp-post-contents rpc-content\">\n\n            Las habilidades laborales que dan t\u00edtulo a estas l\u00edneas son dos de las m\u00e1s apreciadas actualmente dentro del mundo laboral.\n                            <br>\n                <a href=\"https:\/\/www.amitai.com\/es\/inteligencia-emocional-creatividad-habilidades-laborales\/\" target=\"_self\" class=\"btn-post\">Leer m\u00e1s<\/a>\n        \n        <\/div>        \n    <\/div>\n<\/div>                <\/div>    \n\n                            <div class=\"slick-slide carousel-item-1638\">\n                    <div class=\"post-style-2 rpc-bg rpc-box\">\n    <div class=\"wcp-img-wrap\">\n        <a href=\"https:\/\/www.amitai.com\/es\/medicion-clima-laboral-encuestas\/\">\n            <img decoding=\"async\" width=\"1024\" height=\"259\" src=\"https:\/\/www.amitai.com\/es\/wp-content\/uploads\/2020\/02\/trabajo-en-equipo-meta.jpg\" class=\"attachment- size- wp-post-image\" alt=\"\" srcset=\"https:\/\/www.amitai.com\/es\/wp-content\/uploads\/2020\/02\/trabajo-en-equipo-meta.jpg 1024w, https:\/\/www.amitai.com\/es\/wp-content\/uploads\/2020\/02\/trabajo-en-equipo-meta-300x76.jpg 300w, https:\/\/www.amitai.com\/es\/wp-content\/uploads\/2020\/02\/trabajo-en-equipo-meta-768x194.jpg 768w\" sizes=\"(max-width: 1024px) 100vw, 1024px\" \/>        <\/a>\n    <\/div>\n    <div class=\"wcp-content-wrap\">\n        <h3>\n            <a class=\"rpc-title\" href=\"https:\/\/www.amitai.com\/es\/medicion-clima-laboral-encuestas\/\" target=\"_self\">\n                Medici\u00f3n del clima laboral, la importancia de las encuestas            <\/a>\n        <\/h3>\n                <div class=\"wcp-post-contents rpc-content\">\n\n            Existen per\u00edodos\u00a0en los que\u00a0pasamos m\u00e1s tiempo en la oficina que en casa. Una rutina laboral de ocho horas diarias compartida\n                            <br>\n                <a href=\"https:\/\/www.amitai.com\/es\/medicion-clima-laboral-encuestas\/\" target=\"_self\" class=\"btn-post\">Leer m\u00e1s<\/a>\n        \n        <\/div>        \n    <\/div>\n<\/div>                <\/div>    \n\n                            <div class=\"slick-slide carousel-item-1632\">\n                    <div class=\"post-style-2 rpc-bg rpc-box\">\n    <div class=\"wcp-img-wrap\">\n        <a href=\"https:\/\/www.amitai.com\/es\/cursos-etica-organizacional-fortalecimiento-empresarial\/\">\n            <img decoding=\"async\" width=\"640\" height=\"426\" src=\"https:\/\/www.amitai.com\/es\/wp-content\/uploads\/2020\/02\/53e9d1434353b108f5d084609629357a123fdee1574c704c7d2e7dd6964cc65c_640.jpg\" class=\"attachment- size- wp-post-image\" alt=\"\" srcset=\"https:\/\/www.amitai.com\/es\/wp-content\/uploads\/2020\/02\/53e9d1434353b108f5d084609629357a123fdee1574c704c7d2e7dd6964cc65c_640.jpg 640w, https:\/\/www.amitai.com\/es\/wp-content\/uploads\/2020\/02\/53e9d1434353b108f5d084609629357a123fdee1574c704c7d2e7dd6964cc65c_640-300x200.jpg 300w\" sizes=\"(max-width: 640px) 100vw, 640px\" \/>        <\/a>\n    <\/div>\n    <div class=\"wcp-content-wrap\">\n        <h3>\n            <a class=\"rpc-title\" href=\"https:\/\/www.amitai.com\/es\/cursos-etica-organizacional-fortalecimiento-empresarial\/\" target=\"_self\">\n                Cursos de \u00e9tica organizacional y fortalecimiento empresarial            <\/a>\n        <\/h3>\n                <div class=\"wcp-post-contents rpc-content\">\n\n            En medio de la competitividad y la evoluci\u00f3n constante para ser los mejores, los cursos de \u00e9tica organizacional siguen siendo\n                            <br>\n                <a href=\"https:\/\/www.amitai.com\/es\/cursos-etica-organizacional-fortalecimiento-empresarial\/\" target=\"_self\" class=\"btn-post\">Leer m\u00e1s<\/a>\n        \n        <\/div>        \n    <\/div>\n<\/div>                <\/div>    \n\n                            <div class=\"slick-slide carousel-item-1618\">\n                    <div class=\"post-style-2 rpc-bg rpc-box\">\n    <div class=\"wcp-img-wrap\">\n        <a href=\"https:\/\/www.amitai.com\/es\/clima-organizacional-ambiente-adecuado-o-nocivo\/\">\n            <img decoding=\"async\" width=\"640\" height=\"438\" src=\"https:\/\/www.amitai.com\/es\/wp-content\/uploads\/2020\/02\/57e2d44a4254a414f6da8c7dda79367c1138dee557556c4870277bdd9e4ac05db9_640.jpg\" class=\"attachment- size- wp-post-image\" alt=\"\" srcset=\"https:\/\/www.amitai.com\/es\/wp-content\/uploads\/2020\/02\/57e2d44a4254a414f6da8c7dda79367c1138dee557556c4870277bdd9e4ac05db9_640.jpg 640w, https:\/\/www.amitai.com\/es\/wp-content\/uploads\/2020\/02\/57e2d44a4254a414f6da8c7dda79367c1138dee557556c4870277bdd9e4ac05db9_640-300x205.jpg 300w\" sizes=\"(max-width: 640px) 100vw, 640px\" \/>        <\/a>\n    <\/div>\n    <div class=\"wcp-content-wrap\">\n        <h3>\n            <a class=\"rpc-title\" href=\"https:\/\/www.amitai.com\/es\/clima-organizacional-ambiente-adecuado-o-nocivo\/\" target=\"_self\">\n                Clima organizacional: \u00bfLaboras en un ambiente adecuado o nocivo?            <\/a>\n        <\/h3>\n                <div class=\"wcp-post-contents rpc-content\">\n\n            Seguramente, has o\u00eddo aquello de \u00abun trabajador contento es un trabajador productivo\u00bb. Bueno, para tener trabajadores contentos,\u00a0debemos ofrecer un clima\n                            <br>\n                <a href=\"https:\/\/www.amitai.com\/es\/clima-organizacional-ambiente-adecuado-o-nocivo\/\" target=\"_self\" class=\"btn-post\">Leer m\u00e1s<\/a>\n        \n        <\/div>        \n    <\/div>\n<\/div>                <\/div>    \n\n                            <div class=\"slick-slide carousel-item-1621\">\n                    <div class=\"post-style-2 rpc-bg rpc-box\">\n    <div class=\"wcp-img-wrap\">\n        <a href=\"https:\/\/www.amitai.com\/es\/formas-estimular-denuncia-anonima-seguridad\/\">\n            <img decoding=\"async\" width=\"640\" height=\"457\" src=\"https:\/\/www.amitai.com\/es\/wp-content\/uploads\/2020\/02\/54e8d64b4356a914f6da8c7dda79367c1138dee557556c4870277ad7914cc65dbe_640.jpg\" class=\"attachment- size- wp-post-image\" alt=\"estimular la denuncia\" srcset=\"https:\/\/www.amitai.com\/es\/wp-content\/uploads\/2020\/02\/54e8d64b4356a914f6da8c7dda79367c1138dee557556c4870277ad7914cc65dbe_640.jpg 640w, https:\/\/www.amitai.com\/es\/wp-content\/uploads\/2020\/02\/54e8d64b4356a914f6da8c7dda79367c1138dee557556c4870277ad7914cc65dbe_640-300x214.jpg 300w\" sizes=\"(max-width: 640px) 100vw, 640px\" \/>        <\/a>\n    <\/div>\n    <div class=\"wcp-content-wrap\">\n        <h3>\n            <a class=\"rpc-title\" href=\"https:\/\/www.amitai.com\/es\/formas-estimular-denuncia-anonima-seguridad\/\" target=\"_self\">\n                Formas para estimular la denuncia an\u00f3nima para generar seguridad            <\/a>\n        <\/h3>\n                <div class=\"wcp-post-contents rpc-content\">\n\n            Como trabajadores pasamos mucho de nuestro tiempo en la oficina, relacion\u00e1ndonos con nuestros compa\u00f1eros de trabajo. Muchas veces, tal cercan\u00eda\u00a0puede\n                            <br>\n                <a href=\"https:\/\/www.amitai.com\/es\/formas-estimular-denuncia-anonima-seguridad\/\" target=\"_self\" class=\"btn-post\">Leer m\u00e1s<\/a>\n        \n        <\/div>        \n    <\/div>\n<\/div>                <\/div>    \n\n                            <div class=\"slick-slide carousel-item-1598\">\n                    <div class=\"post-style-2 rpc-bg rpc-box\">\n    <div class=\"wcp-img-wrap\">\n        <a href=\"https:\/\/www.amitai.com\/es\/implementar-honestidad-trabajo-empresa\/\">\n            <img decoding=\"async\" width=\"1920\" height=\"1280\" src=\"https:\/\/www.amitai.com\/es\/wp-content\/uploads\/2020\/02\/workplace-1245776_1920.jpg\" class=\"attachment- size- wp-post-image\" alt=\"\" srcset=\"https:\/\/www.amitai.com\/es\/wp-content\/uploads\/2020\/02\/workplace-1245776_1920.jpg 1920w, https:\/\/www.amitai.com\/es\/wp-content\/uploads\/2020\/02\/workplace-1245776_1920-300x200.jpg 300w, https:\/\/www.amitai.com\/es\/wp-content\/uploads\/2020\/02\/workplace-1245776_1920-768x512.jpg 768w, https:\/\/www.amitai.com\/es\/wp-content\/uploads\/2020\/02\/workplace-1245776_1920-1024x683.jpg 1024w\" sizes=\"(max-width: 1920px) 100vw, 1920px\" \/>        <\/a>\n    <\/div>\n    <div class=\"wcp-content-wrap\">\n        <h3>\n            <a class=\"rpc-title\" href=\"https:\/\/www.amitai.com\/es\/implementar-honestidad-trabajo-empresa\/\" target=\"_self\">\n                Implementar la honestidad en el trabajo y sentido de pertenencia en la empresa            <\/a>\n        <\/h3>\n                <div class=\"wcp-post-contents rpc-content\">\n\n            La honestidad en el trabajo y la transparencia con uno mismo y con las dem\u00e1s personas son principios importantes para\n                            <br>\n                <a href=\"https:\/\/www.amitai.com\/es\/implementar-honestidad-trabajo-empresa\/\" target=\"_self\" class=\"btn-post\">Leer m\u00e1s<\/a>\n        \n        <\/div>        \n    <\/div>\n<\/div>                <\/div>    \n\n                            <div class=\"slick-slide carousel-item-1575\">\n                    <div class=\"post-style-2 rpc-bg rpc-box\">\n    <div class=\"wcp-img-wrap\">\n        <a href=\"https:\/\/www.amitai.com\/es\/principios-educacionales-etica\/\">\n            <img decoding=\"async\" width=\"1920\" height=\"435\" src=\"https:\/\/www.amitai.com\/es\/wp-content\/uploads\/2020\/01\/etica-apreton-manos.jpg\" class=\"attachment- size- wp-post-image\" alt=\"\" srcset=\"https:\/\/www.amitai.com\/es\/wp-content\/uploads\/2020\/01\/etica-apreton-manos.jpg 1920w, https:\/\/www.amitai.com\/es\/wp-content\/uploads\/2020\/01\/etica-apreton-manos-300x68.jpg 300w, https:\/\/www.amitai.com\/es\/wp-content\/uploads\/2020\/01\/etica-apreton-manos-768x174.jpg 768w, https:\/\/www.amitai.com\/es\/wp-content\/uploads\/2020\/01\/etica-apreton-manos-1024x232.jpg 1024w\" sizes=\"(max-width: 1920px) 100vw, 1920px\" \/>        <\/a>\n    <\/div>\n    <div class=\"wcp-content-wrap\">\n        <h3>\n            <a class=\"rpc-title\" href=\"https:\/\/www.amitai.com\/es\/principios-educacionales-etica\/\" target=\"_self\">\n                Principios educacionales de la \u00e9tica y cumplimiento que necesitas conocer            <\/a>\n        <\/h3>\n                <div class=\"wcp-post-contents rpc-content\">\n\n            El ser humano es tan complejo que suele presentar conflictos morales cuando cambia de un c\u00edrculo social a otro. Si\n                            <br>\n                <a href=\"https:\/\/www.amitai.com\/es\/principios-educacionales-etica\/\" target=\"_self\" class=\"btn-post\">Leer m\u00e1s<\/a>\n        \n        <\/div>        \n    <\/div>\n<\/div>                <\/div>    \n\n                            <div class=\"slick-slide carousel-item-1572\">\n                    <div class=\"post-style-2 rpc-bg rpc-box\">\n    <div class=\"wcp-img-wrap\">\n        <a href=\"https:\/\/www.amitai.com\/es\/etica-organizacional-optimistas\/\">\n            <img decoding=\"async\" width=\"640\" height=\"426\" src=\"https:\/\/www.amitai.com\/es\/wp-content\/uploads\/2020\/01\/57e2d54a4c56ac14f6da8c7dda79367c1138dee557556c48702872d2904ec15cbc_640.jpg\" class=\"attachment- size- wp-post-image\" alt=\"\" srcset=\"https:\/\/www.amitai.com\/es\/wp-content\/uploads\/2020\/01\/57e2d54a4c56ac14f6da8c7dda79367c1138dee557556c48702872d2904ec15cbc_640.jpg 640w, https:\/\/www.amitai.com\/es\/wp-content\/uploads\/2020\/01\/57e2d54a4c56ac14f6da8c7dda79367c1138dee557556c48702872d2904ec15cbc_640-300x200.jpg 300w\" sizes=\"(max-width: 640px) 100vw, 640px\" \/>        <\/a>\n    <\/div>\n    <div class=\"wcp-content-wrap\">\n        <h3>\n            <a class=\"rpc-title\" href=\"https:\/\/www.amitai.com\/es\/etica-organizacional-optimistas\/\" target=\"_self\">\n                \u00c9tica organizacional: 5 formas de mantener a los empleados optimistas            <\/a>\n        <\/h3>\n                <div class=\"wcp-post-contents rpc-content\">\n\n            La \u00e9tica organizacional establece los par\u00e1metros y valores que cada una de las partes de la empresa debe poseer para\n                            <br>\n                <a href=\"https:\/\/www.amitai.com\/es\/etica-organizacional-optimistas\/\" target=\"_self\" class=\"btn-post\">Leer m\u00e1s<\/a>\n        \n        <\/div>        \n    <\/div>\n<\/div>                <\/div>    \n\n                            <div class=\"slick-slide carousel-item-1560\">\n                    <div class=\"post-style-2 rpc-bg rpc-box\">\n    <div class=\"wcp-img-wrap\">\n        <a href=\"https:\/\/www.amitai.com\/es\/encuesta-salida-canal-empleado-empresario\/\">\n            <img decoding=\"async\" width=\"1024\" height=\"259\" src=\"https:\/\/www.amitai.com\/es\/wp-content\/uploads\/2020\/01\/encuesta-salida.jpg\" class=\"attachment- size- wp-post-image\" alt=\"\" srcset=\"https:\/\/www.amitai.com\/es\/wp-content\/uploads\/2020\/01\/encuesta-salida.jpg 1024w, https:\/\/www.amitai.com\/es\/wp-content\/uploads\/2020\/01\/encuesta-salida-300x76.jpg 300w, https:\/\/www.amitai.com\/es\/wp-content\/uploads\/2020\/01\/encuesta-salida-768x194.jpg 768w\" sizes=\"(max-width: 1024px) 100vw, 1024px\" \/>        <\/a>\n    <\/div>\n    <div class=\"wcp-content-wrap\">\n        <h3>\n            <a class=\"rpc-title\" href=\"https:\/\/www.amitai.com\/es\/encuesta-salida-canal-empleado-empresario\/\" target=\"_self\">\n                Encuesta de salida: El mejor canal de comunicaci\u00f3n entre el empleado y el empresario            <\/a>\n        <\/h3>\n                <div class=\"wcp-post-contents rpc-content\">\n\n            Estamos acostumbrados a evaluar las capacidades de las personas que nos rodean y lo hacemos, precisamente, porque buscamos el bienestar\n                            <br>\n                <a href=\"https:\/\/www.amitai.com\/es\/encuesta-salida-canal-empleado-empresario\/\" target=\"_self\" class=\"btn-post\">Leer m\u00e1s<\/a>\n        \n        <\/div>        \n    <\/div>\n<\/div>                <\/div>    \n\n                            <div class=\"slick-slide carousel-item-1556\">\n                    <div class=\"post-style-2 rpc-bg rpc-box\">\n    <div class=\"wcp-img-wrap\">\n        <a href=\"https:\/\/www.amitai.com\/es\/puntos-pilares-clima-laboral\/\">\n            <img decoding=\"async\" width=\"640\" height=\"426\" src=\"https:\/\/www.amitai.com\/es\/wp-content\/uploads\/2020\/01\/57e2d1464d55aa14f6da8c7dda79367c1138dee557556c48702872d5944ec751b0_640.jpg\" class=\"attachment- size- wp-post-image\" alt=\"\" srcset=\"https:\/\/www.amitai.com\/es\/wp-content\/uploads\/2020\/01\/57e2d1464d55aa14f6da8c7dda79367c1138dee557556c48702872d5944ec751b0_640.jpg 640w, https:\/\/www.amitai.com\/es\/wp-content\/uploads\/2020\/01\/57e2d1464d55aa14f6da8c7dda79367c1138dee557556c48702872d5944ec751b0_640-300x200.jpg 300w\" sizes=\"(max-width: 640px) 100vw, 640px\" \/>        <\/a>\n    <\/div>\n    <div class=\"wcp-content-wrap\">\n        <h3>\n            <a class=\"rpc-title\" href=\"https:\/\/www.amitai.com\/es\/puntos-pilares-clima-laboral\/\" target=\"_self\">\n                Conoce los 6 puntos pilares para medir las encuestas de clima laboral            <\/a>\n        <\/h3>\n                <div class=\"wcp-post-contents rpc-content\">\n\n            Un buen ambiente de trabajo es un factor determinante para que quienes colaboran en tu empresa\u00a0desarrollen todo su potencial impulsando\n                            <br>\n                <a href=\"https:\/\/www.amitai.com\/es\/puntos-pilares-clima-laboral\/\" target=\"_self\" class=\"btn-post\">Leer m\u00e1s<\/a>\n        \n        <\/div>        \n    <\/div>\n<\/div>                <\/div>    \n\n                            <div class=\"slick-slide carousel-item-1532\">\n                    <div class=\"post-style-2 rpc-bg rpc-box\">\n    <div class=\"wcp-img-wrap\">\n        <a href=\"https:\/\/www.amitai.com\/es\/honestidad-lideres-excepcionales\/\">\n            <img decoding=\"async\" width=\"640\" height=\"426\" src=\"https:\/\/www.amitai.com\/es\/wp-content\/uploads\/2020\/01\/52e4dd434853a814f6da8c7dda79367c1138dee557556c48702873dc944cc25ebb_640.jpg\" class=\"attachment- size- wp-post-image\" alt=\"\" srcset=\"https:\/\/www.amitai.com\/es\/wp-content\/uploads\/2020\/01\/52e4dd434853a814f6da8c7dda79367c1138dee557556c48702873dc944cc25ebb_640.jpg 640w, https:\/\/www.amitai.com\/es\/wp-content\/uploads\/2020\/01\/52e4dd434853a814f6da8c7dda79367c1138dee557556c48702873dc944cc25ebb_640-300x200.jpg 300w\" sizes=\"(max-width: 640px) 100vw, 640px\" \/>        <\/a>\n    <\/div>\n    <div class=\"wcp-content-wrap\">\n        <h3>\n            <a class=\"rpc-title\" href=\"https:\/\/www.amitai.com\/es\/honestidad-lideres-excepcionales\/\" target=\"_self\">\n                \u00bfPor qu\u00e9 la honestidad en el trabajo forma l\u00edderes excepcionales?            <\/a>\n        <\/h3>\n                <div class=\"wcp-post-contents rpc-content\">\n\n            El trabajo en equipo para lograr un alto desempe\u00f1o organizacional\u00a0debe estar impregnado de valores y \u00e9tica profesional. Uno de estos\n                            <br>\n                <a href=\"https:\/\/www.amitai.com\/es\/honestidad-lideres-excepcionales\/\" target=\"_self\" class=\"btn-post\">Leer m\u00e1s<\/a>\n        \n        <\/div>        \n    <\/div>\n<\/div>                <\/div>    \n\n                            <div class=\"slick-slide carousel-item-1528\">\n                    <div class=\"post-style-2 rpc-bg rpc-box\">\n    <div class=\"wcp-img-wrap\">\n        <a href=\"https:\/\/www.amitai.com\/es\/clima-organizacional-transformar-actitudes-negativas\/\">\n            <img decoding=\"async\" width=\"640\" height=\"425\" src=\"https:\/\/www.amitai.com\/es\/wp-content\/uploads\/2020\/01\/55e7d141435aab14f6da8c7dda79367c1138dee557556c48702873d19449c45cb0_640.jpg\" class=\"attachment- size- wp-post-image\" alt=\"\" srcset=\"https:\/\/www.amitai.com\/es\/wp-content\/uploads\/2020\/01\/55e7d141435aab14f6da8c7dda79367c1138dee557556c48702873d19449c45cb0_640.jpg 640w, https:\/\/www.amitai.com\/es\/wp-content\/uploads\/2020\/01\/55e7d141435aab14f6da8c7dda79367c1138dee557556c48702873d19449c45cb0_640-300x199.jpg 300w\" sizes=\"(max-width: 640px) 100vw, 640px\" \/>        <\/a>\n    <\/div>\n    <div class=\"wcp-content-wrap\">\n        <h3>\n            <a class=\"rpc-title\" href=\"https:\/\/www.amitai.com\/es\/clima-organizacional-transformar-actitudes-negativas\/\" target=\"_self\">\n                Clima Organizacional: 5 tips para transformar actitudes negativas            <\/a>\n        <\/h3>\n                <div class=\"wcp-post-contents rpc-content\">\n\n            El\u00a0clima organizacional\u00a0define ampliamente el \u00e9xito o declive de una organizaci\u00f3n; y es que, hasta las empresas con el mejor producto\n                            <br>\n                <a href=\"https:\/\/www.amitai.com\/es\/clima-organizacional-transformar-actitudes-negativas\/\" target=\"_self\" class=\"btn-post\">Leer m\u00e1s<\/a>\n        \n        <\/div>        \n    <\/div>\n<\/div>                <\/div>    \n\n                            <div class=\"slick-slide carousel-item-1525\">\n                    <div class=\"post-style-2 rpc-bg rpc-box\">\n    <div class=\"wcp-img-wrap\">\n        <a href=\"https:\/\/www.amitai.com\/es\/denuncia-anonima-beneficios\/\">\n            <img decoding=\"async\" width=\"640\" height=\"426\" src=\"https:\/\/www.amitai.com\/es\/wp-content\/uploads\/2020\/01\/54e8dd404c51ac14f6da8c7dda79367c1138dee557556c48702873d1954bc159ba_640.jpg\" class=\"attachment- size- wp-post-image\" alt=\"como puedo hacer una buena denuncia\" srcset=\"https:\/\/www.amitai.com\/es\/wp-content\/uploads\/2020\/01\/54e8dd404c51ac14f6da8c7dda79367c1138dee557556c48702873d1954bc159ba_640.jpg 640w, https:\/\/www.amitai.com\/es\/wp-content\/uploads\/2020\/01\/54e8dd404c51ac14f6da8c7dda79367c1138dee557556c48702873d1954bc159ba_640-300x200.jpg 300w\" sizes=\"(max-width: 640px) 100vw, 640px\" \/>        <\/a>\n    <\/div>\n    <div class=\"wcp-content-wrap\">\n        <h3>\n            <a class=\"rpc-title\" href=\"https:\/\/www.amitai.com\/es\/denuncia-anonima-beneficios\/\" target=\"_self\">\n                Los principales temores de una denuncia an\u00f3nima y sus beneficios            <\/a>\n        <\/h3>\n                <div class=\"wcp-post-contents rpc-content\">\n\n            La\u00a0denuncia an\u00f3nima\u00a0laboral no solo es una herramienta empresarial para que el buen desarrollo de las actividades productivas se logre sin\n                            <br>\n                <a href=\"https:\/\/www.amitai.com\/es\/denuncia-anonima-beneficios\/\" target=\"_self\" class=\"btn-post\">Leer m\u00e1s<\/a>\n        \n        <\/div>        \n    <\/div>\n<\/div>                <\/div>    \n\n                            <div class=\"slick-slide carousel-item-1515\">\n                    <div class=\"post-style-2 rpc-bg rpc-box\">\n    <div class=\"wcp-img-wrap\">\n        <a href=\"https:\/\/www.amitai.com\/es\/competencias-laborales-calificadas-empresas\/\">\n            <img decoding=\"async\" width=\"642\" height=\"426\" src=\"https:\/\/www.amitai.com\/es\/wp-content\/uploads\/2020\/01\/imageedit_4_6257238280.jpg\" class=\"attachment- size- wp-post-image\" alt=\"Las 10 competencias laborales mejor calificadas por las empresas\" srcset=\"https:\/\/www.amitai.com\/es\/wp-content\/uploads\/2020\/01\/imageedit_4_6257238280.jpg 642w, https:\/\/www.amitai.com\/es\/wp-content\/uploads\/2020\/01\/imageedit_4_6257238280-300x199.jpg 300w\" sizes=\"(max-width: 642px) 100vw, 642px\" \/>        <\/a>\n    <\/div>\n    <div class=\"wcp-content-wrap\">\n        <h3>\n            <a class=\"rpc-title\" href=\"https:\/\/www.amitai.com\/es\/competencias-laborales-calificadas-empresas\/\" target=\"_self\">\n                Las 10 competencias laborales mejor calificadas por las empresas            <\/a>\n        <\/h3>\n                <div class=\"wcp-post-contents rpc-content\">\n\n            [vc_row][vc_column][vc_column_text]Existen muchos campos de evaluaci\u00f3n a la hora de optar a una vacante. Puede incluir desde la vestimenta al llegar\n                            <br>\n                <a href=\"https:\/\/www.amitai.com\/es\/competencias-laborales-calificadas-empresas\/\" target=\"_self\" class=\"btn-post\">Leer m\u00e1s<\/a>\n        \n        <\/div>        \n    <\/div>\n<\/div>                <\/div>    \n\n                            <div class=\"slick-slide carousel-item-1495\">\n                    <div class=\"post-style-2 rpc-bg rpc-box\">\n    <div class=\"wcp-img-wrap\">\n        <a href=\"https:\/\/www.amitai.com\/es\/mantener-cumplimiento-normativo-filosofia-empresa\/\">\n            <img decoding=\"async\" width=\"642\" height=\"428\" src=\"https:\/\/www.amitai.com\/es\/wp-content\/uploads\/2019\/12\/imageedit_7_5263895131.jpg\" class=\"attachment- size- wp-post-image\" alt=\"C\u00f3mo lograr mantener el cumplimiento normativo como filosof\u00eda dentro de la empresa\" srcset=\"https:\/\/www.amitai.com\/es\/wp-content\/uploads\/2019\/12\/imageedit_7_5263895131.jpg 642w, https:\/\/www.amitai.com\/es\/wp-content\/uploads\/2019\/12\/imageedit_7_5263895131-300x200.jpg 300w\" sizes=\"(max-width: 642px) 100vw, 642px\" \/>        <\/a>\n    <\/div>\n    <div class=\"wcp-content-wrap\">\n        <h3>\n            <a class=\"rpc-title\" href=\"https:\/\/www.amitai.com\/es\/mantener-cumplimiento-normativo-filosofia-empresa\/\" target=\"_self\">\n                \u00bfC\u00f3mo lograr mantener el cumplimiento normativo como filosof\u00eda dentro de la empresa?            <\/a>\n        <\/h3>\n                <div class=\"wcp-post-contents rpc-content\">\n\n            [vc_row][vc_column][vc_column_text]La \u00e9tica organizacional siempre es un tema de gran importancia para quienes buscan mantener un comportamiento regulado y a su\n                            <br>\n                <a href=\"https:\/\/www.amitai.com\/es\/mantener-cumplimiento-normativo-filosofia-empresa\/\" target=\"_self\" class=\"btn-post\">Leer m\u00e1s<\/a>\n        \n        <\/div>        \n    <\/div>\n<\/div>                <\/div>    \n\n                            <div class=\"slick-slide carousel-item-1492\">\n                    <div class=\"post-style-2 rpc-bg rpc-box\">\n    <div class=\"wcp-img-wrap\">\n        <a href=\"https:\/\/www.amitai.com\/es\/claves-combatir-corrupcion-entorno-laboral\/\">\n            <img decoding=\"async\" width=\"626\" height=\"417\" src=\"https:\/\/www.amitai.com\/es\/wp-content\/uploads\/2019\/12\/asesor-financiero-colega_53876-23514.jpg\" class=\"attachment- size- wp-post-image\" alt=\"10 claves para combatir la corrupci\u00f3n dentro de un entorno laboral\" srcset=\"https:\/\/www.amitai.com\/es\/wp-content\/uploads\/2019\/12\/asesor-financiero-colega_53876-23514.jpg 626w, https:\/\/www.amitai.com\/es\/wp-content\/uploads\/2019\/12\/asesor-financiero-colega_53876-23514-300x200.jpg 300w\" sizes=\"(max-width: 626px) 100vw, 626px\" \/>        <\/a>\n    <\/div>\n    <div class=\"wcp-content-wrap\">\n        <h3>\n            <a class=\"rpc-title\" href=\"https:\/\/www.amitai.com\/es\/claves-combatir-corrupcion-entorno-laboral\/\" target=\"_self\">\n                10 claves para combatir la corrupci\u00f3n dentro de un entorno laboral            <\/a>\n        <\/h3>\n                <div class=\"wcp-post-contents rpc-content\">\n\n            M\u00e9xico es un pa\u00eds donde la corrupci\u00f3n ha llegado a generalizarse como pr\u00e1ctica de uso com\u00fan. Este mal envuelve diversas\n                            <br>\n                <a href=\"https:\/\/www.amitai.com\/es\/claves-combatir-corrupcion-entorno-laboral\/\" target=\"_self\" class=\"btn-post\">Leer m\u00e1s<\/a>\n        \n        <\/div>        \n    <\/div>\n<\/div>                <\/div>    \n\n                            <div class=\"slick-slide carousel-item-1483\">\n                    <div class=\"post-style-2 rpc-bg rpc-box\">\n    <div class=\"wcp-img-wrap\">\n        <a href=\"https:\/\/www.amitai.com\/es\/compliance\/\">\n            <img decoding=\"async\" width=\"642\" height=\"428\" src=\"https:\/\/www.amitai.com\/es\/wp-content\/uploads\/2019\/12\/imageedit_79_6784853066.jpg\" class=\"attachment- size- wp-post-image\" alt=\"El cumplimiento Normativo \u201cCompliance\u201d como filosof\u00eda \u00e9tica\" srcset=\"https:\/\/www.amitai.com\/es\/wp-content\/uploads\/2019\/12\/imageedit_79_6784853066.jpg 642w, https:\/\/www.amitai.com\/es\/wp-content\/uploads\/2019\/12\/imageedit_79_6784853066-300x200.jpg 300w\" sizes=\"(max-width: 642px) 100vw, 642px\" \/>        <\/a>\n    <\/div>\n    <div class=\"wcp-content-wrap\">\n        <h3>\n            <a class=\"rpc-title\" href=\"https:\/\/www.amitai.com\/es\/compliance\/\" target=\"_self\">\n                El cumplimiento Normativo \u201cCompliance\u201d como filosof\u00eda \u00e9tica.            <\/a>\n        <\/h3>\n                <div class=\"wcp-post-contents rpc-content\">\n\n            &nbsp; El entorno legal de negocios del siglo veintiuno no es f\u00e1cil ni sencillo. Existe un creciente volumen de normas\n                            <br>\n                <a href=\"https:\/\/www.amitai.com\/es\/compliance\/\" target=\"_self\" class=\"btn-post\">Leer m\u00e1s<\/a>\n        \n        <\/div>        \n    <\/div>\n<\/div>                <\/div>    \n\n                            <div class=\"slick-slide carousel-item-1473\">\n                    <div class=\"post-style-2 rpc-bg rpc-box\">\n    <div class=\"wcp-img-wrap\">\n        <a href=\"https:\/\/www.amitai.com\/es\/etica-laboral-desarrollo-empresa\/\">\n            <img decoding=\"async\" width=\"627\" height=\"640\" src=\"https:\/\/www.amitai.com\/es\/wp-content\/uploads\/2019\/12\/5fe4d2464d54b108f5d084609629357a123fdee1574c704c722a7cd39345c25d_640.jpg\" class=\"attachment- size- wp-post-image\" alt=\"\" srcset=\"https:\/\/www.amitai.com\/es\/wp-content\/uploads\/2019\/12\/5fe4d2464d54b108f5d084609629357a123fdee1574c704c722a7cd39345c25d_640.jpg 627w, https:\/\/www.amitai.com\/es\/wp-content\/uploads\/2019\/12\/5fe4d2464d54b108f5d084609629357a123fdee1574c704c722a7cd39345c25d_640-294x300.jpg 294w\" sizes=\"(max-width: 627px) 100vw, 627px\" \/>        <\/a>\n    <\/div>\n    <div class=\"wcp-content-wrap\">\n        <h3>\n            <a class=\"rpc-title\" href=\"https:\/\/www.amitai.com\/es\/etica-laboral-desarrollo-empresa\/\" target=\"_self\">\n                \u00bfQu\u00e9 es la \u00e9tica laboral y c\u00f3mo influye en el desarrollo de tu empresa?            <\/a>\n        <\/h3>\n                <div class=\"wcp-post-contents rpc-content\">\n\n            [vc_row][vc_column][vc_column_text]El papel que juega la \u00e9tica es sumamente\u00a0importante en el mundo de los negocios y\u00a0es totalmente necesaria para ser un\n                            <br>\n                <a href=\"https:\/\/www.amitai.com\/es\/etica-laboral-desarrollo-empresa\/\" target=\"_self\" class=\"btn-post\">Leer m\u00e1s<\/a>\n        \n        <\/div>        \n    <\/div>\n<\/div>                <\/div>    \n\n                            <div class=\"slick-slide carousel-item-1463\">\n                    <div class=\"post-style-2 rpc-bg rpc-box\">\n    <div class=\"wcp-img-wrap\">\n        <a href=\"https:\/\/www.amitai.com\/es\/factores-prevenir-corrupcion-empresas\/\">\n            <img decoding=\"async\" width=\"642\" height=\"428\" src=\"https:\/\/www.amitai.com\/es\/wp-content\/uploads\/2019\/12\/imageedit_5_3101839998.jpg\" class=\"attachment- size- wp-post-image\" alt=\"5 factores a tomar en cuenta para prevenir la corrupci\u00f3n en las empresas\" srcset=\"https:\/\/www.amitai.com\/es\/wp-content\/uploads\/2019\/12\/imageedit_5_3101839998.jpg 642w, https:\/\/www.amitai.com\/es\/wp-content\/uploads\/2019\/12\/imageedit_5_3101839998-300x200.jpg 300w\" sizes=\"(max-width: 642px) 100vw, 642px\" \/>        <\/a>\n    <\/div>\n    <div class=\"wcp-content-wrap\">\n        <h3>\n            <a class=\"rpc-title\" href=\"https:\/\/www.amitai.com\/es\/factores-prevenir-corrupcion-empresas\/\" target=\"_self\">\n                5 factores a tomar en cuenta para prevenir la corrupci\u00f3n en las empresas            <\/a>\n        <\/h3>\n                <div class=\"wcp-post-contents rpc-content\">\n\n            En M\u00e9xico es muy com\u00fan escuchar de sobornos o \u00abmordidas\u00bb\u00a0a\u00a0funcionarios p\u00fablicos para evitar cargos o sanciones.\u00a0La corrupci\u00f3n existe fuertemente en\n                            <br>\n                <a href=\"https:\/\/www.amitai.com\/es\/factores-prevenir-corrupcion-empresas\/\" target=\"_self\" class=\"btn-post\">Leer m\u00e1s<\/a>\n        \n        <\/div>        \n    <\/div>\n<\/div>                <\/div>    \n\n                            <div class=\"slick-slide carousel-item-1447\">\n                    <div class=\"post-style-2 rpc-bg rpc-box\">\n    <div class=\"wcp-img-wrap\">\n        <a href=\"https:\/\/www.amitai.com\/es\/cumplimiento-normativo-riesgos-beneficios\/\">\n            <img decoding=\"async\" width=\"640\" height=\"423\" src=\"https:\/\/www.amitai.com\/es\/wp-content\/uploads\/2019\/12\/startup-593343_640.jpg\" class=\"attachment- size- wp-post-image\" alt=\"Cumplimiento Normativo\" srcset=\"https:\/\/www.amitai.com\/es\/wp-content\/uploads\/2019\/12\/startup-593343_640.jpg 640w, https:\/\/www.amitai.com\/es\/wp-content\/uploads\/2019\/12\/startup-593343_640-300x198.jpg 300w\" sizes=\"(max-width: 640px) 100vw, 640px\" \/>        <\/a>\n    <\/div>\n    <div class=\"wcp-content-wrap\">\n        <h3>\n            <a class=\"rpc-title\" href=\"https:\/\/www.amitai.com\/es\/cumplimiento-normativo-riesgos-beneficios\/\" target=\"_self\">\n                Cumplimiento Normativo: Descubre cu\u00e1les son los riesgos y beneficios            <\/a>\n        <\/h3>\n                <div class=\"wcp-post-contents rpc-content\">\n\n            Los emprendedores nos enfrentamos a retos que muchas veces podr\u00edan disuadir nuestro \u00edmpetu por iniciar un proyecto. Pero no todos\u00a0son\n                            <br>\n                <a href=\"https:\/\/www.amitai.com\/es\/cumplimiento-normativo-riesgos-beneficios\/\" target=\"_self\" class=\"btn-post\">Leer m\u00e1s<\/a>\n        \n        <\/div>        \n    <\/div>\n<\/div>                <\/div>    \n\n                            <div class=\"slick-slide carousel-item-1440\">\n                    <div class=\"post-style-2 rpc-bg rpc-box\">\n    <div class=\"wcp-img-wrap\">\n        <a href=\"https:\/\/www.amitai.com\/es\/pruebas-psicometricas-laborales-herramienta\/\">\n            <img decoding=\"async\" width=\"640\" height=\"426\" src=\"https:\/\/www.amitai.com\/es\/wp-content\/uploads\/2019\/12\/writing-1149962_640.jpg\" class=\"attachment- size- wp-post-image\" alt=\"Sin categor\u00eda E-thics Learning Encuesta de \u00e9tica y cultura organizacional \u00c9tica Organizacional Honestidad Integri-line Noticias\" srcset=\"https:\/\/www.amitai.com\/es\/wp-content\/uploads\/2019\/12\/writing-1149962_640.jpg 640w, https:\/\/www.amitai.com\/es\/wp-content\/uploads\/2019\/12\/writing-1149962_640-300x200.jpg 300w\" sizes=\"(max-width: 640px) 100vw, 640px\" \/>        <\/a>\n    <\/div>\n    <div class=\"wcp-content-wrap\">\n        <h3>\n            <a class=\"rpc-title\" href=\"https:\/\/www.amitai.com\/es\/pruebas-psicometricas-laborales-herramienta\/\" target=\"_self\">\n                \u00bfC\u00f3mo utilizar las pruebas psicom\u00e9tricas laborales como herramienta de mejora?            <\/a>\n        <\/h3>\n                <div class=\"wcp-post-contents rpc-content\">\n\n            Las pruebas psicom\u00e9tricas laborales\u00a0son una excelente opci\u00f3n que nos brinda la psicolog\u00eda laboral para mejorar los procesos de selecci\u00f3n realizados\n                            <br>\n                <a href=\"https:\/\/www.amitai.com\/es\/pruebas-psicometricas-laborales-herramienta\/\" target=\"_self\" class=\"btn-post\">Leer m\u00e1s<\/a>\n        \n        <\/div>        \n    <\/div>\n<\/div>                <\/div>    \n\n                            <div class=\"slick-slide carousel-item-1429\">\n                    <div class=\"post-style-2 rpc-bg rpc-box\">\n    <div class=\"wcp-img-wrap\">\n        <a href=\"https:\/\/www.amitai.com\/es\/medir-clima-laboral-empresa\/\">\n            <img decoding=\"async\" width=\"640\" height=\"418\" src=\"https:\/\/www.amitai.com\/es\/wp-content\/uploads\/2019\/12\/55e8d1464255b108f5d084609629357a123fdee1574c704c722a7bd6964ccc51_640.jpg\" class=\"attachment- size- wp-post-image\" alt=\"\" srcset=\"https:\/\/www.amitai.com\/es\/wp-content\/uploads\/2019\/12\/55e8d1464255b108f5d084609629357a123fdee1574c704c722a7bd6964ccc51_640.jpg 640w, https:\/\/www.amitai.com\/es\/wp-content\/uploads\/2019\/12\/55e8d1464255b108f5d084609629357a123fdee1574c704c722a7bd6964ccc51_640-300x196.jpg 300w\" sizes=\"(max-width: 640px) 100vw, 640px\" \/>        <\/a>\n    <\/div>\n    <div class=\"wcp-content-wrap\">\n        <h3>\n            <a class=\"rpc-title\" href=\"https:\/\/www.amitai.com\/es\/medir-clima-laboral-empresa\/\" target=\"_self\">\n                5 formas de medir el clima laboral dentro de una empresa            <\/a>\n        <\/h3>\n                <div class=\"wcp-post-contents rpc-content\">\n\n            El clima laboral de tu empresa se refiere a todo lo que forma parte del medio en el que los\n                            <br>\n                <a href=\"https:\/\/www.amitai.com\/es\/medir-clima-laboral-empresa\/\" target=\"_self\" class=\"btn-post\">Leer m\u00e1s<\/a>\n        \n        <\/div>        \n    <\/div>\n<\/div>                <\/div>    \n\n                            <div class=\"slick-slide carousel-item-1417\">\n                    <div class=\"post-style-2 rpc-bg rpc-box\">\n    <div class=\"wcp-img-wrap\">\n        <a href=\"https:\/\/www.amitai.com\/es\/realizar-test-seleccion-personal\/\">\n            <img decoding=\"async\" width=\"640\" height=\"426\" src=\"https:\/\/www.amitai.com\/es\/wp-content\/uploads\/2019\/11\/man-3653346_640.jpg\" class=\"attachment- size- wp-post-image\" alt=\"Puntos a tomar en cuenta al realizar un test de selecci\u00f3n de personal\" srcset=\"https:\/\/www.amitai.com\/es\/wp-content\/uploads\/2019\/11\/man-3653346_640.jpg 640w, https:\/\/www.amitai.com\/es\/wp-content\/uploads\/2019\/11\/man-3653346_640-300x200.jpg 300w\" sizes=\"(max-width: 640px) 100vw, 640px\" \/>        <\/a>\n    <\/div>\n    <div class=\"wcp-content-wrap\">\n        <h3>\n            <a class=\"rpc-title\" href=\"https:\/\/www.amitai.com\/es\/realizar-test-seleccion-personal\/\" target=\"_self\">\n                Puntos a tomar en cuenta al realizar un test de selecci\u00f3n de personal            <\/a>\n        <\/h3>\n                <div class=\"wcp-post-contents rpc-content\">\n\n            Hoy en d\u00eda los reclutadores realizan ex\u00e1menes laborales con la finalidad de conocer a los postulantes a mayor profundidad. A\n                            <br>\n                <a href=\"https:\/\/www.amitai.com\/es\/realizar-test-seleccion-personal\/\" target=\"_self\" class=\"btn-post\">Leer m\u00e1s<\/a>\n        \n        <\/div>        \n    <\/div>\n<\/div>                <\/div>    \n\n                            <div class=\"slick-slide carousel-item-1396\">\n                    <div class=\"post-style-2 rpc-bg rpc-box\">\n    <div class=\"wcp-img-wrap\">\n        <a href=\"https:\/\/www.amitai.com\/es\/formas-acabar-corrupcion-empresas\/\">\n            <img decoding=\"async\" width=\"640\" height=\"425\" src=\"https:\/\/www.amitai.com\/es\/wp-content\/uploads\/2019\/11\/5-formas-de-acabar-con-la-corrupci\u00f3n-de-las-empresas.jpg\" class=\"attachment- size- wp-post-image\" alt=\"5 formas de acabar con la corrupci\u00f3n de las empresas\" srcset=\"https:\/\/www.amitai.com\/es\/wp-content\/uploads\/2019\/11\/5-formas-de-acabar-con-la-corrupci\u00f3n-de-las-empresas.jpg 640w, https:\/\/www.amitai.com\/es\/wp-content\/uploads\/2019\/11\/5-formas-de-acabar-con-la-corrupci\u00f3n-de-las-empresas-300x199.jpg 300w\" sizes=\"(max-width: 640px) 100vw, 640px\" \/>        <\/a>\n    <\/div>\n    <div class=\"wcp-content-wrap\">\n        <h3>\n            <a class=\"rpc-title\" href=\"https:\/\/www.amitai.com\/es\/formas-acabar-corrupcion-empresas\/\" target=\"_self\">\n                5 formas de acabar con la corrupci\u00f3n de las empresas            <\/a>\n        <\/h3>\n                <div class=\"wcp-post-contents rpc-content\">\n\n            El impacto social que genera la corrupci\u00f3n de las empresas en M\u00e9xico es tan serio como preocupante. No solo afecta\n                            <br>\n                <a href=\"https:\/\/www.amitai.com\/es\/formas-acabar-corrupcion-empresas\/\" target=\"_self\" class=\"btn-post\">Leer m\u00e1s<\/a>\n        \n        <\/div>        \n    <\/div>\n<\/div>                <\/div>    \n\n                            <div class=\"slick-slide carousel-item-1393\">\n                    <div class=\"post-style-2 rpc-bg rpc-box\">\n    <div class=\"wcp-img-wrap\">\n        <a href=\"https:\/\/www.amitai.com\/es\/importancia-realizar-examenes-confianza\/\">\n            <img decoding=\"async\" width=\"640\" height=\"426\" src=\"https:\/\/www.amitai.com\/es\/wp-content\/uploads\/2019\/11\/Conoce-cu\u00e1l-es-la-importancia-de-realizar-ex\u00e1menes-de-confianza.jpg\" class=\"attachment- size- wp-post-image\" alt=\"Conoce cu\u00e1l es la importancia de realizar ex\u00e1menes de confianza\" srcset=\"https:\/\/www.amitai.com\/es\/wp-content\/uploads\/2019\/11\/Conoce-cu\u00e1l-es-la-importancia-de-realizar-ex\u00e1menes-de-confianza.jpg 640w, https:\/\/www.amitai.com\/es\/wp-content\/uploads\/2019\/11\/Conoce-cu\u00e1l-es-la-importancia-de-realizar-ex\u00e1menes-de-confianza-300x200.jpg 300w\" sizes=\"(max-width: 640px) 100vw, 640px\" \/>        <\/a>\n    <\/div>\n    <div class=\"wcp-content-wrap\">\n        <h3>\n            <a class=\"rpc-title\" href=\"https:\/\/www.amitai.com\/es\/importancia-realizar-examenes-confianza\/\" target=\"_self\">\n                Conoce cu\u00e1l es la importancia de realizar ex\u00e1menes de confianza            <\/a>\n        <\/h3>\n                <div class=\"wcp-post-contents rpc-content\">\n\n            La confianza es la base de la calidad en las relaciones humanas. El noviazgo, el matrimonio o la relaci\u00f3n entre\n                            <br>\n                <a href=\"https:\/\/www.amitai.com\/es\/importancia-realizar-examenes-confianza\/\" target=\"_self\" class=\"btn-post\">Leer m\u00e1s<\/a>\n        \n        <\/div>        \n    <\/div>\n<\/div>                <\/div>    \n\n                            <div class=\"slick-slide carousel-item-1390\">\n                    <div class=\"post-style-2 rpc-bg rpc-box\">\n    <div class=\"wcp-img-wrap\">\n        <a href=\"https:\/\/www.amitai.com\/es\/pruebas-psicometricas-evitar-personal-nocivo\/\">\n            <img decoding=\"async\" width=\"640\" height=\"426\" src=\"https:\/\/www.amitai.com\/es\/wp-content\/uploads\/2019\/11\/Implementaci\u00f3n-de-pruebas-psicom\u00e9tricas-para-evitar-la-incorporaci\u00f3n-de-personal-nocivo-a-tu-empresa.jpg\" class=\"attachment- size- wp-post-image\" alt=\"mplementaci\u00f3n de pruebas psicom\u00e9tricas para evitar la incorporaci\u00f3n de personal nocivo a tu empresa\" srcset=\"https:\/\/www.amitai.com\/es\/wp-content\/uploads\/2019\/11\/Implementaci\u00f3n-de-pruebas-psicom\u00e9tricas-para-evitar-la-incorporaci\u00f3n-de-personal-nocivo-a-tu-empresa.jpg 640w, https:\/\/www.amitai.com\/es\/wp-content\/uploads\/2019\/11\/Implementaci\u00f3n-de-pruebas-psicom\u00e9tricas-para-evitar-la-incorporaci\u00f3n-de-personal-nocivo-a-tu-empresa-300x200.jpg 300w\" sizes=\"(max-width: 640px) 100vw, 640px\" \/>        <\/a>\n    <\/div>\n    <div class=\"wcp-content-wrap\">\n        <h3>\n            <a class=\"rpc-title\" href=\"https:\/\/www.amitai.com\/es\/pruebas-psicometricas-evitar-personal-nocivo\/\" target=\"_self\">\n                Implementaci\u00f3n de pruebas psicom\u00e9tricas para evitar la incorporaci\u00f3n de personal nocivo a tu empresa            <\/a>\n        <\/h3>\n                <div class=\"wcp-post-contents rpc-content\">\n\n            \u00bfQuieres conoce\u00a0las mejores pr\u00e1cticas para implementar un examen psicom\u00e9trico\u00a0y, de este modo, poder reclutar al mejor candidato para ti y\n                            <br>\n                <a href=\"https:\/\/www.amitai.com\/es\/pruebas-psicometricas-evitar-personal-nocivo\/\" target=\"_self\" class=\"btn-post\">Leer m\u00e1s<\/a>\n        \n        <\/div>        \n    <\/div>\n<\/div>                <\/div>    \n\n                            <div class=\"slick-slide carousel-item-1375\">\n                    <div class=\"post-style-2 rpc-bg rpc-box\">\n    <div class=\"wcp-img-wrap\">\n        <a href=\"https:\/\/www.amitai.com\/es\/interpretar-habilidades-empleados-especialidad\/\">\n            <img decoding=\"async\" width=\"640\" height=\"426\" src=\"https:\/\/www.amitai.com\/es\/wp-content\/uploads\/2019\/11\/Sabes-interpretar-las-habilidades-laborales-de-tus-empleados-acorde-a-su-\u00e1rea-de-especialidad.jpg\" class=\"attachment- size- wp-post-image\" alt=\"Sabes interpretar las habilidades laborales de tus empleados acorde a su \u00e1rea de especialidad\" srcset=\"https:\/\/www.amitai.com\/es\/wp-content\/uploads\/2019\/11\/Sabes-interpretar-las-habilidades-laborales-de-tus-empleados-acorde-a-su-\u00e1rea-de-especialidad.jpg 640w, https:\/\/www.amitai.com\/es\/wp-content\/uploads\/2019\/11\/Sabes-interpretar-las-habilidades-laborales-de-tus-empleados-acorde-a-su-\u00e1rea-de-especialidad-300x200.jpg 300w\" sizes=\"(max-width: 640px) 100vw, 640px\" \/>        <\/a>\n    <\/div>\n    <div class=\"wcp-content-wrap\">\n        <h3>\n            <a class=\"rpc-title\" href=\"https:\/\/www.amitai.com\/es\/interpretar-habilidades-empleados-especialidad\/\" target=\"_self\">\n                \u00bfSabes interpretar las habilidades laborales de tus empleados acorde a su \u00e1rea de especialidad?            <\/a>\n        <\/h3>\n                <div class=\"wcp-post-contents rpc-content\">\n\n            Conocer el capital humano que trabaja en una empresa es pieza clave para lograr el \u00e9xito. \u00bfTe has preguntado si\n                            <br>\n                <a href=\"https:\/\/www.amitai.com\/es\/interpretar-habilidades-empleados-especialidad\/\" target=\"_self\" class=\"btn-post\">Leer m\u00e1s<\/a>\n        \n        <\/div>        \n    <\/div>\n<\/div>                <\/div>    \n\n                            <div class=\"slick-slide carousel-item-1362\">\n                    <div class=\"post-style-2 rpc-bg rpc-box\">\n    <div class=\"wcp-img-wrap\">\n        <a href=\"https:\/\/www.amitai.com\/es\/tecnicas-para-estructurar-un-examen-psicometrico\/\">\n            <img decoding=\"async\" width=\"624\" height=\"426\" src=\"https:\/\/www.amitai.com\/es\/wp-content\/uploads\/2019\/11\/T\u00e9cnicas-para-estructurar-un-examen-psicom\u00e9trico.jpg\" class=\"attachment- size- wp-post-image\" alt=\"T\u00e9cnicas para estructurar un examen psicom\u00e9trico\" srcset=\"https:\/\/www.amitai.com\/es\/wp-content\/uploads\/2019\/11\/T\u00e9cnicas-para-estructurar-un-examen-psicom\u00e9trico.jpg 624w, https:\/\/www.amitai.com\/es\/wp-content\/uploads\/2019\/11\/T\u00e9cnicas-para-estructurar-un-examen-psicom\u00e9trico-300x205.jpg 300w\" sizes=\"(max-width: 624px) 100vw, 624px\" \/>        <\/a>\n    <\/div>\n    <div class=\"wcp-content-wrap\">\n        <h3>\n            <a class=\"rpc-title\" href=\"https:\/\/www.amitai.com\/es\/tecnicas-para-estructurar-un-examen-psicometrico\/\" target=\"_self\">\n                T\u00e9cnicas para estructurar un examen psicom\u00e9trico            <\/a>\n        <\/h3>\n                <div class=\"wcp-post-contents rpc-content\">\n\n            [vc_row][vc_column][vc_column_text]Son muchos los aspectos que se pueden evaluar en un test psicom\u00e9trico\u00a0al interior de\u00a0tu organizaci\u00f3n y deben estar \u00edntimamente ligados\n                            <br>\n                <a href=\"https:\/\/www.amitai.com\/es\/tecnicas-para-estructurar-un-examen-psicometrico\/\" target=\"_self\" class=\"btn-post\">Leer m\u00e1s<\/a>\n        \n        <\/div>        \n    <\/div>\n<\/div>                <\/div>    \n\n                            <div class=\"slick-slide carousel-item-1360\">\n                    <div class=\"post-style-2 rpc-bg rpc-box\">\n    <div class=\"wcp-img-wrap\">\n        <a href=\"https:\/\/www.amitai.com\/es\/como-evaluar-resultado-cursos-etica-organizacional\/\">\n            <img decoding=\"async\" width=\"624\" height=\"426\" src=\"https:\/\/www.amitai.com\/es\/wp-content\/uploads\/2019\/11\/C\u00f3mo-evaluar-el-resultado-de-los-cursos-de-\u00e9tica-organizacional.jpg\" class=\"attachment- size- wp-post-image\" alt=\"C\u00f3mo-evaluar-el-resultado-de-los-cursos-de-\u00e9tica-organizacional\" srcset=\"https:\/\/www.amitai.com\/es\/wp-content\/uploads\/2019\/11\/C\u00f3mo-evaluar-el-resultado-de-los-cursos-de-\u00e9tica-organizacional.jpg 624w, https:\/\/www.amitai.com\/es\/wp-content\/uploads\/2019\/11\/C\u00f3mo-evaluar-el-resultado-de-los-cursos-de-\u00e9tica-organizacional-300x205.jpg 300w\" sizes=\"(max-width: 624px) 100vw, 624px\" \/>        <\/a>\n    <\/div>\n    <div class=\"wcp-content-wrap\">\n        <h3>\n            <a class=\"rpc-title\" href=\"https:\/\/www.amitai.com\/es\/como-evaluar-resultado-cursos-etica-organizacional\/\" target=\"_self\">\n                \u00bfC\u00f3mo evaluar el resultado de los cursos de \u00e9tica organizacional?            <\/a>\n        <\/h3>\n                <div class=\"wcp-post-contents rpc-content\">\n\n            Por la crianza en el hogar, cada ser humano cuenta con un sistema de normas morales que lo orientan en\n                            <br>\n                <a href=\"https:\/\/www.amitai.com\/es\/como-evaluar-resultado-cursos-etica-organizacional\/\" target=\"_self\" class=\"btn-post\">Leer m\u00e1s<\/a>\n        \n        <\/div>        \n    <\/div>\n<\/div>                <\/div>    \n\n                            <div class=\"slick-slide carousel-item-1339\">\n                    <div class=\"post-style-2 rpc-bg rpc-box\">\n    <div class=\"wcp-img-wrap\">\n        <a href=\"https:\/\/www.amitai.com\/es\/norma-035-mexico\/\">\n            <img decoding=\"async\" width=\"640\" height=\"426\" src=\"https:\/\/www.amitai.com\/es\/wp-content\/uploads\/2019\/10\/Todo-lo-que-necesitas-saber-sobre-la-Norma-035-en-M\u00e9xico.jpg\" class=\"attachment- size- wp-post-image\" alt=\"Todo lo que necesitas saber sobre la Norma 035 en M\u00e9xico\" srcset=\"https:\/\/www.amitai.com\/es\/wp-content\/uploads\/2019\/10\/Todo-lo-que-necesitas-saber-sobre-la-Norma-035-en-M\u00e9xico.jpg 640w, https:\/\/www.amitai.com\/es\/wp-content\/uploads\/2019\/10\/Todo-lo-que-necesitas-saber-sobre-la-Norma-035-en-M\u00e9xico-300x200.jpg 300w\" sizes=\"(max-width: 640px) 100vw, 640px\" \/>        <\/a>\n    <\/div>\n    <div class=\"wcp-content-wrap\">\n        <h3>\n            <a class=\"rpc-title\" href=\"https:\/\/www.amitai.com\/es\/norma-035-mexico\/\" target=\"_self\">\n                Todo lo que necesitas saber sobre la Norma 035 en M\u00e9xico            <\/a>\n        <\/h3>\n                <div class=\"wcp-post-contents rpc-content\">\n\n            Desde que se public\u00f3 la norma 035, ha causado gran revuelo en el \u00e1mbito empresarial y han surgido muchas dudas\n                            <br>\n                <a href=\"https:\/\/www.amitai.com\/es\/norma-035-mexico\/\" target=\"_self\" class=\"btn-post\">Leer m\u00e1s<\/a>\n        \n        <\/div>        \n    <\/div>\n<\/div>                <\/div>    \n\n                            <div class=\"slick-slide carousel-item-1342\">\n                    <div class=\"post-style-2 rpc-bg rpc-box\">\n    <div class=\"wcp-img-wrap\">\n        <a href=\"https:\/\/www.amitai.com\/es\/eliminar-miedo-denuncia-anonima\/\">\n            <img decoding=\"async\" width=\"640\" height=\"426\" src=\"https:\/\/www.amitai.com\/es\/wp-content\/uploads\/2019\/10\/57e1d1404b53a814f6da8c7dda79367c1138dee557556c4870287ad69e4dc059bd_640.jpg\" class=\"attachment- size- wp-post-image\" alt=\"\u00bfC\u00f3mo eliminar el miedo sobre la denuncia an\u00f3nima en el \u00e1mbito laboral?\" srcset=\"https:\/\/www.amitai.com\/es\/wp-content\/uploads\/2019\/10\/57e1d1404b53a814f6da8c7dda79367c1138dee557556c4870287ad69e4dc059bd_640.jpg 640w, https:\/\/www.amitai.com\/es\/wp-content\/uploads\/2019\/10\/57e1d1404b53a814f6da8c7dda79367c1138dee557556c4870287ad69e4dc059bd_640-300x200.jpg 300w\" sizes=\"(max-width: 640px) 100vw, 640px\" \/>        <\/a>\n    <\/div>\n    <div class=\"wcp-content-wrap\">\n        <h3>\n            <a class=\"rpc-title\" href=\"https:\/\/www.amitai.com\/es\/eliminar-miedo-denuncia-anonima\/\" target=\"_self\">\n                \u00bfC\u00f3mo eliminar el miedo sobre la denuncia an\u00f3nima en el \u00e1mbito laboral?            <\/a>\n        <\/h3>\n                <div class=\"wcp-post-contents rpc-content\">\n\n            Ante la presencia de un infractor, acosador, depredador o un delincuente en el \u00e1rea laboral, la posibilidad de confrontarlo y\n                            <br>\n                <a href=\"https:\/\/www.amitai.com\/es\/eliminar-miedo-denuncia-anonima\/\" target=\"_self\" class=\"btn-post\">Leer m\u00e1s<\/a>\n        \n        <\/div>        \n    <\/div>\n<\/div>                <\/div>    \n\n                            <div class=\"slick-slide carousel-item-1331\">\n                    <div class=\"post-style-2 rpc-bg rpc-box\">\n    <div class=\"wcp-img-wrap\">\n        <a href=\"https:\/\/www.amitai.com\/es\/honestidad-trabajo-practica-cotidiana\/\">\n            <img decoding=\"async\" width=\"640\" height=\"416\" src=\"https:\/\/www.amitai.com\/es\/wp-content\/uploads\/2019\/10\/55e4dd424354ab14f6da8c7dda79367c1138dee557556c4870287bd39544c55fbd_640.jpg\" class=\"attachment- size- wp-post-image\" alt=\"\u00bfC\u00f3mo hacer que la honestidad en el trabajo sea una pr\u00e1ctica cotidiana?\" srcset=\"https:\/\/www.amitai.com\/es\/wp-content\/uploads\/2019\/10\/55e4dd424354ab14f6da8c7dda79367c1138dee557556c4870287bd39544c55fbd_640.jpg 640w, https:\/\/www.amitai.com\/es\/wp-content\/uploads\/2019\/10\/55e4dd424354ab14f6da8c7dda79367c1138dee557556c4870287bd39544c55fbd_640-300x195.jpg 300w\" sizes=\"(max-width: 640px) 100vw, 640px\" \/>        <\/a>\n    <\/div>\n    <div class=\"wcp-content-wrap\">\n        <h3>\n            <a class=\"rpc-title\" href=\"https:\/\/www.amitai.com\/es\/honestidad-trabajo-practica-cotidiana\/\" target=\"_self\">\n                \u00bfC\u00f3mo hacer que la honestidad en el trabajo sea una pr\u00e1ctica cotidiana?            <\/a>\n        <\/h3>\n                <div class=\"wcp-post-contents rpc-content\">\n\n            La honestidad&nbsp;en el trabajo es uno de los valores primordiales que una empresa debe cuidar, entendiendo que para poder ser\n                            <br>\n                <a href=\"https:\/\/www.amitai.com\/es\/honestidad-trabajo-practica-cotidiana\/\" target=\"_self\" class=\"btn-post\">Leer m\u00e1s<\/a>\n        \n        <\/div>        \n    <\/div>\n<\/div>                <\/div>    \n\n                            <div class=\"slick-slide carousel-item-1328\">\n                    <div class=\"post-style-2 rpc-bg rpc-box\">\n    <div class=\"wcp-img-wrap\">\n        <a href=\"https:\/\/www.amitai.com\/es\/como-reforzar-habilidades-laborales\/\">\n            <img decoding=\"async\" width=\"640\" height=\"436\" src=\"https:\/\/www.amitai.com\/es\/wp-content\/uploads\/2019\/10\/54e2d244485bae14f6da8c7dda79367c1138dee557556c4870287bd39145c05dba_640.jpg\" class=\"attachment- size- wp-post-image\" alt=\"\u00bfC\u00f3mo reforzar las habilidades laborales para obtener resultados eficientes?\" srcset=\"https:\/\/www.amitai.com\/es\/wp-content\/uploads\/2019\/10\/54e2d244485bae14f6da8c7dda79367c1138dee557556c4870287bd39145c05dba_640.jpg 640w, https:\/\/www.amitai.com\/es\/wp-content\/uploads\/2019\/10\/54e2d244485bae14f6da8c7dda79367c1138dee557556c4870287bd39145c05dba_640-300x204.jpg 300w\" sizes=\"(max-width: 640px) 100vw, 640px\" \/>        <\/a>\n    <\/div>\n    <div class=\"wcp-content-wrap\">\n        <h3>\n            <a class=\"rpc-title\" href=\"https:\/\/www.amitai.com\/es\/como-reforzar-habilidades-laborales\/\" target=\"_self\">\n                \u00bfC\u00f3mo reforzar las habilidades laborales para obtener resultados eficientes?            <\/a>\n        <\/h3>\n                <div class=\"wcp-post-contents rpc-content\">\n\n            Ir en pos del mejoramiento empresarial es algo que est\u00e1 en la mente de todo buen jefe y m\u00e1s a\u00fan\n                            <br>\n                <a href=\"https:\/\/www.amitai.com\/es\/como-reforzar-habilidades-laborales\/\" target=\"_self\" class=\"btn-post\">Leer m\u00e1s<\/a>\n        \n        <\/div>        \n    <\/div>\n<\/div>                <\/div>    \n\n                            <div class=\"slick-slide carousel-item-1316\">\n                    <div class=\"post-style-2 rpc-bg rpc-box\">\n    <div class=\"wcp-img-wrap\">\n        <a href=\"https:\/\/www.amitai.com\/es\/analizar-correctamente-pruebas-psicometricas\/\">\n            <img decoding=\"async\" width=\"600\" height=\"426\" src=\"https:\/\/www.amitai.com\/es\/wp-content\/uploads\/2019\/10\/C\u00f3mo-analizar-correctamente-las-pruebas-psicom\u00e9tricas-laborales.jpg\" class=\"attachment- size- wp-post-image\" alt=\"\u00bfC\u00f3mo analizar correctamente las pruebas psicom\u00e9tricas laborales?\" srcset=\"https:\/\/www.amitai.com\/es\/wp-content\/uploads\/2019\/10\/C\u00f3mo-analizar-correctamente-las-pruebas-psicom\u00e9tricas-laborales.jpg 600w, https:\/\/www.amitai.com\/es\/wp-content\/uploads\/2019\/10\/C\u00f3mo-analizar-correctamente-las-pruebas-psicom\u00e9tricas-laborales-300x213.jpg 300w\" sizes=\"(max-width: 600px) 100vw, 600px\" \/>        <\/a>\n    <\/div>\n    <div class=\"wcp-content-wrap\">\n        <h3>\n            <a class=\"rpc-title\" href=\"https:\/\/www.amitai.com\/es\/analizar-correctamente-pruebas-psicometricas\/\" target=\"_self\">\n                \u00bfC\u00f3mo analizar correctamente las pruebas psicom\u00e9tricas laborales?            <\/a>\n        <\/h3>\n                <div class=\"wcp-post-contents rpc-content\">\n\n            [vc_row][vc_column][vc_column_text]Tu empresa necesita de empleados calificados y mentalmente estables que puedan llevar a cabo las labores que se les otorguen.\n                            <br>\n                <a href=\"https:\/\/www.amitai.com\/es\/analizar-correctamente-pruebas-psicometricas\/\" target=\"_self\" class=\"btn-post\">Leer m\u00e1s<\/a>\n        \n        <\/div>        \n    <\/div>\n<\/div>                <\/div>    \n\n                            <div class=\"slick-slide carousel-item-1313\">\n                    <div class=\"post-style-2 rpc-bg rpc-box\">\n    <div class=\"wcp-img-wrap\">\n        <a href=\"https:\/\/www.amitai.com\/es\/parametros-realizar-test-seleccion-personal\/\">\n            <img decoding=\"async\" width=\"1200\" height=\"853\" src=\"https:\/\/www.amitai.com\/es\/wp-content\/uploads\/2019\/10\/3Mesa-de-trabajo-1-copia@2x.png\" class=\"attachment- size- wp-post-image\" alt=\"PARAMETROS 1\" srcset=\"https:\/\/www.amitai.com\/es\/wp-content\/uploads\/2019\/10\/3Mesa-de-trabajo-1-copia@2x.png 1200w, https:\/\/www.amitai.com\/es\/wp-content\/uploads\/2019\/10\/3Mesa-de-trabajo-1-copia@2x-300x213.png 300w, https:\/\/www.amitai.com\/es\/wp-content\/uploads\/2019\/10\/3Mesa-de-trabajo-1-copia@2x-1024x728.png 1024w, https:\/\/www.amitai.com\/es\/wp-content\/uploads\/2019\/10\/3Mesa-de-trabajo-1-copia@2x-768x546.png 768w\" sizes=\"(max-width: 1200px) 100vw, 1200px\" \/>        <\/a>\n    <\/div>\n    <div class=\"wcp-content-wrap\">\n        <h3>\n            <a class=\"rpc-title\" href=\"https:\/\/www.amitai.com\/es\/parametros-realizar-test-seleccion-personal\/\" target=\"_self\">\n                Par\u00e1metros para realizar un test de selecci\u00f3n de personal \u00f3ptimo            <\/a>\n        <\/h3>\n                <div class=\"wcp-post-contents rpc-content\">\n\n            [vc_row][vc_column][vc_column_text]Cuando llega el momento de reclutar a tu nuevo personal, quieres acertar; te gustar\u00eda proponer un test justo que de\n                            <br>\n                <a href=\"https:\/\/www.amitai.com\/es\/parametros-realizar-test-seleccion-personal\/\" target=\"_self\" class=\"btn-post\">Leer m\u00e1s<\/a>\n        \n        <\/div>        \n    <\/div>\n<\/div>                <\/div>    \n\n                            <div class=\"slick-slide carousel-item-1306\">\n                    <div class=\"post-style-2 rpc-bg rpc-box\">\n    <div class=\"wcp-img-wrap\">\n        <a href=\"https:\/\/www.amitai.com\/es\/tipsclima-laboral-adecuado-equipo-trabajo\/\">\n            <img decoding=\"async\" width=\"640\" height=\"426\" src=\"https:\/\/www.amitai.com\/es\/wp-content\/uploads\/2019\/10\/55e4d1424a56ac14f6da8c7dda79367c1138dee557556c48702972d79245cc58b8_640.jpg\" class=\"attachment- size- wp-post-image\" alt=\"5 tips para crear un clima laboral adecuado que incentive a tu equipo de trabajo\" srcset=\"https:\/\/www.amitai.com\/es\/wp-content\/uploads\/2019\/10\/55e4d1424a56ac14f6da8c7dda79367c1138dee557556c48702972d79245cc58b8_640.jpg 640w, https:\/\/www.amitai.com\/es\/wp-content\/uploads\/2019\/10\/55e4d1424a56ac14f6da8c7dda79367c1138dee557556c48702972d79245cc58b8_640-300x200.jpg 300w\" sizes=\"(max-width: 640px) 100vw, 640px\" \/>        <\/a>\n    <\/div>\n    <div class=\"wcp-content-wrap\">\n        <h3>\n            <a class=\"rpc-title\" href=\"https:\/\/www.amitai.com\/es\/tipsclima-laboral-adecuado-equipo-trabajo\/\" target=\"_self\">\n                5 tips para crear un clima laboral adecuado que incentive a tu equipo de trabajo            <\/a>\n        <\/h3>\n                <div class=\"wcp-post-contents rpc-content\">\n\n            Tu equipo de trabajo depende de factores humanos, materiales y ambientales que permiten el buen desempe\u00f1o de sus funciones. El\n                            <br>\n                <a href=\"https:\/\/www.amitai.com\/es\/tipsclima-laboral-adecuado-equipo-trabajo\/\" target=\"_self\" class=\"btn-post\">Leer m\u00e1s<\/a>\n        \n        <\/div>        \n    <\/div>\n<\/div>                <\/div>    \n\n                            <div class=\"slick-slide carousel-item-1276\">\n                    <div class=\"post-style-2 rpc-bg rpc-box\">\n    <div class=\"wcp-img-wrap\">\n        <a href=\"https:\/\/www.amitai.com\/es\/influye-etica-organizacional-desempeno-empleados\/\">\n            <img decoding=\"async\" width=\"640\" height=\"426\" src=\"https:\/\/www.amitai.com\/es\/wp-content\/uploads\/2019\/10\/Como-influye-la-etica-organizacional-en-el-desempeno-de-los-empleados.png\" class=\"attachment- size- wp-post-image\" alt=\"\u00bfC\u00f3mo influye la \u00e9tica organizacional en el desempe\u00f1o de los empleados?\" srcset=\"https:\/\/www.amitai.com\/es\/wp-content\/uploads\/2019\/10\/Como-influye-la-etica-organizacional-en-el-desempeno-de-los-empleados.png 640w, https:\/\/www.amitai.com\/es\/wp-content\/uploads\/2019\/10\/Como-influye-la-etica-organizacional-en-el-desempeno-de-los-empleados-300x200.png 300w\" sizes=\"(max-width: 640px) 100vw, 640px\" \/>        <\/a>\n    <\/div>\n    <div class=\"wcp-content-wrap\">\n        <h3>\n            <a class=\"rpc-title\" href=\"https:\/\/www.amitai.com\/es\/influye-etica-organizacional-desempeno-empleados\/\" target=\"_self\">\n                \u00bfC\u00f3mo influye la \u00e9tica organizacional en el desempe\u00f1o de los empleados?            <\/a>\n        <\/h3>\n                <div class=\"wcp-post-contents rpc-content\">\n\n            La \u00e9tica organizacional es uno de los principales activos con los que cuenta una empresa. Su correcta implementaci\u00f3n facilita el\n                            <br>\n                <a href=\"https:\/\/www.amitai.com\/es\/influye-etica-organizacional-desempeno-empleados\/\" target=\"_self\" class=\"btn-post\">Leer m\u00e1s<\/a>\n        \n        <\/div>        \n    <\/div>\n<\/div>                <\/div>    \n\n                            <div class=\"slick-slide carousel-item-1265\">\n                    <div class=\"post-style-2 rpc-bg rpc-box\">\n    <div class=\"wcp-img-wrap\">\n        <a href=\"https:\/\/www.amitai.com\/es\/aspectos-tener-en-cuenta-proceso-seleccion\/\">\n            <img decoding=\"async\" width=\"640\" height=\"426\" src=\"https:\/\/www.amitai.com\/es\/wp-content\/uploads\/2019\/09\/Est\u00e1s-eligiendo-bien-a-tu-personal-Conoce-los-aspectos-que-debes-tener-en-cuenta-en-un-proceso-de-selecci\u00f3n.jpg\" class=\"attachment- size- wp-post-image\" alt=\"\u00bfEst\u00e1s eligiendo bien a tu personal? Conoce los aspectos que debes tener en cuenta en un proceso de selecci\u00f3n\" srcset=\"https:\/\/www.amitai.com\/es\/wp-content\/uploads\/2019\/09\/Est\u00e1s-eligiendo-bien-a-tu-personal-Conoce-los-aspectos-que-debes-tener-en-cuenta-en-un-proceso-de-selecci\u00f3n.jpg 640w, https:\/\/www.amitai.com\/es\/wp-content\/uploads\/2019\/09\/Est\u00e1s-eligiendo-bien-a-tu-personal-Conoce-los-aspectos-que-debes-tener-en-cuenta-en-un-proceso-de-selecci\u00f3n-300x200.jpg 300w\" sizes=\"(max-width: 640px) 100vw, 640px\" \/>        <\/a>\n    <\/div>\n    <div class=\"wcp-content-wrap\">\n        <h3>\n            <a class=\"rpc-title\" href=\"https:\/\/www.amitai.com\/es\/aspectos-tener-en-cuenta-proceso-seleccion\/\" target=\"_self\">\n                \u00bfEst\u00e1s eligiendo bien a tu personal? Conoce los aspectos que debes tener en cuenta en un proceso de selecci\u00f3n            <\/a>\n        <\/h3>\n                <div class=\"wcp-post-contents rpc-content\">\n\n            Las decisiones que tomamos en la vida marcan nuestro\u00a0futuro o el de quienes nos rodean y m\u00e1s a\u00fan cuando eres\n                            <br>\n                <a href=\"https:\/\/www.amitai.com\/es\/aspectos-tener-en-cuenta-proceso-seleccion\/\" target=\"_self\" class=\"btn-post\">Leer m\u00e1s<\/a>\n        \n        <\/div>        \n    <\/div>\n<\/div>                <\/div>    \n\n                            <div class=\"slick-slide carousel-item-1262\">\n                    <div class=\"post-style-2 rpc-bg rpc-box\">\n    <div class=\"wcp-img-wrap\">\n        <a href=\"https:\/\/www.amitai.com\/es\/gestion-humana-importancia-empresarial\/\">\n            <img decoding=\"async\" width=\"640\" height=\"426\" src=\"https:\/\/www.amitai.com\/es\/wp-content\/uploads\/2019\/09\/5-puntos-para-entender-la-gesti\u00f3n-humana-y-su-importancia-empresarial.jpg\" class=\"attachment- size- wp-post-image\" alt=\"5 puntos para entender la gesti\u00f3n humana y su importancia empresarial\" srcset=\"https:\/\/www.amitai.com\/es\/wp-content\/uploads\/2019\/09\/5-puntos-para-entender-la-gesti\u00f3n-humana-y-su-importancia-empresarial.jpg 640w, https:\/\/www.amitai.com\/es\/wp-content\/uploads\/2019\/09\/5-puntos-para-entender-la-gesti\u00f3n-humana-y-su-importancia-empresarial-300x200.jpg 300w\" sizes=\"(max-width: 640px) 100vw, 640px\" \/>        <\/a>\n    <\/div>\n    <div class=\"wcp-content-wrap\">\n        <h3>\n            <a class=\"rpc-title\" href=\"https:\/\/www.amitai.com\/es\/gestion-humana-importancia-empresarial\/\" target=\"_self\">\n                5 puntos para entender la gesti\u00f3n humana y su importancia empresarial            <\/a>\n        <\/h3>\n                <div class=\"wcp-post-contents rpc-content\">\n\n            La\u00a0gesti\u00f3n humana\u00a0es una\u00a0pr\u00e1ctica\u00a0del manejo adecuado de\u00a0personal\u00a0que el departamento de RR. HH. ejecuta. A nivel funcional\u00a0establece y cumple\u00a0metas de tu empresa,\n                            <br>\n                <a href=\"https:\/\/www.amitai.com\/es\/gestion-humana-importancia-empresarial\/\" target=\"_self\" class=\"btn-post\">Leer m\u00e1s<\/a>\n        \n        <\/div>        \n    <\/div>\n<\/div>                <\/div>    \n\n                            <div class=\"slick-slide carousel-item-1248\">\n                    <div class=\"post-style-2 rpc-bg rpc-box\">\n    <div class=\"wcp-img-wrap\">\n        <a href=\"https:\/\/www.amitai.com\/es\/convertir-empleados-lideres-eticos\/\">\n            <img decoding=\"async\" width=\"640\" height=\"426\" src=\"https:\/\/www.amitai.com\/es\/wp-content\/uploads\/2019\/09\/Aprende-c\u00f3mo-convertir-a-tus-empleados-en-l\u00edderes-\u00e9ticos.jpg\" class=\"attachment- size- wp-post-image\" alt=\"Aprende c\u00f3mo convertir a tus empleados en l\u00edderes \u00e9ticos\" srcset=\"https:\/\/www.amitai.com\/es\/wp-content\/uploads\/2019\/09\/Aprende-c\u00f3mo-convertir-a-tus-empleados-en-l\u00edderes-\u00e9ticos.jpg 640w, https:\/\/www.amitai.com\/es\/wp-content\/uploads\/2019\/09\/Aprende-c\u00f3mo-convertir-a-tus-empleados-en-l\u00edderes-\u00e9ticos-300x200.jpg 300w\" sizes=\"(max-width: 640px) 100vw, 640px\" \/>        <\/a>\n    <\/div>\n    <div class=\"wcp-content-wrap\">\n        <h3>\n            <a class=\"rpc-title\" href=\"https:\/\/www.amitai.com\/es\/convertir-empleados-lideres-eticos\/\" target=\"_self\">\n                Aprende c\u00f3mo convertir a tus empleados en l\u00edderes \u00e9ticos            <\/a>\n        <\/h3>\n                <div class=\"wcp-post-contents rpc-content\">\n\n            Una cultura de trabajo\u00a0saludable debe basar su estructura en una fuerte \u00e9tica laboral, la cual debe ser igual para todos\n                            <br>\n                <a href=\"https:\/\/www.amitai.com\/es\/convertir-empleados-lideres-eticos\/\" target=\"_self\" class=\"btn-post\">Leer m\u00e1s<\/a>\n        \n        <\/div>        \n    <\/div>\n<\/div>                <\/div>    \n\n                            <div class=\"slick-slide carousel-item-1246\">\n                    <div class=\"post-style-2 rpc-bg rpc-box\">\n    <div class=\"wcp-img-wrap\">\n        <a href=\"https:\/\/www.amitai.com\/es\/consecuencias-corrupcion-empresas\/\">\n            <img decoding=\"async\" width=\"640\" height=\"426\" src=\"https:\/\/www.amitai.com\/es\/wp-content\/uploads\/2019\/09\/consecuencias-de-la-corrupci\u00f3n-en-las-empresas.jpg\" class=\"attachment- size- wp-post-image\" alt=\"7 consecuencias de la corrupci\u00f3n en las empresas\" srcset=\"https:\/\/www.amitai.com\/es\/wp-content\/uploads\/2019\/09\/consecuencias-de-la-corrupci\u00f3n-en-las-empresas.jpg 640w, https:\/\/www.amitai.com\/es\/wp-content\/uploads\/2019\/09\/consecuencias-de-la-corrupci\u00f3n-en-las-empresas-300x200.jpg 300w\" sizes=\"(max-width: 640px) 100vw, 640px\" \/>        <\/a>\n    <\/div>\n    <div class=\"wcp-content-wrap\">\n        <h3>\n            <a class=\"rpc-title\" href=\"https:\/\/www.amitai.com\/es\/consecuencias-corrupcion-empresas\/\" target=\"_self\">\n                7 consecuencias de la corrupci\u00f3n en las empresas            <\/a>\n        <\/h3>\n                <div class=\"wcp-post-contents rpc-content\">\n\n            [vc_row][vc_column][vc_column_text]La corrupci\u00f3n es un tema que se ha involucrado mucho en la econom\u00eda y finanzas de muchos pa\u00edses. Esta se\n                            <br>\n                <a href=\"https:\/\/www.amitai.com\/es\/consecuencias-corrupcion-empresas\/\" target=\"_self\" class=\"btn-post\">Leer m\u00e1s<\/a>\n        \n        <\/div>        \n    <\/div>\n<\/div>                <\/div>    \n\n                            <div class=\"slick-slide carousel-item-1240\">\n                    <div class=\"post-style-2 rpc-bg rpc-box\">\n    <div class=\"wcp-img-wrap\">\n        <a href=\"https:\/\/www.amitai.com\/es\/como-identificar-la-corrupcion-en-las-empresas\/\">\n            <img decoding=\"async\" width=\"640\" height=\"426\" src=\"https:\/\/www.amitai.com\/es\/wp-content\/uploads\/2019\/09\/C\u00f3mo-identificar-la-corrupci\u00f3n-en-las-empresas.jpg\" class=\"attachment- size- wp-post-image\" alt=\"\u00bfC\u00f3mo identificar la corrupci\u00f3n en las empresas?\" srcset=\"https:\/\/www.amitai.com\/es\/wp-content\/uploads\/2019\/09\/C\u00f3mo-identificar-la-corrupci\u00f3n-en-las-empresas.jpg 640w, https:\/\/www.amitai.com\/es\/wp-content\/uploads\/2019\/09\/C\u00f3mo-identificar-la-corrupci\u00f3n-en-las-empresas-300x200.jpg 300w\" sizes=\"(max-width: 640px) 100vw, 640px\" \/>        <\/a>\n    <\/div>\n    <div class=\"wcp-content-wrap\">\n        <h3>\n            <a class=\"rpc-title\" href=\"https:\/\/www.amitai.com\/es\/como-identificar-la-corrupcion-en-las-empresas\/\" target=\"_self\">\n                \u00bfC\u00f3mo identificar la corrupci\u00f3n en las empresas?            <\/a>\n        <\/h3>\n                <div class=\"wcp-post-contents rpc-content\">\n\n            La conducta de los empleados y jefes en una empresa siempre van vinculadas a la imagen que se desea dar\n                            <br>\n                <a href=\"https:\/\/www.amitai.com\/es\/como-identificar-la-corrupcion-en-las-empresas\/\" target=\"_self\" class=\"btn-post\">Leer m\u00e1s<\/a>\n        \n        <\/div>        \n    <\/div>\n<\/div>                <\/div>    \n\n                            <div class=\"slick-slide carousel-item-1232\">\n                    <div class=\"post-style-2 rpc-bg rpc-box\">\n    <div class=\"wcp-img-wrap\">\n        <a href=\"https:\/\/www.amitai.com\/es\/caracteristicas-tiene-empleado-etico\/\">\n            <img decoding=\"async\" width=\"640\" height=\"426\" src=\"https:\/\/www.amitai.com\/es\/wp-content\/uploads\/2019\/09\/Conoce-las-5-caracter\u00edsticas-que-tiene-un-empleado-\u00e9tico.jpg\" class=\"attachment- size- wp-post-image\" alt=\"Conoce las 5 caracter\u00edsticas que tiene un empleado \u00e9tico\" srcset=\"https:\/\/www.amitai.com\/es\/wp-content\/uploads\/2019\/09\/Conoce-las-5-caracter\u00edsticas-que-tiene-un-empleado-\u00e9tico.jpg 640w, https:\/\/www.amitai.com\/es\/wp-content\/uploads\/2019\/09\/Conoce-las-5-caracter\u00edsticas-que-tiene-un-empleado-\u00e9tico-300x200.jpg 300w\" sizes=\"(max-width: 640px) 100vw, 640px\" \/>        <\/a>\n    <\/div>\n    <div class=\"wcp-content-wrap\">\n        <h3>\n            <a class=\"rpc-title\" href=\"https:\/\/www.amitai.com\/es\/caracteristicas-tiene-empleado-etico\/\" target=\"_self\">\n                Conoce las 5 caracter\u00edsticas que tiene un empleado \u00e9tico            <\/a>\n        <\/h3>\n                <div class=\"wcp-post-contents rpc-content\">\n\n            [vc_row][vc_column][vc_column_text]Actualmente, muchas empresas est\u00e1n en busca de colaboradores que den algo extra, particularmente de gente con\u00a0\u00e9tica. Una compa\u00f1\u00eda cuyos empleados\n                            <br>\n                <a href=\"https:\/\/www.amitai.com\/es\/caracteristicas-tiene-empleado-etico\/\" target=\"_self\" class=\"btn-post\">Leer m\u00e1s<\/a>\n        \n        <\/div>        \n    <\/div>\n<\/div>                <\/div>    \n\n                            <div class=\"slick-slide carousel-item-1225\">\n                    <div class=\"post-style-2 rpc-bg rpc-box\">\n    <div class=\"wcp-img-wrap\">\n        <a href=\"https:\/\/www.amitai.com\/es\/importancia-denunciar-ambiente-empresarial\/\">\n            <img decoding=\"async\" width=\"640\" height=\"426\" src=\"https:\/\/www.amitai.com\/es\/wp-content\/uploads\/2019\/09\/Denuncia-an\u00f3nima-Conoce-la-importancia-de-denunciar-en-un-ambiente-empresarial.jpg\" class=\"attachment- size- wp-post-image\" alt=\"Denuncia an\u00f3nima: Conoce la importancia de denunciar en un ambiente empresarial\" srcset=\"https:\/\/www.amitai.com\/es\/wp-content\/uploads\/2019\/09\/Denuncia-an\u00f3nima-Conoce-la-importancia-de-denunciar-en-un-ambiente-empresarial.jpg 640w, https:\/\/www.amitai.com\/es\/wp-content\/uploads\/2019\/09\/Denuncia-an\u00f3nima-Conoce-la-importancia-de-denunciar-en-un-ambiente-empresarial-300x200.jpg 300w\" sizes=\"(max-width: 640px) 100vw, 640px\" \/>        <\/a>\n    <\/div>\n    <div class=\"wcp-content-wrap\">\n        <h3>\n            <a class=\"rpc-title\" href=\"https:\/\/www.amitai.com\/es\/importancia-denunciar-ambiente-empresarial\/\" target=\"_self\">\n                Denuncia an\u00f3nima: Conoce la importancia de denunciar en un ambiente empresarial            <\/a>\n        <\/h3>\n                <div class=\"wcp-post-contents rpc-content\">\n\n            [vc_row][vc_column][vc_column_text]Cuando en nuestro trabajo alguna persona\u00a0nos hostiga sexual, f\u00edsica o psicol\u00f3gicamente, sin duda debe ser denunciada. Pero la realidad es\n                            <br>\n                <a href=\"https:\/\/www.amitai.com\/es\/importancia-denunciar-ambiente-empresarial\/\" target=\"_self\" class=\"btn-post\">Leer m\u00e1s<\/a>\n        \n        <\/div>        \n    <\/div>\n<\/div>                <\/div>    \n\n                            <div class=\"slick-slide carousel-item-1216\">\n                    <div class=\"post-style-2 rpc-bg rpc-box\">\n    <div class=\"wcp-img-wrap\">\n        <a href=\"https:\/\/www.amitai.com\/es\/impactan-encuestas-salida-avance-empresa\/\">\n            <img decoding=\"async\" width=\"640\" height=\"426\" src=\"https:\/\/www.amitai.com\/es\/wp-content\/uploads\/2019\/09\/Sabes-c\u00f3mo-impactan-las-encuestas-de-salida-en-el-avance-de-tu-empresa.jpg\" class=\"attachment- size- wp-post-image\" alt=\"Sabes c\u00f3mo impactan las encuestas de salida en el avance de tu empresa\" srcset=\"https:\/\/www.amitai.com\/es\/wp-content\/uploads\/2019\/09\/Sabes-c\u00f3mo-impactan-las-encuestas-de-salida-en-el-avance-de-tu-empresa.jpg 640w, https:\/\/www.amitai.com\/es\/wp-content\/uploads\/2019\/09\/Sabes-c\u00f3mo-impactan-las-encuestas-de-salida-en-el-avance-de-tu-empresa-300x200.jpg 300w\" sizes=\"(max-width: 640px) 100vw, 640px\" \/>        <\/a>\n    <\/div>\n    <div class=\"wcp-content-wrap\">\n        <h3>\n            <a class=\"rpc-title\" href=\"https:\/\/www.amitai.com\/es\/impactan-encuestas-salida-avance-empresa\/\" target=\"_self\">\n                \u00bfSabes c\u00f3mo impactan las encuestas de salida en el avance de tu empresa?            <\/a>\n        <\/h3>\n                <div class=\"wcp-post-contents rpc-content\">\n\n            Todos hemos escuchado historias sobre personas que de un momento a otro cambian de trabajo.\u00a0En ese momento la pregunta m\u00e1s\n                            <br>\n                <a href=\"https:\/\/www.amitai.com\/es\/impactan-encuestas-salida-avance-empresa\/\" target=\"_self\" class=\"btn-post\">Leer m\u00e1s<\/a>\n        \n        <\/div>        \n    <\/div>\n<\/div>                <\/div>    \n\n                            <div class=\"slick-slide carousel-item-1205\">\n                    <div class=\"post-style-2 rpc-bg rpc-box\">\n    <div class=\"wcp-img-wrap\">\n        <a href=\"https:\/\/www.amitai.com\/es\/tipos-pruebas-utilizan-proceso-seleccion\/\">\n            <img decoding=\"async\" width=\"640\" height=\"426\" src=\"https:\/\/www.amitai.com\/es\/wp-content\/uploads\/2019\/08\/Tipos-de-pruebas-que-se-utilizan-en-un-proceso-de-selecci\u00f3n.jpg\" class=\"attachment- size- wp-post-image\" alt=\"Tipos de pruebas que se utilizan en un proceso de selecci\u00f3n\" srcset=\"https:\/\/www.amitai.com\/es\/wp-content\/uploads\/2019\/08\/Tipos-de-pruebas-que-se-utilizan-en-un-proceso-de-selecci\u00f3n.jpg 640w, https:\/\/www.amitai.com\/es\/wp-content\/uploads\/2019\/08\/Tipos-de-pruebas-que-se-utilizan-en-un-proceso-de-selecci\u00f3n-300x200.jpg 300w\" sizes=\"(max-width: 640px) 100vw, 640px\" \/>        <\/a>\n    <\/div>\n    <div class=\"wcp-content-wrap\">\n        <h3>\n            <a class=\"rpc-title\" href=\"https:\/\/www.amitai.com\/es\/tipos-pruebas-utilizan-proceso-seleccion\/\" target=\"_self\">\n                Tipos de pruebas que se utilizan en un proceso de selecci\u00f3n            <\/a>\n        <\/h3>\n                <div class=\"wcp-post-contents rpc-content\">\n\n            [vc_row][vc_column][vc_column_text]El proceso de selecci\u00f3n de personal es una de las etapas fundamentales al momento de elegir al personal id\u00f3neo. Para\n                            <br>\n                <a href=\"https:\/\/www.amitai.com\/es\/tipos-pruebas-utilizan-proceso-seleccion\/\" target=\"_self\" class=\"btn-post\">Leer m\u00e1s<\/a>\n        \n        <\/div>        \n    <\/div>\n<\/div>                <\/div>    \n\n                            <div class=\"slick-slide carousel-item-1202\">\n                    <div class=\"post-style-2 rpc-bg rpc-box\">\n    <div class=\"wcp-img-wrap\">\n        <a href=\"https:\/\/www.amitai.com\/es\/relacion-etica-laboral-desempeno-profesional\/\">\n            <img decoding=\"async\" width=\"640\" height=\"426\" src=\"https:\/\/www.amitai.com\/es\/wp-content\/uploads\/2019\/08\/Qu\u00e9-relaci\u00f3n-hay-entre-\u00e9tica-laboral-y-desempe\u00f1o-profesional.jpg\" class=\"attachment- size- wp-post-image\" alt=\"\u00bfQu\u00e9 relaci\u00f3n hay entre \u00e9tica laboral y desempe\u00f1o profesional?\" srcset=\"https:\/\/www.amitai.com\/es\/wp-content\/uploads\/2019\/08\/Qu\u00e9-relaci\u00f3n-hay-entre-\u00e9tica-laboral-y-desempe\u00f1o-profesional.jpg 640w, https:\/\/www.amitai.com\/es\/wp-content\/uploads\/2019\/08\/Qu\u00e9-relaci\u00f3n-hay-entre-\u00e9tica-laboral-y-desempe\u00f1o-profesional-300x200.jpg 300w\" sizes=\"(max-width: 640px) 100vw, 640px\" \/>        <\/a>\n    <\/div>\n    <div class=\"wcp-content-wrap\">\n        <h3>\n            <a class=\"rpc-title\" href=\"https:\/\/www.amitai.com\/es\/relacion-etica-laboral-desempeno-profesional\/\" target=\"_self\">\n                \u00bfQu\u00e9 relaci\u00f3n hay entre \u00e9tica laboral y desempe\u00f1o profesional?            <\/a>\n        <\/h3>\n                <div class=\"wcp-post-contents rpc-content\">\n\n            Hoy en\u00a0d\u00eda las empresas deben ampliar su perspectiva para mantener su \u00e9xito en el mercado, desde revisar puntualmente los costos\n                            <br>\n                <a href=\"https:\/\/www.amitai.com\/es\/relacion-etica-laboral-desempeno-profesional\/\" target=\"_self\" class=\"btn-post\">Leer m\u00e1s<\/a>\n        \n        <\/div>        \n    <\/div>\n<\/div>                <\/div>    \n\n                            <div class=\"slick-slide carousel-item-1198\">\n                    <div class=\"post-style-2 rpc-bg rpc-box\">\n    <div class=\"wcp-img-wrap\">\n        <a href=\"https:\/\/www.amitai.com\/es\/beneficios-trae-prueba-etica-laboral\/\">\n            <img decoding=\"async\" width=\"640\" height=\"426\" src=\"https:\/\/www.amitai.com\/es\/wp-content\/uploads\/2019\/08\/57e9d24a4854ad14f6da8c7dda79367c1138dee557556c4870297dd6934cc651be_640.jpg\" class=\"attachment- size- wp-post-image\" alt=\"\u00bfQu\u00e9 beneficios trae la prueba de \u00e9tica laboral?\" srcset=\"https:\/\/www.amitai.com\/es\/wp-content\/uploads\/2019\/08\/57e9d24a4854ad14f6da8c7dda79367c1138dee557556c4870297dd6934cc651be_640.jpg 640w, https:\/\/www.amitai.com\/es\/wp-content\/uploads\/2019\/08\/57e9d24a4854ad14f6da8c7dda79367c1138dee557556c4870297dd6934cc651be_640-300x200.jpg 300w\" sizes=\"(max-width: 640px) 100vw, 640px\" \/>        <\/a>\n    <\/div>\n    <div class=\"wcp-content-wrap\">\n        <h3>\n            <a class=\"rpc-title\" href=\"https:\/\/www.amitai.com\/es\/beneficios-trae-prueba-etica-laboral\/\" target=\"_self\">\n                \u00bfQu\u00e9 beneficios trae la prueba de \u00e9tica laboral?            <\/a>\n        <\/h3>\n                <div class=\"wcp-post-contents rpc-content\">\n\n            En las empresas en las que la \u00e9tica laboral es uno de los factores para conseguir\u00a0un buen ambiente de trabajo,\n                            <br>\n                <a href=\"https:\/\/www.amitai.com\/es\/beneficios-trae-prueba-etica-laboral\/\" target=\"_self\" class=\"btn-post\">Leer m\u00e1s<\/a>\n        \n        <\/div>        \n    <\/div>\n<\/div>                <\/div>    \n\n                            <div class=\"slick-slide carousel-item-1176\">\n                    <div class=\"post-style-2 rpc-bg rpc-box\">\n    <div class=\"wcp-img-wrap\">\n        <a href=\"https:\/\/www.amitai.com\/es\/psicometria-realizar-proceso-contratacion\/\">\n            <img decoding=\"async\" width=\"640\" height=\"426\" src=\"https:\/\/www.amitai.com\/es\/wp-content\/uploads\/2019\/08\/C\u00f3mo-aporta-la-psicometr\u00eda-para-realizar-un-buen-proceso-de-contrataci\u00f3n.jpg\" class=\"attachment- size- wp-post-image\" alt=\"\u00bfC\u00f3mo aporta la psicometr\u00eda para realizar un buen proceso de contrataci\u00f3n?\" srcset=\"https:\/\/www.amitai.com\/es\/wp-content\/uploads\/2019\/08\/C\u00f3mo-aporta-la-psicometr\u00eda-para-realizar-un-buen-proceso-de-contrataci\u00f3n.jpg 640w, https:\/\/www.amitai.com\/es\/wp-content\/uploads\/2019\/08\/C\u00f3mo-aporta-la-psicometr\u00eda-para-realizar-un-buen-proceso-de-contrataci\u00f3n-300x200.jpg 300w\" sizes=\"(max-width: 640px) 100vw, 640px\" \/>        <\/a>\n    <\/div>\n    <div class=\"wcp-content-wrap\">\n        <h3>\n            <a class=\"rpc-title\" href=\"https:\/\/www.amitai.com\/es\/psicometria-realizar-proceso-contratacion\/\" target=\"_self\">\n                \u00bfC\u00f3mo aporta la psicometr\u00eda para realizar un buen proceso de contrataci\u00f3n?            <\/a>\n        <\/h3>\n                <div class=\"wcp-post-contents rpc-content\">\n\n            [vc_row][vc_column][vc_column_text]Si has concursado por un puesto de trabajo en alguna compa\u00f1\u00eda, lo m\u00e1s seguro es que hayas tenido no solo\n                            <br>\n                <a href=\"https:\/\/www.amitai.com\/es\/psicometria-realizar-proceso-contratacion\/\" target=\"_self\" class=\"btn-post\">Leer m\u00e1s<\/a>\n        \n        <\/div>        \n    <\/div>\n<\/div>                <\/div>    \n\n                            <div class=\"slick-slide carousel-item-1172\">\n                    <div class=\"post-style-2 rpc-bg rpc-box\">\n    <div class=\"wcp-img-wrap\">\n        <a href=\"https:\/\/www.amitai.com\/es\/test-psicometrico\/\">\n            <img decoding=\"async\" width=\"640\" height=\"426\" src=\"https:\/\/www.amitai.com\/es\/wp-content\/uploads\/2019\/08\/Test-psicometrico-las-nuevas-tendencias-en-evaluacion-del-personal.jpg\" class=\"attachment- size- wp-post-image\" alt=\"Test psicom\u00e9trico: las nuevas tendencias en evaluaci\u00f3n del personal\" srcset=\"https:\/\/www.amitai.com\/es\/wp-content\/uploads\/2019\/08\/Test-psicometrico-las-nuevas-tendencias-en-evaluacion-del-personal.jpg 640w, https:\/\/www.amitai.com\/es\/wp-content\/uploads\/2019\/08\/Test-psicometrico-las-nuevas-tendencias-en-evaluacion-del-personal-300x200.jpg 300w\" sizes=\"(max-width: 640px) 100vw, 640px\" \/>        <\/a>\n    <\/div>\n    <div class=\"wcp-content-wrap\">\n        <h3>\n            <a class=\"rpc-title\" href=\"https:\/\/www.amitai.com\/es\/test-psicometrico\/\" target=\"_self\">\n                Test psicom\u00e9trico: las nuevas tendencias en evaluaci\u00f3n del personal            <\/a>\n        <\/h3>\n                <div class=\"wcp-post-contents rpc-content\">\n\n            [vc_row][vc_column][vc_column_text]El Test psicom\u00e9trico es una prueba o m\u00e9todo que ayuda a medir objetivamente las cualidades ps\u00edquicas y la conducta de\n                            <br>\n                <a href=\"https:\/\/www.amitai.com\/es\/test-psicometrico\/\" target=\"_self\" class=\"btn-post\">Leer m\u00e1s<\/a>\n        \n        <\/div>        \n    <\/div>\n<\/div>                <\/div>    \n\n                            <div class=\"slick-slide carousel-item-1174\">\n                    <div class=\"post-style-2 rpc-bg rpc-box\">\n    <div class=\"wcp-img-wrap\">\n        <a href=\"https:\/\/www.amitai.com\/es\/que-es-la-prueba-de-confiabilidad\/\">\n            <img decoding=\"async\" width=\"640\" height=\"374\" src=\"https:\/\/www.amitai.com\/es\/wp-content\/uploads\/2019\/08\/54e7d6454e5aac14f6da8c7dda79367c1138dee557556c4870297edc9449c45dbc_640.jpg\" class=\"attachment- size- wp-post-image\" alt=\"\u00bfQu\u00e9 es la prueba de confiabilidad?\" srcset=\"https:\/\/www.amitai.com\/es\/wp-content\/uploads\/2019\/08\/54e7d6454e5aac14f6da8c7dda79367c1138dee557556c4870297edc9449c45dbc_640.jpg 640w, https:\/\/www.amitai.com\/es\/wp-content\/uploads\/2019\/08\/54e7d6454e5aac14f6da8c7dda79367c1138dee557556c4870297edc9449c45dbc_640-300x175.jpg 300w\" sizes=\"(max-width: 640px) 100vw, 640px\" \/>        <\/a>\n    <\/div>\n    <div class=\"wcp-content-wrap\">\n        <h3>\n            <a class=\"rpc-title\" href=\"https:\/\/www.amitai.com\/es\/que-es-la-prueba-de-confiabilidad\/\" target=\"_self\">\n                \u00bfQu\u00e9 es la prueba de confiabilidad?            <\/a>\n        <\/h3>\n                <div class=\"wcp-post-contents rpc-content\">\n\n            La confianza es uno de los valores m\u00e1s importantes para nosotros, ya que fortalece las relaciones afectivas entre las personas.\u00a0Es\n                            <br>\n                <a href=\"https:\/\/www.amitai.com\/es\/que-es-la-prueba-de-confiabilidad\/\" target=\"_self\" class=\"btn-post\">Leer m\u00e1s<\/a>\n        \n        <\/div>        \n    <\/div>\n<\/div>                <\/div>    \n\n                            <div class=\"slick-slide carousel-item-1159\">\n                    <div class=\"post-style-2 rpc-bg rpc-box\">\n    <div class=\"wcp-img-wrap\">\n        <a href=\"https:\/\/www.amitai.com\/es\/test-laboral-seleccionar-personal-adecuado\/\">\n            <img decoding=\"async\" width=\"640\" height=\"426\" src=\"https:\/\/www.amitai.com\/es\/wp-content\/uploads\/2019\/08\/Test-laboral-C\u00f3mo-seleccionar-al-personal-adecuado.png\" class=\"attachment- size- wp-post-image\" alt=\"Test laboral: C\u00f3mo seleccionar al personal adecuado\" srcset=\"https:\/\/www.amitai.com\/es\/wp-content\/uploads\/2019\/08\/Test-laboral-C\u00f3mo-seleccionar-al-personal-adecuado.png 640w, https:\/\/www.amitai.com\/es\/wp-content\/uploads\/2019\/08\/Test-laboral-C\u00f3mo-seleccionar-al-personal-adecuado-300x200.png 300w\" sizes=\"(max-width: 640px) 100vw, 640px\" \/>        <\/a>\n    <\/div>\n    <div class=\"wcp-content-wrap\">\n        <h3>\n            <a class=\"rpc-title\" href=\"https:\/\/www.amitai.com\/es\/test-laboral-seleccionar-personal-adecuado\/\" target=\"_self\">\n                Test laboral: C\u00f3mo seleccionar al personal adecuado            <\/a>\n        <\/h3>\n                <div class=\"wcp-post-contents rpc-content\">\n\n            En la actualidad, los empleadores utilizan un test laboral para conocer m\u00e1s a fondo a un empleado. En el momento\n                            <br>\n                <a href=\"https:\/\/www.amitai.com\/es\/test-laboral-seleccionar-personal-adecuado\/\" target=\"_self\" class=\"btn-post\">Leer m\u00e1s<\/a>\n        \n        <\/div>        \n    <\/div>\n<\/div>                <\/div>    \n\n                            <div class=\"slick-slide carousel-item-1157\">\n                    <div class=\"post-style-2 rpc-bg rpc-box\">\n    <div class=\"wcp-img-wrap\">\n        <a href=\"https:\/\/www.amitai.com\/es\/habilidades-tiene-lider-gestion-humana\/\">\n            <img decoding=\"async\" width=\"640\" height=\"426\" src=\"https:\/\/www.amitai.com\/es\/wp-content\/uploads\/2019\/08\/Qu\u00e9-habilidades-tiene-un-l\u00edder-en-la-gesti\u00f3n-humana.png\" class=\"attachment- size- wp-post-image\" alt=\"Qu\u00e9 habilidades tiene un l\u00edder en la gesti\u00f3n humana\" srcset=\"https:\/\/www.amitai.com\/es\/wp-content\/uploads\/2019\/08\/Qu\u00e9-habilidades-tiene-un-l\u00edder-en-la-gesti\u00f3n-humana.png 640w, https:\/\/www.amitai.com\/es\/wp-content\/uploads\/2019\/08\/Qu\u00e9-habilidades-tiene-un-l\u00edder-en-la-gesti\u00f3n-humana-300x200.png 300w\" sizes=\"(max-width: 640px) 100vw, 640px\" \/>        <\/a>\n    <\/div>\n    <div class=\"wcp-content-wrap\">\n        <h3>\n            <a class=\"rpc-title\" href=\"https:\/\/www.amitai.com\/es\/habilidades-tiene-lider-gestion-humana\/\" target=\"_self\">\n                \u00bfQu\u00e9 habilidades tiene un l\u00edder en la gesti\u00f3n humana?            <\/a>\n        <\/h3>\n                <div class=\"wcp-post-contents rpc-content\">\n\n            A todos nos gustar\u00eda estar al frente de un proyecto y que este sea reconocido por contar con las mejores\n                            <br>\n                <a href=\"https:\/\/www.amitai.com\/es\/habilidades-tiene-lider-gestion-humana\/\" target=\"_self\" class=\"btn-post\">Leer m\u00e1s<\/a>\n        \n        <\/div>        \n    <\/div>\n<\/div>                <\/div>    \n\n                            <div class=\"slick-slide carousel-item-1111\">\n                    <div class=\"post-style-2 rpc-bg rpc-box\">\n    <div class=\"wcp-img-wrap\">\n        <a href=\"https:\/\/www.amitai.com\/es\/actitudes-danan-clima-laboral\/\">\n            <img decoding=\"async\" width=\"640\" height=\"426\" src=\"https:\/\/www.amitai.com\/es\/wp-content\/uploads\/2019\/07\/6-actitudes-que-da\u00f1an-el-clima-laboral-Has-padecido-alguna.jpg\" class=\"attachment- size- wp-post-image\" alt=\"6 actitudes que da\u00f1an el clima laboral \u00bfHas padecido alguna?\" srcset=\"https:\/\/www.amitai.com\/es\/wp-content\/uploads\/2019\/07\/6-actitudes-que-da\u00f1an-el-clima-laboral-Has-padecido-alguna.jpg 640w, https:\/\/www.amitai.com\/es\/wp-content\/uploads\/2019\/07\/6-actitudes-que-da\u00f1an-el-clima-laboral-Has-padecido-alguna-300x200.jpg 300w\" sizes=\"(max-width: 640px) 100vw, 640px\" \/>        <\/a>\n    <\/div>\n    <div class=\"wcp-content-wrap\">\n        <h3>\n            <a class=\"rpc-title\" href=\"https:\/\/www.amitai.com\/es\/actitudes-danan-clima-laboral\/\" target=\"_self\">\n                6 actitudes que da\u00f1an el clima laboral \u00bfHas padecido alguna?            <\/a>\n        <\/h3>\n                <div class=\"wcp-post-contents rpc-content\">\n\n            Seguramente habr\u00e1s escuchado m\u00e1s de una vez c\u00f3mo las empresas se preocupan por mantener un buen clima laboral. \u00bfSab\u00edas que\n                            <br>\n                <a href=\"https:\/\/www.amitai.com\/es\/actitudes-danan-clima-laboral\/\" target=\"_self\" class=\"btn-post\">Leer m\u00e1s<\/a>\n        \n        <\/div>        \n    <\/div>\n<\/div>                <\/div>    \n\n                            <div class=\"slick-slide carousel-item-1113\">\n                    <div class=\"post-style-2 rpc-bg rpc-box\">\n    <div class=\"wcp-img-wrap\">\n        <a href=\"https:\/\/www.amitai.com\/es\/habilidades-imprescindibles-desarrollar-positivamente-trabajo\/\">\n            <img decoding=\"async\" width=\"640\" height=\"426\" src=\"https:\/\/www.amitai.com\/es\/wp-content\/uploads\/2019\/07\/5-habilidades-imprescindibles-para-desarrollar-positivamente-tu-trabajo.jpg\" class=\"attachment- size- wp-post-image\" alt=\"5 habilidades imprescindibles para desarrollar positivamente tu trabajo\" srcset=\"https:\/\/www.amitai.com\/es\/wp-content\/uploads\/2019\/07\/5-habilidades-imprescindibles-para-desarrollar-positivamente-tu-trabajo.jpg 640w, https:\/\/www.amitai.com\/es\/wp-content\/uploads\/2019\/07\/5-habilidades-imprescindibles-para-desarrollar-positivamente-tu-trabajo-300x200.jpg 300w\" sizes=\"(max-width: 640px) 100vw, 640px\" \/>        <\/a>\n    <\/div>\n    <div class=\"wcp-content-wrap\">\n        <h3>\n            <a class=\"rpc-title\" href=\"https:\/\/www.amitai.com\/es\/habilidades-imprescindibles-desarrollar-positivamente-trabajo\/\" target=\"_self\">\n                5 habilidades imprescindibles para desarrollar positivamente tu trabajo            <\/a>\n        <\/h3>\n                <div class=\"wcp-post-contents rpc-content\">\n\n            Toda empresa quiere destacar y ser exitosa. Debemos echar un vistazo al interior y darnos cuenta de que las habilidades\n                            <br>\n                <a href=\"https:\/\/www.amitai.com\/es\/habilidades-imprescindibles-desarrollar-positivamente-trabajo\/\" target=\"_self\" class=\"btn-post\">Leer m\u00e1s<\/a>\n        \n        <\/div>        \n    <\/div>\n<\/div>                <\/div>    \n\n                            <div class=\"slick-slide carousel-item-1107\">\n                    <div class=\"post-style-2 rpc-bg rpc-box\">\n    <div class=\"wcp-img-wrap\">\n        <a href=\"https:\/\/www.amitai.com\/es\/test-seleccion-personal\/\">\n            <img decoding=\"async\" width=\"1920\" height=\"1081\" src=\"https:\/\/www.amitai.com\/es\/wp-content\/uploads\/2019\/07\/the-labour-code-3520805_1920.jpg\" class=\"attachment- size- wp-post-image\" alt=\"5 mejores test de selecci\u00f3n de personal\" srcset=\"https:\/\/www.amitai.com\/es\/wp-content\/uploads\/2019\/07\/the-labour-code-3520805_1920.jpg 1920w, https:\/\/www.amitai.com\/es\/wp-content\/uploads\/2019\/07\/the-labour-code-3520805_1920-300x169.jpg 300w, https:\/\/www.amitai.com\/es\/wp-content\/uploads\/2019\/07\/the-labour-code-3520805_1920-768x432.jpg 768w, https:\/\/www.amitai.com\/es\/wp-content\/uploads\/2019\/07\/the-labour-code-3520805_1920-1024x577.jpg 1024w\" sizes=\"(max-width: 1920px) 100vw, 1920px\" \/>        <\/a>\n    <\/div>\n    <div class=\"wcp-content-wrap\">\n        <h3>\n            <a class=\"rpc-title\" href=\"https:\/\/www.amitai.com\/es\/test-seleccion-personal\/\" target=\"_self\">\n                Conoce 5 test para el reclutamiento y selecci\u00f3n de personal            <\/a>\n        <\/h3>\n                <div class=\"wcp-post-contents rpc-content\">\n\n            Las pruebas psicom\u00e9tricas son un m\u00e9todo est\u00e1ndar y cient\u00edfico utilizado para medir las capacidades mentales y el estilo de comportamiento\n                            <br>\n                <a href=\"https:\/\/www.amitai.com\/es\/test-seleccion-personal\/\" target=\"_self\" class=\"btn-post\">Leer m\u00e1s<\/a>\n        \n        <\/div>        \n    <\/div>\n<\/div>                <\/div>    \n\n                            <div class=\"slick-slide carousel-item-1105\">\n                    <div class=\"post-style-2 rpc-bg rpc-box\">\n    <div class=\"wcp-img-wrap\">\n        <a href=\"https:\/\/www.amitai.com\/es\/pruebas-laborales-ayudar-desempeno-empresa\/\">\n            <img decoding=\"async\" width=\"640\" height=\"423\" src=\"https:\/\/www.amitai.com\/es\/wp-content\/uploads\/2019\/07\/55e7dc434a51af14f6da8c7dda79367c1138dee557556c48702979d19049c558bc_640.jpg\" class=\"attachment- size- wp-post-image\" alt=\"Pruebas laborales: \u00bfqu\u00e9 son y c\u00f3mo pueden ayudar al desempe\u00f1o de tu empresa?\" srcset=\"https:\/\/www.amitai.com\/es\/wp-content\/uploads\/2019\/07\/55e7dc434a51af14f6da8c7dda79367c1138dee557556c48702979d19049c558bc_640.jpg 640w, https:\/\/www.amitai.com\/es\/wp-content\/uploads\/2019\/07\/55e7dc434a51af14f6da8c7dda79367c1138dee557556c48702979d19049c558bc_640-300x198.jpg 300w\" sizes=\"(max-width: 640px) 100vw, 640px\" \/>        <\/a>\n    <\/div>\n    <div class=\"wcp-content-wrap\">\n        <h3>\n            <a class=\"rpc-title\" href=\"https:\/\/www.amitai.com\/es\/pruebas-laborales-ayudar-desempeno-empresa\/\" target=\"_self\">\n                Pruebas laborales: \u00bfqu\u00e9 son y c\u00f3mo pueden ayudar al desempe\u00f1o de tu empresa?            <\/a>\n        <\/h3>\n                <div class=\"wcp-post-contents rpc-content\">\n\n            Las empresas m\u00e1s exitosas y que sobresalen en un mercado competitivo\u00a0saben que deben cuidar\u00a0su recurso humano. Las pruebas laborales son\n                            <br>\n                <a href=\"https:\/\/www.amitai.com\/es\/pruebas-laborales-ayudar-desempeno-empresa\/\" target=\"_self\" class=\"btn-post\">Leer m\u00e1s<\/a>\n        \n        <\/div>        \n    <\/div>\n<\/div>                <\/div>    \n\n                            <div class=\"slick-slide carousel-item-1087\">\n                    <div class=\"post-style-2 rpc-bg rpc-box\">\n    <div class=\"wcp-img-wrap\">\n        <a href=\"https:\/\/www.amitai.com\/es\/prueba-etica-laboral\/\">\n            <img decoding=\"async\" width=\"640\" height=\"403\" src=\"https:\/\/www.amitai.com\/es\/wp-content\/uploads\/2019\/07\/55e2d4404350a814f6da8c7dda79367c1138dee557556c4870297add9048cd5cbb_640.jpg\" class=\"attachment- size- wp-post-image\" alt=\"prueba de \u00e9tica laboral\" srcset=\"https:\/\/www.amitai.com\/es\/wp-content\/uploads\/2019\/07\/55e2d4404350a814f6da8c7dda79367c1138dee557556c4870297add9048cd5cbb_640.jpg 640w, https:\/\/www.amitai.com\/es\/wp-content\/uploads\/2019\/07\/55e2d4404350a814f6da8c7dda79367c1138dee557556c4870297add9048cd5cbb_640-300x189.jpg 300w\" sizes=\"(max-width: 640px) 100vw, 640px\" \/>        <\/a>\n    <\/div>\n    <div class=\"wcp-content-wrap\">\n        <h3>\n            <a class=\"rpc-title\" href=\"https:\/\/www.amitai.com\/es\/prueba-etica-laboral\/\" target=\"_self\">\n                \u00bfPor qu\u00e9 es importante aplicar pruebas de \u00e9tica laboral en tu empresa?            <\/a>\n        <\/h3>\n                <div class=\"wcp-post-contents rpc-content\">\n\n            Imagina una sociedad que ha despertado a una nueva realidad; se est\u00e1\u00a0empezando a percibir el mundo desde una nueva conciencia\n                            <br>\n                <a href=\"https:\/\/www.amitai.com\/es\/prueba-etica-laboral\/\" target=\"_self\" class=\"btn-post\">Leer m\u00e1s<\/a>\n        \n        <\/div>        \n    <\/div>\n<\/div>                <\/div>    \n\n                            <div class=\"slick-slide carousel-item-1084\">\n                    <div class=\"post-style-2 rpc-bg rpc-box\">\n    <div class=\"wcp-img-wrap\">\n        <a href=\"https:\/\/www.amitai.com\/es\/test-prueba-integridad\/\">\n            <img decoding=\"async\" width=\"1280\" height=\"853\" src=\"https:\/\/www.amitai.com\/es\/wp-content\/uploads\/2019\/07\/que-es-test-de-integridad-prueba-de-integridad.jpg\" class=\"attachment- size- wp-post-image\" alt=\"Que es el test de integridad o prueba de integridad\" srcset=\"https:\/\/www.amitai.com\/es\/wp-content\/uploads\/2019\/07\/que-es-test-de-integridad-prueba-de-integridad.jpg 1280w, https:\/\/www.amitai.com\/es\/wp-content\/uploads\/2019\/07\/que-es-test-de-integridad-prueba-de-integridad-300x200.jpg 300w, https:\/\/www.amitai.com\/es\/wp-content\/uploads\/2019\/07\/que-es-test-de-integridad-prueba-de-integridad-768x512.jpg 768w, https:\/\/www.amitai.com\/es\/wp-content\/uploads\/2019\/07\/que-es-test-de-integridad-prueba-de-integridad-1024x682.jpg 1024w\" sizes=\"(max-width: 1280px) 100vw, 1280px\" \/>        <\/a>\n    <\/div>\n    <div class=\"wcp-content-wrap\">\n        <h3>\n            <a class=\"rpc-title\" href=\"https:\/\/www.amitai.com\/es\/test-prueba-integridad\/\" target=\"_self\">\n                Test de integridad: \u00bfC\u00f3mo puede ayudar a empresas con certificaci\u00f3n BASC?            <\/a>\n        <\/h3>\n                <div class=\"wcp-post-contents rpc-content\">\n\n            [vc_row][vc_column][vc_column_text]Hoy en d\u00eda se ha puesto de moda el hecho de que las grandes y peque\u00f1as empresas quieren dar a\n                            <br>\n                <a href=\"https:\/\/www.amitai.com\/es\/test-prueba-integridad\/\" target=\"_self\" class=\"btn-post\">Leer m\u00e1s<\/a>\n        \n        <\/div>        \n    <\/div>\n<\/div>                <\/div>    \n\n                            <div class=\"slick-slide carousel-item-1080\">\n                    <div class=\"post-style-2 rpc-bg rpc-box\">\n    <div class=\"wcp-img-wrap\">\n        <a href=\"https:\/\/www.amitai.com\/es\/habilidades-laborales-equipo-trabajo-exito\/\">\n            <img decoding=\"async\" width=\"640\" height=\"418\" src=\"https:\/\/www.amitai.com\/es\/wp-content\/uploads\/2019\/06\/55e3d2404c51a414f6da8c7dda79367c1138dee557556c4870297bd6964cc75dbb_640.jpg\" class=\"attachment- size- wp-post-image\" alt=\"Habilidades laborales que pueden llevar a tu equipo de trabajo al \u00e9xito\" srcset=\"https:\/\/www.amitai.com\/es\/wp-content\/uploads\/2019\/06\/55e3d2404c51a414f6da8c7dda79367c1138dee557556c4870297bd6964cc75dbb_640.jpg 640w, https:\/\/www.amitai.com\/es\/wp-content\/uploads\/2019\/06\/55e3d2404c51a414f6da8c7dda79367c1138dee557556c4870297bd6964cc75dbb_640-300x196.jpg 300w\" sizes=\"(max-width: 640px) 100vw, 640px\" \/>        <\/a>\n    <\/div>\n    <div class=\"wcp-content-wrap\">\n        <h3>\n            <a class=\"rpc-title\" href=\"https:\/\/www.amitai.com\/es\/habilidades-laborales-equipo-trabajo-exito\/\" target=\"_self\">\n                Habilidades laborales que pueden llevar a tu equipo de trabajo al \u00e9xito            <\/a>\n        <\/h3>\n                <div class=\"wcp-post-contents rpc-content\">\n\n            Formar un equipo de trabajo puede sonar sencillo, pero cuando este carece de habilidades laborales espec\u00edficas lo m\u00e1s probable es\n                            <br>\n                <a href=\"https:\/\/www.amitai.com\/es\/habilidades-laborales-equipo-trabajo-exito\/\" target=\"_self\" class=\"btn-post\">Leer m\u00e1s<\/a>\n        \n        <\/div>        \n    <\/div>\n<\/div>                <\/div>    \n\n                            <div class=\"slick-slide carousel-item-1073\">\n                    <div class=\"post-style-2 rpc-bg rpc-box\">\n    <div class=\"wcp-img-wrap\">\n        <a href=\"https:\/\/www.amitai.com\/es\/denuncia-anonima-transparencia-empresarial\/\">\n            <img decoding=\"async\" width=\"1400\" height=\"900\" src=\"https:\/\/www.amitai.com\/es\/wp-content\/uploads\/2019\/06\/Denuncia-an\u00f3nima-y-transparencia-empresarial.jpg\" class=\"attachment- size- wp-post-image\" alt=\"Denuncia an\u00f3nima y transparencia empresarial\" srcset=\"https:\/\/www.amitai.com\/es\/wp-content\/uploads\/2019\/06\/Denuncia-an\u00f3nima-y-transparencia-empresarial.jpg 1400w, https:\/\/www.amitai.com\/es\/wp-content\/uploads\/2019\/06\/Denuncia-an\u00f3nima-y-transparencia-empresarial-300x193.jpg 300w, https:\/\/www.amitai.com\/es\/wp-content\/uploads\/2019\/06\/Denuncia-an\u00f3nima-y-transparencia-empresarial-768x494.jpg 768w, https:\/\/www.amitai.com\/es\/wp-content\/uploads\/2019\/06\/Denuncia-an\u00f3nima-y-transparencia-empresarial-1024x658.jpg 1024w\" sizes=\"(max-width: 1400px) 100vw, 1400px\" \/>        <\/a>\n    <\/div>\n    <div class=\"wcp-content-wrap\">\n        <h3>\n            <a class=\"rpc-title\" href=\"https:\/\/www.amitai.com\/es\/denuncia-anonima-transparencia-empresarial\/\" target=\"_self\">\n                Denuncia an\u00f3nima y transparencia empresarial, \u00bfen qu\u00e9 se relacionan?            <\/a>\n        <\/h3>\n                <div class=\"wcp-post-contents rpc-content\">\n\n            En un mundo laboral sumamente demandante y competitivo, son las organizaciones que se desenvuelven con transparencia empresarial las que m\u00e1s\n                            <br>\n                <a href=\"https:\/\/www.amitai.com\/es\/denuncia-anonima-transparencia-empresarial\/\" target=\"_self\" class=\"btn-post\">Leer m\u00e1s<\/a>\n        \n        <\/div>        \n    <\/div>\n<\/div>                <\/div>    \n\n                            <div class=\"slick-slide carousel-item-1061\">\n                    <div class=\"post-style-2 rpc-bg rpc-box\">\n    <div class=\"wcp-img-wrap\">\n        <a href=\"https:\/\/www.amitai.com\/es\/necesaria-denuncia-anonima-empresa\/\">\n            <img decoding=\"async\" width=\"640\" height=\"426\" src=\"https:\/\/www.amitai.com\/es\/wp-content\/uploads\/2019\/06\/5fe3d6434c53b108f5d084609629357a123fdee1574c704c732f72d1914ac150_640.jpg\" class=\"attachment- size- wp-post-image\" alt=\"\u00bfPor qu\u00e9 es necesaria la denuncia an\u00f3nima en tu empresa?\" srcset=\"https:\/\/www.amitai.com\/es\/wp-content\/uploads\/2019\/06\/5fe3d6434c53b108f5d084609629357a123fdee1574c704c732f72d1914ac150_640.jpg 640w, https:\/\/www.amitai.com\/es\/wp-content\/uploads\/2019\/06\/5fe3d6434c53b108f5d084609629357a123fdee1574c704c732f72d1914ac150_640-300x200.jpg 300w\" sizes=\"(max-width: 640px) 100vw, 640px\" \/>        <\/a>\n    <\/div>\n    <div class=\"wcp-content-wrap\">\n        <h3>\n            <a class=\"rpc-title\" href=\"https:\/\/www.amitai.com\/es\/necesaria-denuncia-anonima-empresa\/\" target=\"_self\">\n                \u00bfPor qu\u00e9 es necesaria la denuncia an\u00f3nima en tu empresa?            <\/a>\n        <\/h3>\n                <div class=\"wcp-post-contents rpc-content\">\n\n            La denuncia an\u00f3nima es de vital importancia en organizaciones tanto privadas como gubernamentales, ya que, eso ayudar\u00e1\u00a0a que exista un\n                            <br>\n                <a href=\"https:\/\/www.amitai.com\/es\/necesaria-denuncia-anonima-empresa\/\" target=\"_self\" class=\"btn-post\">Leer m\u00e1s<\/a>\n        \n        <\/div>        \n    <\/div>\n<\/div>                <\/div>    \n\n                            <div class=\"slick-slide carousel-item-1048\">\n                    <div class=\"post-style-2 rpc-bg rpc-box\">\n    <div class=\"wcp-img-wrap\">\n        <a href=\"https:\/\/www.amitai.com\/es\/habilidades-laborales-empleados\/\">\n            <img decoding=\"async\" width=\"1280\" height=\"853\" src=\"https:\/\/www.amitai.com\/es\/wp-content\/uploads\/2019\/06\/habilidades-laborales-que-deberian-tener-tus-empleados.jpg\" class=\"attachment- size- wp-post-image\" alt=\"habilidades laborales que deberian tener tus empleados\" srcset=\"https:\/\/www.amitai.com\/es\/wp-content\/uploads\/2019\/06\/habilidades-laborales-que-deberian-tener-tus-empleados.jpg 1280w, https:\/\/www.amitai.com\/es\/wp-content\/uploads\/2019\/06\/habilidades-laborales-que-deberian-tener-tus-empleados-300x200.jpg 300w, https:\/\/www.amitai.com\/es\/wp-content\/uploads\/2019\/06\/habilidades-laborales-que-deberian-tener-tus-empleados-768x512.jpg 768w, https:\/\/www.amitai.com\/es\/wp-content\/uploads\/2019\/06\/habilidades-laborales-que-deberian-tener-tus-empleados-1024x682.jpg 1024w\" sizes=\"(max-width: 1280px) 100vw, 1280px\" \/>        <\/a>\n    <\/div>\n    <div class=\"wcp-content-wrap\">\n        <h3>\n            <a class=\"rpc-title\" href=\"https:\/\/www.amitai.com\/es\/habilidades-laborales-empleados\/\" target=\"_self\">\n                Conoce las 10 habilidades laborales que deber\u00edan tener tus empleados            <\/a>\n        <\/h3>\n                <div class=\"wcp-post-contents rpc-content\">\n\n            Las habilidades laborales son un conjunto de actitudes y aptitudes que cada individuo posee, a fin de ejecutar de manera\n                            <br>\n                <a href=\"https:\/\/www.amitai.com\/es\/habilidades-laborales-empleados\/\" target=\"_self\" class=\"btn-post\">Leer m\u00e1s<\/a>\n        \n        <\/div>        \n    <\/div>\n<\/div>                <\/div>    \n\n                            <div class=\"slick-slide carousel-item-1046\">\n                    <div class=\"post-style-2 rpc-bg rpc-box\">\n    <div class=\"wcp-img-wrap\">\n        <a href=\"https:\/\/www.amitai.com\/es\/clima-laboral-productividad-empleados\/\">\n            <img decoding=\"async\" width=\"640\" height=\"418\" src=\"https:\/\/www.amitai.com\/es\/wp-content\/uploads\/2019\/06\/55e3d2404c51a414f6da8c7dda79367c1138dee557556c4870297bd49e4cc15abc_640.jpg\" class=\"attachment- size- wp-post-image\" alt=\"\u00bfEn qu\u00e9 incide el clima laboral en la productividad de tus empleados?\" srcset=\"https:\/\/www.amitai.com\/es\/wp-content\/uploads\/2019\/06\/55e3d2404c51a414f6da8c7dda79367c1138dee557556c4870297bd49e4cc15abc_640.jpg 640w, https:\/\/www.amitai.com\/es\/wp-content\/uploads\/2019\/06\/55e3d2404c51a414f6da8c7dda79367c1138dee557556c4870297bd49e4cc15abc_640-300x196.jpg 300w\" sizes=\"(max-width: 640px) 100vw, 640px\" \/>        <\/a>\n    <\/div>\n    <div class=\"wcp-content-wrap\">\n        <h3>\n            <a class=\"rpc-title\" href=\"https:\/\/www.amitai.com\/es\/clima-laboral-productividad-empleados\/\" target=\"_self\">\n                \u00bfEn qu\u00e9 incide el clima laboral en la productividad de tus empleados?            <\/a>\n        <\/h3>\n                <div class=\"wcp-post-contents rpc-content\">\n\n            La vertiginosa din\u00e1mica empresarial actual demanda de las empresas pr\u00e1cticas eficientes e innovadoras que les permitan desarrollarse sanamente al punto\n                            <br>\n                <a href=\"https:\/\/www.amitai.com\/es\/clima-laboral-productividad-empleados\/\" target=\"_self\" class=\"btn-post\">Leer m\u00e1s<\/a>\n        \n        <\/div>        \n    <\/div>\n<\/div>                <\/div>    \n\n                            <div class=\"slick-slide carousel-item-1036\">\n                    <div class=\"post-style-2 rpc-bg rpc-box\">\n    <div class=\"wcp-img-wrap\">\n        <a href=\"https:\/\/www.amitai.com\/es\/implementar-pruebas-psicometricas-recursos-humanos\/\">\n            <img decoding=\"async\" width=\"640\" height=\"426\" src=\"https:\/\/www.amitai.com\/es\/wp-content\/uploads\/2019\/06\/54e5d7424b56a814f6da8c7dda79367c1138dee557556c48702a72dd9545c658bd_640.jpg\" class=\"attachment- size- wp-post-image\" alt=\"\u00bfPor qu\u00e9 implementar pruebas psicom\u00e9tricas en el \u00e1rea de recursos humanos?\" srcset=\"https:\/\/www.amitai.com\/es\/wp-content\/uploads\/2019\/06\/54e5d7424b56a814f6da8c7dda79367c1138dee557556c48702a72dd9545c658bd_640.jpg 640w, https:\/\/www.amitai.com\/es\/wp-content\/uploads\/2019\/06\/54e5d7424b56a814f6da8c7dda79367c1138dee557556c48702a72dd9545c658bd_640-300x200.jpg 300w\" sizes=\"(max-width: 640px) 100vw, 640px\" \/>        <\/a>\n    <\/div>\n    <div class=\"wcp-content-wrap\">\n        <h3>\n            <a class=\"rpc-title\" href=\"https:\/\/www.amitai.com\/es\/implementar-pruebas-psicometricas-recursos-humanos\/\" target=\"_self\">\n                \u00bfPor qu\u00e9 implementar pruebas psicom\u00e9tricas en el \u00e1rea de recursos humanos?            <\/a>\n        <\/h3>\n                <div class=\"wcp-post-contents rpc-content\">\n\n            Sabemos que en las empresas, las personas\u00a0representan el talento y el arma m\u00e1s poderosa del \u00e9xito organizacional. Son\u00a0la fuerza laboral\n                            <br>\n                <a href=\"https:\/\/www.amitai.com\/es\/implementar-pruebas-psicometricas-recursos-humanos\/\" target=\"_self\" class=\"btn-post\">Leer m\u00e1s<\/a>\n        \n        <\/div>        \n    <\/div>\n<\/div>                <\/div>    \n\n                            <div class=\"slick-slide carousel-item-1034\">\n                    <div class=\"post-style-2 rpc-bg rpc-box\">\n    <div class=\"wcp-img-wrap\">\n        <a href=\"https:\/\/www.amitai.com\/es\/tipos-de-clima-organizacional\/\">\n            <img decoding=\"async\" width=\"640\" height=\"418\" src=\"https:\/\/www.amitai.com\/es\/wp-content\/uploads\/2019\/06\/55e3d2404c51a414f6da8c7dda79367c1138dee557556c4870297bd4964bc45db8_640.jpg\" class=\"attachment- size- wp-post-image\" alt=\"Tipos de clima organizacional y c\u00f3mo pueden beneficiar a tu empresa\" srcset=\"https:\/\/www.amitai.com\/es\/wp-content\/uploads\/2019\/06\/55e3d2404c51a414f6da8c7dda79367c1138dee557556c4870297bd4964bc45db8_640.jpg 640w, https:\/\/www.amitai.com\/es\/wp-content\/uploads\/2019\/06\/55e3d2404c51a414f6da8c7dda79367c1138dee557556c4870297bd4964bc45db8_640-300x196.jpg 300w\" sizes=\"(max-width: 640px) 100vw, 640px\" \/>        <\/a>\n    <\/div>\n    <div class=\"wcp-content-wrap\">\n        <h3>\n            <a class=\"rpc-title\" href=\"https:\/\/www.amitai.com\/es\/tipos-de-clima-organizacional\/\" target=\"_self\">\n                Tipos de clima organizacional y c\u00f3mo pueden beneficiar a tu empresa            <\/a>\n        <\/h3>\n                <div class=\"wcp-post-contents rpc-content\">\n\n            [vc_row][vc_column][vc_column_text]Uno de los pilares fundamentales para una empresa es el llamado\u00a0clima organizacional. Durante muchos a\u00f1os se pensaba que los trabajadores\n                            <br>\n                <a href=\"https:\/\/www.amitai.com\/es\/tipos-de-clima-organizacional\/\" target=\"_self\" class=\"btn-post\">Leer m\u00e1s<\/a>\n        \n        <\/div>        \n    <\/div>\n<\/div>                <\/div>    \n\n                            <div class=\"slick-slide carousel-item-1027\">\n                    <div class=\"post-style-2 rpc-bg rpc-box\">\n    <div class=\"wcp-img-wrap\">\n        <a href=\"https:\/\/www.amitai.com\/es\/etica-empresarial\/\">\n            <img decoding=\"async\" width=\"640\" height=\"426\" src=\"https:\/\/www.amitai.com\/es\/wp-content\/uploads\/2019\/06\/57e9d24a4854ad14f6da8c7dda79367c1138dee557556c4870297bd49e4fc05cbb_640.jpg\" class=\"attachment- size- wp-post-image\" alt=\"Conoce qu\u00e9 es la \u00e9tica empresarial y sus principales componentes\" srcset=\"https:\/\/www.amitai.com\/es\/wp-content\/uploads\/2019\/06\/57e9d24a4854ad14f6da8c7dda79367c1138dee557556c4870297bd49e4fc05cbb_640.jpg 640w, https:\/\/www.amitai.com\/es\/wp-content\/uploads\/2019\/06\/57e9d24a4854ad14f6da8c7dda79367c1138dee557556c4870297bd49e4fc05cbb_640-300x200.jpg 300w\" sizes=\"(max-width: 640px) 100vw, 640px\" \/>        <\/a>\n    <\/div>\n    <div class=\"wcp-content-wrap\">\n        <h3>\n            <a class=\"rpc-title\" href=\"https:\/\/www.amitai.com\/es\/etica-empresarial\/\" target=\"_self\">\n                Conoce qu\u00e9 es la \u00e9tica empresarial y sus principales componentes            <\/a>\n        <\/h3>\n                <div class=\"wcp-post-contents rpc-content\">\n\n            [vc_row][vc_column][vc_column_text]La \u00e9tica empresarial reflexiona acerca del comportamiento moral que debe seguir una empresa ante cualquier decisi\u00f3n o acci\u00f3n realizada. Esta\u00a0debe\n                            <br>\n                <a href=\"https:\/\/www.amitai.com\/es\/etica-empresarial\/\" target=\"_self\" class=\"btn-post\">Leer m\u00e1s<\/a>\n        \n        <\/div>        \n    <\/div>\n<\/div>                <\/div>    \n\n                            <div class=\"slick-slide carousel-item-1019\">\n                    <div class=\"post-style-2 rpc-bg rpc-box\">\n    <div class=\"wcp-img-wrap\">\n        <a href=\"https:\/\/www.amitai.com\/es\/test-laboral-contratacion\/\">\n            <img decoding=\"async\" width=\"1400\" height=\"900\" src=\"https:\/\/www.amitai.com\/es\/wp-content\/uploads\/2019\/05\/test-laboral-antes-de-hacer-una-contrataci\u00f3n.jpg\" class=\"attachment- size- wp-post-image\" alt=\"test laboral antes de hacer una contrataci\u00f3n\" srcset=\"https:\/\/www.amitai.com\/es\/wp-content\/uploads\/2019\/05\/test-laboral-antes-de-hacer-una-contrataci\u00f3n.jpg 1400w, https:\/\/www.amitai.com\/es\/wp-content\/uploads\/2019\/05\/test-laboral-antes-de-hacer-una-contrataci\u00f3n-300x193.jpg 300w, https:\/\/www.amitai.com\/es\/wp-content\/uploads\/2019\/05\/test-laboral-antes-de-hacer-una-contrataci\u00f3n-768x494.jpg 768w, https:\/\/www.amitai.com\/es\/wp-content\/uploads\/2019\/05\/test-laboral-antes-de-hacer-una-contrataci\u00f3n-1024x658.jpg 1024w\" sizes=\"(max-width: 1400px) 100vw, 1400px\" \/>        <\/a>\n    <\/div>\n    <div class=\"wcp-content-wrap\">\n        <h3>\n            <a class=\"rpc-title\" href=\"https:\/\/www.amitai.com\/es\/test-laboral-contratacion\/\" target=\"_self\">\n                \u00bfPor qu\u00e9 es importante hacer un test laboral antes de hacer una contrataci\u00f3n?            <\/a>\n        <\/h3>\n                <div class=\"wcp-post-contents rpc-content\">\n\n            Los ambientes de trabajo t\u00f3xicos son tan variados que no es f\u00e1cil comparar unos con otros y saber si se&hellip;\n                            <br>\n                <a href=\"https:\/\/www.amitai.com\/es\/test-laboral-contratacion\/\" target=\"_self\" class=\"btn-post\">Leer m\u00e1s<\/a>\n        \n        <\/div>        \n    <\/div>\n<\/div>                <\/div>    \n\n                            <div class=\"slick-slide carousel-item-1013\">\n                    <div class=\"post-style-2 rpc-bg rpc-box\">\n    <div class=\"wcp-img-wrap\">\n        <a href=\"https:\/\/www.amitai.com\/es\/trabajadores-afectan-etica-organizacional\/\">\n            <img decoding=\"async\" width=\"1400\" height=\"900\" src=\"https:\/\/www.amitai.com\/es\/wp-content\/uploads\/2019\/05\/trabajadores-reinciden-en-hechos-que-afectan-la-\u00e9tica-organizacional.jpg\" class=\"attachment- size- wp-post-image\" alt=\"trabajadores reinciden en hechos que afectan la \u00e9tica organizaci\u00f3n\" srcset=\"https:\/\/www.amitai.com\/es\/wp-content\/uploads\/2019\/05\/trabajadores-reinciden-en-hechos-que-afectan-la-\u00e9tica-organizacional.jpg 1400w, https:\/\/www.amitai.com\/es\/wp-content\/uploads\/2019\/05\/trabajadores-reinciden-en-hechos-que-afectan-la-\u00e9tica-organizacional-300x193.jpg 300w, https:\/\/www.amitai.com\/es\/wp-content\/uploads\/2019\/05\/trabajadores-reinciden-en-hechos-que-afectan-la-\u00e9tica-organizacional-768x494.jpg 768w, https:\/\/www.amitai.com\/es\/wp-content\/uploads\/2019\/05\/trabajadores-reinciden-en-hechos-que-afectan-la-\u00e9tica-organizacional-1024x658.jpg 1024w\" sizes=\"(max-width: 1400px) 100vw, 1400px\" \/>        <\/a>\n    <\/div>\n    <div class=\"wcp-content-wrap\">\n        <h3>\n            <a class=\"rpc-title\" href=\"https:\/\/www.amitai.com\/es\/trabajadores-afectan-etica-organizacional\/\" target=\"_self\">\n                \u00bfPor qu\u00e9 los trabajadores reinciden en hechos que afectan la \u00e9tica organizacional?            <\/a>\n        <\/h3>\n                <div class=\"wcp-post-contents rpc-content\">\n\n            Los ambientes de trabajo t\u00f3xicos son tan variados que no es f\u00e1cil comparar unos con otros y saber si se&hellip;\n                            <br>\n                <a href=\"https:\/\/www.amitai.com\/es\/trabajadores-afectan-etica-organizacional\/\" target=\"_self\" class=\"btn-post\">Leer m\u00e1s<\/a>\n        \n        <\/div>        \n    <\/div>\n<\/div>                <\/div>    \n\n                            <div class=\"slick-slide carousel-item-1009\">\n                    <div class=\"post-style-2 rpc-bg rpc-box\">\n    <div class=\"wcp-img-wrap\">\n        <a href=\"https:\/\/www.amitai.com\/es\/habilidades-laborales-en-trabajadores\/\">\n            <img decoding=\"async\" width=\"1400\" height=\"900\" src=\"https:\/\/www.amitai.com\/es\/wp-content\/uploads\/2019\/05\/habilidades-laborales-de-tus-trabajadores.jpg\" class=\"attachment- size- wp-post-image\" alt=\"habilidades laborales de tus trabajadores\" srcset=\"https:\/\/www.amitai.com\/es\/wp-content\/uploads\/2019\/05\/habilidades-laborales-de-tus-trabajadores.jpg 1400w, https:\/\/www.amitai.com\/es\/wp-content\/uploads\/2019\/05\/habilidades-laborales-de-tus-trabajadores-300x193.jpg 300w, https:\/\/www.amitai.com\/es\/wp-content\/uploads\/2019\/05\/habilidades-laborales-de-tus-trabajadores-768x494.jpg 768w, https:\/\/www.amitai.com\/es\/wp-content\/uploads\/2019\/05\/habilidades-laborales-de-tus-trabajadores-1024x658.jpg 1024w\" sizes=\"(max-width: 1400px) 100vw, 1400px\" \/>        <\/a>\n    <\/div>\n    <div class=\"wcp-content-wrap\">\n        <h3>\n            <a class=\"rpc-title\" href=\"https:\/\/www.amitai.com\/es\/habilidades-laborales-en-trabajadores\/\" target=\"_self\">\n                \u00bfPor qu\u00e9 es importante valorar las habilidades laborales de tus trabajadores?            <\/a>\n        <\/h3>\n                <div class=\"wcp-post-contents rpc-content\">\n\n            Los ambientes de trabajo t\u00f3xicos son tan variados que no es f\u00e1cil comparar unos con otros y saber si se&hellip;\n                            <br>\n                <a href=\"https:\/\/www.amitai.com\/es\/habilidades-laborales-en-trabajadores\/\" target=\"_self\" class=\"btn-post\">Leer m\u00e1s<\/a>\n        \n        <\/div>        \n    <\/div>\n<\/div>                <\/div>    \n\n                            <div class=\"slick-slide carousel-item-1000\">\n                    <div class=\"post-style-2 rpc-bg rpc-box\">\n    <div class=\"wcp-img-wrap\">\n        <a href=\"https:\/\/www.amitai.com\/es\/desarrollo-profesional\/\">\n            <img decoding=\"async\" width=\"1400\" height=\"900\" src=\"https:\/\/www.amitai.com\/es\/wp-content\/uploads\/2019\/05\/el-clima-laboral-ayuda-al-desarrollo-profesionall.jpg\" class=\"attachment- size- wp-post-image\" alt=\"el clima laboral ayuda al desarrollo profesional\" srcset=\"https:\/\/www.amitai.com\/es\/wp-content\/uploads\/2019\/05\/el-clima-laboral-ayuda-al-desarrollo-profesionall.jpg 1400w, https:\/\/www.amitai.com\/es\/wp-content\/uploads\/2019\/05\/el-clima-laboral-ayuda-al-desarrollo-profesionall-300x193.jpg 300w, https:\/\/www.amitai.com\/es\/wp-content\/uploads\/2019\/05\/el-clima-laboral-ayuda-al-desarrollo-profesionall-768x494.jpg 768w, https:\/\/www.amitai.com\/es\/wp-content\/uploads\/2019\/05\/el-clima-laboral-ayuda-al-desarrollo-profesionall-1024x658.jpg 1024w\" sizes=\"(max-width: 1400px) 100vw, 1400px\" \/>        <\/a>\n    <\/div>\n    <div class=\"wcp-content-wrap\">\n        <h3>\n            <a class=\"rpc-title\" href=\"https:\/\/www.amitai.com\/es\/desarrollo-profesional\/\" target=\"_self\">\n                \u00bfC\u00f3mo ayuda el clima laboral al desarrollo profesional?            <\/a>\n        <\/h3>\n                <div class=\"wcp-post-contents rpc-content\">\n\n            Los ambientes de trabajo t\u00f3xicos son tan variados que no es f\u00e1cil comparar unos con otros y saber si se&hellip;\n                            <br>\n                <a href=\"https:\/\/www.amitai.com\/es\/desarrollo-profesional\/\" target=\"_self\" class=\"btn-post\">Leer m\u00e1s<\/a>\n        \n        <\/div>        \n    <\/div>\n<\/div>                <\/div>    \n\n                            <div class=\"slick-slide carousel-item-990\">\n                    <div class=\"post-style-2 rpc-bg rpc-box\">\n    <div class=\"wcp-img-wrap\">\n        <a href=\"https:\/\/www.amitai.com\/es\/casos-corrupcion-laboral\/\">\n            <img decoding=\"async\" width=\"1400\" height=\"900\" src=\"https:\/\/www.amitai.com\/es\/wp-content\/uploads\/2019\/05\/casos-de-corrupci\u00f3n-laboral-.jpg\" class=\"attachment- size- wp-post-image\" alt=\"casos de corrupci\u00f3n laboral\" srcset=\"https:\/\/www.amitai.com\/es\/wp-content\/uploads\/2019\/05\/casos-de-corrupci\u00f3n-laboral-.jpg 1400w, https:\/\/www.amitai.com\/es\/wp-content\/uploads\/2019\/05\/casos-de-corrupci\u00f3n-laboral--300x193.jpg 300w, https:\/\/www.amitai.com\/es\/wp-content\/uploads\/2019\/05\/casos-de-corrupci\u00f3n-laboral--768x494.jpg 768w, https:\/\/www.amitai.com\/es\/wp-content\/uploads\/2019\/05\/casos-de-corrupci\u00f3n-laboral--1024x658.jpg 1024w\" sizes=\"(max-width: 1400px) 100vw, 1400px\" \/>        <\/a>\n    <\/div>\n    <div class=\"wcp-content-wrap\">\n        <h3>\n            <a class=\"rpc-title\" href=\"https:\/\/www.amitai.com\/es\/casos-corrupcion-laboral\/\" target=\"_self\">\n                \u00bfCu\u00e1les son los casos de corrupci\u00f3n laboral m\u00e1s recurrentes?            <\/a>\n        <\/h3>\n                <div class=\"wcp-post-contents rpc-content\">\n\n            Los ambientes de trabajo t\u00f3xicos son tan variados que no es f\u00e1cil comparar unos con otros y saber si se&hellip;\n                            <br>\n                <a href=\"https:\/\/www.amitai.com\/es\/casos-corrupcion-laboral\/\" target=\"_self\" class=\"btn-post\">Leer m\u00e1s<\/a>\n        \n        <\/div>        \n    <\/div>\n<\/div>                <\/div>    \n\n                            <div class=\"slick-slide carousel-item-985\">\n                    <div class=\"post-style-2 rpc-bg rpc-box\">\n    <div class=\"wcp-img-wrap\">\n        <a href=\"https:\/\/www.amitai.com\/es\/beneficios-psicometricas-online\/\">\n            <img decoding=\"async\" width=\"1400\" height=\"900\" src=\"https:\/\/www.amitai.com\/es\/wp-content\/uploads\/2019\/05\/Beneficios-de-las-pruebas-psicom\u00e9tricas-online.jpg\" class=\"attachment- size- wp-post-image\" alt=\"Beneficios de las pruebas psicom\u00e9tricas online\" srcset=\"https:\/\/www.amitai.com\/es\/wp-content\/uploads\/2019\/05\/Beneficios-de-las-pruebas-psicom\u00e9tricas-online.jpg 1400w, https:\/\/www.amitai.com\/es\/wp-content\/uploads\/2019\/05\/Beneficios-de-las-pruebas-psicom\u00e9tricas-online-300x193.jpg 300w, https:\/\/www.amitai.com\/es\/wp-content\/uploads\/2019\/05\/Beneficios-de-las-pruebas-psicom\u00e9tricas-online-768x494.jpg 768w, https:\/\/www.amitai.com\/es\/wp-content\/uploads\/2019\/05\/Beneficios-de-las-pruebas-psicom\u00e9tricas-online-1024x658.jpg 1024w\" sizes=\"(max-width: 1400px) 100vw, 1400px\" \/>        <\/a>\n    <\/div>\n    <div class=\"wcp-content-wrap\">\n        <h3>\n            <a class=\"rpc-title\" href=\"https:\/\/www.amitai.com\/es\/beneficios-psicometricas-online\/\" target=\"_self\">\n                Beneficios de las pruebas psicom\u00e9tricas online            <\/a>\n        <\/h3>\n                <div class=\"wcp-post-contents rpc-content\">\n\n            Los ambientes de trabajo t\u00f3xicos son tan variados que no es f\u00e1cil comparar unos con otros y saber si se&hellip;\n                            <br>\n                <a href=\"https:\/\/www.amitai.com\/es\/beneficios-psicometricas-online\/\" target=\"_self\" class=\"btn-post\">Leer m\u00e1s<\/a>\n        \n        <\/div>        \n    <\/div>\n<\/div>                <\/div>    \n\n                            <div class=\"slick-slide carousel-item-979\">\n                    <div class=\"post-style-2 rpc-bg rpc-box\">\n    <div class=\"wcp-img-wrap\">\n        <a href=\"https:\/\/www.amitai.com\/es\/medir-corrupcion-trabajo\/\">\n            <img decoding=\"async\" width=\"1400\" height=\"900\" src=\"https:\/\/www.amitai.com\/es\/wp-content\/uploads\/2019\/05\/C\u00f3mo-medir-la-corrupci\u00f3n-en-el-trabajo.jpg\" class=\"attachment- size- wp-post-image\" alt=\"\u00bfC\u00f3mo medir la corrupci\u00f3n en el trabajo?\" srcset=\"https:\/\/www.amitai.com\/es\/wp-content\/uploads\/2019\/05\/C\u00f3mo-medir-la-corrupci\u00f3n-en-el-trabajo.jpg 1400w, https:\/\/www.amitai.com\/es\/wp-content\/uploads\/2019\/05\/C\u00f3mo-medir-la-corrupci\u00f3n-en-el-trabajo-300x193.jpg 300w, https:\/\/www.amitai.com\/es\/wp-content\/uploads\/2019\/05\/C\u00f3mo-medir-la-corrupci\u00f3n-en-el-trabajo-768x494.jpg 768w, https:\/\/www.amitai.com\/es\/wp-content\/uploads\/2019\/05\/C\u00f3mo-medir-la-corrupci\u00f3n-en-el-trabajo-1024x658.jpg 1024w\" sizes=\"(max-width: 1400px) 100vw, 1400px\" \/>        <\/a>\n    <\/div>\n    <div class=\"wcp-content-wrap\">\n        <h3>\n            <a class=\"rpc-title\" href=\"https:\/\/www.amitai.com\/es\/medir-corrupcion-trabajo\/\" target=\"_self\">\n                \u00bfC\u00f3mo medir la corrupci\u00f3n en el trabajo?            <\/a>\n        <\/h3>\n                <div class=\"wcp-post-contents rpc-content\">\n\n            Los ambientes de trabajo t\u00f3xicos son tan variados que no es f\u00e1cil comparar unos con otros y saber si se&hellip;\n                            <br>\n                <a href=\"https:\/\/www.amitai.com\/es\/medir-corrupcion-trabajo\/\" target=\"_self\" class=\"btn-post\">Leer m\u00e1s<\/a>\n        \n        <\/div>        \n    <\/div>\n<\/div>                <\/div>    \n\n                            <div class=\"slick-slide carousel-item-970\">\n                    <div class=\"post-style-2 rpc-bg rpc-box\">\n    <div class=\"wcp-img-wrap\">\n        <a href=\"https:\/\/www.amitai.com\/es\/dimensiones-clima-organizacional\/\">\n            <img decoding=\"async\" width=\"1400\" height=\"900\" src=\"https:\/\/www.amitai.com\/es\/wp-content\/uploads\/2019\/05\/Cu\u00e1les-son-las-dimensiones-del-clima-organizacional.jpg\" class=\"attachment- size- wp-post-image\" alt=\"\u00bfCu\u00e1les son las dimensiones del clima organizacional?\" srcset=\"https:\/\/www.amitai.com\/es\/wp-content\/uploads\/2019\/05\/Cu\u00e1les-son-las-dimensiones-del-clima-organizacional.jpg 1400w, https:\/\/www.amitai.com\/es\/wp-content\/uploads\/2019\/05\/Cu\u00e1les-son-las-dimensiones-del-clima-organizacional-300x193.jpg 300w, https:\/\/www.amitai.com\/es\/wp-content\/uploads\/2019\/05\/Cu\u00e1les-son-las-dimensiones-del-clima-organizacional-768x494.jpg 768w, https:\/\/www.amitai.com\/es\/wp-content\/uploads\/2019\/05\/Cu\u00e1les-son-las-dimensiones-del-clima-organizacional-1024x658.jpg 1024w\" sizes=\"(max-width: 1400px) 100vw, 1400px\" \/>        <\/a>\n    <\/div>\n    <div class=\"wcp-content-wrap\">\n        <h3>\n            <a class=\"rpc-title\" href=\"https:\/\/www.amitai.com\/es\/dimensiones-clima-organizacional\/\" target=\"_self\">\n                \u00bfCu\u00e1les son las dimensiones del clima organizacional?            <\/a>\n        <\/h3>\n                <div class=\"wcp-post-contents rpc-content\">\n\n            Los ambientes de trabajo t\u00f3xicos son tan variados que no es f\u00e1cil comparar unos con otros y saber si se&hellip;\n                            <br>\n                <a href=\"https:\/\/www.amitai.com\/es\/dimensiones-clima-organizacional\/\" target=\"_self\" class=\"btn-post\">Leer m\u00e1s<\/a>\n        \n        <\/div>        \n    <\/div>\n<\/div>                <\/div>    \n\n                            <div class=\"slick-slide carousel-item-963\">\n                    <div class=\"post-style-2 rpc-bg rpc-box\">\n    <div class=\"wcp-img-wrap\">\n        <a href=\"https:\/\/www.amitai.com\/es\/movimiento-me-too\/\">\n            <img decoding=\"async\" width=\"1400\" height=\"900\" src=\"https:\/\/www.amitai.com\/es\/wp-content\/uploads\/2019\/05\/Conoce-el-contexto-del-movimiento-Me-too.jpg\" class=\"attachment- size- wp-post-image\" alt=\"Conoce el contexto del movimiento Me too (yo tambi\u00e9n)\" srcset=\"https:\/\/www.amitai.com\/es\/wp-content\/uploads\/2019\/05\/Conoce-el-contexto-del-movimiento-Me-too.jpg 1400w, https:\/\/www.amitai.com\/es\/wp-content\/uploads\/2019\/05\/Conoce-el-contexto-del-movimiento-Me-too-300x193.jpg 300w, https:\/\/www.amitai.com\/es\/wp-content\/uploads\/2019\/05\/Conoce-el-contexto-del-movimiento-Me-too-768x494.jpg 768w, https:\/\/www.amitai.com\/es\/wp-content\/uploads\/2019\/05\/Conoce-el-contexto-del-movimiento-Me-too-1024x658.jpg 1024w\" sizes=\"(max-width: 1400px) 100vw, 1400px\" \/>        <\/a>\n    <\/div>\n    <div class=\"wcp-content-wrap\">\n        <h3>\n            <a class=\"rpc-title\" href=\"https:\/\/www.amitai.com\/es\/movimiento-me-too\/\" target=\"_self\">\n                Conoce el contexto del movimiento Me too (yo tambi\u00e9n)            <\/a>\n        <\/h3>\n                <div class=\"wcp-post-contents rpc-content\">\n\n            Los ambientes de trabajo t\u00f3xicos son tan variados que no es f\u00e1cil comparar unos con otros y saber si se&hellip;\n                            <br>\n                <a href=\"https:\/\/www.amitai.com\/es\/movimiento-me-too\/\" target=\"_self\" class=\"btn-post\">Leer m\u00e1s<\/a>\n        \n        <\/div>        \n    <\/div>\n<\/div>                <\/div>    \n\n                            <div class=\"slick-slide carousel-item-949\">\n                    <div class=\"post-style-2 rpc-bg rpc-box\">\n    <div class=\"wcp-img-wrap\">\n        <a href=\"https:\/\/www.amitai.com\/es\/pruebas-laborales\/\">\n            <img decoding=\"async\" width=\"900\" height=\"513\" src=\"https:\/\/www.amitai.com\/es\/wp-content\/uploads\/2019\/04\/Pruebas-laborales-como-medir-la-honestidad-Laboral.jpg\" class=\"attachment- size- wp-post-image\" alt=\"Pruebas laborales: \u00bfC\u00f3mo medir la honestidad Laboral?\" srcset=\"https:\/\/www.amitai.com\/es\/wp-content\/uploads\/2019\/04\/Pruebas-laborales-como-medir-la-honestidad-Laboral.jpg 900w, https:\/\/www.amitai.com\/es\/wp-content\/uploads\/2019\/04\/Pruebas-laborales-como-medir-la-honestidad-Laboral-300x171.jpg 300w, https:\/\/www.amitai.com\/es\/wp-content\/uploads\/2019\/04\/Pruebas-laborales-como-medir-la-honestidad-Laboral-768x438.jpg 768w\" sizes=\"(max-width: 900px) 100vw, 900px\" \/>        <\/a>\n    <\/div>\n    <div class=\"wcp-content-wrap\">\n        <h3>\n            <a class=\"rpc-title\" href=\"https:\/\/www.amitai.com\/es\/pruebas-laborales\/\" target=\"_self\">\n                Pruebas laborales: \u00bfC\u00f3mo medir la honestidad Laboral?            <\/a>\n        <\/h3>\n                <div class=\"wcp-post-contents rpc-content\">\n\n            Los ambientes de trabajo t\u00f3xicos son tan variados que no es f\u00e1cil comparar unos con otros y saber si se&hellip;\n                            <br>\n                <a href=\"https:\/\/www.amitai.com\/es\/pruebas-laborales\/\" target=\"_self\" class=\"btn-post\">Leer m\u00e1s<\/a>\n        \n        <\/div>        \n    <\/div>\n<\/div>                <\/div>    \n\n                            <div class=\"slick-slide carousel-item-941\">\n                    <div class=\"post-style-2 rpc-bg rpc-box\">\n    <div class=\"wcp-img-wrap\">\n        <a href=\"https:\/\/www.amitai.com\/es\/test-prueba-psicometrica\/\">\n            <img decoding=\"async\" width=\"900\" height=\"513\" src=\"https:\/\/www.amitai.com\/es\/wp-content\/uploads\/2019\/04\/Test-de-seleccion-de-personal.jpg\" class=\"attachment- size- wp-post-image\" alt=\"Test psicom\u00e9trico \u00bfQu\u00e9 es una prueba psicom\u00e9trica?\" srcset=\"https:\/\/www.amitai.com\/es\/wp-content\/uploads\/2019\/04\/Test-de-seleccion-de-personal.jpg 900w, https:\/\/www.amitai.com\/es\/wp-content\/uploads\/2019\/04\/Test-de-seleccion-de-personal-300x171.jpg 300w, https:\/\/www.amitai.com\/es\/wp-content\/uploads\/2019\/04\/Test-de-seleccion-de-personal-768x438.jpg 768w\" sizes=\"(max-width: 900px) 100vw, 900px\" \/>        <\/a>\n    <\/div>\n    <div class=\"wcp-content-wrap\">\n        <h3>\n            <a class=\"rpc-title\" href=\"https:\/\/www.amitai.com\/es\/test-prueba-psicometrica\/\" target=\"_self\">\n                Test de selecci\u00f3n de personal: \u00bfQu\u00e9 es una prueba psicom\u00e9trica?            <\/a>\n        <\/h3>\n                <div class=\"wcp-post-contents rpc-content\">\n\n            Los ambientes de trabajo t\u00f3xicos son tan variados que no es f\u00e1cil comparar unos con otros y saber si se&hellip;\n                            <br>\n                <a href=\"https:\/\/www.amitai.com\/es\/test-prueba-psicometrica\/\" target=\"_self\" class=\"btn-post\">Leer m\u00e1s<\/a>\n        \n        <\/div>        \n    <\/div>\n<\/div>                <\/div>    \n\n                            <div class=\"slick-slide carousel-item-931\">\n                    <div class=\"post-style-2 rpc-bg rpc-box\">\n    <div class=\"wcp-img-wrap\">\n        <a href=\"https:\/\/www.amitai.com\/es\/denuncia-anonima-razones-empresa\/\">\n            <img decoding=\"async\" width=\"900\" height=\"513\" src=\"https:\/\/www.amitai.com\/es\/wp-content\/uploads\/2019\/04\/Denuncia-anonima-razones-para-implementarla-en-tu-empresa.jpg\" class=\"attachment- size- wp-post-image\" alt=\"Denuncia an\u00f3nima: razones para implementarla en tu empresa\" srcset=\"https:\/\/www.amitai.com\/es\/wp-content\/uploads\/2019\/04\/Denuncia-anonima-razones-para-implementarla-en-tu-empresa.jpg 900w, https:\/\/www.amitai.com\/es\/wp-content\/uploads\/2019\/04\/Denuncia-anonima-razones-para-implementarla-en-tu-empresa-300x171.jpg 300w, https:\/\/www.amitai.com\/es\/wp-content\/uploads\/2019\/04\/Denuncia-anonima-razones-para-implementarla-en-tu-empresa-768x438.jpg 768w\" sizes=\"(max-width: 900px) 100vw, 900px\" \/>        <\/a>\n    <\/div>\n    <div class=\"wcp-content-wrap\">\n        <h3>\n            <a class=\"rpc-title\" href=\"https:\/\/www.amitai.com\/es\/denuncia-anonima-razones-empresa\/\" target=\"_self\">\n                Denuncia an\u00f3nima: razones para implementarla en tu empresa            <\/a>\n        <\/h3>\n                <div class=\"wcp-post-contents rpc-content\">\n\n            Los ambientes de trabajo t\u00f3xicos son tan variados que no es f\u00e1cil comparar unos con otros y saber si se&hellip;\n                            <br>\n                <a href=\"https:\/\/www.amitai.com\/es\/denuncia-anonima-razones-empresa\/\" target=\"_self\" class=\"btn-post\">Leer m\u00e1s<\/a>\n        \n        <\/div>        \n    <\/div>\n<\/div>                <\/div>    \n\n                            <div class=\"slick-slide carousel-item-867\">\n                    <div class=\"post-style-2 rpc-bg rpc-box\">\n    <div class=\"wcp-img-wrap\">\n        <a href=\"https:\/\/www.amitai.com\/es\/aspectos-influyen-clima-laboral\/\">\n            <img decoding=\"async\" width=\"1400\" height=\"990\" src=\"https:\/\/www.amitai.com\/es\/wp-content\/uploads\/2019\/03\/Beneficios-de-tener-un-buen-clima-laboral.jpg\" class=\"attachment- size- wp-post-image\" alt=\"Beneficios de tener un buen clima laboral\" srcset=\"https:\/\/www.amitai.com\/es\/wp-content\/uploads\/2019\/03\/Beneficios-de-tener-un-buen-clima-laboral.jpg 1400w, https:\/\/www.amitai.com\/es\/wp-content\/uploads\/2019\/03\/Beneficios-de-tener-un-buen-clima-laboral-300x212.jpg 300w, https:\/\/www.amitai.com\/es\/wp-content\/uploads\/2019\/03\/Beneficios-de-tener-un-buen-clima-laboral-768x543.jpg 768w, https:\/\/www.amitai.com\/es\/wp-content\/uploads\/2019\/03\/Beneficios-de-tener-un-buen-clima-laboral-1024x724.jpg 1024w\" sizes=\"(max-width: 1400px) 100vw, 1400px\" \/>        <\/a>\n    <\/div>\n    <div class=\"wcp-content-wrap\">\n        <h3>\n            <a class=\"rpc-title\" href=\"https:\/\/www.amitai.com\/es\/aspectos-influyen-clima-laboral\/\" target=\"_self\">\n                5 aspectos que influyen en el clima laboral            <\/a>\n        <\/h3>\n                <div class=\"wcp-post-contents rpc-content\">\n\n            Los ambientes de trabajo t\u00f3xicos son tan variados que no es f\u00e1cil comparar unos con otros y saber si se&hellip;\n                            <br>\n                <a href=\"https:\/\/www.amitai.com\/es\/aspectos-influyen-clima-laboral\/\" target=\"_self\" class=\"btn-post\">Leer m\u00e1s<\/a>\n        \n        <\/div>        \n    <\/div>\n<\/div>                <\/div>    \n\n                            <div class=\"slick-slide carousel-item-861\">\n                    <div class=\"post-style-2 rpc-bg rpc-box\">\n    <div class=\"wcp-img-wrap\">\n        <a href=\"https:\/\/www.amitai.com\/es\/evitar-corrupcion-empresas\/\">\n            <img decoding=\"async\" width=\"1400\" height=\"990\" src=\"https:\/\/www.amitai.com\/es\/wp-content\/uploads\/2019\/04\/\u00c9tica-organizacional-C\u00f3mo-evitar-la-corrupci\u00f3n-en-las-empresas.jpg\" class=\"attachment- size- wp-post-image\" alt=\"\u00c9tica organizacional: \u00bfC\u00f3mo evitar la corrupci\u00f3n en las empresas?\" srcset=\"https:\/\/www.amitai.com\/es\/wp-content\/uploads\/2019\/04\/\u00c9tica-organizacional-C\u00f3mo-evitar-la-corrupci\u00f3n-en-las-empresas.jpg 1400w, https:\/\/www.amitai.com\/es\/wp-content\/uploads\/2019\/04\/\u00c9tica-organizacional-C\u00f3mo-evitar-la-corrupci\u00f3n-en-las-empresas-300x212.jpg 300w, https:\/\/www.amitai.com\/es\/wp-content\/uploads\/2019\/04\/\u00c9tica-organizacional-C\u00f3mo-evitar-la-corrupci\u00f3n-en-las-empresas-768x543.jpg 768w, https:\/\/www.amitai.com\/es\/wp-content\/uploads\/2019\/04\/\u00c9tica-organizacional-C\u00f3mo-evitar-la-corrupci\u00f3n-en-las-empresas-1024x724.jpg 1024w\" sizes=\"(max-width: 1400px) 100vw, 1400px\" \/>        <\/a>\n    <\/div>\n    <div class=\"wcp-content-wrap\">\n        <h3>\n            <a class=\"rpc-title\" href=\"https:\/\/www.amitai.com\/es\/evitar-corrupcion-empresas\/\" target=\"_self\">\n                \u00c9tica organizacional: \u00bfC\u00f3mo evitar la corrupci\u00f3n en las empresas?            <\/a>\n        <\/h3>\n                <div class=\"wcp-post-contents rpc-content\">\n\n            Los ambientes de trabajo t\u00f3xicos son tan variados que no es f\u00e1cil comparar unos con otros y saber si se&hellip;\n                            <br>\n                <a href=\"https:\/\/www.amitai.com\/es\/evitar-corrupcion-empresas\/\" target=\"_self\" class=\"btn-post\">Leer m\u00e1s<\/a>\n        \n        <\/div>        \n    <\/div>\n<\/div>                <\/div>    \n\n                            <div class=\"slick-slide carousel-item-857\">\n                    <div class=\"post-style-2 rpc-bg rpc-box\">\n    <div class=\"wcp-img-wrap\">\n        <a href=\"https:\/\/www.amitai.com\/es\/corrupcion-empresas-problema\/\">\n            <img decoding=\"async\" width=\"1400\" height=\"990\" src=\"https:\/\/www.amitai.com\/es\/wp-content\/uploads\/2019\/04\/Corrupci\u00f3n-en-las-empresas-un-problema-fuera-de-control.jpg\" class=\"attachment- size- wp-post-image\" alt=\"Corrupci\u00f3n en las empresas: un problema fuera de control\" srcset=\"https:\/\/www.amitai.com\/es\/wp-content\/uploads\/2019\/04\/Corrupci\u00f3n-en-las-empresas-un-problema-fuera-de-control.jpg 1400w, https:\/\/www.amitai.com\/es\/wp-content\/uploads\/2019\/04\/Corrupci\u00f3n-en-las-empresas-un-problema-fuera-de-control-300x212.jpg 300w, https:\/\/www.amitai.com\/es\/wp-content\/uploads\/2019\/04\/Corrupci\u00f3n-en-las-empresas-un-problema-fuera-de-control-768x543.jpg 768w, https:\/\/www.amitai.com\/es\/wp-content\/uploads\/2019\/04\/Corrupci\u00f3n-en-las-empresas-un-problema-fuera-de-control-1024x724.jpg 1024w\" sizes=\"(max-width: 1400px) 100vw, 1400px\" \/>        <\/a>\n    <\/div>\n    <div class=\"wcp-content-wrap\">\n        <h3>\n            <a class=\"rpc-title\" href=\"https:\/\/www.amitai.com\/es\/corrupcion-empresas-problema\/\" target=\"_self\">\n                Corrupci\u00f3n en las empresas: un problema fuera de control            <\/a>\n        <\/h3>\n                <div class=\"wcp-post-contents rpc-content\">\n\n            Los ambientes de trabajo t\u00f3xicos son tan variados que no es f\u00e1cil comparar unos con otros y saber si se&hellip;\n                            <br>\n                <a href=\"https:\/\/www.amitai.com\/es\/corrupcion-empresas-problema\/\" target=\"_self\" class=\"btn-post\">Leer m\u00e1s<\/a>\n        \n        <\/div>        \n    <\/div>\n<\/div>                <\/div>    \n\n                            <div class=\"slick-slide carousel-item-853\">\n                    <div class=\"post-style-2 rpc-bg rpc-box\">\n    <div class=\"wcp-img-wrap\">\n        <a href=\"https:\/\/www.amitai.com\/es\/compliance-importancia-empresas\/\">\n            <img decoding=\"async\" width=\"1400\" height=\"990\" src=\"https:\/\/www.amitai.com\/es\/wp-content\/uploads\/2019\/04\/Compliance-y-su-importancia-en-las-empresas.jpg\" class=\"attachment- size- wp-post-image\" alt=\"Compliance y su importancia en las empresas\" srcset=\"https:\/\/www.amitai.com\/es\/wp-content\/uploads\/2019\/04\/Compliance-y-su-importancia-en-las-empresas.jpg 1400w, https:\/\/www.amitai.com\/es\/wp-content\/uploads\/2019\/04\/Compliance-y-su-importancia-en-las-empresas-300x212.jpg 300w, https:\/\/www.amitai.com\/es\/wp-content\/uploads\/2019\/04\/Compliance-y-su-importancia-en-las-empresas-768x543.jpg 768w, https:\/\/www.amitai.com\/es\/wp-content\/uploads\/2019\/04\/Compliance-y-su-importancia-en-las-empresas-1024x724.jpg 1024w\" sizes=\"(max-width: 1400px) 100vw, 1400px\" \/>        <\/a>\n    <\/div>\n    <div class=\"wcp-content-wrap\">\n        <h3>\n            <a class=\"rpc-title\" href=\"https:\/\/www.amitai.com\/es\/compliance-importancia-empresas\/\" target=\"_self\">\n                Compliance y su importancia en las empresas            <\/a>\n        <\/h3>\n                <div class=\"wcp-post-contents rpc-content\">\n\n            Los ambientes de trabajo t\u00f3xicos son tan variados que no es f\u00e1cil comparar unos con otros y saber si se&hellip;\n                            <br>\n                <a href=\"https:\/\/www.amitai.com\/es\/compliance-importancia-empresas\/\" target=\"_self\" class=\"btn-post\">Leer m\u00e1s<\/a>\n        \n        <\/div>        \n    <\/div>\n<\/div>                <\/div>    \n\n                            <div class=\"slick-slide carousel-item-848\">\n                    <div class=\"post-style-2 rpc-bg rpc-box\">\n    <div class=\"wcp-img-wrap\">\n        <a href=\"https:\/\/www.amitai.com\/es\/importancia-integridad-laboral\/\">\n            <img decoding=\"async\" width=\"1400\" height=\"990\" src=\"https:\/\/www.amitai.com\/es\/wp-content\/uploads\/2019\/04\/La-importancia-de-la-integridad-laboral-en-tu-empresa.jpg\" class=\"attachment- size- wp-post-image\" alt=\"La importancia de la integridad laboral en tu empresa\" srcset=\"https:\/\/www.amitai.com\/es\/wp-content\/uploads\/2019\/04\/La-importancia-de-la-integridad-laboral-en-tu-empresa.jpg 1400w, https:\/\/www.amitai.com\/es\/wp-content\/uploads\/2019\/04\/La-importancia-de-la-integridad-laboral-en-tu-empresa-300x212.jpg 300w, https:\/\/www.amitai.com\/es\/wp-content\/uploads\/2019\/04\/La-importancia-de-la-integridad-laboral-en-tu-empresa-768x543.jpg 768w, https:\/\/www.amitai.com\/es\/wp-content\/uploads\/2019\/04\/La-importancia-de-la-integridad-laboral-en-tu-empresa-1024x724.jpg 1024w\" sizes=\"(max-width: 1400px) 100vw, 1400px\" \/>        <\/a>\n    <\/div>\n    <div class=\"wcp-content-wrap\">\n        <h3>\n            <a class=\"rpc-title\" href=\"https:\/\/www.amitai.com\/es\/importancia-integridad-laboral\/\" target=\"_self\">\n                La importancia de la integridad laboral en tu empresa            <\/a>\n        <\/h3>\n                <div class=\"wcp-post-contents rpc-content\">\n\n            Los ambientes de trabajo t\u00f3xicos son tan variados que no es f\u00e1cil comparar unos con otros y saber si se&hellip;\n                            <br>\n                <a href=\"https:\/\/www.amitai.com\/es\/importancia-integridad-laboral\/\" target=\"_self\" class=\"btn-post\">Leer m\u00e1s<\/a>\n        \n        <\/div>        \n    <\/div>\n<\/div>                <\/div>    \n\n                            <div class=\"slick-slide carousel-item-840\">\n                    <div class=\"post-style-2 rpc-bg rpc-box\">\n    <div class=\"wcp-img-wrap\">\n        <a href=\"https:\/\/www.amitai.com\/es\/fomentar-cultura-organizacional\/\">\n            <img decoding=\"async\" width=\"1400\" height=\"990\" src=\"https:\/\/www.amitai.com\/es\/wp-content\/uploads\/2019\/03\/5-razones-por-las-que-debes-fomentar-la-cultura-organizacional.jpg\" class=\"attachment- size- wp-post-image\" alt=\"5 razones por las que debes fomentar la cultura organizacional\" srcset=\"https:\/\/www.amitai.com\/es\/wp-content\/uploads\/2019\/03\/5-razones-por-las-que-debes-fomentar-la-cultura-organizacional.jpg 1400w, https:\/\/www.amitai.com\/es\/wp-content\/uploads\/2019\/03\/5-razones-por-las-que-debes-fomentar-la-cultura-organizacional-300x212.jpg 300w, https:\/\/www.amitai.com\/es\/wp-content\/uploads\/2019\/03\/5-razones-por-las-que-debes-fomentar-la-cultura-organizacional-768x543.jpg 768w, https:\/\/www.amitai.com\/es\/wp-content\/uploads\/2019\/03\/5-razones-por-las-que-debes-fomentar-la-cultura-organizacional-1024x724.jpg 1024w\" sizes=\"(max-width: 1400px) 100vw, 1400px\" \/>        <\/a>\n    <\/div>\n    <div class=\"wcp-content-wrap\">\n        <h3>\n            <a class=\"rpc-title\" href=\"https:\/\/www.amitai.com\/es\/fomentar-cultura-organizacional\/\" target=\"_self\">\n                5 razones por las que debes fomentar la cultura organizacional            <\/a>\n        <\/h3>\n                <div class=\"wcp-post-contents rpc-content\">\n\n            Los ambientes de trabajo t\u00f3xicos son tan variados que no es f\u00e1cil comparar unos con otros y saber si se&hellip;\n                            <br>\n                <a href=\"https:\/\/www.amitai.com\/es\/fomentar-cultura-organizacional\/\" target=\"_self\" class=\"btn-post\">Leer m\u00e1s<\/a>\n        \n        <\/div>        \n    <\/div>\n<\/div>                <\/div>    \n\n                            <div class=\"slick-slide carousel-item-834\">\n                    <div class=\"post-style-2 rpc-bg rpc-box\">\n    <div class=\"wcp-img-wrap\">\n        <a href=\"https:\/\/www.amitai.com\/es\/importante-evaluar-clima-laboral\/\">\n            <img decoding=\"async\" width=\"1400\" height=\"990\" src=\"https:\/\/www.amitai.com\/es\/wp-content\/uploads\/2019\/03\/Por-qu\u00e9-es-importante-evaluar-el-clima-laboral.jpg\" class=\"attachment- size- wp-post-image\" alt=\"\u00bfPor qu\u00e9 es importante evaluar el clima laboral?\" srcset=\"https:\/\/www.amitai.com\/es\/wp-content\/uploads\/2019\/03\/Por-qu\u00e9-es-importante-evaluar-el-clima-laboral.jpg 1400w, https:\/\/www.amitai.com\/es\/wp-content\/uploads\/2019\/03\/Por-qu\u00e9-es-importante-evaluar-el-clima-laboral-300x212.jpg 300w, https:\/\/www.amitai.com\/es\/wp-content\/uploads\/2019\/03\/Por-qu\u00e9-es-importante-evaluar-el-clima-laboral-768x543.jpg 768w, https:\/\/www.amitai.com\/es\/wp-content\/uploads\/2019\/03\/Por-qu\u00e9-es-importante-evaluar-el-clima-laboral-1024x724.jpg 1024w\" sizes=\"(max-width: 1400px) 100vw, 1400px\" \/>        <\/a>\n    <\/div>\n    <div class=\"wcp-content-wrap\">\n        <h3>\n            <a class=\"rpc-title\" href=\"https:\/\/www.amitai.com\/es\/importante-evaluar-clima-laboral\/\" target=\"_self\">\n                \u00bfPor qu\u00e9 es importante evaluar el clima laboral?            <\/a>\n        <\/h3>\n                <div class=\"wcp-post-contents rpc-content\">\n\n            Los ambientes de trabajo t\u00f3xicos son tan variados que no es f\u00e1cil comparar unos con otros y saber si se&hellip;\n                            <br>\n                <a href=\"https:\/\/www.amitai.com\/es\/importante-evaluar-clima-laboral\/\" target=\"_self\" class=\"btn-post\">Leer m\u00e1s<\/a>\n        \n        <\/div>        \n    <\/div>\n<\/div>                <\/div>    \n\n                            <div class=\"slick-slide carousel-item-828\">\n                    <div class=\"post-style-2 rpc-bg rpc-box\">\n    <div class=\"wcp-img-wrap\">\n        <a href=\"https:\/\/www.amitai.com\/es\/beneficios-clima-laboral\/\">\n            <img decoding=\"async\" width=\"1400\" height=\"990\" src=\"https:\/\/www.amitai.com\/es\/wp-content\/uploads\/2019\/03\/Beneficios-de-tener-un-buen-clima-laboral.jpg\" class=\"attachment- size- wp-post-image\" alt=\"Beneficios de tener un buen clima laboral\" srcset=\"https:\/\/www.amitai.com\/es\/wp-content\/uploads\/2019\/03\/Beneficios-de-tener-un-buen-clima-laboral.jpg 1400w, https:\/\/www.amitai.com\/es\/wp-content\/uploads\/2019\/03\/Beneficios-de-tener-un-buen-clima-laboral-300x212.jpg 300w, https:\/\/www.amitai.com\/es\/wp-content\/uploads\/2019\/03\/Beneficios-de-tener-un-buen-clima-laboral-768x543.jpg 768w, https:\/\/www.amitai.com\/es\/wp-content\/uploads\/2019\/03\/Beneficios-de-tener-un-buen-clima-laboral-1024x724.jpg 1024w\" sizes=\"(max-width: 1400px) 100vw, 1400px\" \/>        <\/a>\n    <\/div>\n    <div class=\"wcp-content-wrap\">\n        <h3>\n            <a class=\"rpc-title\" href=\"https:\/\/www.amitai.com\/es\/beneficios-clima-laboral\/\" target=\"_self\">\n                Beneficios de tener un buen clima laboral            <\/a>\n        <\/h3>\n                <div class=\"wcp-post-contents rpc-content\">\n\n            Los ambientes de trabajo t\u00f3xicos son tan variados que no es f\u00e1cil comparar unos con otros y saber si se&hellip;\n                            <br>\n                <a href=\"https:\/\/www.amitai.com\/es\/beneficios-clima-laboral\/\" target=\"_self\" class=\"btn-post\">Leer m\u00e1s<\/a>\n        \n        <\/div>        \n    <\/div>\n<\/div>                <\/div>    \n\n                            <div class=\"slick-slide carousel-item-820\">\n                    <div class=\"post-style-2 rpc-bg rpc-box\">\n    <div class=\"wcp-img-wrap\">\n        <a href=\"https:\/\/www.amitai.com\/es\/clima-cultura-organizacional\/\">\n            <img decoding=\"async\" width=\"1400\" height=\"990\" src=\"https:\/\/www.amitai.com\/es\/wp-content\/uploads\/2019\/03\/Clima-y-cultura-organizacional.jpg\" class=\"attachment- size- wp-post-image\" alt=\"Clima y cultura organizacional, \u00bfson lo mismo?\" srcset=\"https:\/\/www.amitai.com\/es\/wp-content\/uploads\/2019\/03\/Clima-y-cultura-organizacional.jpg 1400w, https:\/\/www.amitai.com\/es\/wp-content\/uploads\/2019\/03\/Clima-y-cultura-organizacional-300x212.jpg 300w, https:\/\/www.amitai.com\/es\/wp-content\/uploads\/2019\/03\/Clima-y-cultura-organizacional-768x543.jpg 768w, https:\/\/www.amitai.com\/es\/wp-content\/uploads\/2019\/03\/Clima-y-cultura-organizacional-1024x724.jpg 1024w\" sizes=\"(max-width: 1400px) 100vw, 1400px\" \/>        <\/a>\n    <\/div>\n    <div class=\"wcp-content-wrap\">\n        <h3>\n            <a class=\"rpc-title\" href=\"https:\/\/www.amitai.com\/es\/clima-cultura-organizacional\/\" target=\"_self\">\n                Clima y cultura organizacional, \u00bfson lo mismo?            <\/a>\n        <\/h3>\n                <div class=\"wcp-post-contents rpc-content\">\n\n            Los ambientes de trabajo t\u00f3xicos son tan variados que no es f\u00e1cil comparar unos con otros y saber si se&hellip;\n                            <br>\n                <a href=\"https:\/\/www.amitai.com\/es\/clima-cultura-organizacional\/\" target=\"_self\" class=\"btn-post\">Leer m\u00e1s<\/a>\n        \n        <\/div>        \n    <\/div>\n<\/div>                <\/div>    \n\n                            <div class=\"slick-slide carousel-item-814\">\n                    <div class=\"post-style-2 rpc-bg rpc-box\">\n    <div class=\"wcp-img-wrap\">\n        <a href=\"https:\/\/www.amitai.com\/es\/etica-organizacional-y-profesional\/\">\n            <img decoding=\"async\" width=\"1400\" height=\"990\" src=\"https:\/\/www.amitai.com\/es\/wp-content\/uploads\/2019\/03\/Que-es-la-etica-organizacional-y-profesional.jpg\" class=\"attachment- size- wp-post-image\" alt=\"\u00bfQu\u00e9 es la \u00e9tica organizacional y profesional?\" srcset=\"https:\/\/www.amitai.com\/es\/wp-content\/uploads\/2019\/03\/Que-es-la-etica-organizacional-y-profesional.jpg 1400w, https:\/\/www.amitai.com\/es\/wp-content\/uploads\/2019\/03\/Que-es-la-etica-organizacional-y-profesional-300x212.jpg 300w, https:\/\/www.amitai.com\/es\/wp-content\/uploads\/2019\/03\/Que-es-la-etica-organizacional-y-profesional-768x543.jpg 768w, https:\/\/www.amitai.com\/es\/wp-content\/uploads\/2019\/03\/Que-es-la-etica-organizacional-y-profesional-1024x724.jpg 1024w\" sizes=\"(max-width: 1400px) 100vw, 1400px\" \/>        <\/a>\n    <\/div>\n    <div class=\"wcp-content-wrap\">\n        <h3>\n            <a class=\"rpc-title\" href=\"https:\/\/www.amitai.com\/es\/etica-organizacional-y-profesional\/\" target=\"_self\">\n                \u00bfQu\u00e9 es la \u00e9tica organizacional y profesional?            <\/a>\n        <\/h3>\n                <div class=\"wcp-post-contents rpc-content\">\n\n            Los ambientes de trabajo t\u00f3xicos son tan variados que no es f\u00e1cil comparar unos con otros y saber si se&hellip;\n                            <br>\n                <a href=\"https:\/\/www.amitai.com\/es\/etica-organizacional-y-profesional\/\" target=\"_self\" class=\"btn-post\">Leer m\u00e1s<\/a>\n        \n        <\/div>        \n    <\/div>\n<\/div>                <\/div>    \n\n                            <div class=\"slick-slide carousel-item-808\">\n                    <div class=\"post-style-2 rpc-bg rpc-box\">\n    <div class=\"wcp-img-wrap\">\n        <a href=\"https:\/\/www.amitai.com\/es\/normas-codigo-etica-profesional\/\">\n            <img decoding=\"async\" width=\"1400\" height=\"990\" src=\"https:\/\/www.amitai.com\/es\/wp-content\/uploads\/2019\/02\/Cu\u00e1les-son-las-normas-generales-de-\u00e9tica-profesional.jpg\" class=\"attachment- size- wp-post-image\" alt=\"\u00bfCu\u00e1les son las normas generales del c\u00f3digo de \u00e9tica profesional?\" srcset=\"https:\/\/www.amitai.com\/es\/wp-content\/uploads\/2019\/02\/Cu\u00e1les-son-las-normas-generales-de-\u00e9tica-profesional.jpg 1400w, https:\/\/www.amitai.com\/es\/wp-content\/uploads\/2019\/02\/Cu\u00e1les-son-las-normas-generales-de-\u00e9tica-profesional-300x212.jpg 300w, https:\/\/www.amitai.com\/es\/wp-content\/uploads\/2019\/02\/Cu\u00e1les-son-las-normas-generales-de-\u00e9tica-profesional-768x543.jpg 768w, https:\/\/www.amitai.com\/es\/wp-content\/uploads\/2019\/02\/Cu\u00e1les-son-las-normas-generales-de-\u00e9tica-profesional-1024x724.jpg 1024w\" sizes=\"(max-width: 1400px) 100vw, 1400px\" \/>        <\/a>\n    <\/div>\n    <div class=\"wcp-content-wrap\">\n        <h3>\n            <a class=\"rpc-title\" href=\"https:\/\/www.amitai.com\/es\/normas-codigo-etica-profesional\/\" target=\"_self\">\n                \u00bfCu\u00e1les son las normas generales del c\u00f3digo de \u00e9tica profesional?            <\/a>\n        <\/h3>\n                <div class=\"wcp-post-contents rpc-content\">\n\n            Los ambientes de trabajo t\u00f3xicos son tan variados que no es f\u00e1cil comparar unos con otros y saber si se&hellip;\n                            <br>\n                <a href=\"https:\/\/www.amitai.com\/es\/normas-codigo-etica-profesional\/\" target=\"_self\" class=\"btn-post\">Leer m\u00e1s<\/a>\n        \n        <\/div>        \n    <\/div>\n<\/div>                <\/div>    \n\n                            <div class=\"slick-slide carousel-item-797\">\n                    <div class=\"post-style-2 rpc-bg rpc-box\">\n    <div class=\"wcp-img-wrap\">\n        <a href=\"https:\/\/www.amitai.com\/es\/que-son-habilidades-laborales\/\">\n            <img decoding=\"async\" width=\"1400\" height=\"990\" src=\"https:\/\/www.amitai.com\/es\/wp-content\/uploads\/2019\/03\/Que-son-las-habilidades-laborales.jpg\" class=\"attachment- size- wp-post-image\" alt=\"\u00bfQu\u00e9 son las habilidades laborales?\" srcset=\"https:\/\/www.amitai.com\/es\/wp-content\/uploads\/2019\/03\/Que-son-las-habilidades-laborales.jpg 1400w, https:\/\/www.amitai.com\/es\/wp-content\/uploads\/2019\/03\/Que-son-las-habilidades-laborales-300x212.jpg 300w, https:\/\/www.amitai.com\/es\/wp-content\/uploads\/2019\/03\/Que-son-las-habilidades-laborales-768x543.jpg 768w, https:\/\/www.amitai.com\/es\/wp-content\/uploads\/2019\/03\/Que-son-las-habilidades-laborales-1024x724.jpg 1024w\" sizes=\"(max-width: 1400px) 100vw, 1400px\" \/>        <\/a>\n    <\/div>\n    <div class=\"wcp-content-wrap\">\n        <h3>\n            <a class=\"rpc-title\" href=\"https:\/\/www.amitai.com\/es\/que-son-habilidades-laborales\/\" target=\"_self\">\n                \u00bfQu\u00e9 son las habilidades laborales?            <\/a>\n        <\/h3>\n                <div class=\"wcp-post-contents rpc-content\">\n\n            Los ambientes de trabajo t\u00f3xicos son tan variados que no es f\u00e1cil comparar unos con otros y saber si se&hellip;\n                            <br>\n                <a href=\"https:\/\/www.amitai.com\/es\/que-son-habilidades-laborales\/\" target=\"_self\" class=\"btn-post\">Leer m\u00e1s<\/a>\n        \n        <\/div>        \n    <\/div>\n<\/div>                <\/div>    \n\n                            <div class=\"slick-slide carousel-item-779\">\n                    <div class=\"post-style-2 rpc-bg rpc-box\">\n    <div class=\"wcp-img-wrap\">\n        <a href=\"https:\/\/www.amitai.com\/es\/que-es-encuesta-salida\/\">\n            <img decoding=\"async\" width=\"1400\" height=\"990\" src=\"https:\/\/www.amitai.com\/es\/wp-content\/uploads\/2019\/02\/Que-es-la-encuesta-de-salida.jpg\" class=\"attachment- size- wp-post-image\" alt=\"\u00bfQu\u00e9 es la encuesta de salida?\" srcset=\"https:\/\/www.amitai.com\/es\/wp-content\/uploads\/2019\/02\/Que-es-la-encuesta-de-salida.jpg 1400w, https:\/\/www.amitai.com\/es\/wp-content\/uploads\/2019\/02\/Que-es-la-encuesta-de-salida-300x212.jpg 300w, https:\/\/www.amitai.com\/es\/wp-content\/uploads\/2019\/02\/Que-es-la-encuesta-de-salida-768x543.jpg 768w, https:\/\/www.amitai.com\/es\/wp-content\/uploads\/2019\/02\/Que-es-la-encuesta-de-salida-1024x724.jpg 1024w\" sizes=\"(max-width: 1400px) 100vw, 1400px\" \/>        <\/a>\n    <\/div>\n    <div class=\"wcp-content-wrap\">\n        <h3>\n            <a class=\"rpc-title\" href=\"https:\/\/www.amitai.com\/es\/que-es-encuesta-salida\/\" target=\"_self\">\n                \u00bfQu\u00e9 es la encuesta de salida?            <\/a>\n        <\/h3>\n                <div class=\"wcp-post-contents rpc-content\">\n\n            Los ambientes de trabajo t\u00f3xicos son tan variados que no es f\u00e1cil comparar unos con otros y saber si se&hellip;\n                            <br>\n                <a href=\"https:\/\/www.amitai.com\/es\/que-es-encuesta-salida\/\" target=\"_self\" class=\"btn-post\">Leer m\u00e1s<\/a>\n        \n        <\/div>        \n    <\/div>\n<\/div>                <\/div>    \n\n                            <div class=\"slick-slide carousel-item-773\">\n                    <div class=\"post-style-2 rpc-bg rpc-box\">\n    <div class=\"wcp-img-wrap\">\n        <a href=\"https:\/\/www.amitai.com\/es\/conoce-denuncia-anonima\/\">\n            <img decoding=\"async\" width=\"1400\" height=\"990\" src=\"https:\/\/www.amitai.com\/es\/wp-content\/uploads\/2019\/02\/Conoce-que-es-la-denuncia-anonima.jpg\" class=\"attachment- size- wp-post-image\" alt=\"Conoce qu\u00e9 es la denuncia empresarial\" srcset=\"https:\/\/www.amitai.com\/es\/wp-content\/uploads\/2019\/02\/Conoce-que-es-la-denuncia-anonima.jpg 1400w, https:\/\/www.amitai.com\/es\/wp-content\/uploads\/2019\/02\/Conoce-que-es-la-denuncia-anonima-300x212.jpg 300w, https:\/\/www.amitai.com\/es\/wp-content\/uploads\/2019\/02\/Conoce-que-es-la-denuncia-anonima-768x543.jpg 768w, https:\/\/www.amitai.com\/es\/wp-content\/uploads\/2019\/02\/Conoce-que-es-la-denuncia-anonima-1024x724.jpg 1024w\" sizes=\"(max-width: 1400px) 100vw, 1400px\" \/>        <\/a>\n    <\/div>\n    <div class=\"wcp-content-wrap\">\n        <h3>\n            <a class=\"rpc-title\" href=\"https:\/\/www.amitai.com\/es\/conoce-denuncia-anonima\/\" target=\"_self\">\n                Conoce qu\u00e9 es la denuncia empresarial            <\/a>\n        <\/h3>\n                <div class=\"wcp-post-contents rpc-content\">\n\n            Los ambientes de trabajo t\u00f3xicos son tan variados que no es f\u00e1cil comparar unos con otros y saber si se&hellip;\n                            <br>\n                <a href=\"https:\/\/www.amitai.com\/es\/conoce-denuncia-anonima\/\" target=\"_self\" class=\"btn-post\">Leer m\u00e1s<\/a>\n        \n        <\/div>        \n    <\/div>\n<\/div>                <\/div>    \n\n                            <div class=\"slick-slide carousel-item-380\">\n                    <div class=\"post-style-2 rpc-bg rpc-box\">\n    <div class=\"wcp-img-wrap\">\n        <a href=\"https:\/\/www.amitai.com\/es\/escapar-ambiente-trabajo-toxico\/\">\n            <img decoding=\"async\" width=\"1400\" height=\"990\" src=\"https:\/\/www.amitai.com\/es\/wp-content\/uploads\/2018\/11\/925.jpg\" class=\"attachment- size- wp-post-image\" alt=\"\" srcset=\"https:\/\/www.amitai.com\/es\/wp-content\/uploads\/2018\/11\/925.jpg 1400w, https:\/\/www.amitai.com\/es\/wp-content\/uploads\/2018\/11\/925-300x212.jpg 300w, https:\/\/www.amitai.com\/es\/wp-content\/uploads\/2018\/11\/925-768x543.jpg 768w, https:\/\/www.amitai.com\/es\/wp-content\/uploads\/2018\/11\/925-1024x724.jpg 1024w\" sizes=\"(max-width: 1400px) 100vw, 1400px\" \/>        <\/a>\n    <\/div>\n    <div class=\"wcp-content-wrap\">\n        <h3>\n            <a class=\"rpc-title\" href=\"https:\/\/www.amitai.com\/es\/escapar-ambiente-trabajo-toxico\/\" target=\"_self\">\n                C\u00f3mo escapar de un ambiente de trabajo t\u00f3xico            <\/a>\n        <\/h3>\n                <div class=\"wcp-post-contents rpc-content\">\n\n            Los ambientes de trabajo t\u00f3xicos son tan variados que no es f\u00e1cil comparar unos con otros y saber si se&hellip;\n                            <br>\n                <a href=\"https:\/\/www.amitai.com\/es\/escapar-ambiente-trabajo-toxico\/\" target=\"_self\" class=\"btn-post\">Leer m\u00e1s<\/a>\n        \n        <\/div>        \n    <\/div>\n<\/div>                <\/div>    \n\n                            <div class=\"slick-slide carousel-item-377\">\n                    <div class=\"post-style-2 rpc-bg rpc-box\">\n    <div class=\"wcp-img-wrap\">\n        <a href=\"https:\/\/www.amitai.com\/es\/oficial-cumplimiento\/\">\n            <img decoding=\"async\" width=\"1247\" height=\"854\" src=\"https:\/\/www.amitai.com\/es\/wp-content\/uploads\/2018\/11\/Oficial-de-cumplimiento.jpg\" class=\"attachment- size- wp-post-image\" alt=\"\" srcset=\"https:\/\/www.amitai.com\/es\/wp-content\/uploads\/2018\/11\/Oficial-de-cumplimiento.jpg 1247w, https:\/\/www.amitai.com\/es\/wp-content\/uploads\/2018\/11\/Oficial-de-cumplimiento-300x205.jpg 300w, https:\/\/www.amitai.com\/es\/wp-content\/uploads\/2018\/11\/Oficial-de-cumplimiento-768x526.jpg 768w, https:\/\/www.amitai.com\/es\/wp-content\/uploads\/2018\/11\/Oficial-de-cumplimiento-1024x701.jpg 1024w\" sizes=\"(max-width: 1247px) 100vw, 1247px\" \/>        <\/a>\n    <\/div>\n    <div class=\"wcp-content-wrap\">\n        <h3>\n            <a class=\"rpc-title\" href=\"https:\/\/www.amitai.com\/es\/oficial-cumplimiento\/\" target=\"_self\">\n                \u00bfQui\u00e9n es el Oficial de Cumplimiento?            <\/a>\n        <\/h3>\n                <div class=\"wcp-post-contents rpc-content\">\n\n            Probablemente usted ha escuchado hablar, o le\u00eddo acerca del \u201cOficial de Cumplimiento\u201d, una figura cada d\u00eda m\u00e1s com\u00fan en M\u00e9xico,&hellip;\n                            <br>\n                <a href=\"https:\/\/www.amitai.com\/es\/oficial-cumplimiento\/\" target=\"_self\" class=\"btn-post\">Leer m\u00e1s<\/a>\n        \n        <\/div>        \n    <\/div>\n<\/div>                <\/div>    \n\n                            <div class=\"slick-slide carousel-item-374\">\n                    <div class=\"post-style-2 rpc-bg rpc-box\">\n    <div class=\"wcp-img-wrap\">\n        <a href=\"https:\/\/www.amitai.com\/es\/etica-futuro-trabajo\/\">\n            <img decoding=\"async\" width=\"2808\" height=\"1872\" src=\"https:\/\/www.amitai.com\/es\/wp-content\/uploads\/2018\/11\/692.jpg\" class=\"attachment- size- wp-post-image\" alt=\"\" srcset=\"https:\/\/www.amitai.com\/es\/wp-content\/uploads\/2018\/11\/692.jpg 2808w, https:\/\/www.amitai.com\/es\/wp-content\/uploads\/2018\/11\/692-300x200.jpg 300w, https:\/\/www.amitai.com\/es\/wp-content\/uploads\/2018\/11\/692-768x512.jpg 768w, https:\/\/www.amitai.com\/es\/wp-content\/uploads\/2018\/11\/692-1024x683.jpg 1024w\" sizes=\"(max-width: 2808px) 100vw, 2808px\" \/>        <\/a>\n    <\/div>\n    <div class=\"wcp-content-wrap\">\n        <h3>\n            <a class=\"rpc-title\" href=\"https:\/\/www.amitai.com\/es\/etica-futuro-trabajo\/\" target=\"_self\">\n                \u00bfPodemos hablar de la \u00e9tica en el futuro del trabajo?            <\/a>\n        <\/h3>\n                <div class=\"wcp-post-contents rpc-content\">\n\n            En el pasado, pon\u00edamos nuestra privacidad en un pedestal, separ\u00e1bamos nuestra vida personal de la laboral y nuestra informaci\u00f3n personal&hellip;\n                            <br>\n                <a href=\"https:\/\/www.amitai.com\/es\/etica-futuro-trabajo\/\" target=\"_self\" class=\"btn-post\">Leer m\u00e1s<\/a>\n        \n        <\/div>        \n    <\/div>\n<\/div>                <\/div>    \n\n                            <div class=\"slick-slide carousel-item-371\">\n                    <div class=\"post-style-2 rpc-bg rpc-box\">\n    <div class=\"wcp-img-wrap\">\n        <a href=\"https:\/\/www.amitai.com\/es\/habitos-lideres-inspiran-lealtad\/\">\n            <img decoding=\"async\" width=\"2590\" height=\"1727\" src=\"https:\/\/www.amitai.com\/es\/wp-content\/uploads\/2018\/11\/2282.jpg\" class=\"attachment- size- wp-post-image\" alt=\"\" srcset=\"https:\/\/www.amitai.com\/es\/wp-content\/uploads\/2018\/11\/2282.jpg 2590w, https:\/\/www.amitai.com\/es\/wp-content\/uploads\/2018\/11\/2282-300x200.jpg 300w, https:\/\/www.amitai.com\/es\/wp-content\/uploads\/2018\/11\/2282-768x512.jpg 768w, https:\/\/www.amitai.com\/es\/wp-content\/uploads\/2018\/11\/2282-1024x683.jpg 1024w\" sizes=\"(max-width: 2590px) 100vw, 2590px\" \/>        <\/a>\n    <\/div>\n    <div class=\"wcp-content-wrap\">\n        <h3>\n            <a class=\"rpc-title\" href=\"https:\/\/www.amitai.com\/es\/habitos-lideres-inspiran-lealtad\/\" target=\"_self\">\n                7 H\u00e1bitos de los L\u00edderes que Inspiran Lealtad            <\/a>\n        <\/h3>\n                <div class=\"wcp-post-contents rpc-content\">\n\n            Los trabajadores modernos ahora son menos propensos que nunca a permanecer en una sola compa\u00f1\u00eda por largos per\u00edodos de tiempo.&hellip;\n                            <br>\n                <a href=\"https:\/\/www.amitai.com\/es\/habitos-lideres-inspiran-lealtad\/\" target=\"_self\" class=\"btn-post\">Leer m\u00e1s<\/a>\n        \n        <\/div>        \n    <\/div>\n<\/div>                <\/div>    \n\n                            <div class=\"slick-slide carousel-item-368\">\n                    <div class=\"post-style-2 rpc-bg rpc-box\">\n    <div class=\"wcp-img-wrap\">\n        <a href=\"https:\/\/www.amitai.com\/es\/7-senales-de-que-no-eres-tan-etico-como-crees\/\">\n            <img decoding=\"async\" width=\"800\" height=\"542\" src=\"https:\/\/www.amitai.com\/es\/wp-content\/uploads\/2018\/11\/decisiones.jpg\" class=\"attachment- size- wp-post-image\" alt=\"\" srcset=\"https:\/\/www.amitai.com\/es\/wp-content\/uploads\/2018\/11\/decisiones.jpg 800w, https:\/\/www.amitai.com\/es\/wp-content\/uploads\/2018\/11\/decisiones-300x203.jpg 300w, https:\/\/www.amitai.com\/es\/wp-content\/uploads\/2018\/11\/decisiones-768x520.jpg 768w\" sizes=\"(max-width: 800px) 100vw, 800px\" \/>        <\/a>\n    <\/div>\n    <div class=\"wcp-content-wrap\">\n        <h3>\n            <a class=\"rpc-title\" href=\"https:\/\/www.amitai.com\/es\/7-senales-de-que-no-eres-tan-etico-como-crees\/\" target=\"_self\">\n                7 Se\u00f1ales de Que No eres tan \u00c9tico Como Crees            <\/a>\n        <\/h3>\n                <div class=\"wcp-post-contents rpc-content\">\n\n            \u00bfCrees tener una \u00e9tica fuerte? Probablemente pienses que s\u00ed. Casi todos responden \u201cs\u00ed\u201d a esta pregunta. Si est\u00e1s muy seguro&hellip;\n                            <br>\n                <a href=\"https:\/\/www.amitai.com\/es\/7-senales-de-que-no-eres-tan-etico-como-crees\/\" target=\"_self\" class=\"btn-post\">Leer m\u00e1s<\/a>\n        \n        <\/div>        \n    <\/div>\n<\/div>                <\/div>    \n\n                            <div class=\"slick-slide carousel-item-365\">\n                    <div class=\"post-style-2 rpc-bg rpc-box\">\n    <div class=\"wcp-img-wrap\">\n        <a href=\"https:\/\/www.amitai.com\/es\/elementos-clave-de-una-etica-laboral-fuerte\/\">\n            <img decoding=\"async\" width=\"1099\" height=\"733\" src=\"https:\/\/www.amitai.com\/es\/wp-content\/uploads\/2018\/11\/3713.jpg\" class=\"attachment- size- wp-post-image\" alt=\"\" srcset=\"https:\/\/www.amitai.com\/es\/wp-content\/uploads\/2018\/11\/3713.jpg 1099w, https:\/\/www.amitai.com\/es\/wp-content\/uploads\/2018\/11\/3713-300x200.jpg 300w, https:\/\/www.amitai.com\/es\/wp-content\/uploads\/2018\/11\/3713-768x512.jpg 768w, https:\/\/www.amitai.com\/es\/wp-content\/uploads\/2018\/11\/3713-1024x683.jpg 1024w\" sizes=\"(max-width: 1099px) 100vw, 1099px\" \/>        <\/a>\n    <\/div>\n    <div class=\"wcp-content-wrap\">\n        <h3>\n            <a class=\"rpc-title\" href=\"https:\/\/www.amitai.com\/es\/elementos-clave-de-una-etica-laboral-fuerte\/\" target=\"_self\">\n                Elementos Clave de una \u00c9tica Laboral Fuerte            <\/a>\n        <\/h3>\n                <div class=\"wcp-post-contents rpc-content\">\n\n            \u00bfAlguna vez has intentado hacer negocios con alguien a quien no parece gustarle su trabajo, o peor a\u00fan, que no&hellip;\n                            <br>\n                <a href=\"https:\/\/www.amitai.com\/es\/elementos-clave-de-una-etica-laboral-fuerte\/\" target=\"_self\" class=\"btn-post\">Leer m\u00e1s<\/a>\n        \n        <\/div>        \n    <\/div>\n<\/div>                <\/div>    \n\n                            <div class=\"slick-slide carousel-item-362\">\n                    <div class=\"post-style-2 rpc-bg rpc-box\">\n    <div class=\"wcp-img-wrap\">\n        <a href=\"https:\/\/www.amitai.com\/es\/las-10-tendencias-eticas-empresariales\/\">\n            <img decoding=\"async\" width=\"958\" height=\"512\" src=\"https:\/\/www.amitai.com\/es\/wp-content\/uploads\/2018\/11\/10tendenciaseticas.jpg\" class=\"attachment- size- wp-post-image\" alt=\"etica empresarial\" srcset=\"https:\/\/www.amitai.com\/es\/wp-content\/uploads\/2018\/11\/10tendenciaseticas.jpg 958w, https:\/\/www.amitai.com\/es\/wp-content\/uploads\/2018\/11\/10tendenciaseticas-300x160.jpg 300w, https:\/\/www.amitai.com\/es\/wp-content\/uploads\/2018\/11\/10tendenciaseticas-768x410.jpg 768w\" sizes=\"(max-width: 958px) 100vw, 958px\" \/>        <\/a>\n    <\/div>\n    <div class=\"wcp-content-wrap\">\n        <h3>\n            <a class=\"rpc-title\" href=\"https:\/\/www.amitai.com\/es\/las-10-tendencias-eticas-empresariales\/\" target=\"_self\">\n                Las 10 tendencias \u00e9ticas empresariales            <\/a>\n        <\/h3>\n                <div class=\"wcp-post-contents rpc-content\">\n\n            Cada vez hay m\u00e1s la necesidad de desarrollar una \u00e9tica basada en la tecnolog\u00eda y sus directrices de cumplimiento, especialmente&hellip;\n                            <br>\n                <a href=\"https:\/\/www.amitai.com\/es\/las-10-tendencias-eticas-empresariales\/\" target=\"_self\" class=\"btn-post\">Leer m\u00e1s<\/a>\n        \n        <\/div>        \n    <\/div>\n<\/div>                <\/div>    \n\n                            <div class=\"slick-slide carousel-item-359\">\n                    <div class=\"post-style-2 rpc-bg rpc-box\">\n    <div class=\"wcp-img-wrap\">\n        <a href=\"https:\/\/www.amitai.com\/es\/importancia-etica-corporativa-ambiente-profesional\/\">\n            <img decoding=\"async\" width=\"1920\" height=\"1077\" src=\"https:\/\/www.amitai.com\/es\/wp-content\/uploads\/2018\/11\/startup-593304_1920.jpg\" class=\"attachment- size- wp-post-image\" alt=\"\" srcset=\"https:\/\/www.amitai.com\/es\/wp-content\/uploads\/2018\/11\/startup-593304_1920.jpg 1920w, https:\/\/www.amitai.com\/es\/wp-content\/uploads\/2018\/11\/startup-593304_1920-300x168.jpg 300w, https:\/\/www.amitai.com\/es\/wp-content\/uploads\/2018\/11\/startup-593304_1920-768x431.jpg 768w, https:\/\/www.amitai.com\/es\/wp-content\/uploads\/2018\/11\/startup-593304_1920-1024x574.jpg 1024w\" sizes=\"(max-width: 1920px) 100vw, 1920px\" \/>        <\/a>\n    <\/div>\n    <div class=\"wcp-content-wrap\">\n        <h3>\n            <a class=\"rpc-title\" href=\"https:\/\/www.amitai.com\/es\/importancia-etica-corporativa-ambiente-profesional\/\" target=\"_self\">\n                \u00bfCu\u00e1nto importa la \u00e9tica corporativa en el ambiente profesional moderno?            <\/a>\n        <\/h3>\n                <div class=\"wcp-post-contents rpc-content\">\n\n            La \u00e9tica y la responsabilidad social corporativa de una empresa importan m\u00e1s hoy que hace algunas d\u00e9cadas. Los trabajadores ponen&hellip;\n                            <br>\n                <a href=\"https:\/\/www.amitai.com\/es\/importancia-etica-corporativa-ambiente-profesional\/\" target=\"_self\" class=\"btn-post\">Leer m\u00e1s<\/a>\n        \n        <\/div>        \n    <\/div>\n<\/div>                <\/div>    \n\n                            <div class=\"slick-slide carousel-item-356\">\n                    <div class=\"post-style-2 rpc-bg rpc-box\">\n    <div class=\"wcp-img-wrap\">\n        <a href=\"https:\/\/www.amitai.com\/es\/aumenta-la-etica-laboral-del-talento-millennial-con-estas-4-ideas\/\">\n            <img decoding=\"async\" width=\"920\" height=\"614\" src=\"https:\/\/www.amitai.com\/es\/wp-content\/uploads\/2018\/11\/989.jpg\" class=\"attachment- size- wp-post-image\" alt=\"\" srcset=\"https:\/\/www.amitai.com\/es\/wp-content\/uploads\/2018\/11\/989.jpg 920w, https:\/\/www.amitai.com\/es\/wp-content\/uploads\/2018\/11\/989-300x200.jpg 300w, https:\/\/www.amitai.com\/es\/wp-content\/uploads\/2018\/11\/989-768x513.jpg 768w\" sizes=\"(max-width: 920px) 100vw, 920px\" \/>        <\/a>\n    <\/div>\n    <div class=\"wcp-content-wrap\">\n        <h3>\n            <a class=\"rpc-title\" href=\"https:\/\/www.amitai.com\/es\/aumenta-la-etica-laboral-del-talento-millennial-con-estas-4-ideas\/\" target=\"_self\">\n                Aumenta la \u00c9tica Laboral del Talento Millennial con estas 4 ideas            <\/a>\n        <\/h3>\n                <div class=\"wcp-post-contents rpc-content\">\n\n            Estos son cuatro mensajes de \u00e9tica laboral para compartir con los\u00a0millennials, quienes se acercan al trabajo de manera diferente a&hellip;\n                            <br>\n                <a href=\"https:\/\/www.amitai.com\/es\/aumenta-la-etica-laboral-del-talento-millennial-con-estas-4-ideas\/\" target=\"_self\" class=\"btn-post\">Leer m\u00e1s<\/a>\n        \n        <\/div>        \n    <\/div>\n<\/div>                <\/div>    \n\n                            <div class=\"slick-slide carousel-item-353\">\n                    <div class=\"post-style-2 rpc-bg rpc-box\">\n    <div class=\"wcp-img-wrap\">\n        <a href=\"https:\/\/www.amitai.com\/es\/frenar-la-corrupcion-empieza-por-cuestionar-nuestra-etica\/\">\n            <img decoding=\"async\" width=\"1920\" height=\"1278\" src=\"https:\/\/www.amitai.com\/es\/wp-content\/uploads\/2018\/11\/euro-1144835_1920.jpg\" class=\"attachment- size- wp-post-image\" alt=\"\" srcset=\"https:\/\/www.amitai.com\/es\/wp-content\/uploads\/2018\/11\/euro-1144835_1920.jpg 1920w, https:\/\/www.amitai.com\/es\/wp-content\/uploads\/2018\/11\/euro-1144835_1920-300x200.jpg 300w, https:\/\/www.amitai.com\/es\/wp-content\/uploads\/2018\/11\/euro-1144835_1920-768x511.jpg 768w, https:\/\/www.amitai.com\/es\/wp-content\/uploads\/2018\/11\/euro-1144835_1920-1024x682.jpg 1024w\" sizes=\"(max-width: 1920px) 100vw, 1920px\" \/>        <\/a>\n    <\/div>\n    <div class=\"wcp-content-wrap\">\n        <h3>\n            <a class=\"rpc-title\" href=\"https:\/\/www.amitai.com\/es\/frenar-la-corrupcion-empieza-por-cuestionar-nuestra-etica\/\" target=\"_self\">\n                Frenar la corrupci\u00f3n empieza por cuestionar nuestra \u00e9tica            <\/a>\n        <\/h3>\n                <div class=\"wcp-post-contents rpc-content\">\n\n            Con las recientes noticias de funcionarios investigados como Emilio Lozoya, ex director de PEMEX y otros 18 ex funcionarios de&hellip;\n                            <br>\n                <a href=\"https:\/\/www.amitai.com\/es\/frenar-la-corrupcion-empieza-por-cuestionar-nuestra-etica\/\" target=\"_self\" class=\"btn-post\">Leer m\u00e1s<\/a>\n        \n        <\/div>        \n    <\/div>\n<\/div>                <\/div>    \n\n                            <div class=\"slick-slide carousel-item-348\">\n                    <div class=\"post-style-2 rpc-bg rpc-box\">\n    <div class=\"wcp-img-wrap\">\n        <a href=\"https:\/\/www.amitai.com\/es\/6-mitos-que-impiden-la-excelencia-en-la-cultura-organizacional\/\">\n            <img decoding=\"async\" width=\"958\" height=\"512\" src=\"https:\/\/www.amitai.com\/es\/wp-content\/uploads\/2018\/11\/6mitos.jpg\" class=\"attachment- size- wp-post-image\" alt=\"\" srcset=\"https:\/\/www.amitai.com\/es\/wp-content\/uploads\/2018\/11\/6mitos.jpg 958w, https:\/\/www.amitai.com\/es\/wp-content\/uploads\/2018\/11\/6mitos-300x160.jpg 300w, https:\/\/www.amitai.com\/es\/wp-content\/uploads\/2018\/11\/6mitos-768x410.jpg 768w\" sizes=\"(max-width: 958px) 100vw, 958px\" \/>        <\/a>\n    <\/div>\n    <div class=\"wcp-content-wrap\">\n        <h3>\n            <a class=\"rpc-title\" href=\"https:\/\/www.amitai.com\/es\/6-mitos-que-impiden-la-excelencia-en-la-cultura-organizacional\/\" target=\"_self\">\n                6 mitos que impiden la excelencia en la cultura organizacional            <\/a>\n        <\/h3>\n                <div class=\"wcp-post-contents rpc-content\">\n\n            La cultura es el entorno en el que se trabaja y se toman decisiones. Es la forma en que tratamos&hellip;\n                            <br>\n                <a href=\"https:\/\/www.amitai.com\/es\/6-mitos-que-impiden-la-excelencia-en-la-cultura-organizacional\/\" target=\"_self\" class=\"btn-post\">Leer m\u00e1s<\/a>\n        \n        <\/div>        \n    <\/div>\n<\/div>                <\/div>    \n\n                            <div class=\"slick-slide carousel-item-341\">\n                    <div class=\"post-style-2 rpc-bg rpc-box\">\n    <div class=\"wcp-img-wrap\">\n        <a href=\"https:\/\/www.amitai.com\/es\/los-4-componentes-de-una-cultura-de-civilidad-etica-laboral\/\">\n            <img decoding=\"async\" width=\"958\" height=\"512\" src=\"https:\/\/www.amitai.com\/es\/wp-content\/uploads\/2018\/11\/civilidad-etica-laboral.jpg\" class=\"attachment- size- wp-post-image\" alt=\"\" srcset=\"https:\/\/www.amitai.com\/es\/wp-content\/uploads\/2018\/11\/civilidad-etica-laboral.jpg 958w, https:\/\/www.amitai.com\/es\/wp-content\/uploads\/2018\/11\/civilidad-etica-laboral-300x160.jpg 300w, https:\/\/www.amitai.com\/es\/wp-content\/uploads\/2018\/11\/civilidad-etica-laboral-768x410.jpg 768w\" sizes=\"(max-width: 958px) 100vw, 958px\" \/>        <\/a>\n    <\/div>\n    <div class=\"wcp-content-wrap\">\n        <h3>\n            <a class=\"rpc-title\" href=\"https:\/\/www.amitai.com\/es\/los-4-componentes-de-una-cultura-de-civilidad-etica-laboral\/\" target=\"_self\">\n                Los 4 componentes de una cultura de civilidad \u00e9tica laboral            <\/a>\n        <\/h3>\n                <div class=\"wcp-post-contents rpc-content\">\n\n            Una cultura de la civilidad es aquella en la que esperas que te traten como si importaras, donde te valoren&hellip;\n                            <br>\n                <a href=\"https:\/\/www.amitai.com\/es\/los-4-componentes-de-una-cultura-de-civilidad-etica-laboral\/\" target=\"_self\" class=\"btn-post\">Leer m\u00e1s<\/a>\n        \n        <\/div>        \n    <\/div>\n<\/div>                <\/div>    \n\n                            <div class=\"slick-slide carousel-item-336\">\n                    <div class=\"post-style-2 rpc-bg rpc-box\">\n    <div class=\"wcp-img-wrap\">\n        <a href=\"https:\/\/www.amitai.com\/es\/diferencias-entre-la-etica-y-cumplimiento\/\">\n            <img decoding=\"async\" width=\"2241\" height=\"1186\" src=\"https:\/\/www.amitai.com\/es\/wp-content\/uploads\/2018\/11\/etica-y-cumplimiento.jpg\" class=\"attachment- size- wp-post-image\" alt=\"\" srcset=\"https:\/\/www.amitai.com\/es\/wp-content\/uploads\/2018\/11\/etica-y-cumplimiento.jpg 2241w, https:\/\/www.amitai.com\/es\/wp-content\/uploads\/2018\/11\/etica-y-cumplimiento-300x159.jpg 300w, https:\/\/www.amitai.com\/es\/wp-content\/uploads\/2018\/11\/etica-y-cumplimiento-768x406.jpg 768w, https:\/\/www.amitai.com\/es\/wp-content\/uploads\/2018\/11\/etica-y-cumplimiento-1024x542.jpg 1024w\" sizes=\"(max-width: 2241px) 100vw, 2241px\" \/>        <\/a>\n    <\/div>\n    <div class=\"wcp-content-wrap\">\n        <h3>\n            <a class=\"rpc-title\" href=\"https:\/\/www.amitai.com\/es\/diferencias-entre-la-etica-y-cumplimiento\/\" target=\"_self\">\n                Diferencias entre la \u00c9tica y Cumplimiento            <\/a>\n        <\/h3>\n                <div class=\"wcp-post-contents rpc-content\">\n\n            La mayor\u00eda de las empresas tienen \u00e1reas que se enfocan en el cumplimiento como medida de prevenci\u00f3n de riesgos, pero&hellip;\n                            <br>\n                <a href=\"https:\/\/www.amitai.com\/es\/diferencias-entre-la-etica-y-cumplimiento\/\" target=\"_self\" class=\"btn-post\">Leer m\u00e1s<\/a>\n        \n        <\/div>        \n    <\/div>\n<\/div>                <\/div>    \n\n                            <div class=\"slick-slide carousel-item-333\">\n                    <div class=\"post-style-2 rpc-bg rpc-box\">\n    <div class=\"wcp-img-wrap\">\n        <a href=\"https:\/\/www.amitai.com\/es\/5-consejos-para-proteger-la-reputacion-de-reclutadores-de-talento\/\">\n            <img decoding=\"async\" width=\"958\" height=\"512\" src=\"https:\/\/www.amitai.com\/es\/wp-content\/uploads\/2018\/11\/5.consejos-reputacion-reclutador.jpg\" class=\"attachment- size- wp-post-image\" alt=\"\" srcset=\"https:\/\/www.amitai.com\/es\/wp-content\/uploads\/2018\/11\/5.consejos-reputacion-reclutador.jpg 958w, https:\/\/www.amitai.com\/es\/wp-content\/uploads\/2018\/11\/5.consejos-reputacion-reclutador-300x160.jpg 300w, https:\/\/www.amitai.com\/es\/wp-content\/uploads\/2018\/11\/5.consejos-reputacion-reclutador-768x410.jpg 768w\" sizes=\"(max-width: 958px) 100vw, 958px\" \/>        <\/a>\n    <\/div>\n    <div class=\"wcp-content-wrap\">\n        <h3>\n            <a class=\"rpc-title\" href=\"https:\/\/www.amitai.com\/es\/5-consejos-para-proteger-la-reputacion-de-reclutadores-de-talento\/\" target=\"_self\">\n                5 consejos para proteger la reputaci\u00f3n de reclutadores de talento            <\/a>\n        <\/h3>\n                <div class=\"wcp-post-contents rpc-content\">\n\n            Hay que aclararlo,\u00a0como reclutadores, no somos detectives privados; pero es verdad que muchas veces se hace una investigaci\u00f3n a trav\u00e9s&hellip;\n                            <br>\n                <a href=\"https:\/\/www.amitai.com\/es\/5-consejos-para-proteger-la-reputacion-de-reclutadores-de-talento\/\" target=\"_self\" class=\"btn-post\">Leer m\u00e1s<\/a>\n        \n        <\/div>        \n    <\/div>\n<\/div>                <\/div>    \n\n                            <div class=\"slick-slide carousel-item-330\">\n                    <div class=\"post-style-2 rpc-bg rpc-box\">\n    <div class=\"wcp-img-wrap\">\n        <a href=\"https:\/\/www.amitai.com\/es\/8-pasos-para-asegura-el-respeto-y-etica-en-el-trabajo\/\">\n            <img decoding=\"async\" width=\"958\" height=\"512\" src=\"https:\/\/www.amitai.com\/es\/wp-content\/uploads\/2018\/11\/8pasosdiversidadetica.jpg\" class=\"attachment- size- wp-post-image\" alt=\"\" srcset=\"https:\/\/www.amitai.com\/es\/wp-content\/uploads\/2018\/11\/8pasosdiversidadetica.jpg 958w, https:\/\/www.amitai.com\/es\/wp-content\/uploads\/2018\/11\/8pasosdiversidadetica-300x160.jpg 300w, https:\/\/www.amitai.com\/es\/wp-content\/uploads\/2018\/11\/8pasosdiversidadetica-768x410.jpg 768w\" sizes=\"(max-width: 958px) 100vw, 958px\" \/>        <\/a>\n    <\/div>\n    <div class=\"wcp-content-wrap\">\n        <h3>\n            <a class=\"rpc-title\" href=\"https:\/\/www.amitai.com\/es\/8-pasos-para-asegura-el-respeto-y-etica-en-el-trabajo\/\" target=\"_self\">\n                8 pasos para asegura el respeto y \u00e9tica en el trabajo            <\/a>\n        <\/h3>\n                <div class=\"wcp-post-contents rpc-content\">\n\n            Estos deben ser profesionales a los que se les pueda dar la libertad de actuar independientemente de quienes los contrataron&hellip;\n                            <br>\n                <a href=\"https:\/\/www.amitai.com\/es\/8-pasos-para-asegura-el-respeto-y-etica-en-el-trabajo\/\" target=\"_self\" class=\"btn-post\">Leer m\u00e1s<\/a>\n        \n        <\/div>        \n    <\/div>\n<\/div>                <\/div>    \n\n                            <div class=\"slick-slide carousel-item-317\">\n                    <div class=\"post-style-2 rpc-bg rpc-box\">\n    <div class=\"wcp-img-wrap\">\n        <a href=\"https:\/\/www.amitai.com\/es\/usar-tatuajes-piercings-causa-discriminacion-laboral\/\">\n            <img decoding=\"async\" width=\"500\" height=\"346\" src=\"https:\/\/www.amitai.com\/es\/wp-content\/uploads\/2018\/11\/tatuajes.jpg\" class=\"attachment- size- wp-post-image\" alt=\"\" srcset=\"https:\/\/www.amitai.com\/es\/wp-content\/uploads\/2018\/11\/tatuajes.jpg 500w, https:\/\/www.amitai.com\/es\/wp-content\/uploads\/2018\/11\/tatuajes-300x208.jpg 300w\" sizes=\"(max-width: 500px) 100vw, 500px\" \/>        <\/a>\n    <\/div>\n    <div class=\"wcp-content-wrap\">\n        <h3>\n            <a class=\"rpc-title\" href=\"https:\/\/www.amitai.com\/es\/usar-tatuajes-piercings-causa-discriminacion-laboral\/\" target=\"_self\">\n                \u00bfUsar tatuajes y piercings es causa de discriminaci\u00f3n laboral?            <\/a>\n        <\/h3>\n                <div class=\"wcp-post-contents rpc-content\">\n\n            El 65% de los trabajadores en M\u00e9xico considera que el uso de los tatuajes, piercings o perforaciones genera discriminaci\u00f3n (OCCMundial.)\n                            <br>\n                <a href=\"https:\/\/www.amitai.com\/es\/usar-tatuajes-piercings-causa-discriminacion-laboral\/\" target=\"_self\" class=\"btn-post\">Leer m\u00e1s<\/a>\n        \n        <\/div>        \n    <\/div>\n<\/div>                <\/div>    \n\n                            <div class=\"slick-slide carousel-item-310\">\n                    <div class=\"post-style-2 rpc-bg rpc-box\">\n    <div class=\"wcp-img-wrap\">\n        <a href=\"https:\/\/www.amitai.com\/es\/los-romances-trabajo-alientan-la-falta-etica\/\">\n            <img decoding=\"async\" width=\"958\" height=\"512\" src=\"https:\/\/www.amitai.com\/es\/wp-content\/uploads\/2018\/11\/romancevsetica.jpg\" class=\"attachment- size- wp-post-image\" alt=\"\" srcset=\"https:\/\/www.amitai.com\/es\/wp-content\/uploads\/2018\/11\/romancevsetica.jpg 958w, https:\/\/www.amitai.com\/es\/wp-content\/uploads\/2018\/11\/romancevsetica-300x160.jpg 300w, https:\/\/www.amitai.com\/es\/wp-content\/uploads\/2018\/11\/romancevsetica-768x410.jpg 768w\" sizes=\"(max-width: 958px) 100vw, 958px\" \/>        <\/a>\n    <\/div>\n    <div class=\"wcp-content-wrap\">\n        <h3>\n            <a class=\"rpc-title\" href=\"https:\/\/www.amitai.com\/es\/los-romances-trabajo-alientan-la-falta-etica\/\" target=\"_self\">\n                \u00bfLos romances en el trabajo alientan la falta de \u00e9tica?            <\/a>\n        <\/h3>\n                <div class=\"wcp-post-contents rpc-content\">\n\n            Disminuyen la productividad, la moral, as\u00ed como acusaciones de falta de juicio, favoritismo y acoso. RH qu\u00e9 debe implementar para&hellip;\n                            <br>\n                <a href=\"https:\/\/www.amitai.com\/es\/los-romances-trabajo-alientan-la-falta-etica\/\" target=\"_self\" class=\"btn-post\">Leer m\u00e1s<\/a>\n        \n        <\/div>        \n    <\/div>\n<\/div>                <\/div>    \n\n                            <div class=\"slick-slide carousel-item-305\">\n                    <div class=\"post-style-2 rpc-bg rpc-box\">\n    <div class=\"wcp-img-wrap\">\n        <a href=\"https:\/\/www.amitai.com\/es\/acoso-sexual-problema-persistente-lugar-trabajo\/\">\n            <img decoding=\"async\" width=\"958\" height=\"512\" src=\"https:\/\/www.amitai.com\/es\/wp-content\/uploads\/2018\/11\/acoso-sexual.jpg\" class=\"attachment- size- wp-post-image\" alt=\"\" srcset=\"https:\/\/www.amitai.com\/es\/wp-content\/uploads\/2018\/11\/acoso-sexual.jpg 958w, https:\/\/www.amitai.com\/es\/wp-content\/uploads\/2018\/11\/acoso-sexual-300x160.jpg 300w, https:\/\/www.amitai.com\/es\/wp-content\/uploads\/2018\/11\/acoso-sexual-768x410.jpg 768w\" sizes=\"(max-width: 958px) 100vw, 958px\" \/>        <\/a>\n    <\/div>\n    <div class=\"wcp-content-wrap\">\n        <h3>\n            <a class=\"rpc-title\" href=\"https:\/\/www.amitai.com\/es\/acoso-sexual-problema-persistente-lugar-trabajo\/\" target=\"_self\">\n                El acoso sexual un problema persistente en el lugar de trabajo            <\/a>\n        <\/h3>\n                <div class=\"wcp-post-contents rpc-content\">\n\n            Si el 98% de las organizaciones en los Estados Unidos tienen una pol\u00edtica de acoso sexual, \u00bfpor qu\u00e9 se sigue&hellip;\n                            <br>\n                <a href=\"https:\/\/www.amitai.com\/es\/acoso-sexual-problema-persistente-lugar-trabajo\/\" target=\"_self\" class=\"btn-post\">Leer m\u00e1s<\/a>\n        \n        <\/div>        \n    <\/div>\n<\/div>                <\/div>    \n\n                            <div class=\"slick-slide carousel-item-301\">\n                    <div class=\"post-style-2 rpc-bg rpc-box\">\n    <div class=\"wcp-img-wrap\">\n        <a href=\"https:\/\/www.amitai.com\/es\/fernando-senties-yo-opino-sna-y-las-empresas\/\">\n            <img decoding=\"async\" width=\"960\" height=\"615\" src=\"https:\/\/www.amitai.com\/es\/wp-content\/uploads\/2018\/11\/snaempresas-min.jpg\" class=\"attachment- size- wp-post-image\" alt=\"\" srcset=\"https:\/\/www.amitai.com\/es\/wp-content\/uploads\/2018\/11\/snaempresas-min.jpg 960w, https:\/\/www.amitai.com\/es\/wp-content\/uploads\/2018\/11\/snaempresas-min-300x192.jpg 300w, https:\/\/www.amitai.com\/es\/wp-content\/uploads\/2018\/11\/snaempresas-min-768x492.jpg 768w\" sizes=\"(max-width: 960px) 100vw, 960px\" \/>        <\/a>\n    <\/div>\n    <div class=\"wcp-content-wrap\">\n        <h3>\n            <a class=\"rpc-title\" href=\"https:\/\/www.amitai.com\/es\/fernando-senties-yo-opino-sna-y-las-empresas\/\" target=\"_self\">\n                Fernando Senties: Yo opino\u2026 SNA y las empresas            <\/a>\n        <\/h3>\n                <div class=\"wcp-post-contents rpc-content\">\n\n            Haciendo aluci\u00f3n a que con la entrada en vigor del SNA, no s\u00f3lo alcanzaba a funcionarios p\u00fablicos como sujetos de&hellip;\n                            <br>\n                <a href=\"https:\/\/www.amitai.com\/es\/fernando-senties-yo-opino-sna-y-las-empresas\/\" target=\"_self\" class=\"btn-post\">Leer m\u00e1s<\/a>\n        \n        <\/div>        \n    <\/div>\n<\/div>                <\/div>    \n\n                            <div class=\"slick-slide carousel-item-298\">\n                    <div class=\"post-style-2 rpc-bg rpc-box\">\n    <div class=\"wcp-img-wrap\">\n        <a href=\"https:\/\/www.amitai.com\/es\/como-implementar-una-politica-de-acoso-sexual-y-las-7-responsabilidades-de-rh\/\">\n            <img decoding=\"async\" width=\"960\" height=\"615\" src=\"https:\/\/www.amitai.com\/es\/wp-content\/uploads\/2018\/11\/acoso-sexual-portada-mib.jpg\" class=\"attachment- size- wp-post-image\" alt=\"\" srcset=\"https:\/\/www.amitai.com\/es\/wp-content\/uploads\/2018\/11\/acoso-sexual-portada-mib.jpg 960w, https:\/\/www.amitai.com\/es\/wp-content\/uploads\/2018\/11\/acoso-sexual-portada-mib-300x192.jpg 300w, https:\/\/www.amitai.com\/es\/wp-content\/uploads\/2018\/11\/acoso-sexual-portada-mib-768x492.jpg 768w\" sizes=\"(max-width: 960px) 100vw, 960px\" \/>        <\/a>\n    <\/div>\n    <div class=\"wcp-content-wrap\">\n        <h3>\n            <a class=\"rpc-title\" href=\"https:\/\/www.amitai.com\/es\/como-implementar-una-politica-de-acoso-sexual-y-las-7-responsabilidades-de-rh\/\" target=\"_self\">\n                C\u00f3mo implementar una pol\u00edtica de prevenci\u00f3n en acoso sexual y las 7 responsabilidades de RH            <\/a>\n        <\/h3>\n                <div class=\"wcp-post-contents rpc-content\">\n\n            Disposiciones contra el acoso en instancias federales y estatales ante la implementaci\u00f3n de la \u201cpol\u00edtica anti-acoso\u201d.\n                            <br>\n                <a href=\"https:\/\/www.amitai.com\/es\/como-implementar-una-politica-de-acoso-sexual-y-las-7-responsabilidades-de-rh\/\" target=\"_self\" class=\"btn-post\">Leer m\u00e1s<\/a>\n        \n        <\/div>        \n    <\/div>\n<\/div>                <\/div>    \n\n                            <div class=\"slick-slide carousel-item-287\">\n                    <div class=\"post-style-2 rpc-bg rpc-box\">\n    <div class=\"wcp-img-wrap\">\n        <a href=\"https:\/\/www.amitai.com\/es\/5-practicas-desarrollar-una-conducta-etica\/\">\n            <img decoding=\"async\" width=\"960\" height=\"615\" src=\"https:\/\/www.amitai.com\/es\/wp-content\/uploads\/2018\/11\/5practicas-portada-min.jpg\" class=\"attachment- size- wp-post-image\" alt=\"\" srcset=\"https:\/\/www.amitai.com\/es\/wp-content\/uploads\/2018\/11\/5practicas-portada-min.jpg 960w, https:\/\/www.amitai.com\/es\/wp-content\/uploads\/2018\/11\/5practicas-portada-min-300x192.jpg 300w, https:\/\/www.amitai.com\/es\/wp-content\/uploads\/2018\/11\/5practicas-portada-min-768x492.jpg 768w\" sizes=\"(max-width: 960px) 100vw, 960px\" \/>        <\/a>\n    <\/div>\n    <div class=\"wcp-content-wrap\">\n        <h3>\n            <a class=\"rpc-title\" href=\"https:\/\/www.amitai.com\/es\/5-practicas-desarrollar-una-conducta-etica\/\" target=\"_self\">\n                5 pr\u00e1cticas para desarrollar una conducta \u00e9tica            <\/a>\n        <\/h3>\n                <div class=\"wcp-post-contents rpc-content\">\n\n            Una forma de construir en nuestras vidas las acciones cuando se combina con nuestro car\u00e1cter y valores, hacen una diferencia&hellip;\n                            <br>\n                <a href=\"https:\/\/www.amitai.com\/es\/5-practicas-desarrollar-una-conducta-etica\/\" target=\"_self\" class=\"btn-post\">Leer m\u00e1s<\/a>\n        \n        <\/div>        \n    <\/div>\n<\/div>                <\/div>    \n\n                \n        <\/section>\n        <\/div>\n        <style>#carousel-72 .slick-prev:before, #carousel-72 .slick-next:before { color: #0066bf !important;}#carousel-72 .slick-slide { margin: 2px 20px; } #carousel-72 .rpc-title { color: ; } #carousel-72 .rpc-content { color: ; } #carousel-72 .rpc-date { background-color: ; } #carousel-72 .rpc-date { color: ; } #carousel-72 .rpc-overlay { background-color: ; } #carousel-72 .carousel-style9 { border-top-color: ; } #carousel-72 .carousel-style9 .button:before { background-color: ; } #carousel-72 .rpc-box { box-shadow: ; } #carousel-72 .rpc-bg { background-color: ; } #carousel-72 .rpc-title-bg { background-color: ; } #carousel-72 .fixed-height-image { height: ; } #carousel-72 .slick-next:before { content: '\\ \\f105 '; } #carousel-72 .slick-prev:before { content: '\\ \\f104'; }#carousel-72 .rpc-title { font-family: ; } #carousel-72 .rpc-title { font-size: ; } #carousel-72 .rpc-content { font-family: ; } #carousel-72 .rpc-content { font-size: ; } <\/style>[\/vc_column_text][vc_raw_js]JTNDJTIxLS0lMjBFdmVudCUyMHNuaXBwZXQlMjBmb3IlMjBGb3JtdWxhcmlvJTIwZGUlMjBjb250YWN0byUyMGNvbnZlcnNpb24lMjBwYWdlJTIwLS0lM0UlMEElM0NzY3JpcHQlM0UlMEElMjAlMjBndGFnJTI4JTI3ZXZlbnQlMjclMkMlMjAlMjdjb252ZXJzaW9uJTI3JTJDJTIwJTdCJTBBJTIwJTIwJTIwJTIwJTIwJTIwJTI3c2VuZF90byUyNyUzQSUyMCUyN0FXLTEwNjY5ODE1MzQlMkZvWm1LQ0xQazFGY1FuckhqX0FNJTI3JTJDJTBBJTIwJTIwJTIwJTIwJTIwJTIwJTI3dmFsdWUlMjclM0ElMjA0LjAlMkMlMEElMjAlMjAlMjAlMjAlMjAlMjAlMjdjdXJyZW5jeSUyNyUzQSUyMCUyN01YTiUyNyUwQSUyMCUyMCU3RCUyOSUzQiUwQSUzQyUyRnNjcmlwdCUzRQ==[\/vc_raw_js][\/vc_column][\/vc_row][\/vc_section]<\/p>\n<\/section>","protected":false},"excerpt":{"rendered":"<p>[vc_section full_width=&#8221;stretch_row&#8221; css=&#8221;.vc_custom_1614602311399{padding-top: 100px !important;padding-bottom: 100px !important;}&#8221;][vc_row full_width=&#8221;stretch_row&#8221; el_class=&#8221;agradecimiento-fondo-azul&#8221;][vc_column][vc_column_text] \u00a1Muchas Gracias! Tus datos han sido enviados con \u00e9xito [\/vc_column_text][\/vc_column][\/vc_row][\/vc_section][vc_section full_width=&#8221;stretch_row_content&#8221;][vc_row][vc_column][rev_slider_vc<\/p>\n","protected":false},"author":6,"featured_media":0,"parent":0,"menu_order":0,"comment_status":"closed","ping_status":"closed","template":"","meta":{"_acf_changed":false,"footnotes":""},"class_list":["post-722","page","type-page","status-publish","hentry"],"acf":[],"_links":{"self":[{"href":"https:\/\/www.amitai.com\/es\/wp-json\/wp\/v2\/pages\/722","targetHints":{"allow":["GET"]}}],"collection":[{"href":"https:\/\/www.amitai.com\/es\/wp-json\/wp\/v2\/pages"}],"about":[{"href":"https:\/\/www.amitai.com\/es\/wp-json\/wp\/v2\/types\/page"}],"author":[{"embeddable":true,"href":"https:\/\/www.amitai.com\/es\/wp-json\/wp\/v2\/users\/6"}],"replies":[{"embeddable":true,"href":"https:\/\/www.amitai.com\/es\/wp-json\/wp\/v2\/comments?post=722"}],"version-history":[{"count":11,"href":"https:\/\/www.amitai.com\/es\/wp-json\/wp\/v2\/pages\/722\/revisions"}],"predecessor-version":[{"id":4268,"href":"https:\/\/www.amitai.com\/es\/wp-json\/wp\/v2\/pages\/722\/revisions\/4268"}],"wp:attachment":[{"href":"https:\/\/www.amitai.com\/es\/wp-json\/wp\/v2\/media?parent=722"}],"curies":[{"name":"wp","href":"https:\/\/api.w.org\/{rel}","templated":true}]}}